{"id":15477,"date":"2021-08-14T23:38:11","date_gmt":"2021-08-14T20:38:11","guid":{"rendered":"https:\/\/dizilerfragmanlar.com\/wp-content\/uploads\/2021\/08\/sgk-ssk-bag-kur-emekli-milyonlarca-kisiyi-kapsiyor-15474-1.jpg"},"modified":"2021-08-14T23:38:11","modified_gmt":"2021-08-14T20:38:11","slug":"sgk-ssk-bag-kur-emekli-milyonlarca-kisiyi-kapsiyor-3","status":"inherit","type":"attachment","link":"https:\/\/kilosorunum.com\/habercim\/foto-galeri\/sgk-ssk-bag-kur-emekli-milyonlarca-kisiyi-kapsiyor\/attachment\/sgk-ssk-bag-kur-emekli-milyonlarca-kisiyi-kapsiyor-3\/","title":{"rendered":"SGK, SSK, Ba\u011f-Kur, Emekli Milyonlarca Ki\u015fiyi Kaps\u0131yor !"},"author":0,"comment_status":"open","ping_status":"closed","template":"","meta":[],"description":{"rendered":"<p class=\"attachment\"><a href='https:\/\/kilosorunum.com\/habercim\/wp-content\/uploads\/2021\/08\/sgk-ssk-bag-kur-emekli-milyonlarca-kisiyi-kapsiyor-15474-1.jpg'><img width=\"300\" height=\"281\" src=\"https:\/\/kilosorunum.com\/habercim\/wp-content\/uploads\/2021\/08\/sgk-ssk-bag-kur-emekli-milyonlarca-kisiyi-kapsiyor-15474-1-300x281.jpg\" class=\"attachment-medium size-medium\" alt=\"\" loading=\"lazy\" srcset=\"https:\/\/kilosorunum.com\/habercim\/wp-content\/uploads\/2021\/08\/sgk-ssk-bag-kur-emekli-milyonlarca-kisiyi-kapsiyor-15474-1-300x281.jpg 300w, https:\/\/kilosorunum.com\/habercim\/wp-content\/uploads\/2021\/08\/sgk-ssk-bag-kur-emekli-milyonlarca-kisiyi-kapsiyor-15474-1.jpg 768w\" sizes=\"(max-width: 300px) 100vw, 300px\" \/><\/a><\/p>\n<p>\u0130lk kez resmi belgeye girmesi yan\u0131nda emekli ayl\u0131\u011f\u0131n\u0131n d\u00fc\u015fmesinin \u00f6nlenmesi, i\u015fsizlik \u00f6dene\u011fi al\u0131nan s\u00fcreler amac\u0131yla bor\u00e7lanma hakk\u0131 tan\u0131nmas\u0131, kad\u0131nlar\u0131n do\u011fum bor\u00e7lanmas\u0131 yapmas\u0131 ve d\u00fc\u015f\u00fck \u00fccretle \u00e7al\u0131\u015fanlar amac\u0131yla \u00e7al\u0131\u015ft\u0131k\u00e7a emekli ayl\u0131\u011f\u0131n\u0131n d\u00fc\u015fmesi gibi konular ele al\u0131nm\u0131\u015f durumda. \u0130\u015fte milyonlarca vatanda\u015f\u0131 yak\u0131ndan ilgilendiren habere dair detaylar..Kamuoyunda b\u00fcy\u00fck isteklerin s\u00f6z hususu bulundu\u011fu rapor Cumhurba\u015fkanl\u0131\u011f\u0131 Strateji B\u00fct\u00e7e Bakanl\u0131\u011f\u0131 do\u011frultusundan yay\u0131nland\u0131. 2019-2023 senelar\u0131n\u0131 amac\u0131yla da alan 11. Kalk\u0131nma plan\u0131 ile \u00e7o\u011fu vatanda\u015f\u0131n istekleri ya\u015fama ge\u00e7ti. Rapor amac\u0131ylada do\u011fum bor\u00e7lanmas\u0131 hakk\u0131 getirilmesi, emekli ayl\u0131\u011f\u0131 ve i\u015fsizlik \u00f6dene\u011fi gibi konular ele al\u0131nm\u0131\u015f durumda. \u0130\u015fte ya\u015fama ge\u00e7irilen d\u00fczenlemeler..Kad\u0131nlarda Do\u011fum Bor\u00e7lanmas\u0131 4A, 4B ve 4C sigorta kollar\u0131na mensup olanlar kad\u0131nlarda do\u011fum bor\u00e7lanmas\u0131 hakk\u0131ndan yararlanabiliyorlar. Her \u00e7ocukta 2 sene olan do\u011fum bor\u00e7lanmalar\u0131 3 \u00e7ocuk amac\u0131yla 6 seneye kadar olabiliyor. Yap\u0131lan d\u00fczenlemeler sonras\u0131nda kad\u0131nlar sigortal\u0131l\u0131k s\u00fcreci \u00f6ncesindeki ger\u00e7ekle\u015ftirdikleri do\u011fumlar amac\u0131yla de do\u011fum bor\u00e7lanmas\u0131 hakk\u0131ndan yararlanabilmektedirler.<\/p>\n<p>\u00c7al\u0131\u015ft\u0131k\u00e7a Emekli Ayl\u0131\u011f\u0131n\u0131n D\u00fc\u015fmesine \u00c7\u00f6z\u00fcm\u00c7al\u0131\u015ft\u0131k\u00e7a emekli ayl\u0131\u011f\u0131n\u0131n d\u00fc\u015fmesine \u00e7\u00f6z\u00fcm getirilmesi de \u00f6ng\u00f6r\u00fcl\u00fcyor. Bu kapsamda d\u00fc\u015f\u00fck \u00fccretli sigortal\u0131lar\u0131n prim g\u00fcnlerini doldurmalar\u0131 sonras\u0131nda kay\u0131t d\u0131\u015f\u0131 \u00e7al\u0131\u015fmalar\u0131na engel olmak ad\u0131na gereken d\u00fczenlemelerin yap\u0131lmas\u0131 bekleniyor. Genellikle de sistemden ortalama \u00e7\u0131k\u0131\u015f ya\u015f\u0131 olan 52 ya\u015f\u0131 sonras\u0131nda yurtta\u015flar\u0131n \u00e7al\u0131\u015fmalar\u0131na te\u015fvik olmak ad\u0131na emeklilik parametreleri d\u00fczenlenecek. Yay\u0131mlanan rapor amac\u0131ylada emekli ayl\u0131klar\u0131n\u0131n \u00e7al\u0131\u015ft\u0131k\u00e7a d\u00fc\u015fmesine b\u00fcy\u00fck \u00f6l\u00e7\u00fcde yer verilmi\u015f durumda. Bu kapsamda emeklilik parametrelerinin t\u00fcm zamanlar\u0131 kapsayacak \u015fekilde olmas\u0131n\u0131n daha hakkaniyetli ve istihdam amac\u0131ylada kalmaya te\u015fvik edece\u011fi taraf\u0131nda d\u00fczenlemeler yap\u0131ld\u0131. Hem de rapor amac\u0131ylada mevzuya dair istikbal d\u00f6nemlerde intibak yasalar\u0131n\u0131n \u00e7\u0131kar\u0131lmas\u0131 \u015fans\u0131na de vurguland\u0131. Genellikle de sosyal emniyet destek primlerinin kay\u0131t d\u0131\u015f\u0131 olmas\u0131n\u0131 \u00f6nlemek ad\u0131na ve \u00f6denen prim kar\u015f\u0131l\u0131\u011f\u0131nda ek haklar\u0131n bulundu\u011fu da belirtildi.Kolay Sigorta \u0130mk\u00e2n\u0131 Esnek istihdam\u0131 sa\u011flamak ad\u0131na \u00e7al\u0131\u015fanlar\u0131n kay\u0131t alt\u0131nda tutulmalar\u0131 da daha basit bir duruma getiriliyor. Bu kapsamda k\u0131smi s\u00fcreli \u00e7al\u0131\u015fanlar\u0131 istihdam eden i\u015fverenler amac\u0131yla s\u0131ks\u0131k olarak i\u015f\u00e7i istihdam eden i\u015fverenlere g\u00f6re daha basit sigorta imk\u00e2n\u0131 tan\u0131nacak.<\/p>\n"},"caption":{"rendered":"<p>\u0130lk kez resmi belgeye girmesi yan\u0131nda emekli ayl\u0131\u011f\u0131n\u0131n d\u00fc\u015fmesinin \u00f6nlenmesi, i\u015fsizlik \u00f6dene\u011fi al\u0131nan s\u00fcreler amac\u0131yla bor\u00e7lanma hakk\u0131 tan\u0131nmas\u0131, kad\u0131nlar\u0131n do\u011fum bor\u00e7lanmas\u0131 yapmas\u0131 ve d\u00fc\u015f\u00fck \u00fccretle \u00e7al\u0131\u015fanlar amac\u0131yla \u00e7al\u0131\u015ft\u0131k\u00e7a emekli ayl\u0131\u011f\u0131n\u0131n d\u00fc\u015fmesi gibi konular ele al\u0131nm\u0131\u015f durumda. \u0130\u015fte milyonlarca vatanda\u015f\u0131 yak\u0131ndan ilgilendiren habere dair detaylar..Kamuoyunda b\u00fcy\u00fck isteklerin s\u00f6z hususu bulundu\u011fu rapor Cumhurba\u015fkanl\u0131\u011f\u0131 Strateji B\u00fct\u00e7e Bakanl\u0131\u011f\u0131 do\u011frultusundan yay\u0131nland\u0131. 2019-2023 senelar\u0131n\u0131 amac\u0131yla da alan 11. Kalk\u0131nma plan\u0131 ile \u00e7o\u011fu vatanda\u015f\u0131n istekleri ya\u015fama ge\u00e7ti. Rapor amac\u0131ylada do\u011fum bor\u00e7lanmas\u0131 hakk\u0131 getirilmesi, emekli ayl\u0131\u011f\u0131 ve i\u015fsizlik \u00f6dene\u011fi gibi konular ele al\u0131nm\u0131\u015f durumda. \u0130\u015fte ya\u015fama ge\u00e7irilen d\u00fczenlemeler..Kad\u0131nlarda Do\u011fum Bor\u00e7lanmas\u0131 4A, 4B ve 4C sigorta kollar\u0131na mensup olanlar kad\u0131nlarda do\u011fum bor\u00e7lanmas\u0131 hakk\u0131ndan yararlanabiliyorlar. Her \u00e7ocukta 2 sene olan do\u011fum bor\u00e7lanmalar\u0131 3 \u00e7ocuk amac\u0131yla 6 seneye kadar olabiliyor. Yap\u0131lan d\u00fczenlemeler sonras\u0131nda kad\u0131nlar sigortal\u0131l\u0131k s\u00fcreci \u00f6ncesindeki ger\u00e7ekle\u015ftirdikleri do\u011fumlar amac\u0131yla de do\u011fum bor\u00e7lanmas\u0131 hakk\u0131ndan yararlanabilmektedirler.<\/p>\n<p>\u00c7al\u0131\u015ft\u0131k\u00e7a Emekli Ayl\u0131\u011f\u0131n\u0131n D\u00fc\u015fmesine \u00c7\u00f6z\u00fcm\u00c7al\u0131\u015ft\u0131k\u00e7a emekli ayl\u0131\u011f\u0131n\u0131n d\u00fc\u015fmesine \u00e7\u00f6z\u00fcm getirilmesi de \u00f6ng\u00f6r\u00fcl\u00fcyor. Bu kapsamda d\u00fc\u015f\u00fck \u00fccretli sigortal\u0131lar\u0131n prim g\u00fcnlerini doldurmalar\u0131 sonras\u0131nda kay\u0131t d\u0131\u015f\u0131 \u00e7al\u0131\u015fmalar\u0131na engel olmak ad\u0131na gereken d\u00fczenlemelerin yap\u0131lmas\u0131 bekleniyor. Genellikle de sistemden ortalama \u00e7\u0131k\u0131\u015f ya\u015f\u0131 olan 52 ya\u015f\u0131 sonras\u0131nda yurtta\u015flar\u0131n \u00e7al\u0131\u015fmalar\u0131na te\u015fvik olmak ad\u0131na emeklilik parametreleri d\u00fczenlenecek. Yay\u0131mlanan rapor amac\u0131ylada emekli ayl\u0131klar\u0131n\u0131n \u00e7al\u0131\u015ft\u0131k\u00e7a d\u00fc\u015fmesine b\u00fcy\u00fck \u00f6l\u00e7\u00fcde yer verilmi\u015f durumda. Bu kapsamda emeklilik parametrelerinin t\u00fcm zamanlar\u0131 kapsayacak \u015fekilde olmas\u0131n\u0131n daha hakkaniyetli ve istihdam amac\u0131ylada kalmaya te\u015fvik edece\u011fi taraf\u0131nda d\u00fczenlemeler yap\u0131ld\u0131. Hem de rapor amac\u0131ylada mevzuya dair istikbal d\u00f6nemlerde intibak yasalar\u0131n\u0131n \u00e7\u0131kar\u0131lmas\u0131 \u015fans\u0131na de vurguland\u0131. Genellikle de sosyal emniyet destek primlerinin kay\u0131t d\u0131\u015f\u0131 olmas\u0131n\u0131 \u00f6nlemek ad\u0131na ve \u00f6denen prim kar\u015f\u0131l\u0131\u011f\u0131nda ek haklar\u0131n bulundu\u011fu da belirtildi.Kolay Sigorta \u0130mk\u00e2n\u0131 Esnek istihdam\u0131 sa\u011flamak ad\u0131na \u00e7al\u0131\u015fanlar\u0131n kay\u0131t alt\u0131nda tutulmalar\u0131 da daha basit bir duruma getiriliyor. Bu kapsamda k\u0131smi s\u00fcreli \u00e7al\u0131\u015fanlar\u0131 istihdam eden i\u015fverenler amac\u0131yla s\u0131ks\u0131k olarak i\u015f\u00e7i istihdam eden i\u015fverenlere g\u00f6re daha basit sigorta imk\u00e2n\u0131 tan\u0131nacak.<\/p>\n"},"alt_text":"","media_type":"image","mime_type":"image\/jpeg","media_details":{"width":768,"height":720,"file":"2021\/08\/sgk-ssk-bag-kur-emekli-milyonlarca-kisiyi-kapsiyor-15474-1.jpg","sizes":{"medium":{"file":"sgk-ssk-bag-kur-emekli-milyonlarca-kisiyi-kapsiyor-15474-1-300x281.jpg","width":300,"height":281,"mime_type":"image\/jpeg","source_url":"https:\/\/kilosorunum.com\/habercim\/wp-content\/uploads\/2021\/08\/sgk-ssk-bag-kur-emekli-milyonlarca-kisiyi-kapsiyor-15474-1-300x281.jpg"},"thumbnail":{"file":"sgk-ssk-bag-kur-emekli-milyonlarca-kisiyi-kapsiyor-15474-1-150x150.jpg","width":150,"height":150,"mime_type":"image\/jpeg","source_url":"https:\/\/kilosorunum.com\/habercim\/wp-content\/uploads\/2021\/08\/sgk-ssk-bag-kur-emekli-milyonlarca-kisiyi-kapsiyor-15474-1-150x150.jpg"},"kucukResim":{"file":"sgk-ssk-bag-kur-emekli-milyonlarca-kisiyi-kapsiyor-15474-1-80x50.jpg","width":80,"height":50,"mime_type":"image\/jpeg","source_url":"https:\/\/kilosorunum.com\/habercim\/wp-content\/uploads\/2021\/08\/sgk-ssk-bag-kur-emekli-milyonlarca-kisiyi-kapsiyor-15474-1-80x50.jpg"},"sliderResim":{"file":"sgk-ssk-bag-kur-emekli-milyonlarca-kisiyi-kapsiyor-15474-1-670x330.jpg","width":670,"height":330,"mime_type":"image\/jpeg","source_url":"https:\/\/kilosorunum.com\/habercim\/wp-content\/uploads\/2021\/08\/sgk-ssk-bag-kur-emekli-milyonlarca-kisiyi-kapsiyor-15474-1-670x330.jpg"},"resim1":{"file":"sgk-ssk-bag-kur-emekli-milyonlarca-kisiyi-kapsiyor-15474-1-184x140.jpg","width":184,"height":140,"mime_type":"image\/jpeg","source_url":"https:\/\/kilosorunum.com\/habercim\/wp-content\/uploads\/2021\/08\/sgk-ssk-bag-kur-emekli-milyonlarca-kisiyi-kapsiyor-15474-1-184x140.jpg"},"resim2":{"file":"sgk-ssk-bag-kur-emekli-milyonlarca-kisiyi-kapsiyor-15474-1-216x103.jpg","width":216,"height":103,"mime_type":"image\/jpeg","source_url":"https:\/\/kilosorunum.com\/habercim\/wp-content\/uploads\/2021\/08\/sgk-ssk-bag-kur-emekli-milyonlarca-kisiyi-kapsiyor-15474-1-216x103.jpg"},"resim3":{"file":"sgk-ssk-bag-kur-emekli-milyonlarca-kisiyi-kapsiyor-15474-1-145x70.jpg","width":145,"height":70,"mime_type":"image\/jpeg","source_url":"https:\/\/kilosorunum.com\/habercim\/wp-content\/uploads\/2021\/08\/sgk-ssk-bag-kur-emekli-milyonlarca-kisiyi-kapsiyor-15474-1-145x70.jpg"},"sagSlider":{"file":"sgk-ssk-bag-kur-emekli-milyonlarca-kisiyi-kapsiyor-15474-1-300x150.jpg","width":300,"height":150,"mime_type":"image\/jpeg","source_url":"https:\/\/kilosorunum.com\/habercim\/wp-content\/uploads\/2021\/08\/sgk-ssk-bag-kur-emekli-milyonlarca-kisiyi-kapsiyor-15474-1-300x150.jpg"},"yeniSlider":{"file":"sgk-ssk-bag-kur-emekli-milyonlarca-kisiyi-kapsiyor-15474-1-500x290.jpg","width":500,"height":290,"mime_type":"image\/jpeg","source_url":"https:\/\/kilosorunum.com\/habercim\/wp-content\/uploads\/2021\/08\/sgk-ssk-bag-kur-emekli-milyonlarca-kisiyi-kapsiyor-15474-1-500x290.jpg"},"full":{"file":"sgk-ssk-bag-kur-emekli-milyonlarca-kisiyi-kapsiyor-15474-1.jpg","width":768,"height":720,"mime_type":"image\/jpeg","source_url":"https:\/\/kilosorunum.com\/habercim\/wp-content\/uploads\/2021\/08\/sgk-ssk-bag-kur-emekli-milyonlarca-kisiyi-kapsiyor-15474-1.jpg"}},"image_meta":{"aperture":"0","credit":"","camera":"","caption":"","created_timestamp":"0","copyright":"","focal_length":"0","iso":"0","shutter_speed":"0","title":"","orientation":"0","keywords":[]}},"post":15474,"source_url":"https:\/\/kilosorunum.com\/habercim\/wp-content\/uploads\/2021\/08\/sgk-ssk-bag-kur-emekli-milyonlarca-kisiyi-kapsiyor-15474-1.jpg","_links":{"self":[{"href":"https:\/\/kilosorunum.com\/habercim\/wp-json\/wp\/v2\/media\/15477"}],"collection":[{"href":"https:\/\/kilosorunum.com\/habercim\/wp-json\/wp\/v2\/media"}],"about":[{"href":"https:\/\/kilosorunum.com\/habercim\/wp-json\/wp\/v2\/types\/attachment"}],"replies":[{"embeddable":true,"href":"https:\/\/kilosorunum.com\/habercim\/wp-json\/wp\/v2\/comments?post=15477"}]}}