{"id":15478,"date":"2021-08-14T23:38:15","date_gmt":"2021-08-14T20:38:15","guid":{"rendered":"https:\/\/dizilerfragmanlar.com\/wp-content\/uploads\/2021\/08\/sgk-ssk-bag-kur-emekli-milyonlarca-kisiyi-kapsiyor-15474-2.jpg"},"modified":"2021-08-14T23:38:15","modified_gmt":"2021-08-14T20:38:15","slug":"sgk-ssk-bag-kur-emekli-milyonlarca-kisiyi-kapsiyor-4","status":"inherit","type":"attachment","link":"https:\/\/kilosorunum.com\/habercim\/foto-galeri\/sgk-ssk-bag-kur-emekli-milyonlarca-kisiyi-kapsiyor\/attachment\/sgk-ssk-bag-kur-emekli-milyonlarca-kisiyi-kapsiyor-4\/","title":{"rendered":"SGK, SSK, Ba\u011f-Kur, Emekli Milyonlarca Ki\u015fiyi Kaps\u0131yor !"},"author":0,"comment_status":"open","ping_status":"closed","template":"","meta":[],"description":{"rendered":"<p class=\"attachment\"><a href='https:\/\/kilosorunum.com\/habercim\/wp-content\/uploads\/2021\/08\/sgk-ssk-bag-kur-emekli-milyonlarca-kisiyi-kapsiyor-15474-2.jpg'><img width=\"300\" height=\"156\" src=\"https:\/\/kilosorunum.com\/habercim\/wp-content\/uploads\/2021\/08\/sgk-ssk-bag-kur-emekli-milyonlarca-kisiyi-kapsiyor-15474-2-300x156.jpg\" class=\"attachment-medium size-medium\" alt=\"\" loading=\"lazy\" srcset=\"https:\/\/kilosorunum.com\/habercim\/wp-content\/uploads\/2021\/08\/sgk-ssk-bag-kur-emekli-milyonlarca-kisiyi-kapsiyor-15474-2-300x156.jpg 300w, https:\/\/kilosorunum.com\/habercim\/wp-content\/uploads\/2021\/08\/sgk-ssk-bag-kur-emekli-milyonlarca-kisiyi-kapsiyor-15474-2.jpg 616w\" sizes=\"(max-width: 300px) 100vw, 300px\" \/><\/a><\/p>\n<p>\u0130\u015fsizlik \u00d6deneklerinde Bor\u00e7lanma \u0130mk\u00e2n\u0131 \u0130\u015fsiz olan vatanda\u015flar bo\u015f geride b\u0131rakt\u0131\u011f\u0131m\u0131z s\u00fcrelerini \u00e7al\u0131\u015fma hayat\u0131na girdiklerinde geriye d\u00f6n\u00fck bor\u00e7lanma olarak kapatabilecekler. Yine isterlerse i\u015fsiz kald\u0131klar\u0131 d\u00f6nemlerde de sigortalar\u0131n\u0131 yat\u0131rarak prim bor\u00e7lar\u0131n\u0131 tamamlayabilmektedirler. Rapor amac\u0131ylade i\u015fsiz kal\u0131nan d\u00f6nemler amac\u0131yla t\u0131pk\u0131 askerlik d\u00f6neminde bulundu\u011fu gibi primlerde bor\u00e7lanma imk\u00e2n\u0131 olacak.D\u00fc\u015f\u00fck Gelirli \u00c7al\u0131\u015fanlara Tam Maa\u015f Hakk\u0131 Mikro sosyal sigorta uygulamalar\u0131 ile d\u00fc\u015f\u00fck gelirli \u00e7al\u0131\u015fanlara tam maa\u015f hakk\u0131 tan\u0131nacak. Vergiden muaf olan d\u00fc\u015f\u00fck gelirli \u00e7al\u0131\u015fanlar amac\u0131yla d\u00fc\u015f\u00fck prim \u00f6dene\u011fi sahibi olan programlardan yararlanabilecek. Eksik prim \u00f6demeleriyle tam maa\u015f alma hakk\u0131ndan faydalanacaklar.<\/p>\n"},"caption":{"rendered":"<p>\u0130\u015fsizlik \u00d6deneklerinde Bor\u00e7lanma \u0130mk\u00e2n\u0131 \u0130\u015fsiz olan vatanda\u015flar bo\u015f geride b\u0131rakt\u0131\u011f\u0131m\u0131z s\u00fcrelerini \u00e7al\u0131\u015fma hayat\u0131na girdiklerinde geriye d\u00f6n\u00fck bor\u00e7lanma olarak kapatabilecekler. Yine isterlerse i\u015fsiz kald\u0131klar\u0131 d\u00f6nemlerde de sigortalar\u0131n\u0131 yat\u0131rarak prim bor\u00e7lar\u0131n\u0131 tamamlayabilmektedirler. Rapor amac\u0131ylade i\u015fsiz kal\u0131nan d\u00f6nemler amac\u0131yla t\u0131pk\u0131 askerlik d\u00f6neminde bulundu\u011fu gibi primlerde bor\u00e7lanma imk\u00e2n\u0131 olacak.D\u00fc\u015f\u00fck Gelirli \u00c7al\u0131\u015fanlara Tam Maa\u015f Hakk\u0131 Mikro sosyal sigorta uygulamalar\u0131 ile d\u00fc\u015f\u00fck gelirli \u00e7al\u0131\u015fanlara tam maa\u015f hakk\u0131 tan\u0131nacak. Vergiden muaf olan d\u00fc\u015f\u00fck gelirli \u00e7al\u0131\u015fanlar amac\u0131yla d\u00fc\u015f\u00fck prim \u00f6dene\u011fi sahibi olan programlardan yararlanabilecek. Eksik prim \u00f6demeleriyle tam maa\u015f alma hakk\u0131ndan faydalanacaklar.<\/p>\n"},"alt_text":"","media_type":"image","mime_type":"image\/jpeg","media_details":{"width":616,"height":321,"file":"2021\/08\/sgk-ssk-bag-kur-emekli-milyonlarca-kisiyi-kapsiyor-15474-2.jpg","sizes":{"medium":{"file":"sgk-ssk-bag-kur-emekli-milyonlarca-kisiyi-kapsiyor-15474-2-300x156.jpg","width":300,"height":156,"mime_type":"image\/jpeg","source_url":"https:\/\/kilosorunum.com\/habercim\/wp-content\/uploads\/2021\/08\/sgk-ssk-bag-kur-emekli-milyonlarca-kisiyi-kapsiyor-15474-2-300x156.jpg"},"thumbnail":{"file":"sgk-ssk-bag-kur-emekli-milyonlarca-kisiyi-kapsiyor-15474-2-150x150.jpg","width":150,"height":150,"mime_type":"image\/jpeg","source_url":"https:\/\/kilosorunum.com\/habercim\/wp-content\/uploads\/2021\/08\/sgk-ssk-bag-kur-emekli-milyonlarca-kisiyi-kapsiyor-15474-2-150x150.jpg"},"kucukResim":{"file":"sgk-ssk-bag-kur-emekli-milyonlarca-kisiyi-kapsiyor-15474-2-80x50.jpg","width":80,"height":50,"mime_type":"image\/jpeg","source_url":"https:\/\/kilosorunum.com\/habercim\/wp-content\/uploads\/2021\/08\/sgk-ssk-bag-kur-emekli-milyonlarca-kisiyi-kapsiyor-15474-2-80x50.jpg"},"resim1":{"file":"sgk-ssk-bag-kur-emekli-milyonlarca-kisiyi-kapsiyor-15474-2-184x140.jpg","width":184,"height":140,"mime_type":"image\/jpeg","source_url":"https:\/\/kilosorunum.com\/habercim\/wp-content\/uploads\/2021\/08\/sgk-ssk-bag-kur-emekli-milyonlarca-kisiyi-kapsiyor-15474-2-184x140.jpg"},"resim2":{"file":"sgk-ssk-bag-kur-emekli-milyonlarca-kisiyi-kapsiyor-15474-2-216x103.jpg","width":216,"height":103,"mime_type":"image\/jpeg","source_url":"https:\/\/kilosorunum.com\/habercim\/wp-content\/uploads\/2021\/08\/sgk-ssk-bag-kur-emekli-milyonlarca-kisiyi-kapsiyor-15474-2-216x103.jpg"},"resim3":{"file":"sgk-ssk-bag-kur-emekli-milyonlarca-kisiyi-kapsiyor-15474-2-145x70.jpg","width":145,"height":70,"mime_type":"image\/jpeg","source_url":"https:\/\/kilosorunum.com\/habercim\/wp-content\/uploads\/2021\/08\/sgk-ssk-bag-kur-emekli-milyonlarca-kisiyi-kapsiyor-15474-2-145x70.jpg"},"sagSlider":{"file":"sgk-ssk-bag-kur-emekli-milyonlarca-kisiyi-kapsiyor-15474-2-300x150.jpg","width":300,"height":150,"mime_type":"image\/jpeg","source_url":"https:\/\/kilosorunum.com\/habercim\/wp-content\/uploads\/2021\/08\/sgk-ssk-bag-kur-emekli-milyonlarca-kisiyi-kapsiyor-15474-2-300x150.jpg"},"yeniSlider":{"file":"sgk-ssk-bag-kur-emekli-milyonlarca-kisiyi-kapsiyor-15474-2-500x290.jpg","width":500,"height":290,"mime_type":"image\/jpeg","source_url":"https:\/\/kilosorunum.com\/habercim\/wp-content\/uploads\/2021\/08\/sgk-ssk-bag-kur-emekli-milyonlarca-kisiyi-kapsiyor-15474-2-500x290.jpg"},"full":{"file":"sgk-ssk-bag-kur-emekli-milyonlarca-kisiyi-kapsiyor-15474-2.jpg","width":616,"height":321,"mime_type":"image\/jpeg","source_url":"https:\/\/kilosorunum.com\/habercim\/wp-content\/uploads\/2021\/08\/sgk-ssk-bag-kur-emekli-milyonlarca-kisiyi-kapsiyor-15474-2.jpg"}},"image_meta":{"aperture":"0","credit":"","camera":"","caption":"","created_timestamp":"0","copyright":"","focal_length":"0","iso":"0","shutter_speed":"0","title":"","orientation":"0","keywords":[]}},"post":15474,"source_url":"https:\/\/kilosorunum.com\/habercim\/wp-content\/uploads\/2021\/08\/sgk-ssk-bag-kur-emekli-milyonlarca-kisiyi-kapsiyor-15474-2.jpg","_links":{"self":[{"href":"https:\/\/kilosorunum.com\/habercim\/wp-json\/wp\/v2\/media\/15478"}],"collection":[{"href":"https:\/\/kilosorunum.com\/habercim\/wp-json\/wp\/v2\/media"}],"about":[{"href":"https:\/\/kilosorunum.com\/habercim\/wp-json\/wp\/v2\/types\/attachment"}],"replies":[{"embeddable":true,"href":"https:\/\/kilosorunum.com\/habercim\/wp-json\/wp\/v2\/comments?post=15478"}]}}