{"id":15493,"date":"2021-08-15T23:53:28","date_gmt":"2021-08-15T20:53:28","guid":{"rendered":"https:\/\/dizilerfragmanlar.com\/wp-content\/uploads\/2021\/08\/baskan-erdogan-talimati-verdi-maaslara-400tl-zam-geliyor-15490-1.jpg"},"modified":"2021-08-15T23:53:28","modified_gmt":"2021-08-15T20:53:28","slug":"baskan-erdogan-talimati-verdi-maaslara-400tl-zam-geliyor-3","status":"inherit","type":"attachment","link":"https:\/\/kilosorunum.com\/habercim\/foto-galeri\/baskan-erdogan-talimati-verdi-maaslara-400tl-zam-geliyor\/attachment\/baskan-erdogan-talimati-verdi-maaslara-400tl-zam-geliyor-3\/","title":{"rendered":"Ba\u015fkan Erdo\u011fan Talimat\u0131 Verdi Maa\u015flara 400TL Zam Geliyor!"},"author":0,"comment_status":"open","ping_status":"closed","template":"","meta":[],"description":{"rendered":"<p class=\"attachment\"><a href='https:\/\/kilosorunum.com\/habercim\/wp-content\/uploads\/2021\/08\/baskan-erdogan-talimati-verdi-maaslara-400tl-zam-geliyor-15490-1.jpg'><img width=\"247\" height=\"300\" src=\"https:\/\/kilosorunum.com\/habercim\/wp-content\/uploads\/2021\/08\/baskan-erdogan-talimati-verdi-maaslara-400tl-zam-geliyor-15490-1-247x300.jpg\" class=\"attachment-medium size-medium\" alt=\"\" loading=\"lazy\" srcset=\"https:\/\/kilosorunum.com\/habercim\/wp-content\/uploads\/2021\/08\/baskan-erdogan-talimati-verdi-maaslara-400tl-zam-geliyor-15490-1-247x300.jpg 247w, https:\/\/kilosorunum.com\/habercim\/wp-content\/uploads\/2021\/08\/baskan-erdogan-talimati-verdi-maaslara-400tl-zam-geliyor-15490-1.jpg 740w\" sizes=\"(max-width: 247px) 100vw, 247px\" \/><\/a><\/p>\n<p>Milyonlarca ki\u015fiye m\u00fcjde. Ba\u015fkan Erdo\u011fan a\u00e7\u0131klam\u0131\u015ft\u0131. Maa\u015f\u0131 600 TL ile 900 TL aras\u0131 olan 150 bin y\u00f6re\u0131ndaki emeklinin maa\u015f\u0131na maksimum 400 TL\u2019ye kadar zam yap\u0131lacak. Cumhurba\u015fkan\u0131 Erdo\u011fan\u2019\u0131n y\u00f6nerge\u0131yla 100 g\u00fcn i\u00e7inde hayata ge\u00e7irilecek d\u00fczenleme ilebirlikte maa\u015f\u0131 bin TL\u2019nin alt\u0131nda emekli kalmam\u0131\u015f olacak.<br \/>\nGe\u00e7ti\u011fimiz Ramazan Bayram\u0131\u2019nda ilk defa verilen bin liral\u0131k bayram ikramiyelerinin ikincisi emekliler taraf\u0131ndan heyecanla beklenirken, s\u00f6z konusu ikramiyelerin \u00f6n\u00fcm\u00fczdeki hafta ba\u015f\u0131na kadar hesaplara yat\u0131r\u0131laca\u011f\u0131 \u00f6ng\u00f6r\u00fcl\u00fcyor.<\/p>\n"},"caption":{"rendered":"<p>Milyonlarca ki\u015fiye m\u00fcjde. Ba\u015fkan Erdo\u011fan a\u00e7\u0131klam\u0131\u015ft\u0131. Maa\u015f\u0131 600 TL ile 900 TL aras\u0131 olan 150 bin y\u00f6re\u0131ndaki emeklinin maa\u015f\u0131na maksimum 400 TL\u2019ye kadar zam yap\u0131lacak. Cumhurba\u015fkan\u0131 Erdo\u011fan\u2019\u0131n y\u00f6nerge\u0131yla 100 g\u00fcn i\u00e7inde hayata ge\u00e7irilecek d\u00fczenleme ilebirlikte maa\u015f\u0131 bin TL\u2019nin alt\u0131nda emekli kalmam\u0131\u015f olacak.<br \/>\nGe\u00e7ti\u011fimiz Ramazan Bayram\u0131\u2019nda ilk defa verilen bin liral\u0131k bayram ikramiyelerinin ikincisi emekliler taraf\u0131ndan heyecanla beklenirken, s\u00f6z konusu ikramiyelerin \u00f6n\u00fcm\u00fczdeki hafta ba\u015f\u0131na kadar hesaplara yat\u0131r\u0131laca\u011f\u0131 \u00f6ng\u00f6r\u00fcl\u00fcyor.<\/p>\n"},"alt_text":"","media_type":"image","mime_type":"image\/jpeg","media_details":{"width":740,"height":900,"file":"2021\/08\/baskan-erdogan-talimati-verdi-maaslara-400tl-zam-geliyor-15490-1.jpg","sizes":{"medium":{"file":"baskan-erdogan-talimati-verdi-maaslara-400tl-zam-geliyor-15490-1-247x300.jpg","width":247,"height":300,"mime_type":"image\/jpeg","source_url":"https:\/\/kilosorunum.com\/habercim\/wp-content\/uploads\/2021\/08\/baskan-erdogan-talimati-verdi-maaslara-400tl-zam-geliyor-15490-1-247x300.jpg"},"thumbnail":{"file":"baskan-erdogan-talimati-verdi-maaslara-400tl-zam-geliyor-15490-1-150x150.jpg","width":150,"height":150,"mime_type":"image\/jpeg","source_url":"https:\/\/kilosorunum.com\/habercim\/wp-content\/uploads\/2021\/08\/baskan-erdogan-talimati-verdi-maaslara-400tl-zam-geliyor-15490-1-150x150.jpg"},"kucukResim":{"file":"baskan-erdogan-talimati-verdi-maaslara-400tl-zam-geliyor-15490-1-80x50.jpg","width":80,"height":50,"mime_type":"image\/jpeg","source_url":"https:\/\/kilosorunum.com\/habercim\/wp-content\/uploads\/2021\/08\/baskan-erdogan-talimati-verdi-maaslara-400tl-zam-geliyor-15490-1-80x50.jpg"},"sliderResim":{"file":"baskan-erdogan-talimati-verdi-maaslara-400tl-zam-geliyor-15490-1-670x330.jpg","width":670,"height":330,"mime_type":"image\/jpeg","source_url":"https:\/\/kilosorunum.com\/habercim\/wp-content\/uploads\/2021\/08\/baskan-erdogan-talimati-verdi-maaslara-400tl-zam-geliyor-15490-1-670x330.jpg"},"resim1":{"file":"baskan-erdogan-talimati-verdi-maaslara-400tl-zam-geliyor-15490-1-184x140.jpg","width":184,"height":140,"mime_type":"image\/jpeg","source_url":"https:\/\/kilosorunum.com\/habercim\/wp-content\/uploads\/2021\/08\/baskan-erdogan-talimati-verdi-maaslara-400tl-zam-geliyor-15490-1-184x140.jpg"},"resim2":{"file":"baskan-erdogan-talimati-verdi-maaslara-400tl-zam-geliyor-15490-1-216x103.jpg","width":216,"height":103,"mime_type":"image\/jpeg","source_url":"https:\/\/kilosorunum.com\/habercim\/wp-content\/uploads\/2021\/08\/baskan-erdogan-talimati-verdi-maaslara-400tl-zam-geliyor-15490-1-216x103.jpg"},"resim3":{"file":"baskan-erdogan-talimati-verdi-maaslara-400tl-zam-geliyor-15490-1-145x70.jpg","width":145,"height":70,"mime_type":"image\/jpeg","source_url":"https:\/\/kilosorunum.com\/habercim\/wp-content\/uploads\/2021\/08\/baskan-erdogan-talimati-verdi-maaslara-400tl-zam-geliyor-15490-1-145x70.jpg"},"sagSlider":{"file":"baskan-erdogan-talimati-verdi-maaslara-400tl-zam-geliyor-15490-1-300x150.jpg","width":300,"height":150,"mime_type":"image\/jpeg","source_url":"https:\/\/kilosorunum.com\/habercim\/wp-content\/uploads\/2021\/08\/baskan-erdogan-talimati-verdi-maaslara-400tl-zam-geliyor-15490-1-300x150.jpg"},"yeniSlider":{"file":"baskan-erdogan-talimati-verdi-maaslara-400tl-zam-geliyor-15490-1-500x290.jpg","width":500,"height":290,"mime_type":"image\/jpeg","source_url":"https:\/\/kilosorunum.com\/habercim\/wp-content\/uploads\/2021\/08\/baskan-erdogan-talimati-verdi-maaslara-400tl-zam-geliyor-15490-1-500x290.jpg"},"full":{"file":"baskan-erdogan-talimati-verdi-maaslara-400tl-zam-geliyor-15490-1.jpg","width":740,"height":900,"mime_type":"image\/jpeg","source_url":"https:\/\/kilosorunum.com\/habercim\/wp-content\/uploads\/2021\/08\/baskan-erdogan-talimati-verdi-maaslara-400tl-zam-geliyor-15490-1.jpg"}},"image_meta":{"aperture":"0","credit":"","camera":"","caption":"","created_timestamp":"0","copyright":"","focal_length":"0","iso":"0","shutter_speed":"0","title":"","orientation":"0","keywords":[]}},"post":15490,"source_url":"https:\/\/kilosorunum.com\/habercim\/wp-content\/uploads\/2021\/08\/baskan-erdogan-talimati-verdi-maaslara-400tl-zam-geliyor-15490-1.jpg","_links":{"self":[{"href":"https:\/\/kilosorunum.com\/habercim\/wp-json\/wp\/v2\/media\/15493"}],"collection":[{"href":"https:\/\/kilosorunum.com\/habercim\/wp-json\/wp\/v2\/media"}],"about":[{"href":"https:\/\/kilosorunum.com\/habercim\/wp-json\/wp\/v2\/types\/attachment"}],"replies":[{"embeddable":true,"href":"https:\/\/kilosorunum.com\/habercim\/wp-json\/wp\/v2\/comments?post=15493"}]}}