{"id":15494,"date":"2021-08-15T23:53:30","date_gmt":"2021-08-15T20:53:30","guid":{"rendered":"https:\/\/dizilerfragmanlar.com\/wp-content\/uploads\/2021\/08\/baskan-erdogan-talimati-verdi-maaslara-400tl-zam-geliyor-15490-2.jpg"},"modified":"2021-08-15T23:53:30","modified_gmt":"2021-08-15T20:53:30","slug":"baskan-erdogan-talimati-verdi-maaslara-400tl-zam-geliyor-4","status":"inherit","type":"attachment","link":"https:\/\/kilosorunum.com\/habercim\/foto-galeri\/baskan-erdogan-talimati-verdi-maaslara-400tl-zam-geliyor\/attachment\/baskan-erdogan-talimati-verdi-maaslara-400tl-zam-geliyor-4\/","title":{"rendered":"Ba\u015fkan Erdo\u011fan Talimat\u0131 Verdi Maa\u015flara 400TL Zam Geliyor!"},"author":0,"comment_status":"open","ping_status":"closed","template":"","meta":[],"description":{"rendered":"<p class=\"attachment\"><a href='https:\/\/kilosorunum.com\/habercim\/wp-content\/uploads\/2021\/08\/baskan-erdogan-talimati-verdi-maaslara-400tl-zam-geliyor-15490-2.jpg'><img width=\"300\" height=\"154\" src=\"https:\/\/kilosorunum.com\/habercim\/wp-content\/uploads\/2021\/08\/baskan-erdogan-talimati-verdi-maaslara-400tl-zam-geliyor-15490-2-300x154.jpg\" class=\"attachment-medium size-medium\" alt=\"\" loading=\"lazy\" srcset=\"https:\/\/kilosorunum.com\/habercim\/wp-content\/uploads\/2021\/08\/baskan-erdogan-talimati-verdi-maaslara-400tl-zam-geliyor-15490-2-300x154.jpg 300w, https:\/\/kilosorunum.com\/habercim\/wp-content\/uploads\/2021\/08\/baskan-erdogan-talimati-verdi-maaslara-400tl-zam-geliyor-15490-2.jpg 682w\" sizes=\"(max-width: 300px) 100vw, 300px\" \/><\/a><\/p>\n<p>Bayram ikramiyelerinin yan\u0131 s\u0131ra T\u00fcrkiye\u2019de yakla\u015f\u0131k 12 milyon emekli i\u00e7erisinde maa\u015f\u0131 bin liran\u0131n alt\u0131nda olan 150 bin ki\u015fiye ise bir m\u00fcjde daha geldi. Cumhurba\u015fkan\u0131 Recep Tayyip Erdo\u011fan taraf\u0131ndan ge\u00e7ti\u011fimiz cuma g\u00fcn\u00fc a\u00e7\u0131klanan \u2018100 Gme\u015fhurk fiil Plan\u0131\u2019nda d\u00fc\u015f\u00fck maa\u015fl\u0131 emeklileri ilgilendiren \u00e7ok \u00f6nemli bir d\u00fczenlemede yer ald\u0131.<\/p>\n"},"caption":{"rendered":"<p>Bayram ikramiyelerinin yan\u0131 s\u0131ra T\u00fcrkiye\u2019de yakla\u015f\u0131k 12 milyon emekli i\u00e7erisinde maa\u015f\u0131 bin liran\u0131n alt\u0131nda olan 150 bin ki\u015fiye ise bir m\u00fcjde daha geldi. Cumhurba\u015fkan\u0131 Recep Tayyip Erdo\u011fan taraf\u0131ndan ge\u00e7ti\u011fimiz cuma g\u00fcn\u00fc a\u00e7\u0131klanan \u2018100 Gme\u015fhurk fiil Plan\u0131\u2019nda d\u00fc\u015f\u00fck maa\u015fl\u0131 emeklileri ilgilendiren \u00e7ok \u00f6nemli bir d\u00fczenlemede yer ald\u0131.<\/p>\n"},"alt_text":"","media_type":"image","mime_type":"image\/jpeg","media_details":{"width":682,"height":350,"file":"2021\/08\/baskan-erdogan-talimati-verdi-maaslara-400tl-zam-geliyor-15490-2.jpg","sizes":{"medium":{"file":"baskan-erdogan-talimati-verdi-maaslara-400tl-zam-geliyor-15490-2-300x154.jpg","width":300,"height":154,"mime_type":"image\/jpeg","source_url":"https:\/\/kilosorunum.com\/habercim\/wp-content\/uploads\/2021\/08\/baskan-erdogan-talimati-verdi-maaslara-400tl-zam-geliyor-15490-2-300x154.jpg"},"thumbnail":{"file":"baskan-erdogan-talimati-verdi-maaslara-400tl-zam-geliyor-15490-2-150x150.jpg","width":150,"height":150,"mime_type":"image\/jpeg","source_url":"https:\/\/kilosorunum.com\/habercim\/wp-content\/uploads\/2021\/08\/baskan-erdogan-talimati-verdi-maaslara-400tl-zam-geliyor-15490-2-150x150.jpg"},"kucukResim":{"file":"baskan-erdogan-talimati-verdi-maaslara-400tl-zam-geliyor-15490-2-80x50.jpg","width":80,"height":50,"mime_type":"image\/jpeg","source_url":"https:\/\/kilosorunum.com\/habercim\/wp-content\/uploads\/2021\/08\/baskan-erdogan-talimati-verdi-maaslara-400tl-zam-geliyor-15490-2-80x50.jpg"},"sliderResim":{"file":"baskan-erdogan-talimati-verdi-maaslara-400tl-zam-geliyor-15490-2-670x330.jpg","width":670,"height":330,"mime_type":"image\/jpeg","source_url":"https:\/\/kilosorunum.com\/habercim\/wp-content\/uploads\/2021\/08\/baskan-erdogan-talimati-verdi-maaslara-400tl-zam-geliyor-15490-2-670x330.jpg"},"resim1":{"file":"baskan-erdogan-talimati-verdi-maaslara-400tl-zam-geliyor-15490-2-184x140.jpg","width":184,"height":140,"mime_type":"image\/jpeg","source_url":"https:\/\/kilosorunum.com\/habercim\/wp-content\/uploads\/2021\/08\/baskan-erdogan-talimati-verdi-maaslara-400tl-zam-geliyor-15490-2-184x140.jpg"},"resim2":{"file":"baskan-erdogan-talimati-verdi-maaslara-400tl-zam-geliyor-15490-2-216x103.jpg","width":216,"height":103,"mime_type":"image\/jpeg","source_url":"https:\/\/kilosorunum.com\/habercim\/wp-content\/uploads\/2021\/08\/baskan-erdogan-talimati-verdi-maaslara-400tl-zam-geliyor-15490-2-216x103.jpg"},"resim3":{"file":"baskan-erdogan-talimati-verdi-maaslara-400tl-zam-geliyor-15490-2-145x70.jpg","width":145,"height":70,"mime_type":"image\/jpeg","source_url":"https:\/\/kilosorunum.com\/habercim\/wp-content\/uploads\/2021\/08\/baskan-erdogan-talimati-verdi-maaslara-400tl-zam-geliyor-15490-2-145x70.jpg"},"sagSlider":{"file":"baskan-erdogan-talimati-verdi-maaslara-400tl-zam-geliyor-15490-2-300x150.jpg","width":300,"height":150,"mime_type":"image\/jpeg","source_url":"https:\/\/kilosorunum.com\/habercim\/wp-content\/uploads\/2021\/08\/baskan-erdogan-talimati-verdi-maaslara-400tl-zam-geliyor-15490-2-300x150.jpg"},"yeniSlider":{"file":"baskan-erdogan-talimati-verdi-maaslara-400tl-zam-geliyor-15490-2-500x290.jpg","width":500,"height":290,"mime_type":"image\/jpeg","source_url":"https:\/\/kilosorunum.com\/habercim\/wp-content\/uploads\/2021\/08\/baskan-erdogan-talimati-verdi-maaslara-400tl-zam-geliyor-15490-2-500x290.jpg"},"full":{"file":"baskan-erdogan-talimati-verdi-maaslara-400tl-zam-geliyor-15490-2.jpg","width":682,"height":350,"mime_type":"image\/jpeg","source_url":"https:\/\/kilosorunum.com\/habercim\/wp-content\/uploads\/2021\/08\/baskan-erdogan-talimati-verdi-maaslara-400tl-zam-geliyor-15490-2.jpg"}},"image_meta":{"aperture":"0","credit":"","camera":"","caption":"","created_timestamp":"0","copyright":"","focal_length":"0","iso":"0","shutter_speed":"0","title":"","orientation":"0","keywords":[]}},"post":15490,"source_url":"https:\/\/kilosorunum.com\/habercim\/wp-content\/uploads\/2021\/08\/baskan-erdogan-talimati-verdi-maaslara-400tl-zam-geliyor-15490-2.jpg","_links":{"self":[{"href":"https:\/\/kilosorunum.com\/habercim\/wp-json\/wp\/v2\/media\/15494"}],"collection":[{"href":"https:\/\/kilosorunum.com\/habercim\/wp-json\/wp\/v2\/media"}],"about":[{"href":"https:\/\/kilosorunum.com\/habercim\/wp-json\/wp\/v2\/types\/attachment"}],"replies":[{"embeddable":true,"href":"https:\/\/kilosorunum.com\/habercim\/wp-json\/wp\/v2\/comments?post=15494"}]}}