{"id":15500,"date":"2021-08-16T13:31:49","date_gmt":"2021-08-16T10:31:49","guid":{"rendered":"https:\/\/dizilerfragmanlar.com\/wp-content\/uploads\/2021\/08\/vefat-haberi-geldi-sevenleri-gozyaslarina-boguldu-hayranlari-ve-guldur-guldur-ekibi-yasta-15496-2.jpg"},"modified":"2021-08-16T13:31:49","modified_gmt":"2021-08-16T10:31:49","slug":"vefat-haberi-geldi-sevenleri-gozyaslarina-boguldu-hayranlari-ve-guldur-guldur-ekibi-yasta-4","status":"inherit","type":"attachment","link":"https:\/\/kilosorunum.com\/habercim\/foto-galeri\/vefat-haberi-geldi-sevenleri-gozyaslarina-boguldu-hayranlari-ve-guldur-guldur-ekibi-yasta\/attachment\/vefat-haberi-geldi-sevenleri-gozyaslarina-boguldu-hayranlari-ve-guldur-guldur-ekibi-yasta-4\/","title":{"rendered":"VEFAT HABER\u0130 GELD\u0130 SEVENLER\u0130 G\u00d6ZYA\u015eLARINA BO\u011eULDU! HAYRANLARI VE G\u00dcLD\u00dcR G\u00dcLD\u00dcR EK\u0130B\u0130 YASTA!"},"author":0,"comment_status":"open","ping_status":"closed","template":"","meta":[],"description":{"rendered":"<p class=\"attachment\"><a href='https:\/\/kilosorunum.com\/habercim\/wp-content\/uploads\/2021\/08\/vefat-haberi-geldi-sevenleri-gozyaslarina-boguldu-hayranlari-ve-guldur-guldur-ekibi-yasta-15496-2.jpg'><img width=\"300\" height=\"156\" src=\"https:\/\/kilosorunum.com\/habercim\/wp-content\/uploads\/2021\/08\/vefat-haberi-geldi-sevenleri-gozyaslarina-boguldu-hayranlari-ve-guldur-guldur-ekibi-yasta-15496-2-300x156.jpg\" class=\"attachment-medium size-medium\" alt=\"\" loading=\"lazy\" srcset=\"https:\/\/kilosorunum.com\/habercim\/wp-content\/uploads\/2021\/08\/vefat-haberi-geldi-sevenleri-gozyaslarina-boguldu-hayranlari-ve-guldur-guldur-ekibi-yasta-15496-2-300x156.jpg 300w, https:\/\/kilosorunum.com\/habercim\/wp-content\/uploads\/2021\/08\/vefat-haberi-geldi-sevenleri-gozyaslarina-boguldu-hayranlari-ve-guldur-guldur-ekibi-yasta-15496-2.jpg 625w\" sizes=\"(max-width: 300px) 100vw, 300px\" \/><\/a><\/p>\n<p>3 Temmuz 2000 y\u0131l\u0131nda hayat\u0131n\u0131 kaybeden usta sanat\u00e7\u0131 Kemal Sunal\u2019\u0131n annesi Sultan Sunal hayat\u0131n\u0131 kaybetti. Sultan Sunal i\u00e7in \u00dcsk\u00fcdar Karacaahmet\u2019te bulunan \u015eakirin Camii\u2019nde \u00f6\u011fle namaz\u0131n\u0131 m\u00fcteakiben cenaze namaz\u0131 k\u0131l\u0131nd\u0131. (HABER\u0130N DEVAMINI OKUMAK \u0130\u00c7\u0130N L\u00dcTFEN FOTO\u011eRAFIN \u00dcZER\u0130NE TIKLAYINIZ\u2026)<\/p>\n"},"caption":{"rendered":"<p>3 Temmuz 2000 y\u0131l\u0131nda hayat\u0131n\u0131 kaybeden usta sanat\u00e7\u0131 Kemal Sunal\u2019\u0131n annesi Sultan Sunal hayat\u0131n\u0131 kaybetti. Sultan Sunal i\u00e7in \u00dcsk\u00fcdar Karacaahmet\u2019te bulunan \u015eakirin Camii\u2019nde \u00f6\u011fle namaz\u0131n\u0131 m\u00fcteakiben cenaze namaz\u0131 k\u0131l\u0131nd\u0131. (HABER\u0130N DEVAMINI OKUMAK \u0130\u00c7\u0130N L\u00dcTFEN FOTO\u011eRAFIN \u00dcZER\u0130NE TIKLAYINIZ\u2026)<\/p>\n"},"alt_text":"","media_type":"image","mime_type":"image\/jpeg","media_details":{"width":625,"height":325,"file":"2021\/08\/vefat-haberi-geldi-sevenleri-gozyaslarina-boguldu-hayranlari-ve-guldur-guldur-ekibi-yasta-15496-2.jpg","sizes":{"medium":{"file":"vefat-haberi-geldi-sevenleri-gozyaslarina-boguldu-hayranlari-ve-guldur-guldur-ekibi-yasta-15496-2-300x156.jpg","width":300,"height":156,"mime_type":"image\/jpeg","source_url":"https:\/\/kilosorunum.com\/habercim\/wp-content\/uploads\/2021\/08\/vefat-haberi-geldi-sevenleri-gozyaslarina-boguldu-hayranlari-ve-guldur-guldur-ekibi-yasta-15496-2-300x156.jpg"},"thumbnail":{"file":"vefat-haberi-geldi-sevenleri-gozyaslarina-boguldu-hayranlari-ve-guldur-guldur-ekibi-yasta-15496-2-150x150.jpg","width":150,"height":150,"mime_type":"image\/jpeg","source_url":"https:\/\/kilosorunum.com\/habercim\/wp-content\/uploads\/2021\/08\/vefat-haberi-geldi-sevenleri-gozyaslarina-boguldu-hayranlari-ve-guldur-guldur-ekibi-yasta-15496-2-150x150.jpg"},"kucukResim":{"file":"vefat-haberi-geldi-sevenleri-gozyaslarina-boguldu-hayranlari-ve-guldur-guldur-ekibi-yasta-15496-2-80x50.jpg","width":80,"height":50,"mime_type":"image\/jpeg","source_url":"https:\/\/kilosorunum.com\/habercim\/wp-content\/uploads\/2021\/08\/vefat-haberi-geldi-sevenleri-gozyaslarina-boguldu-hayranlari-ve-guldur-guldur-ekibi-yasta-15496-2-80x50.jpg"},"resim1":{"file":"vefat-haberi-geldi-sevenleri-gozyaslarina-boguldu-hayranlari-ve-guldur-guldur-ekibi-yasta-15496-2-184x140.jpg","width":184,"height":140,"mime_type":"image\/jpeg","source_url":"https:\/\/kilosorunum.com\/habercim\/wp-content\/uploads\/2021\/08\/vefat-haberi-geldi-sevenleri-gozyaslarina-boguldu-hayranlari-ve-guldur-guldur-ekibi-yasta-15496-2-184x140.jpg"},"resim2":{"file":"vefat-haberi-geldi-sevenleri-gozyaslarina-boguldu-hayranlari-ve-guldur-guldur-ekibi-yasta-15496-2-216x103.jpg","width":216,"height":103,"mime_type":"image\/jpeg","source_url":"https:\/\/kilosorunum.com\/habercim\/wp-content\/uploads\/2021\/08\/vefat-haberi-geldi-sevenleri-gozyaslarina-boguldu-hayranlari-ve-guldur-guldur-ekibi-yasta-15496-2-216x103.jpg"},"resim3":{"file":"vefat-haberi-geldi-sevenleri-gozyaslarina-boguldu-hayranlari-ve-guldur-guldur-ekibi-yasta-15496-2-145x70.jpg","width":145,"height":70,"mime_type":"image\/jpeg","source_url":"https:\/\/kilosorunum.com\/habercim\/wp-content\/uploads\/2021\/08\/vefat-haberi-geldi-sevenleri-gozyaslarina-boguldu-hayranlari-ve-guldur-guldur-ekibi-yasta-15496-2-145x70.jpg"},"sagSlider":{"file":"vefat-haberi-geldi-sevenleri-gozyaslarina-boguldu-hayranlari-ve-guldur-guldur-ekibi-yasta-15496-2-300x150.jpg","width":300,"height":150,"mime_type":"image\/jpeg","source_url":"https:\/\/kilosorunum.com\/habercim\/wp-content\/uploads\/2021\/08\/vefat-haberi-geldi-sevenleri-gozyaslarina-boguldu-hayranlari-ve-guldur-guldur-ekibi-yasta-15496-2-300x150.jpg"},"yeniSlider":{"file":"vefat-haberi-geldi-sevenleri-gozyaslarina-boguldu-hayranlari-ve-guldur-guldur-ekibi-yasta-15496-2-500x290.jpg","width":500,"height":290,"mime_type":"image\/jpeg","source_url":"https:\/\/kilosorunum.com\/habercim\/wp-content\/uploads\/2021\/08\/vefat-haberi-geldi-sevenleri-gozyaslarina-boguldu-hayranlari-ve-guldur-guldur-ekibi-yasta-15496-2-500x290.jpg"},"full":{"file":"vefat-haberi-geldi-sevenleri-gozyaslarina-boguldu-hayranlari-ve-guldur-guldur-ekibi-yasta-15496-2.jpg","width":625,"height":325,"mime_type":"image\/jpeg","source_url":"https:\/\/kilosorunum.com\/habercim\/wp-content\/uploads\/2021\/08\/vefat-haberi-geldi-sevenleri-gozyaslarina-boguldu-hayranlari-ve-guldur-guldur-ekibi-yasta-15496-2.jpg"}},"image_meta":{"aperture":"0","credit":"","camera":"","caption":"","created_timestamp":"0","copyright":"","focal_length":"0","iso":"0","shutter_speed":"0","title":"","orientation":"0","keywords":[]}},"post":15496,"source_url":"https:\/\/kilosorunum.com\/habercim\/wp-content\/uploads\/2021\/08\/vefat-haberi-geldi-sevenleri-gozyaslarina-boguldu-hayranlari-ve-guldur-guldur-ekibi-yasta-15496-2.jpg","_links":{"self":[{"href":"https:\/\/kilosorunum.com\/habercim\/wp-json\/wp\/v2\/media\/15500"}],"collection":[{"href":"https:\/\/kilosorunum.com\/habercim\/wp-json\/wp\/v2\/media"}],"about":[{"href":"https:\/\/kilosorunum.com\/habercim\/wp-json\/wp\/v2\/types\/attachment"}],"replies":[{"embeddable":true,"href":"https:\/\/kilosorunum.com\/habercim\/wp-json\/wp\/v2\/comments?post=15500"}]}}