{"id":15513,"date":"2021-08-16T21:34:04","date_gmt":"2021-08-16T18:34:04","guid":{"rendered":"https:\/\/dizilerfragmanlar.com\/wp-content\/uploads\/2021\/08\/ama-15510-1.jpg"},"modified":"2021-08-16T21:34:04","modified_gmt":"2021-08-16T18:34:04","slug":"ama-3","status":"inherit","type":"attachment","link":"https:\/\/kilosorunum.com\/habercim\/foto-galeri\/ama\/attachment\/ama-3\/","title":{"rendered":"Ama.."},"author":0,"comment_status":"open","ping_status":"closed","template":"","meta":[],"description":{"rendered":"<p class=\"attachment\"><a href='https:\/\/kilosorunum.com\/habercim\/wp-content\/uploads\/2021\/08\/ama-15510-1.jpg'><img width=\"236\" height=\"300\" src=\"https:\/\/kilosorunum.com\/habercim\/wp-content\/uploads\/2021\/08\/ama-15510-1-236x300.jpg\" class=\"attachment-medium size-medium\" alt=\"\" loading=\"lazy\" srcset=\"https:\/\/kilosorunum.com\/habercim\/wp-content\/uploads\/2021\/08\/ama-15510-1-236x300.jpg 236w, https:\/\/kilosorunum.com\/habercim\/wp-content\/uploads\/2021\/08\/ama-15510-1.jpg 768w\" sizes=\"(max-width: 236px) 100vw, 236px\" \/><\/a><\/p>\n<p>E\u015fine c.nsel ili\u015fki esnas\u0131nda \u015foku ya\u015fatt\u0131 f.ntezi sand\u0131\u011f\u0131 olay sonras\u0131 kanlar i\u00e7inde kald\u0131 Olay, \u00e7iftin evliliklerinin ilk y\u0131l\u0131nda gittikleri tatilde ba\u015f g\u00f6sterdi. Her \u015fey yolunda g\u00f6r\u00fcn\u00fcyordu ancak adam\u0131n kar\u0131s\u0131 hakk\u0131nda korkun\u00e7 planlar\u0131 vard\u0131. \u0130lk olarak Laura ve Shaun ak\u015fam saatlerinde \u00f6nce televizyon izleyip d\u0131\u015far\u0131dan \u0131smarlad\u0131klar\u0131 pizzay\u0131 yedi.Sabaha kar\u015f\u0131 uyand\u0131: Yemekten sonra \u00e7ift uyudu. Ancak kad\u0131n, sabah 05.00 sular\u0131nda uyand\u0131. Bu s\u0131rada kocas\u0131, a\u015fa\u011f\u0131 katta g\u00fcr\u00fclt\u00fc duydu\u011funu s\u00f6yleyerek e\u015finin yan\u0131na geldi.<br \/>\nE\u015fine c.nsel ili\u015fki esnas\u0131nda \u015foku ya\u015fatt\u0131 f.ntezi sand\u0131\u011f\u0131 olay sonras\u0131 kanlar i\u00e7inde kald\u0131\u0130li\u015fkinin<\/p>\n<p>Ho\u015flanaca\u011f\u0131m bir \u015fey mi: Yakla\u015f\u0131k 10 dakika bekledi, kocas\u0131na \u201cHadi, nedir o? Ho\u015flanaca\u011f\u0131m bir \u015fey mi?\u201d diye sordu. G\u00f6zlerini kapal\u0131 tutmay\u0131 s\u00fcrd\u00fcrd\u00fc ancak havluyu kald\u0131rd\u0131. Kocas\u0131 10\u2019a kadar sayarken Laura da \u2018Hadi Shaun\u2019 diye ba\u011f\u0131r\u0131yordu.B\u0131\u00e7aklarla kar\u015f\u0131s\u0131na dikildi: Adam bir t\u00fcrl\u00fc 0\u2019a kadar saym\u0131yordu, kad\u0131n iyice sab\u0131rs\u0131zlan\u0131nca k\u0131sa bir sessizlik oldu. Aniden omuzunda bir bask\u0131 hissetti, g\u00f6zlerini a\u00e7t\u0131\u011f\u0131nda kocas\u0131 iki elinde iki b\u0131\u00e7akla kar\u015f\u0131s\u0131ndayd\u0131.<br \/>\nBoynundan ve omzundan b\u0131\u00e7aklad\u0131: Adam, birka\u00e7 g\u00fcn \u00f6nce i\u015ften kovuldu\u011funu s\u00f6yleyerek kar\u0131s\u0131n\u0131 b\u0131\u00e7aklamakla tehdit etti. Sonra kar\u0131s\u0131n\u0131 boynundan ve sol omzundan b\u0131\u00e7aklad\u0131. Laura g\u00f6zlerini a\u00e7\u0131p \u2018Bu ger\u00e7ek olamaz\u201d dedi<br \/>\nHapis cezas\u0131: Kad\u0131n, alt\u0131 y\u0131ll\u0131k ili\u015fkinin ard\u0131ndan evlendi\u011fi erke\u011fin sald\u0131r\u0131s\u0131yla, kan bulanan banyodan sa\u011f kurtulmay\u0131 ba\u015fard\u0131. Adam, duru\u015fmada cinayete te\u015febb\u00fcs etmekten hapis cezas\u0131na \u00e7arpt\u0131r\u0131ld\u0131. \u015eimdilerde Ekim ay\u0131nda mahkum edilmeyi bekliyor<br \/>\nHapis cezas\u0131: Kad\u0131n, alt\u0131 y\u0131ll\u0131k ili\u015fkinin ard\u0131ndan evlendi\u011fi erke\u011fin sald\u0131r\u0131s\u0131yla, kan bulanan banyodan sa\u011f kurtulmay\u0131 ba\u015fard\u0131. Adam, duru\u015fmada cinayete te\u015febb\u00fcs etmekten hapis cezas\u0131na \u00e7arpt\u0131r\u0131ld\u0131. \u015eimdilerde Ekim ay\u0131nda mahkum edilmeyi bekliyor<br \/>\n(HABER\u0130N DEVAMINI OKUMAK \u0130\u00c7\u0130N L\u00dcTFEN FOTO\u011eRAFIN \u00dcZER\u0130NE T\u2019IKLAYINIZ.<\/p>\n"},"caption":{"rendered":"<p>E\u015fine c.nsel ili\u015fki esnas\u0131nda \u015foku ya\u015fatt\u0131 f.ntezi sand\u0131\u011f\u0131 olay sonras\u0131 kanlar i\u00e7inde kald\u0131 Olay, \u00e7iftin evliliklerinin ilk y\u0131l\u0131nda gittikleri tatilde ba\u015f g\u00f6sterdi. Her \u015fey yolunda g\u00f6r\u00fcn\u00fcyordu ancak adam\u0131n kar\u0131s\u0131 hakk\u0131nda korkun\u00e7 planlar\u0131 vard\u0131. \u0130lk olarak Laura ve Shaun ak\u015fam saatlerinde \u00f6nce televizyon izleyip d\u0131\u015far\u0131dan \u0131smarlad\u0131klar\u0131 pizzay\u0131 yedi.Sabaha kar\u015f\u0131 uyand\u0131: Yemekten sonra \u00e7ift uyudu. Ancak kad\u0131n, sabah 05.00 sular\u0131nda uyand\u0131. Bu s\u0131rada kocas\u0131, a\u015fa\u011f\u0131 katta g\u00fcr\u00fclt\u00fc duydu\u011funu s\u00f6yleyerek e\u015finin yan\u0131na geldi.<br \/>\nE\u015fine c.nsel ili\u015fki esnas\u0131nda \u015foku ya\u015fatt\u0131 f.ntezi sand\u0131\u011f\u0131 olay sonras\u0131 kanlar i\u00e7inde kald\u0131\u0130li\u015fkinin<\/p>\n<p>Ho\u015flanaca\u011f\u0131m bir \u015fey mi: Yakla\u015f\u0131k 10 dakika bekledi, kocas\u0131na \u201cHadi, nedir o? Ho\u015flanaca\u011f\u0131m bir \u015fey mi?\u201d diye sordu. G\u00f6zlerini kapal\u0131 tutmay\u0131 s\u00fcrd\u00fcrd\u00fc ancak havluyu kald\u0131rd\u0131. Kocas\u0131 10\u2019a kadar sayarken Laura da \u2018Hadi Shaun\u2019 diye ba\u011f\u0131r\u0131yordu.B\u0131\u00e7aklarla kar\u015f\u0131s\u0131na dikildi: Adam bir t\u00fcrl\u00fc 0\u2019a kadar saym\u0131yordu, kad\u0131n iyice sab\u0131rs\u0131zlan\u0131nca k\u0131sa bir sessizlik oldu. Aniden omuzunda bir bask\u0131 hissetti, g\u00f6zlerini a\u00e7t\u0131\u011f\u0131nda kocas\u0131 iki elinde iki b\u0131\u00e7akla kar\u015f\u0131s\u0131ndayd\u0131.<br \/>\nBoynundan ve omzundan b\u0131\u00e7aklad\u0131: Adam, birka\u00e7 g\u00fcn \u00f6nce i\u015ften kovuldu\u011funu s\u00f6yleyerek kar\u0131s\u0131n\u0131 b\u0131\u00e7aklamakla tehdit etti. Sonra kar\u0131s\u0131n\u0131 boynundan ve sol omzundan b\u0131\u00e7aklad\u0131. Laura g\u00f6zlerini a\u00e7\u0131p \u2018Bu ger\u00e7ek olamaz\u201d dedi<br \/>\nHapis cezas\u0131: Kad\u0131n, alt\u0131 y\u0131ll\u0131k ili\u015fkinin ard\u0131ndan evlendi\u011fi erke\u011fin sald\u0131r\u0131s\u0131yla, kan bulanan banyodan sa\u011f kurtulmay\u0131 ba\u015fard\u0131. Adam, duru\u015fmada cinayete te\u015febb\u00fcs etmekten hapis cezas\u0131na \u00e7arpt\u0131r\u0131ld\u0131. \u015eimdilerde Ekim ay\u0131nda mahkum edilmeyi bekliyor<br \/>\nHapis cezas\u0131: Kad\u0131n, alt\u0131 y\u0131ll\u0131k ili\u015fkinin ard\u0131ndan evlendi\u011fi erke\u011fin sald\u0131r\u0131s\u0131yla, kan bulanan banyodan sa\u011f kurtulmay\u0131 ba\u015fard\u0131. Adam, duru\u015fmada cinayete te\u015febb\u00fcs etmekten hapis cezas\u0131na \u00e7arpt\u0131r\u0131ld\u0131. \u015eimdilerde Ekim ay\u0131nda mahkum edilmeyi bekliyor<br \/>\n(HABER\u0130N DEVAMINI OKUMAK \u0130\u00c7\u0130N L\u00dcTFEN FOTO\u011eRAFIN \u00dcZER\u0130NE T\u2019IKLAYINIZ.<\/p>\n"},"alt_text":"","media_type":"image","mime_type":"image\/jpeg","media_details":{"width":768,"height":978,"file":"2021\/08\/ama-15510-1.jpg","sizes":{"medium":{"file":"ama-15510-1-236x300.jpg","width":236,"height":300,"mime_type":"image\/jpeg","source_url":"https:\/\/kilosorunum.com\/habercim\/wp-content\/uploads\/2021\/08\/ama-15510-1-236x300.jpg"},"thumbnail":{"file":"ama-15510-1-150x150.jpg","width":150,"height":150,"mime_type":"image\/jpeg","source_url":"https:\/\/kilosorunum.com\/habercim\/wp-content\/uploads\/2021\/08\/ama-15510-1-150x150.jpg"},"kucukResim":{"file":"ama-15510-1-80x50.jpg","width":80,"height":50,"mime_type":"image\/jpeg","source_url":"https:\/\/kilosorunum.com\/habercim\/wp-content\/uploads\/2021\/08\/ama-15510-1-80x50.jpg"},"sliderResim":{"file":"ama-15510-1-670x330.jpg","width":670,"height":330,"mime_type":"image\/jpeg","source_url":"https:\/\/kilosorunum.com\/habercim\/wp-content\/uploads\/2021\/08\/ama-15510-1-670x330.jpg"},"resim1":{"file":"ama-15510-1-184x140.jpg","width":184,"height":140,"mime_type":"image\/jpeg","source_url":"https:\/\/kilosorunum.com\/habercim\/wp-content\/uploads\/2021\/08\/ama-15510-1-184x140.jpg"},"resim2":{"file":"ama-15510-1-216x103.jpg","width":216,"height":103,"mime_type":"image\/jpeg","source_url":"https:\/\/kilosorunum.com\/habercim\/wp-content\/uploads\/2021\/08\/ama-15510-1-216x103.jpg"},"resim3":{"file":"ama-15510-1-145x70.jpg","width":145,"height":70,"mime_type":"image\/jpeg","source_url":"https:\/\/kilosorunum.com\/habercim\/wp-content\/uploads\/2021\/08\/ama-15510-1-145x70.jpg"},"sagSlider":{"file":"ama-15510-1-300x150.jpg","width":300,"height":150,"mime_type":"image\/jpeg","source_url":"https:\/\/kilosorunum.com\/habercim\/wp-content\/uploads\/2021\/08\/ama-15510-1-300x150.jpg"},"yeniSlider":{"file":"ama-15510-1-500x290.jpg","width":500,"height":290,"mime_type":"image\/jpeg","source_url":"https:\/\/kilosorunum.com\/habercim\/wp-content\/uploads\/2021\/08\/ama-15510-1-500x290.jpg"},"full":{"file":"ama-15510-1.jpg","width":768,"height":978,"mime_type":"image\/jpeg","source_url":"https:\/\/kilosorunum.com\/habercim\/wp-content\/uploads\/2021\/08\/ama-15510-1.jpg"}},"image_meta":{"aperture":"0","credit":"","camera":"","caption":"","created_timestamp":"0","copyright":"","focal_length":"0","iso":"0","shutter_speed":"0","title":"","orientation":"1","keywords":[]}},"post":15510,"source_url":"https:\/\/kilosorunum.com\/habercim\/wp-content\/uploads\/2021\/08\/ama-15510-1.jpg","_links":{"self":[{"href":"https:\/\/kilosorunum.com\/habercim\/wp-json\/wp\/v2\/media\/15513"}],"collection":[{"href":"https:\/\/kilosorunum.com\/habercim\/wp-json\/wp\/v2\/media"}],"about":[{"href":"https:\/\/kilosorunum.com\/habercim\/wp-json\/wp\/v2\/types\/attachment"}],"replies":[{"embeddable":true,"href":"https:\/\/kilosorunum.com\/habercim\/wp-json\/wp\/v2\/comments?post=15513"}]}}