{"id":15519,"date":"2021-08-17T00:05:45","date_gmt":"2021-08-16T21:05:45","guid":{"rendered":"https:\/\/dizilerfragmanlar.com\/wp-content\/uploads\/2021\/08\/alisandan-aci-haber-geldi-15516-1.jpg"},"modified":"2021-08-17T00:05:45","modified_gmt":"2021-08-16T21:05:45","slug":"alisandan-aci-haber-geldi-3","status":"inherit","type":"attachment","link":"https:\/\/kilosorunum.com\/habercim\/foto-galeri\/alisandan-aci-haber-geldi\/attachment\/alisandan-aci-haber-geldi-3\/","title":{"rendered":"Ali\u015fan\u2019dan ACI HABER Geldi!"},"author":0,"comment_status":"open","ping_status":"closed","template":"","meta":[],"description":{"rendered":"<p class=\"attachment\"><a href='https:\/\/kilosorunum.com\/habercim\/wp-content\/uploads\/2021\/08\/alisandan-aci-haber-geldi-15516-1.jpg'><img width=\"249\" height=\"300\" src=\"https:\/\/kilosorunum.com\/habercim\/wp-content\/uploads\/2021\/08\/alisandan-aci-haber-geldi-15516-1-249x300.jpg\" class=\"attachment-medium size-medium\" alt=\"\" loading=\"lazy\" srcset=\"https:\/\/kilosorunum.com\/habercim\/wp-content\/uploads\/2021\/08\/alisandan-aci-haber-geldi-15516-1-249x300.jpg 249w, https:\/\/kilosorunum.com\/habercim\/wp-content\/uploads\/2021\/08\/alisandan-aci-haber-geldi-15516-1.jpg 526w\" sizes=\"(max-width: 249px) 100vw, 249px\" \/><\/a><\/p>\n<p>Ali\u015fan\u2019\u0131n koronavir\u00fcse yakalanan ve yo\u011fun bak\u0131mda ent\u00fcbe edilen karde\u015fi Sel\u00e7uk Tekta\u015f\u2019\u0131n durumu ciddiyetini koruyor. \u00dcnl\u00fc \u015fark\u0131c\u0131, d\u00fcn e\u015fi Buse Varol ve annesi Suzan Tekta\u015f\u2019la birlikte hastanedeydi. Aile, doktorlardan m\u00fcjdeli bir haber alabilmek i\u00e7in hastanenin kap\u0131s\u0131ndan ayr\u0131lmad\u0131.<\/p>\n"},"caption":{"rendered":"<p>Ali\u015fan\u2019\u0131n koronavir\u00fcse yakalanan ve yo\u011fun bak\u0131mda ent\u00fcbe edilen karde\u015fi Sel\u00e7uk Tekta\u015f\u2019\u0131n durumu ciddiyetini koruyor. \u00dcnl\u00fc \u015fark\u0131c\u0131, d\u00fcn e\u015fi Buse Varol ve annesi Suzan Tekta\u015f\u2019la birlikte hastanedeydi. Aile, doktorlardan m\u00fcjdeli bir haber alabilmek i\u00e7in hastanenin kap\u0131s\u0131ndan ayr\u0131lmad\u0131.<\/p>\n"},"alt_text":"","media_type":"image","mime_type":"image\/jpeg","media_details":{"width":526,"height":635,"file":"2021\/08\/alisandan-aci-haber-geldi-15516-1.jpg","sizes":{"medium":{"file":"alisandan-aci-haber-geldi-15516-1-249x300.jpg","width":249,"height":300,"mime_type":"image\/jpeg","source_url":"https:\/\/kilosorunum.com\/habercim\/wp-content\/uploads\/2021\/08\/alisandan-aci-haber-geldi-15516-1-249x300.jpg"},"thumbnail":{"file":"alisandan-aci-haber-geldi-15516-1-150x150.jpg","width":150,"height":150,"mime_type":"image\/jpeg","source_url":"https:\/\/kilosorunum.com\/habercim\/wp-content\/uploads\/2021\/08\/alisandan-aci-haber-geldi-15516-1-150x150.jpg"},"kucukResim":{"file":"alisandan-aci-haber-geldi-15516-1-80x50.jpg","width":80,"height":50,"mime_type":"image\/jpeg","source_url":"https:\/\/kilosorunum.com\/habercim\/wp-content\/uploads\/2021\/08\/alisandan-aci-haber-geldi-15516-1-80x50.jpg"},"sliderResim":{"file":"alisandan-aci-haber-geldi-15516-1-526x330.jpg","width":526,"height":330,"mime_type":"image\/jpeg","source_url":"https:\/\/kilosorunum.com\/habercim\/wp-content\/uploads\/2021\/08\/alisandan-aci-haber-geldi-15516-1-526x330.jpg"},"resim1":{"file":"alisandan-aci-haber-geldi-15516-1-184x140.jpg","width":184,"height":140,"mime_type":"image\/jpeg","source_url":"https:\/\/kilosorunum.com\/habercim\/wp-content\/uploads\/2021\/08\/alisandan-aci-haber-geldi-15516-1-184x140.jpg"},"resim2":{"file":"alisandan-aci-haber-geldi-15516-1-216x103.jpg","width":216,"height":103,"mime_type":"image\/jpeg","source_url":"https:\/\/kilosorunum.com\/habercim\/wp-content\/uploads\/2021\/08\/alisandan-aci-haber-geldi-15516-1-216x103.jpg"},"resim3":{"file":"alisandan-aci-haber-geldi-15516-1-145x70.jpg","width":145,"height":70,"mime_type":"image\/jpeg","source_url":"https:\/\/kilosorunum.com\/habercim\/wp-content\/uploads\/2021\/08\/alisandan-aci-haber-geldi-15516-1-145x70.jpg"},"sagSlider":{"file":"alisandan-aci-haber-geldi-15516-1-300x150.jpg","width":300,"height":150,"mime_type":"image\/jpeg","source_url":"https:\/\/kilosorunum.com\/habercim\/wp-content\/uploads\/2021\/08\/alisandan-aci-haber-geldi-15516-1-300x150.jpg"},"yeniSlider":{"file":"alisandan-aci-haber-geldi-15516-1-500x290.jpg","width":500,"height":290,"mime_type":"image\/jpeg","source_url":"https:\/\/kilosorunum.com\/habercim\/wp-content\/uploads\/2021\/08\/alisandan-aci-haber-geldi-15516-1-500x290.jpg"},"full":{"file":"alisandan-aci-haber-geldi-15516-1.jpg","width":526,"height":635,"mime_type":"image\/jpeg","source_url":"https:\/\/kilosorunum.com\/habercim\/wp-content\/uploads\/2021\/08\/alisandan-aci-haber-geldi-15516-1.jpg"}},"image_meta":{"aperture":"0","credit":"","camera":"","caption":"","created_timestamp":"0","copyright":"","focal_length":"0","iso":"0","shutter_speed":"0","title":"","orientation":"1","keywords":[]}},"post":15516,"source_url":"https:\/\/kilosorunum.com\/habercim\/wp-content\/uploads\/2021\/08\/alisandan-aci-haber-geldi-15516-1.jpg","_links":{"self":[{"href":"https:\/\/kilosorunum.com\/habercim\/wp-json\/wp\/v2\/media\/15519"}],"collection":[{"href":"https:\/\/kilosorunum.com\/habercim\/wp-json\/wp\/v2\/media"}],"about":[{"href":"https:\/\/kilosorunum.com\/habercim\/wp-json\/wp\/v2\/types\/attachment"}],"replies":[{"embeddable":true,"href":"https:\/\/kilosorunum.com\/habercim\/wp-json\/wp\/v2\/comments?post=15519"}]}}