{"id":15520,"date":"2021-08-17T00:05:48","date_gmt":"2021-08-16T21:05:48","guid":{"rendered":"https:\/\/dizilerfragmanlar.com\/wp-content\/uploads\/2021\/08\/alisandan-aci-haber-geldi-15516-2.jpg"},"modified":"2021-08-17T00:05:48","modified_gmt":"2021-08-16T21:05:48","slug":"alisandan-aci-haber-geldi-4","status":"inherit","type":"attachment","link":"https:\/\/kilosorunum.com\/habercim\/foto-galeri\/alisandan-aci-haber-geldi\/attachment\/alisandan-aci-haber-geldi-4\/","title":{"rendered":"Ali\u015fan\u2019dan ACI HABER Geldi!"},"author":0,"comment_status":"open","ping_status":"closed","template":"","meta":[],"description":{"rendered":"<p class=\"attachment\"><a href='https:\/\/kilosorunum.com\/habercim\/wp-content\/uploads\/2021\/08\/alisandan-aci-haber-geldi-15516-2.jpg'><img width=\"300\" height=\"167\" src=\"https:\/\/kilosorunum.com\/habercim\/wp-content\/uploads\/2021\/08\/alisandan-aci-haber-geldi-15516-2-300x167.jpg\" class=\"attachment-medium size-medium\" alt=\"\" loading=\"lazy\" srcset=\"https:\/\/kilosorunum.com\/habercim\/wp-content\/uploads\/2021\/08\/alisandan-aci-haber-geldi-15516-2-300x167.jpg 300w, https:\/\/kilosorunum.com\/habercim\/wp-content\/uploads\/2021\/08\/alisandan-aci-haber-geldi-15516-2.jpg 768w\" sizes=\"(max-width: 300px) 100vw, 300px\" \/><\/a><\/p>\n<p>HASTANEN\u0130N KAPISINDAN AYRILMADI \u015eark\u0131c\u0131, karde\u015finin sa\u011fl\u0131k durumu hakk\u0131ndaki sorulara \u201cDurumu \u00e7ok kritik, dua istiyoruz\u201d diye yan\u0131t verdi. Hastanenin \u00f6n\u00fcnden ayr\u0131lmayan Ali\u015fan, karde\u015finin g\u00f6zya\u015flar\u0131na bo\u011fulan e\u015fi Merve Tekta\u015f\u2019\u0131 Ali\u015fan ve annesi teselli etmeye \u00e7al\u0131\u015ft\u0131.<\/p>\n"},"caption":{"rendered":"<p>HASTANEN\u0130N KAPISINDAN AYRILMADI \u015eark\u0131c\u0131, karde\u015finin sa\u011fl\u0131k durumu hakk\u0131ndaki sorulara \u201cDurumu \u00e7ok kritik, dua istiyoruz\u201d diye yan\u0131t verdi. Hastanenin \u00f6n\u00fcnden ayr\u0131lmayan Ali\u015fan, karde\u015finin g\u00f6zya\u015flar\u0131na bo\u011fulan e\u015fi Merve Tekta\u015f\u2019\u0131 Ali\u015fan ve annesi teselli etmeye \u00e7al\u0131\u015ft\u0131.<\/p>\n"},"alt_text":"","media_type":"image","mime_type":"image\/jpeg","media_details":{"width":768,"height":428,"file":"2021\/08\/alisandan-aci-haber-geldi-15516-2.jpg","sizes":{"medium":{"file":"alisandan-aci-haber-geldi-15516-2-300x167.jpg","width":300,"height":167,"mime_type":"image\/jpeg","source_url":"https:\/\/kilosorunum.com\/habercim\/wp-content\/uploads\/2021\/08\/alisandan-aci-haber-geldi-15516-2-300x167.jpg"},"thumbnail":{"file":"alisandan-aci-haber-geldi-15516-2-150x150.jpg","width":150,"height":150,"mime_type":"image\/jpeg","source_url":"https:\/\/kilosorunum.com\/habercim\/wp-content\/uploads\/2021\/08\/alisandan-aci-haber-geldi-15516-2-150x150.jpg"},"kucukResim":{"file":"alisandan-aci-haber-geldi-15516-2-80x50.jpg","width":80,"height":50,"mime_type":"image\/jpeg","source_url":"https:\/\/kilosorunum.com\/habercim\/wp-content\/uploads\/2021\/08\/alisandan-aci-haber-geldi-15516-2-80x50.jpg"},"sliderResim":{"file":"alisandan-aci-haber-geldi-15516-2-670x330.jpg","width":670,"height":330,"mime_type":"image\/jpeg","source_url":"https:\/\/kilosorunum.com\/habercim\/wp-content\/uploads\/2021\/08\/alisandan-aci-haber-geldi-15516-2-670x330.jpg"},"resim1":{"file":"alisandan-aci-haber-geldi-15516-2-184x140.jpg","width":184,"height":140,"mime_type":"image\/jpeg","source_url":"https:\/\/kilosorunum.com\/habercim\/wp-content\/uploads\/2021\/08\/alisandan-aci-haber-geldi-15516-2-184x140.jpg"},"resim2":{"file":"alisandan-aci-haber-geldi-15516-2-216x103.jpg","width":216,"height":103,"mime_type":"image\/jpeg","source_url":"https:\/\/kilosorunum.com\/habercim\/wp-content\/uploads\/2021\/08\/alisandan-aci-haber-geldi-15516-2-216x103.jpg"},"resim3":{"file":"alisandan-aci-haber-geldi-15516-2-145x70.jpg","width":145,"height":70,"mime_type":"image\/jpeg","source_url":"https:\/\/kilosorunum.com\/habercim\/wp-content\/uploads\/2021\/08\/alisandan-aci-haber-geldi-15516-2-145x70.jpg"},"sagSlider":{"file":"alisandan-aci-haber-geldi-15516-2-300x150.jpg","width":300,"height":150,"mime_type":"image\/jpeg","source_url":"https:\/\/kilosorunum.com\/habercim\/wp-content\/uploads\/2021\/08\/alisandan-aci-haber-geldi-15516-2-300x150.jpg"},"yeniSlider":{"file":"alisandan-aci-haber-geldi-15516-2-500x290.jpg","width":500,"height":290,"mime_type":"image\/jpeg","source_url":"https:\/\/kilosorunum.com\/habercim\/wp-content\/uploads\/2021\/08\/alisandan-aci-haber-geldi-15516-2-500x290.jpg"},"full":{"file":"alisandan-aci-haber-geldi-15516-2.jpg","width":768,"height":428,"mime_type":"image\/jpeg","source_url":"https:\/\/kilosorunum.com\/habercim\/wp-content\/uploads\/2021\/08\/alisandan-aci-haber-geldi-15516-2.jpg"}},"image_meta":{"aperture":"0","credit":"","camera":"","caption":"","created_timestamp":"0","copyright":"","focal_length":"0","iso":"0","shutter_speed":"0","title":"","orientation":"0","keywords":[]}},"post":15516,"source_url":"https:\/\/kilosorunum.com\/habercim\/wp-content\/uploads\/2021\/08\/alisandan-aci-haber-geldi-15516-2.jpg","_links":{"self":[{"href":"https:\/\/kilosorunum.com\/habercim\/wp-json\/wp\/v2\/media\/15520"}],"collection":[{"href":"https:\/\/kilosorunum.com\/habercim\/wp-json\/wp\/v2\/media"}],"about":[{"href":"https:\/\/kilosorunum.com\/habercim\/wp-json\/wp\/v2\/types\/attachment"}],"replies":[{"embeddable":true,"href":"https:\/\/kilosorunum.com\/habercim\/wp-json\/wp\/v2\/comments?post=15520"}]}}