{"id":15561,"date":"2021-08-18T03:05:04","date_gmt":"2021-08-18T00:05:04","guid":{"rendered":"https:\/\/dizilerfragmanlar.com\/wp-content\/uploads\/2021\/08\/turkiyenin-konustugu-buyuksen-cifti-cinayetinde-yeni-gelisme-15559.jpg"},"modified":"2021-08-18T03:09:07","modified_gmt":"2021-08-18T00:09:07","slug":"turkiyenin-konustugu-buyuksen-cifti-cinayetinde-yeni-gelisme-2","status":"inherit","type":"attachment","link":"https:\/\/kilosorunum.com\/habercim\/foto-galeri\/turkiyenin-konustugu-buyuksen-cifti-cinayetinde-yeni-gelisme\/attachment\/turkiyenin-konustugu-buyuksen-cifti-cinayetinde-yeni-gelisme-2\/","title":{"rendered":"T\u00fcrkiye&#8217;nin konu\u015ftu\u011fu B\u00fcy\u00fck\u015fen \u00e7ifti cinayetinde yeni geli\u015fme !"},"author":0,"comment_status":"open","ping_status":"closed","template":"","meta":[],"description":{"rendered":"<p class=\"attachment\"><a href='https:\/\/kilosorunum.com\/habercim\/wp-content\/uploads\/2021\/08\/turkiyenin-konustugu-buyuksen-cifti-cinayetinde-yeni-gelisme-15559.jpg'><img width=\"300\" height=\"63\" src=\"https:\/\/kilosorunum.com\/habercim\/wp-content\/uploads\/2021\/08\/turkiyenin-konustugu-buyuksen-cifti-cinayetinde-yeni-gelisme-15559-300x63.jpg\" class=\"attachment-medium size-medium\" alt=\"\" loading=\"lazy\" srcset=\"https:\/\/kilosorunum.com\/habercim\/wp-content\/uploads\/2021\/08\/turkiyenin-konustugu-buyuksen-cifti-cinayetinde-yeni-gelisme-15559-300x63.jpg 300w, https:\/\/kilosorunum.com\/habercim\/wp-content\/uploads\/2021\/08\/turkiyenin-konustugu-buyuksen-cifti-cinayetinde-yeni-gelisme-15559.jpg 768w\" sizes=\"(max-width: 300px) 100vw, 300px\" \/><\/a><\/p>\n<p>Konya&#8217;n\u0131n Karatay il\u00e7esinde 3 y\u0131l \u00f6nce evlerinde cinayete kurban giden Necla (54) ve Metin B\u00fcy\u00fck\u015fen (55) \u00e7iftini, kiral\u0131k katilin yanl\u0131\u015f adres sonucu \u00f6ld\u00fcrd\u00fc\u011f\u00fc olayda \u2018kasten \u00f6ld\u00fcrmeye yard\u0131m etme\u2019 su\u00e7undan tutuklanan Mustafa Ok\u015fen, tutuklu bulundu\u011fu Konya E Tipi Kapal\u0131 Cezaevinde fenala\u015ft\u0131. Hastaneye kald\u0131r\u0131lan Ok\u015fen yap\u0131lan t\u00fcm m\u00fcdahaleye ra\u011fmen kurtar\u0131lamad\u0131. Olaydan sonra Konya Cumhuriyet Ba\u015fsavc\u0131l\u0131\u011f\u0131 soru\u015fturma ba\u015flatt\u0131.<\/p>\n<p>Olay, 3 Eyl\u00fcl 2018&#8217;de saat 22.00 s\u0131ralar\u0131nda, \u0130smil Mahallesi&#8217;ndeki tek katl\u0131 evde meydana geldi.<\/p>\n"},"caption":{"rendered":"<p>Konya&#8217;n\u0131n Karatay il\u00e7esinde 3 y\u0131l \u00f6nce evlerinde cinayete kurban giden Necla (54) ve Metin B\u00fcy\u00fck\u015fen (55) \u00e7iftini, kiral\u0131k katilin yanl\u0131\u015f adres sonucu \u00f6ld\u00fcrd\u00fc\u011f\u00fc olayda \u2018kasten \u00f6ld\u00fcrmeye yard\u0131m etme\u2019 su\u00e7undan tutuklanan Mustafa Ok\u015fen, tutuklu bulundu\u011fu Konya E Tipi Kapal\u0131 Cezaevinde fenala\u015ft\u0131. Hastaneye kald\u0131r\u0131lan Ok\u015fen yap\u0131lan t\u00fcm m\u00fcdahaleye ra\u011fmen kurtar\u0131lamad\u0131. Olaydan sonra Konya Cumhuriyet Ba\u015fsavc\u0131l\u0131\u011f\u0131 soru\u015fturma ba\u015flatt\u0131.<\/p>\n<p>Olay, 3 Eyl\u00fcl 2018&#8217;de saat 22.00 s\u0131ralar\u0131nda, \u0130smil Mahallesi&#8217;ndeki tek katl\u0131 evde meydana geldi.<\/p>\n"},"alt_text":"","media_type":"image","mime_type":"image\/jpeg","media_details":{"width":768,"height":160,"file":"2021\/08\/turkiyenin-konustugu-buyuksen-cifti-cinayetinde-yeni-gelisme-15559.jpg","sizes":{"medium":{"file":"turkiyenin-konustugu-buyuksen-cifti-cinayetinde-yeni-gelisme-15559-300x63.jpg","width":300,"height":63,"mime_type":"image\/png","source_url":"https:\/\/kilosorunum.com\/habercim\/wp-content\/uploads\/2021\/08\/turkiyenin-konustugu-buyuksen-cifti-cinayetinde-yeni-gelisme-15559-300x63.jpg"},"thumbnail":{"file":"turkiyenin-konustugu-buyuksen-cifti-cinayetinde-yeni-gelisme-15559-150x150.jpg","width":150,"height":150,"mime_type":"image\/png","source_url":"https:\/\/kilosorunum.com\/habercim\/wp-content\/uploads\/2021\/08\/turkiyenin-konustugu-buyuksen-cifti-cinayetinde-yeni-gelisme-15559-150x150.jpg"},"kucukResim":{"file":"turkiyenin-konustugu-buyuksen-cifti-cinayetinde-yeni-gelisme-15559-80x50.jpg","width":80,"height":50,"mime_type":"image\/png","source_url":"https:\/\/kilosorunum.com\/habercim\/wp-content\/uploads\/2021\/08\/turkiyenin-konustugu-buyuksen-cifti-cinayetinde-yeni-gelisme-15559-80x50.jpg"},"sliderResim":{"file":"turkiyenin-konustugu-buyuksen-cifti-cinayetinde-yeni-gelisme-15559-670x160.jpg","width":670,"height":160,"mime_type":"image\/png","source_url":"https:\/\/kilosorunum.com\/habercim\/wp-content\/uploads\/2021\/08\/turkiyenin-konustugu-buyuksen-cifti-cinayetinde-yeni-gelisme-15559-670x160.jpg"},"resim1":{"file":"turkiyenin-konustugu-buyuksen-cifti-cinayetinde-yeni-gelisme-15559-184x140.jpg","width":184,"height":140,"mime_type":"image\/png","source_url":"https:\/\/kilosorunum.com\/habercim\/wp-content\/uploads\/2021\/08\/turkiyenin-konustugu-buyuksen-cifti-cinayetinde-yeni-gelisme-15559-184x140.jpg"},"resim2":{"file":"turkiyenin-konustugu-buyuksen-cifti-cinayetinde-yeni-gelisme-15559-216x103.jpg","width":216,"height":103,"mime_type":"image\/png","source_url":"https:\/\/kilosorunum.com\/habercim\/wp-content\/uploads\/2021\/08\/turkiyenin-konustugu-buyuksen-cifti-cinayetinde-yeni-gelisme-15559-216x103.jpg"},"resim3":{"file":"turkiyenin-konustugu-buyuksen-cifti-cinayetinde-yeni-gelisme-15559-145x70.jpg","width":145,"height":70,"mime_type":"image\/png","source_url":"https:\/\/kilosorunum.com\/habercim\/wp-content\/uploads\/2021\/08\/turkiyenin-konustugu-buyuksen-cifti-cinayetinde-yeni-gelisme-15559-145x70.jpg"},"sagSlider":{"file":"turkiyenin-konustugu-buyuksen-cifti-cinayetinde-yeni-gelisme-15559-300x150.jpg","width":300,"height":150,"mime_type":"image\/png","source_url":"https:\/\/kilosorunum.com\/habercim\/wp-content\/uploads\/2021\/08\/turkiyenin-konustugu-buyuksen-cifti-cinayetinde-yeni-gelisme-15559-300x150.jpg"},"yeniSlider":{"file":"turkiyenin-konustugu-buyuksen-cifti-cinayetinde-yeni-gelisme-15559-500x160.jpg","width":500,"height":160,"mime_type":"image\/png","source_url":"https:\/\/kilosorunum.com\/habercim\/wp-content\/uploads\/2021\/08\/turkiyenin-konustugu-buyuksen-cifti-cinayetinde-yeni-gelisme-15559-500x160.jpg"},"full":{"file":"turkiyenin-konustugu-buyuksen-cifti-cinayetinde-yeni-gelisme-15559.jpg","width":768,"height":160,"mime_type":"image\/jpeg","source_url":"https:\/\/kilosorunum.com\/habercim\/wp-content\/uploads\/2021\/08\/turkiyenin-konustugu-buyuksen-cifti-cinayetinde-yeni-gelisme-15559.jpg"}},"image_meta":{"aperture":"0","credit":"","camera":"","caption":"","created_timestamp":"0","copyright":"","focal_length":"0","iso":"0","shutter_speed":"0","title":"","orientation":"0","keywords":[]}},"post":15559,"source_url":"https:\/\/kilosorunum.com\/habercim\/wp-content\/uploads\/2021\/08\/turkiyenin-konustugu-buyuksen-cifti-cinayetinde-yeni-gelisme-15559.jpg","_links":{"self":[{"href":"https:\/\/kilosorunum.com\/habercim\/wp-json\/wp\/v2\/media\/15561"}],"collection":[{"href":"https:\/\/kilosorunum.com\/habercim\/wp-json\/wp\/v2\/media"}],"about":[{"href":"https:\/\/kilosorunum.com\/habercim\/wp-json\/wp\/v2\/types\/attachment"}],"replies":[{"embeddable":true,"href":"https:\/\/kilosorunum.com\/habercim\/wp-json\/wp\/v2\/comments?post=15561"}]}}