{"id":15564,"date":"2021-08-18T03:06:09","date_gmt":"2021-08-18T00:06:09","guid":{"rendered":"https:\/\/dizilerfragmanlar.com\/wp-content\/uploads\/2021\/08\/turkiyenin-konustugu-buyuksen-cifti-cinayetinde-yeni-gelisme-15559-3.jpg"},"modified":"2021-08-18T03:06:09","modified_gmt":"2021-08-18T00:06:09","slug":"turkiyenin-konustugu-buyuksen-cifti-cinayetinde-yeni-gelisme-5","status":"inherit","type":"attachment","link":"https:\/\/kilosorunum.com\/habercim\/foto-galeri\/turkiyenin-konustugu-buyuksen-cifti-cinayetinde-yeni-gelisme\/attachment\/turkiyenin-konustugu-buyuksen-cifti-cinayetinde-yeni-gelisme-5\/","title":{"rendered":"T\u00fcrkiye&#8217;nin konu\u015ftu\u011fu B\u00fcy\u00fck\u015fen \u00e7ifti cinayetinde yeni geli\u015fme !"},"author":0,"comment_status":"open","ping_status":"closed","template":"","meta":[],"description":{"rendered":"<p class=\"attachment\"><a href='https:\/\/kilosorunum.com\/habercim\/wp-content\/uploads\/2021\/08\/turkiyenin-konustugu-buyuksen-cifti-cinayetinde-yeni-gelisme-15559-3.jpg'><img width=\"1\" height=\"1\" src=\"https:\/\/kilosorunum.com\/habercim\/wp-content\/uploads\/2021\/08\/turkiyenin-konustugu-buyuksen-cifti-cinayetinde-yeni-gelisme-15559-3.jpg\" class=\"attachment-medium size-medium\" alt=\"\" loading=\"lazy\" \/><\/a><\/p>\n<p>CEZAEV\u0130NDE FENALA\u015eTI<br \/>\nB\u00fcy\u00fck\u015fen \u00e7ifti cinayetinde \u2018kasten \u00f6ld\u00fcrmeye yard\u0131m etme\u2019 su\u00e7undan tutuklu bulundu\u011fu Konya E Tipi Kapal\u0131 Ceza ve \u0130nfaz Kurumu\u2019nda saat 16.00 s\u0131ralar\u0131nda fenala\u015fan Mustafa Ok\u015fen, revire g\u00f6t\u00fcr\u00fcld\u00fc. Burada doktorlar taraf\u0131ndan kalp masaj\u0131 yap\u0131lan Ok\u015fen, ambulansla Konya \u015eehir Hastanesi\u2019ne g\u00f6t\u00fcr\u00fcld\u00fc. Hastane acil servisinde de yakla\u015f\u0131k 1 saat kalp masaj\u0131 yap\u0131lan Mustafa Ok\u015fen yap\u0131lan t\u00fcm m\u00fcdahalelere ra\u011fmen kurtar\u0131lamad\u0131. \u0130lk belirlemelere g\u00f6re kalp krizi sonucu ya\u015fam\u0131n\u0131 yitirdi\u011fi de\u011ferlendirilen Mustafa Ok\u015fen\u2019in kesin \u00f6l\u00fcm nedeni yap\u0131lacak otopsi sonucu belirlenecek. Olay\u0131n ard\u0131ndan Konya Cumhuriyet Ba\u015fsavc\u0131l\u0131\u011f\u0131 soru\u015fturma ba\u015flatt\u0131. (DHA)<\/p>\n"},"caption":{"rendered":"<p>CEZAEV\u0130NDE FENALA\u015eTI<br \/>\nB\u00fcy\u00fck\u015fen \u00e7ifti cinayetinde \u2018kasten \u00f6ld\u00fcrmeye yard\u0131m etme\u2019 su\u00e7undan tutuklu bulundu\u011fu Konya E Tipi Kapal\u0131 Ceza ve \u0130nfaz Kurumu\u2019nda saat 16.00 s\u0131ralar\u0131nda fenala\u015fan Mustafa Ok\u015fen, revire g\u00f6t\u00fcr\u00fcld\u00fc. Burada doktorlar taraf\u0131ndan kalp masaj\u0131 yap\u0131lan Ok\u015fen, ambulansla Konya \u015eehir Hastanesi\u2019ne g\u00f6t\u00fcr\u00fcld\u00fc. Hastane acil servisinde de yakla\u015f\u0131k 1 saat kalp masaj\u0131 yap\u0131lan Mustafa Ok\u015fen yap\u0131lan t\u00fcm m\u00fcdahalelere ra\u011fmen kurtar\u0131lamad\u0131. \u0130lk belirlemelere g\u00f6re kalp krizi sonucu ya\u015fam\u0131n\u0131 yitirdi\u011fi de\u011ferlendirilen Mustafa Ok\u015fen\u2019in kesin \u00f6l\u00fcm nedeni yap\u0131lacak otopsi sonucu belirlenecek. Olay\u0131n ard\u0131ndan Konya Cumhuriyet Ba\u015fsavc\u0131l\u0131\u011f\u0131 soru\u015fturma ba\u015flatt\u0131. (DHA)<\/p>\n"},"alt_text":"","media_type":"image","mime_type":"image\/jpeg","media_details":{},"post":15559,"source_url":"https:\/\/kilosorunum.com\/habercim\/wp-content\/uploads\/2021\/08\/turkiyenin-konustugu-buyuksen-cifti-cinayetinde-yeni-gelisme-15559-3.jpg","_links":{"self":[{"href":"https:\/\/kilosorunum.com\/habercim\/wp-json\/wp\/v2\/media\/15564"}],"collection":[{"href":"https:\/\/kilosorunum.com\/habercim\/wp-json\/wp\/v2\/media"}],"about":[{"href":"https:\/\/kilosorunum.com\/habercim\/wp-json\/wp\/v2\/types\/attachment"}],"replies":[{"embeddable":true,"href":"https:\/\/kilosorunum.com\/habercim\/wp-json\/wp\/v2\/comments?post=15564"}]}}