{"id":15575,"date":"2021-08-18T12:18:11","date_gmt":"2021-08-18T09:18:11","guid":{"rendered":"https:\/\/dizilerfragmanlar.com\/wp-content\/uploads\/2021\/08\/emeklilere-mujde-cifte-ikramiyeyi-kimler-alacak-15572-1.jpg"},"modified":"2021-08-18T12:18:11","modified_gmt":"2021-08-18T09:18:11","slug":"emeklilere-mujde-cifte-ikramiyeyi-kimler-alacak-3","status":"inherit","type":"attachment","link":"https:\/\/kilosorunum.com\/habercim\/foto-galeri\/emeklilere-mujde-cifte-ikramiyeyi-kimler-alacak\/attachment\/emeklilere-mujde-cifte-ikramiyeyi-kimler-alacak-3\/","title":{"rendered":"Emeklilere M\u00fcjde! \u00c7ifte \u0130kramiyeyi Kimler Alacak"},"author":0,"comment_status":"open","ping_status":"closed","template":"","meta":[],"description":{"rendered":"<p class=\"attachment\"><a href='https:\/\/kilosorunum.com\/habercim\/wp-content\/uploads\/2021\/08\/emeklilere-mujde-cifte-ikramiyeyi-kimler-alacak-15572-1.jpg'><img width=\"247\" height=\"300\" src=\"https:\/\/kilosorunum.com\/habercim\/wp-content\/uploads\/2021\/08\/emeklilere-mujde-cifte-ikramiyeyi-kimler-alacak-15572-1-247x300.jpg\" class=\"attachment-medium size-medium\" alt=\"\" loading=\"lazy\" srcset=\"https:\/\/kilosorunum.com\/habercim\/wp-content\/uploads\/2021\/08\/emeklilere-mujde-cifte-ikramiyeyi-kimler-alacak-15572-1-247x300.jpg 247w, https:\/\/kilosorunum.com\/habercim\/wp-content\/uploads\/2021\/08\/emeklilere-mujde-cifte-ikramiyeyi-kimler-alacak-15572-1.jpg 526w\" sizes=\"(max-width: 247px) 100vw, 247px\" \/><\/a><\/p>\n<p> Her y\u0131l emekliler i\u00e7in bir kez \u00f6denen ikramiye bedeli, bu y\u0131l \u00e7ift ikramiye \u015feklinde \u00f6denecek. May\u0131s ay\u0131ndan \u00f6nce emekli olan vatanda\u015flar da bu ikramiyeden faydalanabilecek. \u0130\u015fte detaylar\u2026 Devlet taraf\u0131ndan emekli vatanda\u015flara \u00f6denen ikramiye bedeli, yeni emekli olan yurtta\u015flara da \u00f6deniyor. \u0130kramiyeden faydalanmalar\u0131 i\u00e7in emekli karar\u0131n\u0131n al\u0131nm\u0131\u015f olmas\u0131 ve d\u00fczenli maa\u015flar\u0131n\u0131n ki\u015fiye ba\u011flanm\u0131\u015f olmas\u0131 gerekli. May\u0131s 2021 tarihinden \u00f6nce emeklilik ba\u015fvurusu yap\u0131p, emekli olmaya hak kazanan vatanda\u015flar, 2021 y\u0131l\u0131 i\u00e7in iki kez ikramiye alabilecek. HABER\u0130N DEVAMINI OKUMAK \u0130\u00c7\u0130N FOTO\u011eRAFIN \u00dcZER\u0130NE TIKLAYINIZ\u2026..<\/p>\n"},"caption":{"rendered":"<p> Her y\u0131l emekliler i\u00e7in bir kez \u00f6denen ikramiye bedeli, bu y\u0131l \u00e7ift ikramiye \u015feklinde \u00f6denecek. May\u0131s ay\u0131ndan \u00f6nce emekli olan vatanda\u015flar da bu ikramiyeden faydalanabilecek. \u0130\u015fte detaylar\u2026 Devlet taraf\u0131ndan emekli vatanda\u015flara \u00f6denen ikramiye bedeli, yeni emekli olan yurtta\u015flara da \u00f6deniyor. \u0130kramiyeden faydalanmalar\u0131 i\u00e7in emekli karar\u0131n\u0131n al\u0131nm\u0131\u015f olmas\u0131 ve d\u00fczenli maa\u015flar\u0131n\u0131n ki\u015fiye ba\u011flanm\u0131\u015f olmas\u0131 gerekli. May\u0131s 2021 tarihinden \u00f6nce emeklilik ba\u015fvurusu yap\u0131p, emekli olmaya hak kazanan vatanda\u015flar, 2021 y\u0131l\u0131 i\u00e7in iki kez ikramiye alabilecek. HABER\u0130N DEVAMINI OKUMAK \u0130\u00c7\u0130N FOTO\u011eRAFIN \u00dcZER\u0130NE TIKLAYINIZ\u2026..<\/p>\n"},"alt_text":"","media_type":"image","mime_type":"image\/jpeg","media_details":{"width":526,"height":640,"file":"2021\/08\/emeklilere-mujde-cifte-ikramiyeyi-kimler-alacak-15572-1.jpg","sizes":{"medium":{"file":"emeklilere-mujde-cifte-ikramiyeyi-kimler-alacak-15572-1-247x300.jpg","width":247,"height":300,"mime_type":"image\/jpeg","source_url":"https:\/\/kilosorunum.com\/habercim\/wp-content\/uploads\/2021\/08\/emeklilere-mujde-cifte-ikramiyeyi-kimler-alacak-15572-1-247x300.jpg"},"thumbnail":{"file":"emeklilere-mujde-cifte-ikramiyeyi-kimler-alacak-15572-1-150x150.jpg","width":150,"height":150,"mime_type":"image\/jpeg","source_url":"https:\/\/kilosorunum.com\/habercim\/wp-content\/uploads\/2021\/08\/emeklilere-mujde-cifte-ikramiyeyi-kimler-alacak-15572-1-150x150.jpg"},"kucukResim":{"file":"emeklilere-mujde-cifte-ikramiyeyi-kimler-alacak-15572-1-80x50.jpg","width":80,"height":50,"mime_type":"image\/jpeg","source_url":"https:\/\/kilosorunum.com\/habercim\/wp-content\/uploads\/2021\/08\/emeklilere-mujde-cifte-ikramiyeyi-kimler-alacak-15572-1-80x50.jpg"},"sliderResim":{"file":"emeklilere-mujde-cifte-ikramiyeyi-kimler-alacak-15572-1-526x330.jpg","width":526,"height":330,"mime_type":"image\/jpeg","source_url":"https:\/\/kilosorunum.com\/habercim\/wp-content\/uploads\/2021\/08\/emeklilere-mujde-cifte-ikramiyeyi-kimler-alacak-15572-1-526x330.jpg"},"resim1":{"file":"emeklilere-mujde-cifte-ikramiyeyi-kimler-alacak-15572-1-184x140.jpg","width":184,"height":140,"mime_type":"image\/jpeg","source_url":"https:\/\/kilosorunum.com\/habercim\/wp-content\/uploads\/2021\/08\/emeklilere-mujde-cifte-ikramiyeyi-kimler-alacak-15572-1-184x140.jpg"},"resim2":{"file":"emeklilere-mujde-cifte-ikramiyeyi-kimler-alacak-15572-1-216x103.jpg","width":216,"height":103,"mime_type":"image\/jpeg","source_url":"https:\/\/kilosorunum.com\/habercim\/wp-content\/uploads\/2021\/08\/emeklilere-mujde-cifte-ikramiyeyi-kimler-alacak-15572-1-216x103.jpg"},"resim3":{"file":"emeklilere-mujde-cifte-ikramiyeyi-kimler-alacak-15572-1-145x70.jpg","width":145,"height":70,"mime_type":"image\/jpeg","source_url":"https:\/\/kilosorunum.com\/habercim\/wp-content\/uploads\/2021\/08\/emeklilere-mujde-cifte-ikramiyeyi-kimler-alacak-15572-1-145x70.jpg"},"sagSlider":{"file":"emeklilere-mujde-cifte-ikramiyeyi-kimler-alacak-15572-1-300x150.jpg","width":300,"height":150,"mime_type":"image\/jpeg","source_url":"https:\/\/kilosorunum.com\/habercim\/wp-content\/uploads\/2021\/08\/emeklilere-mujde-cifte-ikramiyeyi-kimler-alacak-15572-1-300x150.jpg"},"yeniSlider":{"file":"emeklilere-mujde-cifte-ikramiyeyi-kimler-alacak-15572-1-500x290.jpg","width":500,"height":290,"mime_type":"image\/jpeg","source_url":"https:\/\/kilosorunum.com\/habercim\/wp-content\/uploads\/2021\/08\/emeklilere-mujde-cifte-ikramiyeyi-kimler-alacak-15572-1-500x290.jpg"},"full":{"file":"emeklilere-mujde-cifte-ikramiyeyi-kimler-alacak-15572-1.jpg","width":526,"height":640,"mime_type":"image\/jpeg","source_url":"https:\/\/kilosorunum.com\/habercim\/wp-content\/uploads\/2021\/08\/emeklilere-mujde-cifte-ikramiyeyi-kimler-alacak-15572-1.jpg"}},"image_meta":{"aperture":"0","credit":"","camera":"","caption":"","created_timestamp":"0","copyright":"","focal_length":"0","iso":"0","shutter_speed":"0","title":"","orientation":"0","keywords":[]}},"post":15572,"source_url":"https:\/\/kilosorunum.com\/habercim\/wp-content\/uploads\/2021\/08\/emeklilere-mujde-cifte-ikramiyeyi-kimler-alacak-15572-1.jpg","_links":{"self":[{"href":"https:\/\/kilosorunum.com\/habercim\/wp-json\/wp\/v2\/media\/15575"}],"collection":[{"href":"https:\/\/kilosorunum.com\/habercim\/wp-json\/wp\/v2\/media"}],"about":[{"href":"https:\/\/kilosorunum.com\/habercim\/wp-json\/wp\/v2\/types\/attachment"}],"replies":[{"embeddable":true,"href":"https:\/\/kilosorunum.com\/habercim\/wp-json\/wp\/v2\/comments?post=15575"}]}}