{"id":15576,"date":"2021-08-18T12:18:11","date_gmt":"2021-08-18T09:18:11","guid":{"rendered":"https:\/\/dizilerfragmanlar.com\/wp-content\/uploads\/2021\/08\/emeklilere-mujde-cifte-ikramiyeyi-kimler-alacak-15572-2.jpg"},"modified":"2021-08-18T12:18:11","modified_gmt":"2021-08-18T09:18:11","slug":"emeklilere-mujde-cifte-ikramiyeyi-kimler-alacak-4","status":"inherit","type":"attachment","link":"https:\/\/kilosorunum.com\/habercim\/foto-galeri\/emeklilere-mujde-cifte-ikramiyeyi-kimler-alacak\/attachment\/emeklilere-mujde-cifte-ikramiyeyi-kimler-alacak-4\/","title":{"rendered":"Emeklilere M\u00fcjde! \u00c7ifte \u0130kramiyeyi Kimler Alacak"},"author":0,"comment_status":"open","ping_status":"closed","template":"","meta":[],"description":{"rendered":"<p class=\"attachment\"><a href='https:\/\/kilosorunum.com\/habercim\/wp-content\/uploads\/2021\/08\/emeklilere-mujde-cifte-ikramiyeyi-kimler-alacak-15572-2.jpg'><img width=\"300\" height=\"200\" src=\"https:\/\/kilosorunum.com\/habercim\/wp-content\/uploads\/2021\/08\/emeklilere-mujde-cifte-ikramiyeyi-kimler-alacak-15572-2-300x200.jpg\" class=\"attachment-medium size-medium\" alt=\"\" loading=\"lazy\" srcset=\"https:\/\/kilosorunum.com\/habercim\/wp-content\/uploads\/2021\/08\/emeklilere-mujde-cifte-ikramiyeyi-kimler-alacak-15572-2-300x200.jpg 300w, https:\/\/kilosorunum.com\/habercim\/wp-content\/uploads\/2021\/08\/emeklilere-mujde-cifte-ikramiyeyi-kimler-alacak-15572-2-1024x682.jpg 1024w, https:\/\/kilosorunum.com\/habercim\/wp-content\/uploads\/2021\/08\/emeklilere-mujde-cifte-ikramiyeyi-kimler-alacak-15572-2-768x511.jpg 768w, https:\/\/kilosorunum.com\/habercim\/wp-content\/uploads\/2021\/08\/emeklilere-mujde-cifte-ikramiyeyi-kimler-alacak-15572-2.jpg 1368w\" sizes=\"(max-width: 300px) 100vw, 300px\" \/><\/a><\/p>\n<p>Belirtilen tarihten sonra emekli olan vatanda\u015flar ise Kurban bayram\u0131n\u0131 ge\u00e7irmedikleri taktirde tek ikramiye alabilecekler. Her y\u0131l da\u011f\u0131t\u0131lan ikramiyeden faydalanmak i\u00e7in herhangi bir ba\u015fvuru veya \u015fart bulunmuyor. Emeklili\u011fe hak kazanm\u0131\u015f t\u00fcm vatanda\u015flar bu ikramiyeden yararlanabiliyor. Paran\u0131n hangi g\u00fcn hesab\u0131n\u0131za ge\u00e7ece\u011fini ise SGK belirliyor ve a\u00e7\u0131kl\u0131yor. \u0130kramiye, emekli maa\u015f\u0131na g\u00f6re de\u011fi\u015fiklik g\u00f6stermiyor. Devletin belirlemi\u015f oldu\u011fu standart tutar, t\u00fcm emeklilere ayn\u0131 \u015fekilde yat\u0131r\u0131l\u0131yor. \u00c7ift ikramiyeden yararlanmak i\u00e7in herhangi bir ba\u015fvuru yapman\u0131za gerek yok. SGK\u2019n\u0131n belirledi\u011fi tarih ve saatte ikramiyeniz hesab\u0131n\u0131za yatm\u0131\u015f oluyor.HABER\u0130N DEVAMINI OKUMAK \u0130\u00c7\u0130N FOTO\u011eRAFIN \u00dcZER\u0130NE TIKLAYINIZ\u2026..<\/p>\n"},"caption":{"rendered":"<p>Belirtilen tarihten sonra emekli olan vatanda\u015flar ise Kurban bayram\u0131n\u0131 ge\u00e7irmedikleri taktirde tek ikramiye alabilecekler. Her y\u0131l da\u011f\u0131t\u0131lan ikramiyeden faydalanmak i\u00e7in herhangi bir ba\u015fvuru veya \u015fart bulunmuyor. Emeklili\u011fe hak kazanm\u0131\u015f t\u00fcm vatanda\u015flar bu ikramiyeden yararlanabiliyor. Paran\u0131n hangi g\u00fcn hesab\u0131n\u0131za ge\u00e7ece\u011fini ise SGK belirliyor ve a\u00e7\u0131kl\u0131yor. \u0130kramiye, emekli maa\u015f\u0131na g\u00f6re de\u011fi\u015fiklik g\u00f6stermiyor. Devletin belirlemi\u015f oldu\u011fu standart tutar, t\u00fcm emeklilere ayn\u0131 \u015fekilde yat\u0131r\u0131l\u0131yor. \u00c7ift ikramiyeden yararlanmak i\u00e7in herhangi bir ba\u015fvuru yapman\u0131za gerek yok. SGK\u2019n\u0131n belirledi\u011fi tarih ve saatte ikramiyeniz hesab\u0131n\u0131za yatm\u0131\u015f oluyor.HABER\u0130N DEVAMINI OKUMAK \u0130\u00c7\u0130N FOTO\u011eRAFIN \u00dcZER\u0130NE TIKLAYINIZ\u2026..<\/p>\n"},"alt_text":"","media_type":"image","mime_type":"image\/jpeg","media_details":{"width":1368,"height":911,"file":"2021\/08\/emeklilere-mujde-cifte-ikramiyeyi-kimler-alacak-15572-2.jpg","sizes":{"medium":{"file":"emeklilere-mujde-cifte-ikramiyeyi-kimler-alacak-15572-2-300x200.jpg","width":300,"height":200,"mime_type":"image\/jpeg","source_url":"https:\/\/kilosorunum.com\/habercim\/wp-content\/uploads\/2021\/08\/emeklilere-mujde-cifte-ikramiyeyi-kimler-alacak-15572-2-300x200.jpg"},"large":{"file":"emeklilere-mujde-cifte-ikramiyeyi-kimler-alacak-15572-2-1024x682.jpg","width":1024,"height":682,"mime_type":"image\/jpeg","source_url":"https:\/\/kilosorunum.com\/habercim\/wp-content\/uploads\/2021\/08\/emeklilere-mujde-cifte-ikramiyeyi-kimler-alacak-15572-2-1024x682.jpg"},"thumbnail":{"file":"emeklilere-mujde-cifte-ikramiyeyi-kimler-alacak-15572-2-150x150.jpg","width":150,"height":150,"mime_type":"image\/jpeg","source_url":"https:\/\/kilosorunum.com\/habercim\/wp-content\/uploads\/2021\/08\/emeklilere-mujde-cifte-ikramiyeyi-kimler-alacak-15572-2-150x150.jpg"},"medium_large":{"file":"emeklilere-mujde-cifte-ikramiyeyi-kimler-alacak-15572-2-768x511.jpg","width":768,"height":511,"mime_type":"image\/jpeg","source_url":"https:\/\/kilosorunum.com\/habercim\/wp-content\/uploads\/2021\/08\/emeklilere-mujde-cifte-ikramiyeyi-kimler-alacak-15572-2-768x511.jpg"},"kucukResim":{"file":"emeklilere-mujde-cifte-ikramiyeyi-kimler-alacak-15572-2-80x50.jpg","width":80,"height":50,"mime_type":"image\/jpeg","source_url":"https:\/\/kilosorunum.com\/habercim\/wp-content\/uploads\/2021\/08\/emeklilere-mujde-cifte-ikramiyeyi-kimler-alacak-15572-2-80x50.jpg"},"sliderResim":{"file":"emeklilere-mujde-cifte-ikramiyeyi-kimler-alacak-15572-2-670x330.jpg","width":670,"height":330,"mime_type":"image\/jpeg","source_url":"https:\/\/kilosorunum.com\/habercim\/wp-content\/uploads\/2021\/08\/emeklilere-mujde-cifte-ikramiyeyi-kimler-alacak-15572-2-670x330.jpg"},"resim1":{"file":"emeklilere-mujde-cifte-ikramiyeyi-kimler-alacak-15572-2-184x140.jpg","width":184,"height":140,"mime_type":"image\/jpeg","source_url":"https:\/\/kilosorunum.com\/habercim\/wp-content\/uploads\/2021\/08\/emeklilere-mujde-cifte-ikramiyeyi-kimler-alacak-15572-2-184x140.jpg"},"resim2":{"file":"emeklilere-mujde-cifte-ikramiyeyi-kimler-alacak-15572-2-216x103.jpg","width":216,"height":103,"mime_type":"image\/jpeg","source_url":"https:\/\/kilosorunum.com\/habercim\/wp-content\/uploads\/2021\/08\/emeklilere-mujde-cifte-ikramiyeyi-kimler-alacak-15572-2-216x103.jpg"},"resim3":{"file":"emeklilere-mujde-cifte-ikramiyeyi-kimler-alacak-15572-2-145x70.jpg","width":145,"height":70,"mime_type":"image\/jpeg","source_url":"https:\/\/kilosorunum.com\/habercim\/wp-content\/uploads\/2021\/08\/emeklilere-mujde-cifte-ikramiyeyi-kimler-alacak-15572-2-145x70.jpg"},"sagSlider":{"file":"emeklilere-mujde-cifte-ikramiyeyi-kimler-alacak-15572-2-300x150.jpg","width":300,"height":150,"mime_type":"image\/jpeg","source_url":"https:\/\/kilosorunum.com\/habercim\/wp-content\/uploads\/2021\/08\/emeklilere-mujde-cifte-ikramiyeyi-kimler-alacak-15572-2-300x150.jpg"},"yeniSlider":{"file":"emeklilere-mujde-cifte-ikramiyeyi-kimler-alacak-15572-2-500x290.jpg","width":500,"height":290,"mime_type":"image\/jpeg","source_url":"https:\/\/kilosorunum.com\/habercim\/wp-content\/uploads\/2021\/08\/emeklilere-mujde-cifte-ikramiyeyi-kimler-alacak-15572-2-500x290.jpg"},"full":{"file":"emeklilere-mujde-cifte-ikramiyeyi-kimler-alacak-15572-2.jpg","width":1368,"height":911,"mime_type":"image\/jpeg","source_url":"https:\/\/kilosorunum.com\/habercim\/wp-content\/uploads\/2021\/08\/emeklilere-mujde-cifte-ikramiyeyi-kimler-alacak-15572-2.jpg"}},"image_meta":{"aperture":"0","credit":"","camera":"","caption":"","created_timestamp":"0","copyright":"","focal_length":"0","iso":"0","shutter_speed":"0","title":"","orientation":"0","keywords":[]}},"post":15572,"source_url":"https:\/\/kilosorunum.com\/habercim\/wp-content\/uploads\/2021\/08\/emeklilere-mujde-cifte-ikramiyeyi-kimler-alacak-15572-2.jpg","_links":{"self":[{"href":"https:\/\/kilosorunum.com\/habercim\/wp-json\/wp\/v2\/media\/15576"}],"collection":[{"href":"https:\/\/kilosorunum.com\/habercim\/wp-json\/wp\/v2\/media"}],"about":[{"href":"https:\/\/kilosorunum.com\/habercim\/wp-json\/wp\/v2\/types\/attachment"}],"replies":[{"embeddable":true,"href":"https:\/\/kilosorunum.com\/habercim\/wp-json\/wp\/v2\/comments?post=15576"}]}}