{"id":15607,"date":"2021-08-19T14:12:46","date_gmt":"2021-08-19T11:12:46","guid":{"rendered":"https:\/\/dizilerfragmanlar.com\/wp-content\/uploads\/2021\/08\/moderna-ve-biontech-yeni-gelen-aciklama-15603-2.jpg"},"modified":"2021-08-19T14:12:46","modified_gmt":"2021-08-19T11:12:46","slug":"moderna-ve-biontech-yeni-gelen-aciklama-4","status":"inherit","type":"attachment","link":"https:\/\/kilosorunum.com\/habercim\/foto-galeri\/moderna-ve-biontech-yeni-gelen-aciklama\/attachment\/moderna-ve-biontech-yeni-gelen-aciklama-4\/","title":{"rendered":"Moderna ve Biontech Yeni Gelen A\u00e7\u0131klama"},"author":0,"comment_status":"open","ping_status":"closed","template":"","meta":[],"description":{"rendered":"<p class=\"attachment\"><a href='https:\/\/kilosorunum.com\/habercim\/wp-content\/uploads\/2021\/08\/moderna-ve-biontech-yeni-gelen-aciklama-15603-2.jpg'><img width=\"300\" height=\"200\" src=\"https:\/\/kilosorunum.com\/habercim\/wp-content\/uploads\/2021\/08\/moderna-ve-biontech-yeni-gelen-aciklama-15603-2-300x200.jpg\" class=\"attachment-medium size-medium\" alt=\"\" loading=\"lazy\" srcset=\"https:\/\/kilosorunum.com\/habercim\/wp-content\/uploads\/2021\/08\/moderna-ve-biontech-yeni-gelen-aciklama-15603-2-300x200.jpg 300w, https:\/\/kilosorunum.com\/habercim\/wp-content\/uploads\/2021\/08\/moderna-ve-biontech-yeni-gelen-aciklama-15603-2.jpg 768w\" sizes=\"(max-width: 300px) 100vw, 300px\" \/><\/a><\/p>\n<p>KALP \u0130LT\u0130HAPLANMASI DO\u011eRULANDIThe Guardian\u2019\u0131n haberine g\u00f6re yap\u0131lan incelemeler sonucunda \u00f6zellikle 30 ya\u015f ve alt\u0131ndaki gen\u00e7 yeti\u015fkinlerde ikinci doz a\u015f\u0131 yap\u0131ld\u0131ktan sonra kalp kas\u0131 iltihaplanmas\u0131 g\u00f6r\u00fclebildi\u011fi do\u011fruland\u0131. Bu durumun olduk\u00e7a nadir meydana geldi\u011fini belirten uzmanlar, a\u015f\u0131lar\u0131n faydalar\u0131n\u0131n riske kar\u015f\u0131 daha a\u011f\u0131r bast\u0131\u011f\u0131n\u0131 a\u00e7\u0131klad\u0131. \u00d6te yandan kalp kas\u0131 iltihaplanmas\u0131 ya\u015fayan hastalar\u0131n b\u00fcy\u00fck \u00e7o\u011funlu\u011funun yan etkileri sorunsuzca atlatt\u0131\u011f\u0131 ifade edildi. UYARI EKLENECEKCDC uzmanlar\u0131, \u201c12 ya\u015f ve \u00fczerinde a\u015f\u0131ya ula\u015fabilen herkesi, acil kullan\u0131m onay\u0131 alt\u0131nda a\u015f\u0131 olmaya te\u015fvik ediyoruz\u201d ifadelerini kulland\u0131. ABD G\u0131da ve \u0130la\u00e7 Dairesi\u2019nin (FDA) ortaya \u00e7\u0131kan son bulgular \u0131\u015f\u0131\u011f\u0131nda, her iki a\u015f\u0131ya da kalp kas\u0131 iltihaplanmas\u0131yla ilgili uyar\u0131 ekleyece\u011fi bildirildi. ( bir sonraki sayfaya ge\u00e7mek i\u00e7in g\u00f6rselin \u00fczerine t\u2019klay\u0131n\u0131z\u2026)<\/p>\n"},"caption":{"rendered":"<p>KALP \u0130LT\u0130HAPLANMASI DO\u011eRULANDIThe Guardian\u2019\u0131n haberine g\u00f6re yap\u0131lan incelemeler sonucunda \u00f6zellikle 30 ya\u015f ve alt\u0131ndaki gen\u00e7 yeti\u015fkinlerde ikinci doz a\u015f\u0131 yap\u0131ld\u0131ktan sonra kalp kas\u0131 iltihaplanmas\u0131 g\u00f6r\u00fclebildi\u011fi do\u011fruland\u0131. Bu durumun olduk\u00e7a nadir meydana geldi\u011fini belirten uzmanlar, a\u015f\u0131lar\u0131n faydalar\u0131n\u0131n riske kar\u015f\u0131 daha a\u011f\u0131r bast\u0131\u011f\u0131n\u0131 a\u00e7\u0131klad\u0131. \u00d6te yandan kalp kas\u0131 iltihaplanmas\u0131 ya\u015fayan hastalar\u0131n b\u00fcy\u00fck \u00e7o\u011funlu\u011funun yan etkileri sorunsuzca atlatt\u0131\u011f\u0131 ifade edildi. UYARI EKLENECEKCDC uzmanlar\u0131, \u201c12 ya\u015f ve \u00fczerinde a\u015f\u0131ya ula\u015fabilen herkesi, acil kullan\u0131m onay\u0131 alt\u0131nda a\u015f\u0131 olmaya te\u015fvik ediyoruz\u201d ifadelerini kulland\u0131. ABD G\u0131da ve \u0130la\u00e7 Dairesi\u2019nin (FDA) ortaya \u00e7\u0131kan son bulgular \u0131\u015f\u0131\u011f\u0131nda, her iki a\u015f\u0131ya da kalp kas\u0131 iltihaplanmas\u0131yla ilgili uyar\u0131 ekleyece\u011fi bildirildi. ( bir sonraki sayfaya ge\u00e7mek i\u00e7in g\u00f6rselin \u00fczerine t\u2019klay\u0131n\u0131z\u2026)<\/p>\n"},"alt_text":"","media_type":"image","mime_type":"image\/jpeg","media_details":{"width":768,"height":511,"file":"2021\/08\/moderna-ve-biontech-yeni-gelen-aciklama-15603-2.jpg","sizes":{"medium":{"file":"moderna-ve-biontech-yeni-gelen-aciklama-15603-2-300x200.jpg","width":300,"height":200,"mime_type":"image\/jpeg","source_url":"https:\/\/kilosorunum.com\/habercim\/wp-content\/uploads\/2021\/08\/moderna-ve-biontech-yeni-gelen-aciklama-15603-2-300x200.jpg"},"thumbnail":{"file":"moderna-ve-biontech-yeni-gelen-aciklama-15603-2-150x150.jpg","width":150,"height":150,"mime_type":"image\/jpeg","source_url":"https:\/\/kilosorunum.com\/habercim\/wp-content\/uploads\/2021\/08\/moderna-ve-biontech-yeni-gelen-aciklama-15603-2-150x150.jpg"},"kucukResim":{"file":"moderna-ve-biontech-yeni-gelen-aciklama-15603-2-80x50.jpg","width":80,"height":50,"mime_type":"image\/jpeg","source_url":"https:\/\/kilosorunum.com\/habercim\/wp-content\/uploads\/2021\/08\/moderna-ve-biontech-yeni-gelen-aciklama-15603-2-80x50.jpg"},"sliderResim":{"file":"moderna-ve-biontech-yeni-gelen-aciklama-15603-2-670x330.jpg","width":670,"height":330,"mime_type":"image\/jpeg","source_url":"https:\/\/kilosorunum.com\/habercim\/wp-content\/uploads\/2021\/08\/moderna-ve-biontech-yeni-gelen-aciklama-15603-2-670x330.jpg"},"resim1":{"file":"moderna-ve-biontech-yeni-gelen-aciklama-15603-2-184x140.jpg","width":184,"height":140,"mime_type":"image\/jpeg","source_url":"https:\/\/kilosorunum.com\/habercim\/wp-content\/uploads\/2021\/08\/moderna-ve-biontech-yeni-gelen-aciklama-15603-2-184x140.jpg"},"resim2":{"file":"moderna-ve-biontech-yeni-gelen-aciklama-15603-2-216x103.jpg","width":216,"height":103,"mime_type":"image\/jpeg","source_url":"https:\/\/kilosorunum.com\/habercim\/wp-content\/uploads\/2021\/08\/moderna-ve-biontech-yeni-gelen-aciklama-15603-2-216x103.jpg"},"resim3":{"file":"moderna-ve-biontech-yeni-gelen-aciklama-15603-2-145x70.jpg","width":145,"height":70,"mime_type":"image\/jpeg","source_url":"https:\/\/kilosorunum.com\/habercim\/wp-content\/uploads\/2021\/08\/moderna-ve-biontech-yeni-gelen-aciklama-15603-2-145x70.jpg"},"sagSlider":{"file":"moderna-ve-biontech-yeni-gelen-aciklama-15603-2-300x150.jpg","width":300,"height":150,"mime_type":"image\/jpeg","source_url":"https:\/\/kilosorunum.com\/habercim\/wp-content\/uploads\/2021\/08\/moderna-ve-biontech-yeni-gelen-aciklama-15603-2-300x150.jpg"},"yeniSlider":{"file":"moderna-ve-biontech-yeni-gelen-aciklama-15603-2-500x290.jpg","width":500,"height":290,"mime_type":"image\/jpeg","source_url":"https:\/\/kilosorunum.com\/habercim\/wp-content\/uploads\/2021\/08\/moderna-ve-biontech-yeni-gelen-aciklama-15603-2-500x290.jpg"},"full":{"file":"moderna-ve-biontech-yeni-gelen-aciklama-15603-2.jpg","width":768,"height":511,"mime_type":"image\/jpeg","source_url":"https:\/\/kilosorunum.com\/habercim\/wp-content\/uploads\/2021\/08\/moderna-ve-biontech-yeni-gelen-aciklama-15603-2.jpg"}},"image_meta":{"aperture":"0","credit":"","camera":"","caption":"","created_timestamp":"0","copyright":"","focal_length":"0","iso":"0","shutter_speed":"0","title":"","orientation":"0","keywords":[]}},"post":15603,"source_url":"https:\/\/kilosorunum.com\/habercim\/wp-content\/uploads\/2021\/08\/moderna-ve-biontech-yeni-gelen-aciklama-15603-2.jpg","_links":{"self":[{"href":"https:\/\/kilosorunum.com\/habercim\/wp-json\/wp\/v2\/media\/15607"}],"collection":[{"href":"https:\/\/kilosorunum.com\/habercim\/wp-json\/wp\/v2\/media"}],"about":[{"href":"https:\/\/kilosorunum.com\/habercim\/wp-json\/wp\/v2\/types\/attachment"}],"replies":[{"embeddable":true,"href":"https:\/\/kilosorunum.com\/habercim\/wp-json\/wp\/v2\/comments?post=15607"}]}}