{"id":15642,"date":"2021-08-20T23:40:15","date_gmt":"2021-08-20T20:40:15","guid":{"rendered":"https:\/\/dizilerfragmanlar.com\/wp-content\/uploads\/2021\/08\/arabalarinin-icinde-nehrin-dibinde-bulundu-15639-1.jpg"},"modified":"2021-08-20T23:40:15","modified_gmt":"2021-08-20T20:40:15","slug":"arabalarinin-icinde-nehrin-dibinde-bulundu-3","status":"inherit","type":"attachment","link":"https:\/\/kilosorunum.com\/habercim\/foto-galeri\/arabalarinin-icinde-nehrin-dibinde-bulundu\/attachment\/arabalarinin-icinde-nehrin-dibinde-bulundu-3\/","title":{"rendered":"Arabalar\u0131n\u0131n \u0130\u00e7inde Nehrin Dibinde Bulundu\u2026"},"author":0,"comment_status":"open","ping_status":"closed","template":"","meta":[],"description":{"rendered":"<p class=\"attachment\"><a href='https:\/\/kilosorunum.com\/habercim\/wp-content\/uploads\/2021\/08\/arabalarinin-icinde-nehrin-dibinde-bulundu-15639-1.jpg'><img width=\"223\" height=\"300\" src=\"https:\/\/kilosorunum.com\/habercim\/wp-content\/uploads\/2021\/08\/arabalarinin-icinde-nehrin-dibinde-bulundu-15639-1-223x300.jpg\" class=\"attachment-medium size-medium\" alt=\"\" loading=\"lazy\" srcset=\"https:\/\/kilosorunum.com\/habercim\/wp-content\/uploads\/2021\/08\/arabalarinin-icinde-nehrin-dibinde-bulundu-15639-1-223x300.jpg 223w, https:\/\/kilosorunum.com\/habercim\/wp-content\/uploads\/2021\/08\/arabalarinin-icinde-nehrin-dibinde-bulundu-15639-1-762x1024.jpg 762w, https:\/\/kilosorunum.com\/habercim\/wp-content\/uploads\/2021\/08\/arabalarinin-icinde-nehrin-dibinde-bulundu-15639-1-768x1033.jpg 768w, https:\/\/kilosorunum.com\/habercim\/wp-content\/uploads\/2021\/08\/arabalarinin-icinde-nehrin-dibinde-bulundu-15639-1.jpg 1080w\" sizes=\"(max-width: 223px) 100vw, 223px\" \/><\/a><\/p>\n<p>Rusya\u2019da 12 y\u0131l \u00f6nce kaybolan \u00e7iftin , bir dal\u0131\u015f\u00e7\u0131n\u0131n nehrin dibindeki arabay\u0131 ve ces-et-leri g\u00f6rmesi \u00fczerine bulundu. Rusya\u2019da 12 y\u0131l \u00f6nce gizemli bir \u015fekilde kaybolan 25 ya\u015f\u0131ndaki IIya Zhirnov ve k\u0131z arkada\u015f\u0131 22 ya\u015f\u0131ndaki Kira Cherkasova arabalar\u0131n\u0131n i\u00e7inde nehrin dibinde bulundu.\u00c7ift 2005 y\u0131l\u0131n\u0131n aral\u0131k ay\u0131nda arkalar\u0131nda hi\u00e7bir iz b\u0131rakmadan giz-meli bir \u015fekilde kayboldu. \u00c7iftin araban\u0131n i\u00e7inde Cheboksary \u015fehrindeki Volga nehrinde bulundu. <\/p>\n"},"caption":{"rendered":"<p>Rusya\u2019da 12 y\u0131l \u00f6nce kaybolan \u00e7iftin , bir dal\u0131\u015f\u00e7\u0131n\u0131n nehrin dibindeki arabay\u0131 ve ces-et-leri g\u00f6rmesi \u00fczerine bulundu. Rusya\u2019da 12 y\u0131l \u00f6nce gizemli bir \u015fekilde kaybolan 25 ya\u015f\u0131ndaki IIya Zhirnov ve k\u0131z arkada\u015f\u0131 22 ya\u015f\u0131ndaki Kira Cherkasova arabalar\u0131n\u0131n i\u00e7inde nehrin dibinde bulundu.\u00c7ift 2005 y\u0131l\u0131n\u0131n aral\u0131k ay\u0131nda arkalar\u0131nda hi\u00e7bir iz b\u0131rakmadan giz-meli bir \u015fekilde kayboldu. \u00c7iftin araban\u0131n i\u00e7inde Cheboksary \u015fehrindeki Volga nehrinde bulundu. <\/p>\n"},"alt_text":"","media_type":"image","mime_type":"image\/jpeg","media_details":{"width":1080,"height":1452,"file":"2021\/08\/arabalarinin-icinde-nehrin-dibinde-bulundu-15639-1.jpg","sizes":{"medium":{"file":"arabalarinin-icinde-nehrin-dibinde-bulundu-15639-1-223x300.jpg","width":223,"height":300,"mime_type":"image\/jpeg","source_url":"https:\/\/kilosorunum.com\/habercim\/wp-content\/uploads\/2021\/08\/arabalarinin-icinde-nehrin-dibinde-bulundu-15639-1-223x300.jpg"},"large":{"file":"arabalarinin-icinde-nehrin-dibinde-bulundu-15639-1-762x1024.jpg","width":762,"height":1024,"mime_type":"image\/jpeg","source_url":"https:\/\/kilosorunum.com\/habercim\/wp-content\/uploads\/2021\/08\/arabalarinin-icinde-nehrin-dibinde-bulundu-15639-1-762x1024.jpg"},"thumbnail":{"file":"arabalarinin-icinde-nehrin-dibinde-bulundu-15639-1-150x150.jpg","width":150,"height":150,"mime_type":"image\/jpeg","source_url":"https:\/\/kilosorunum.com\/habercim\/wp-content\/uploads\/2021\/08\/arabalarinin-icinde-nehrin-dibinde-bulundu-15639-1-150x150.jpg"},"medium_large":{"file":"arabalarinin-icinde-nehrin-dibinde-bulundu-15639-1-768x1033.jpg","width":768,"height":1033,"mime_type":"image\/jpeg","source_url":"https:\/\/kilosorunum.com\/habercim\/wp-content\/uploads\/2021\/08\/arabalarinin-icinde-nehrin-dibinde-bulundu-15639-1-768x1033.jpg"},"kucukResim":{"file":"arabalarinin-icinde-nehrin-dibinde-bulundu-15639-1-80x50.jpg","width":80,"height":50,"mime_type":"image\/jpeg","source_url":"https:\/\/kilosorunum.com\/habercim\/wp-content\/uploads\/2021\/08\/arabalarinin-icinde-nehrin-dibinde-bulundu-15639-1-80x50.jpg"},"sliderResim":{"file":"arabalarinin-icinde-nehrin-dibinde-bulundu-15639-1-670x330.jpg","width":670,"height":330,"mime_type":"image\/jpeg","source_url":"https:\/\/kilosorunum.com\/habercim\/wp-content\/uploads\/2021\/08\/arabalarinin-icinde-nehrin-dibinde-bulundu-15639-1-670x330.jpg"},"resim1":{"file":"arabalarinin-icinde-nehrin-dibinde-bulundu-15639-1-184x140.jpg","width":184,"height":140,"mime_type":"image\/jpeg","source_url":"https:\/\/kilosorunum.com\/habercim\/wp-content\/uploads\/2021\/08\/arabalarinin-icinde-nehrin-dibinde-bulundu-15639-1-184x140.jpg"},"resim2":{"file":"arabalarinin-icinde-nehrin-dibinde-bulundu-15639-1-216x103.jpg","width":216,"height":103,"mime_type":"image\/jpeg","source_url":"https:\/\/kilosorunum.com\/habercim\/wp-content\/uploads\/2021\/08\/arabalarinin-icinde-nehrin-dibinde-bulundu-15639-1-216x103.jpg"},"resim3":{"file":"arabalarinin-icinde-nehrin-dibinde-bulundu-15639-1-145x70.jpg","width":145,"height":70,"mime_type":"image\/jpeg","source_url":"https:\/\/kilosorunum.com\/habercim\/wp-content\/uploads\/2021\/08\/arabalarinin-icinde-nehrin-dibinde-bulundu-15639-1-145x70.jpg"},"sagSlider":{"file":"arabalarinin-icinde-nehrin-dibinde-bulundu-15639-1-300x150.jpg","width":300,"height":150,"mime_type":"image\/jpeg","source_url":"https:\/\/kilosorunum.com\/habercim\/wp-content\/uploads\/2021\/08\/arabalarinin-icinde-nehrin-dibinde-bulundu-15639-1-300x150.jpg"},"yeniSlider":{"file":"arabalarinin-icinde-nehrin-dibinde-bulundu-15639-1-500x290.jpg","width":500,"height":290,"mime_type":"image\/jpeg","source_url":"https:\/\/kilosorunum.com\/habercim\/wp-content\/uploads\/2021\/08\/arabalarinin-icinde-nehrin-dibinde-bulundu-15639-1-500x290.jpg"},"full":{"file":"arabalarinin-icinde-nehrin-dibinde-bulundu-15639-1.jpg","width":1080,"height":1452,"mime_type":"image\/jpeg","source_url":"https:\/\/kilosorunum.com\/habercim\/wp-content\/uploads\/2021\/08\/arabalarinin-icinde-nehrin-dibinde-bulundu-15639-1.jpg"}},"image_meta":{"aperture":"0","credit":"","camera":"","caption":"","created_timestamp":"0","copyright":"","focal_length":"0","iso":"0","shutter_speed":"0","title":"","orientation":"0","keywords":[]}},"post":15639,"source_url":"https:\/\/kilosorunum.com\/habercim\/wp-content\/uploads\/2021\/08\/arabalarinin-icinde-nehrin-dibinde-bulundu-15639-1.jpg","_links":{"self":[{"href":"https:\/\/kilosorunum.com\/habercim\/wp-json\/wp\/v2\/media\/15642"}],"collection":[{"href":"https:\/\/kilosorunum.com\/habercim\/wp-json\/wp\/v2\/media"}],"about":[{"href":"https:\/\/kilosorunum.com\/habercim\/wp-json\/wp\/v2\/types\/attachment"}],"replies":[{"embeddable":true,"href":"https:\/\/kilosorunum.com\/habercim\/wp-json\/wp\/v2\/comments?post=15642"}]}}