{"id":15643,"date":"2021-08-20T23:40:15","date_gmt":"2021-08-20T20:40:15","guid":{"rendered":"https:\/\/dizilerfragmanlar.com\/wp-content\/uploads\/2021\/08\/arabalarinin-icinde-nehrin-dibinde-bulundu-15639-2.jpg"},"modified":"2021-08-20T23:40:15","modified_gmt":"2021-08-20T20:40:15","slug":"arabalarinin-icinde-nehrin-dibinde-bulundu-4","status":"inherit","type":"attachment","link":"https:\/\/kilosorunum.com\/habercim\/foto-galeri\/arabalarinin-icinde-nehrin-dibinde-bulundu\/attachment\/arabalarinin-icinde-nehrin-dibinde-bulundu-4\/","title":{"rendered":"Arabalar\u0131n\u0131n \u0130\u00e7inde Nehrin Dibinde Bulundu\u2026"},"author":0,"comment_status":"open","ping_status":"closed","template":"","meta":[],"description":{"rendered":"<p class=\"attachment\"><a href='https:\/\/kilosorunum.com\/habercim\/wp-content\/uploads\/2021\/08\/arabalarinin-icinde-nehrin-dibinde-bulundu-15639-2.jpg'><img width=\"300\" height=\"168\" src=\"https:\/\/kilosorunum.com\/habercim\/wp-content\/uploads\/2021\/08\/arabalarinin-icinde-nehrin-dibinde-bulundu-15639-2.jpg\" class=\"attachment-medium size-medium\" alt=\"\" loading=\"lazy\" \/><\/a><\/p>\n<p>H\u0130\u00c7B\u0130R \u0130PUCU BIRAKMADIKLARI \u0130\u00c7\u0130N POL\u0130S \u00c7\u0130FT\u0130 ARAMAKTAN VAZGE\u00c7M\u0130\u015eT\u0130 2005 y\u0131l\u0131nda Zhirnov k\u0131z arkada\u015f\u0131n\u0131 i\u015f yerinden almak i\u00e7in babas\u0131ndan arabas\u0131n\u0131 istemi\u015fti. \u00c7iftin kaybolmas\u0131ndan sonra arkalar\u0131nda hi\u00e7 bir ipucu b\u0131rakmad\u0131klar\u0131 i\u00e7in polis \u00e7ifti arama \u00e7al\u0131\u015fmalar\u0131na son vermi\u015fti.<br \/>\nB\u0130R DALI\u015e\u00c7I ARABAYI VE \u0130\u00c7\u0130NDEK\u0130 \u00c7\u0130FT\u0130 G\u00d6RMES\u0130 \u00dcZER\u0130NE OLAYI POL\u0130SE B\u0130LD\u0130RD\u0130 Bir dal\u0131\u015f\u00e7\u0131n\u0131n nehrin dibinde arabay\u0131 ve i\u00e7indeki ki\u015fileri g\u00f6rmesi \u00fczerine olay\u0131 polise bildirdi. Polis vin\u00e7 yard\u0131m\u0131 ile ces-etl-eri arabadan \u00e7\u0131kard\u0131.SU \u0130\u00c7\u0130NDE ZARAR G\u00d6RMEM\u0130\u015e BELGELER \u0130LE \u00c7\u0130FT\u0130N K\u0130ML\u0130\u011e\u0130NE ULA\u015eILDI \u2026.<\/p>\n"},"caption":{"rendered":"<p>H\u0130\u00c7B\u0130R \u0130PUCU BIRAKMADIKLARI \u0130\u00c7\u0130N POL\u0130S \u00c7\u0130FT\u0130 ARAMAKTAN VAZGE\u00c7M\u0130\u015eT\u0130 2005 y\u0131l\u0131nda Zhirnov k\u0131z arkada\u015f\u0131n\u0131 i\u015f yerinden almak i\u00e7in babas\u0131ndan arabas\u0131n\u0131 istemi\u015fti. \u00c7iftin kaybolmas\u0131ndan sonra arkalar\u0131nda hi\u00e7 bir ipucu b\u0131rakmad\u0131klar\u0131 i\u00e7in polis \u00e7ifti arama \u00e7al\u0131\u015fmalar\u0131na son vermi\u015fti.<br \/>\nB\u0130R DALI\u015e\u00c7I ARABAYI VE \u0130\u00c7\u0130NDEK\u0130 \u00c7\u0130FT\u0130 G\u00d6RMES\u0130 \u00dcZER\u0130NE OLAYI POL\u0130SE B\u0130LD\u0130RD\u0130 Bir dal\u0131\u015f\u00e7\u0131n\u0131n nehrin dibinde arabay\u0131 ve i\u00e7indeki ki\u015fileri g\u00f6rmesi \u00fczerine olay\u0131 polise bildirdi. Polis vin\u00e7 yard\u0131m\u0131 ile ces-etl-eri arabadan \u00e7\u0131kard\u0131.SU \u0130\u00c7\u0130NDE ZARAR G\u00d6RMEM\u0130\u015e BELGELER \u0130LE \u00c7\u0130FT\u0130N K\u0130ML\u0130\u011e\u0130NE ULA\u015eILDI \u2026.<\/p>\n"},"alt_text":"","media_type":"image","mime_type":"image\/jpeg","media_details":{"width":300,"height":168,"file":"2021\/08\/arabalarinin-icinde-nehrin-dibinde-bulundu-15639-2.jpg","sizes":{"thumbnail":{"file":"arabalarinin-icinde-nehrin-dibinde-bulundu-15639-2-150x150.jpg","width":150,"height":150,"mime_type":"image\/jpeg","source_url":"https:\/\/kilosorunum.com\/habercim\/wp-content\/uploads\/2021\/08\/arabalarinin-icinde-nehrin-dibinde-bulundu-15639-2-150x150.jpg"},"kucukResim":{"file":"arabalarinin-icinde-nehrin-dibinde-bulundu-15639-2-80x50.jpg","width":80,"height":50,"mime_type":"image\/jpeg","source_url":"https:\/\/kilosorunum.com\/habercim\/wp-content\/uploads\/2021\/08\/arabalarinin-icinde-nehrin-dibinde-bulundu-15639-2-80x50.jpg"},"resim1":{"file":"arabalarinin-icinde-nehrin-dibinde-bulundu-15639-2-184x140.jpg","width":184,"height":140,"mime_type":"image\/jpeg","source_url":"https:\/\/kilosorunum.com\/habercim\/wp-content\/uploads\/2021\/08\/arabalarinin-icinde-nehrin-dibinde-bulundu-15639-2-184x140.jpg"},"resim2":{"file":"arabalarinin-icinde-nehrin-dibinde-bulundu-15639-2-216x103.jpg","width":216,"height":103,"mime_type":"image\/jpeg","source_url":"https:\/\/kilosorunum.com\/habercim\/wp-content\/uploads\/2021\/08\/arabalarinin-icinde-nehrin-dibinde-bulundu-15639-2-216x103.jpg"},"resim3":{"file":"arabalarinin-icinde-nehrin-dibinde-bulundu-15639-2-145x70.jpg","width":145,"height":70,"mime_type":"image\/jpeg","source_url":"https:\/\/kilosorunum.com\/habercim\/wp-content\/uploads\/2021\/08\/arabalarinin-icinde-nehrin-dibinde-bulundu-15639-2-145x70.jpg"},"sagSlider":{"file":"arabalarinin-icinde-nehrin-dibinde-bulundu-15639-2-300x150.jpg","width":300,"height":150,"mime_type":"image\/jpeg","source_url":"https:\/\/kilosorunum.com\/habercim\/wp-content\/uploads\/2021\/08\/arabalarinin-icinde-nehrin-dibinde-bulundu-15639-2-300x150.jpg"},"full":{"file":"arabalarinin-icinde-nehrin-dibinde-bulundu-15639-2.jpg","width":300,"height":168,"mime_type":"image\/jpeg","source_url":"https:\/\/kilosorunum.com\/habercim\/wp-content\/uploads\/2021\/08\/arabalarinin-icinde-nehrin-dibinde-bulundu-15639-2.jpg"}},"image_meta":{"aperture":"0","credit":"","camera":"","caption":"","created_timestamp":"0","copyright":"","focal_length":"0","iso":"0","shutter_speed":"0","title":"","orientation":"0","keywords":[]}},"post":15639,"source_url":"https:\/\/kilosorunum.com\/habercim\/wp-content\/uploads\/2021\/08\/arabalarinin-icinde-nehrin-dibinde-bulundu-15639-2.jpg","_links":{"self":[{"href":"https:\/\/kilosorunum.com\/habercim\/wp-json\/wp\/v2\/media\/15643"}],"collection":[{"href":"https:\/\/kilosorunum.com\/habercim\/wp-json\/wp\/v2\/media"}],"about":[{"href":"https:\/\/kilosorunum.com\/habercim\/wp-json\/wp\/v2\/types\/attachment"}],"replies":[{"embeddable":true,"href":"https:\/\/kilosorunum.com\/habercim\/wp-json\/wp\/v2\/comments?post=15643"}]}}