{"id":15648,"date":"2021-08-21T12:31:13","date_gmt":"2021-08-21T09:31:13","guid":{"rendered":"https:\/\/dizilerfragmanlar.com\/wp-content\/uploads\/2021\/08\/henuz-daha-13-yasinda-15645-1.jpg"},"modified":"2021-08-21T12:31:13","modified_gmt":"2021-08-21T09:31:13","slug":"henuz-daha-13-yasinda-3","status":"inherit","type":"attachment","link":"https:\/\/kilosorunum.com\/habercim\/foto-galeri\/henuz-daha-13-yasinda\/attachment\/henuz-daha-13-yasinda-3\/","title":{"rendered":"Hen\u00fcz Daha 13 Ya\u015f\u0131nda"},"author":0,"comment_status":"open","ping_status":"closed","template":"","meta":[],"description":{"rendered":"<p class=\"attachment\"><a href='https:\/\/kilosorunum.com\/habercim\/wp-content\/uploads\/2021\/08\/henuz-daha-13-yasinda-15645-1.jpg'><img width=\"300\" height=\"150\" src=\"https:\/\/kilosorunum.com\/habercim\/wp-content\/uploads\/2021\/08\/henuz-daha-13-yasinda-15645-1-300x150.jpg\" class=\"attachment-medium size-medium\" alt=\"\" loading=\"lazy\" srcset=\"https:\/\/kilosorunum.com\/habercim\/wp-content\/uploads\/2021\/08\/henuz-daha-13-yasinda-15645-1-300x150.jpg 300w, https:\/\/kilosorunum.com\/habercim\/wp-content\/uploads\/2021\/08\/henuz-daha-13-yasinda-15645-1.jpg 696w\" sizes=\"(max-width: 300px) 100vw, 300px\" \/><\/a><\/p>\n<p>D\u00fcnyada e\u015fi g\u00f6r\u00fclmemi\u015f olay 13 ya\u015f\u0131ndaki k\u0131z\u0131n karn\u0131 gitgide \u015fi\u015fmeye ba\u015flar.Annesi durumu fark eder, k\u0131z\u0131na hamilemisin diye soramaz.Doktora g\u00f6t\u00fcr\u00fcr ve \u015fok ger\u00e7e\u011fi orada \u00f6\u011frenir ama bu \u00e7ok farkl\u0131 bir olay K\u0131z\u0131n\u0131n durumundan \u00f6nce \u015f\u00fcphe duyar. Ama \u00e7ok k\u00fc\u00e7\u00fckt\u00fcr.Okula giderken bile takibe al\u0131rOkula giderken bile takibe al\u0131r. Ama garip bir tav\u0131r g\u00f6remez k\u0131z\u0131nda.Annesi yinede k\u0131z\u0131ma bir ihtimal soray\u0131m der, sorar.Fakat k\u00fc\u00e7\u00fck k\u0131z annesine \u0131srarla hamilelik gibi, b\u00f6yle bi \u015feyin m\u00fcmk\u00fcn olamayaca\u011f\u0131n\u0131, \u00e7\u00fcnk\u00fc hi\u00e7 bir erkekle bu sonucu do\u011furacak kadar yak\u0131n temasta bulunmad\u0131\u011f\u0131n\u0131 iddia ediyormu\u015f.Ama bu halleri hi\u00e7te yabana at\u0131l\u0131r gibi de\u011filmi\u015f. Fakat zaman ge\u00e7tik\u00e7e hem karn\u0131 gitgide b\u00fcy\u00fcmeye devam etmi\u015f, hem de di\u011fer belirtilerde de\u011fi\u015fiklik olmam\u0131\u015f Annesi, \u201cBu ya\u015fta Allah\u0131m Allah\u0131m, kepazelik bu\u201d dese de k\u0131z hala hamile olmad\u0131\u011f\u0131n\u0131 s\u00f6yl\u00fcyormu\u015f Sonunda anne k\u00fc\u00e7\u00fck bi kasabada ya\u015f\u0131yor olmalar\u0131na ra\u011fmen \u00e7\u0131kacak s\u00f6ylentileri g\u00f6ze alarak k\u0131z\u0131n\u0131 hastaneye g\u00f6t\u00fcrm\u00fc\u015f Ancak \u00e7ekilen ultrasondan sonra k\u0131z\u0131n inkarlar\u0131nda samimi oldu\u011fu anla\u015f\u0131lm\u0131\u015f Doktor k\u0131z\u0131 muayeneye alm\u0131\u015f \u00d6nce normal kontrolde bir\u015fey elde edememi\u015f. Oda merak etmi\u015f ultrason \u00e7ekilmesini istemi\u015f Ultrasona bakarken bir k\u0131za, bir annesine bakm\u0131\u015f. K\u0131z\u0131 do\u011fru s\u00f6yl\u00fcyormu\u015f.<\/p>\n"},"caption":{"rendered":"<p>D\u00fcnyada e\u015fi g\u00f6r\u00fclmemi\u015f olay 13 ya\u015f\u0131ndaki k\u0131z\u0131n karn\u0131 gitgide \u015fi\u015fmeye ba\u015flar.Annesi durumu fark eder, k\u0131z\u0131na hamilemisin diye soramaz.Doktora g\u00f6t\u00fcr\u00fcr ve \u015fok ger\u00e7e\u011fi orada \u00f6\u011frenir ama bu \u00e7ok farkl\u0131 bir olay K\u0131z\u0131n\u0131n durumundan \u00f6nce \u015f\u00fcphe duyar. Ama \u00e7ok k\u00fc\u00e7\u00fckt\u00fcr.Okula giderken bile takibe al\u0131rOkula giderken bile takibe al\u0131r. Ama garip bir tav\u0131r g\u00f6remez k\u0131z\u0131nda.Annesi yinede k\u0131z\u0131ma bir ihtimal soray\u0131m der, sorar.Fakat k\u00fc\u00e7\u00fck k\u0131z annesine \u0131srarla hamilelik gibi, b\u00f6yle bi \u015feyin m\u00fcmk\u00fcn olamayaca\u011f\u0131n\u0131, \u00e7\u00fcnk\u00fc hi\u00e7 bir erkekle bu sonucu do\u011furacak kadar yak\u0131n temasta bulunmad\u0131\u011f\u0131n\u0131 iddia ediyormu\u015f.Ama bu halleri hi\u00e7te yabana at\u0131l\u0131r gibi de\u011filmi\u015f. Fakat zaman ge\u00e7tik\u00e7e hem karn\u0131 gitgide b\u00fcy\u00fcmeye devam etmi\u015f, hem de di\u011fer belirtilerde de\u011fi\u015fiklik olmam\u0131\u015f Annesi, \u201cBu ya\u015fta Allah\u0131m Allah\u0131m, kepazelik bu\u201d dese de k\u0131z hala hamile olmad\u0131\u011f\u0131n\u0131 s\u00f6yl\u00fcyormu\u015f Sonunda anne k\u00fc\u00e7\u00fck bi kasabada ya\u015f\u0131yor olmalar\u0131na ra\u011fmen \u00e7\u0131kacak s\u00f6ylentileri g\u00f6ze alarak k\u0131z\u0131n\u0131 hastaneye g\u00f6t\u00fcrm\u00fc\u015f Ancak \u00e7ekilen ultrasondan sonra k\u0131z\u0131n inkarlar\u0131nda samimi oldu\u011fu anla\u015f\u0131lm\u0131\u015f Doktor k\u0131z\u0131 muayeneye alm\u0131\u015f \u00d6nce normal kontrolde bir\u015fey elde edememi\u015f. Oda merak etmi\u015f ultrason \u00e7ekilmesini istemi\u015f Ultrasona bakarken bir k\u0131za, bir annesine bakm\u0131\u015f. K\u0131z\u0131 do\u011fru s\u00f6yl\u00fcyormu\u015f.<\/p>\n"},"alt_text":"","media_type":"image","mime_type":"image\/jpeg","media_details":{"width":696,"height":348,"file":"2021\/08\/henuz-daha-13-yasinda-15645-1.jpg","sizes":{"medium":{"file":"henuz-daha-13-yasinda-15645-1-300x150.jpg","width":300,"height":150,"mime_type":"image\/jpeg","source_url":"https:\/\/kilosorunum.com\/habercim\/wp-content\/uploads\/2021\/08\/henuz-daha-13-yasinda-15645-1-300x150.jpg"},"thumbnail":{"file":"henuz-daha-13-yasinda-15645-1-150x150.jpg","width":150,"height":150,"mime_type":"image\/jpeg","source_url":"https:\/\/kilosorunum.com\/habercim\/wp-content\/uploads\/2021\/08\/henuz-daha-13-yasinda-15645-1-150x150.jpg"},"kucukResim":{"file":"henuz-daha-13-yasinda-15645-1-80x50.jpg","width":80,"height":50,"mime_type":"image\/jpeg","source_url":"https:\/\/kilosorunum.com\/habercim\/wp-content\/uploads\/2021\/08\/henuz-daha-13-yasinda-15645-1-80x50.jpg"},"sliderResim":{"file":"henuz-daha-13-yasinda-15645-1-670x330.jpg","width":670,"height":330,"mime_type":"image\/jpeg","source_url":"https:\/\/kilosorunum.com\/habercim\/wp-content\/uploads\/2021\/08\/henuz-daha-13-yasinda-15645-1-670x330.jpg"},"resim1":{"file":"henuz-daha-13-yasinda-15645-1-184x140.jpg","width":184,"height":140,"mime_type":"image\/jpeg","source_url":"https:\/\/kilosorunum.com\/habercim\/wp-content\/uploads\/2021\/08\/henuz-daha-13-yasinda-15645-1-184x140.jpg"},"resim2":{"file":"henuz-daha-13-yasinda-15645-1-216x103.jpg","width":216,"height":103,"mime_type":"image\/jpeg","source_url":"https:\/\/kilosorunum.com\/habercim\/wp-content\/uploads\/2021\/08\/henuz-daha-13-yasinda-15645-1-216x103.jpg"},"resim3":{"file":"henuz-daha-13-yasinda-15645-1-145x70.jpg","width":145,"height":70,"mime_type":"image\/jpeg","source_url":"https:\/\/kilosorunum.com\/habercim\/wp-content\/uploads\/2021\/08\/henuz-daha-13-yasinda-15645-1-145x70.jpg"},"sagSlider":{"file":"henuz-daha-13-yasinda-15645-1-300x150.jpg","width":300,"height":150,"mime_type":"image\/jpeg","source_url":"https:\/\/kilosorunum.com\/habercim\/wp-content\/uploads\/2021\/08\/henuz-daha-13-yasinda-15645-1-300x150.jpg"},"yeniSlider":{"file":"henuz-daha-13-yasinda-15645-1-500x290.jpg","width":500,"height":290,"mime_type":"image\/jpeg","source_url":"https:\/\/kilosorunum.com\/habercim\/wp-content\/uploads\/2021\/08\/henuz-daha-13-yasinda-15645-1-500x290.jpg"},"full":{"file":"henuz-daha-13-yasinda-15645-1.jpg","width":696,"height":348,"mime_type":"image\/jpeg","source_url":"https:\/\/kilosorunum.com\/habercim\/wp-content\/uploads\/2021\/08\/henuz-daha-13-yasinda-15645-1.jpg"}},"image_meta":{"aperture":"0","credit":"","camera":"","caption":"","created_timestamp":"0","copyright":"","focal_length":"0","iso":"0","shutter_speed":"0","title":"","orientation":"0","keywords":[]}},"post":15645,"source_url":"https:\/\/kilosorunum.com\/habercim\/wp-content\/uploads\/2021\/08\/henuz-daha-13-yasinda-15645-1.jpg","_links":{"self":[{"href":"https:\/\/kilosorunum.com\/habercim\/wp-json\/wp\/v2\/media\/15648"}],"collection":[{"href":"https:\/\/kilosorunum.com\/habercim\/wp-json\/wp\/v2\/media"}],"about":[{"href":"https:\/\/kilosorunum.com\/habercim\/wp-json\/wp\/v2\/types\/attachment"}],"replies":[{"embeddable":true,"href":"https:\/\/kilosorunum.com\/habercim\/wp-json\/wp\/v2\/comments?post=15648"}]}}