{"id":25369,"date":"2024-04-13T21:40:03","date_gmt":"2024-04-13T18:40:03","guid":{"rendered":"https:\/\/118sirket.gen.tr\/wp-content\/uploads\/2024\/04\/1-15-768x201-29.jpg"},"modified":"2024-04-13T21:40:44","modified_gmt":"2024-04-13T18:40:44","slug":"1-15-768x201-70","status":"inherit","type":"attachment","link":"https:\/\/kilosorunum.com\/habercim\/genel\/meryem-olayi-yeni-durum\/attachment\/1-15-768x201-70\/","title":{"rendered":"Meryem Olay\u0131 Yeni Durum"},"author":2,"comment_status":"open","ping_status":"closed","template":"","meta":[],"description":{"rendered":"<p class=\"attachment\"><a href='https:\/\/kilosorunum.com\/habercim\/wp-content\/uploads\/2024\/04\/1-15-768x201-29.jpg'><img width=\"300\" height=\"79\" src=\"https:\/\/kilosorunum.com\/habercim\/wp-content\/uploads\/2024\/04\/1-15-768x201-29-300x79.jpg\" class=\"attachment-medium size-medium\" alt=\"\" loading=\"lazy\" srcset=\"https:\/\/kilosorunum.com\/habercim\/wp-content\/uploads\/2024\/04\/1-15-768x201-29-300x79.jpg 300w, https:\/\/kilosorunum.com\/habercim\/wp-content\/uploads\/2024\/04\/1-15-768x201-29.jpg 768w\" sizes=\"(max-width: 300px) 100vw, 300px\" \/><\/a><\/p>\n"},"caption":{"rendered":"<p>T\u00fcm T\u00fcrkiye\u2019nin konu\u015ftu\u011fu Dad\u0131 Meryem hakk\u0131nda \u015foke eden ger\u00e7ekler ortaya \u00e7\u0131kmaya devam ediyor. Esra Erol\u2019un program\u0131nda i\u015flenen bir aldatma konusunun alt\u0131ndan \u00e7\u0131kanlar t\u00fcm T\u00fcrkiye\u2019yi derinden etkiledi.<\/p>\n<p>CANLI YAYINDA ORTAYA \u00c7IKTI<br \/>\nPrograma kat\u0131lan Mehmet Altun, 6 y\u0131ld\u0131r evli oldu\u011fu e\u015fi Rabia Altun\u2019la bar\u0131\u015fmak istedi\u011fini belirterek Esra Erol\u2019dan yard\u0131m istedi. Mehmet Altun\u2019un e\u015fi ise \u00e7ocuklar\u0131n\u0131n dad\u0131s\u0131 ile aldat\u0131ld\u0131\u011f\u0131n\u0131 dile getiren Dad\u0131 Meryem canl\u0131 yay\u0131na \u00e7\u0131kt\u0131. Dad\u0131 Meryem hakk\u0131nda ortaya \u00e7\u0131kan ger\u00e7ekler ise a\u011f\u0131zlar\u0131 a\u00e7\u0131k b\u0131rakt\u0131.<br \/>\nAYLIK KAZANCI DUDAK U\u00c7UKLATTI<br \/>\nDad\u0131 Meryem hakk\u0131nda ba\u015fka bir ger\u00e7ek daha ortaya \u00e7\u0131kt\u0131. Asl\u0131nda iki kez \u00e7ocuk bak\u0131m\u0131 yapan Meryem asl\u0131nda mas\u00f6zl\u00fck yap\u0131yormu\u015f. Otellerde ve spa merkezlerinde \u00e7al\u0131\u015ft\u0131\u011f\u0131n\u0131 s\u00f6yleyen Meryem \u2018Bana \u00e7ok yo\u011funluk oluyordu\u2019 ifadelerini kulland\u0131.<br \/>\nCinsiyet de\u011fi\u015ftirdikten sonra bu mesle\u011fi yapan Meryem\u2019in ayl\u0131k kazanc\u0131 d dudak u\u00e7uklatt\u0131. Dad\u0131 Meryem \u2018ayl\u0131k kazanc\u0131m mesailere kalmazsam 70-80 bin TL\u2019liyi buluyordu mesailere kal\u0131rsam da 100 bin TL\u2019yi buluyordu\u2019 dedi.<\/p>\n<p>ATV ekranlar\u0131nda yay\u0131nlanan Esra Erol\u2019da \u00e7\u0131kan bir kad\u0131n, e\u015finin kendisini dad\u0131 Meryem\u2019le aldatt\u0131\u011f\u0131n\u0131 s\u00f6yleyerek yard\u0131m istedi. Yay\u0131na \u00e7\u0131kan Meryem\u2019in y\u0131llar \u00f6nce bir \u00e7ocu\u011fu vah-\u015fice \u00f6-ld\u00fcr-d\u00fc\u011f\u00fc ve hapis yatt\u0131\u011f\u0131 ortaya \u00e7\u0131kt\u0131. Bu ya\u015fananlar\u0131n ard\u0131ndan Meryem\u2019in asl\u0131nda erkek oldu\u011fu cezaevinden \u00e7\u0131kt\u0131ktan sonra da cin-siyet de\u011fi\u015ftirdi\u011fi \u00f6\u011frenildi. Ger\u00e7ekler ortaya \u00e7\u0131kt\u0131ktan sonra programdan ayr\u0131lan Meryem, son a\u00e7\u0131klamas\u0131nda ci-nayeti kendisinin i\u015flemedi\u011fini, su\u00e7u \u00fcstlenmek zorunda kald\u0131\u011f\u0131n\u0131 s\u00f6yledi.<br \/>\n\u201cC\u0130-NAY-ET\u0130 AMCAM \u0130\u015eLED\u0130\u201d<br \/>\nCanl\u0131 yay\u0131n\u0131n ard\u0131ndan kuliste Esra Erol\u2019da ekibiyle konu\u015fan Meryem, y\u0131llar \u00f6nce i\u015flenen c-inayeti \u015fu s\u00f6zlerle anlatt\u0131: \u201cBu durum amcamla alakal\u0131 bir durumdu. Ben de olaya zorla dahil edildim. Bu ci-nayeti i\u015flemedi\u011fim kesindir. Ben ci-nayete i\u015f bittikten sonra dahil oldum. Amcama kazma, k\u00fcrek vermi\u015ftim. Onlar\u0131 almak i\u00e7in gitti\u011fimde g\u00f6rd\u00fcm. Ben g\u00f6rd\u00fc\u011f\u00fcmde amcam beni direkt i\u00e7eri \u00e7ekti. Korktu\u011fum i\u00e7in tek yapabildi\u011fim \u015fey a\u011flamak oldu. Sonra bana \u2018Kimseye bir \u015fey s\u00f6ylemiyorsun ve \u00e7akt\u0131rm\u0131yorsun. Gebe-rtirim seni\u2019 dedi. Orada bu olay\u0131 benim yapamayaca\u011f\u0131m kesin. Bu olayda birinin dahil olma olas\u0131l\u0131\u011f\u0131 y\u00fczde 80.\u201d<\/p>\n<p>\u201cC\u0130-NEY-ET\u0130 ANNEM\u0130N \u00dcST\u00dcNE ATINCA BEN \u00dcSTLEND\u0130M\u201d<br \/>\n\u201c2 ki\u015fiye ait DNA \u00f6rne\u011fi bulunmu\u015ftu. Amcam, annemin sab\u0131kas\u0131 oldu\u011fu i\u00e7in su\u00e7u onun \u00fczerine y\u0131kmaya \u00e7al\u0131\u015ft\u0131. Ben de annemin yapmad\u0131\u011f\u0131n\u0131 s\u00f6yleyerek su\u00e7u \u00fcstlendim. Bunun da cezas\u0131n\u0131 yatt\u0131m. Vicdan\u0131 varsa bana ya\u015fatt\u0131klar\u0131n\u0131 ve di\u011fer ki\u015fiye ya\u015fatt\u0131klar\u0131n\u0131 anlats\u0131n. Allah\u2019\u0131ndan bulsun. Bu d\u00fcnyada adalet sa\u011flanamazsa bile \u00f6b\u00fcr tarafta adalet onun i\u00e7in sa\u011flanacak. Ben buna inan\u0131yorum.\u201d<\/p>\n<p>HAP\u0130STEN \u00c7IKINCA C\u0130-NS\u0130-YET DE\u011e\u0130\u015eT\u0130RM\u0130\u015e<br \/>\nBir evlilikte 2. kad\u0131nla oldu\u011fu iddias\u0131yla canl\u0131 yay\u0131na \u00e7\u0131kan Meryem\u2019in 2011 y\u0131l\u0131nda 8 ya\u015f\u0131ndaki Hasret\u2019i \u201cSana kedileri g\u00f6sterece\u011fim\u201d diyerek \u0131ss\u0131z b\u00f6lgeye \u00e7ekti\u011fini ve kafa-s\u0131na ta-\u015fla vu-rarak an-nesi-yle diri diri g\u00f6-md\u00fc\u011f\u00fc ortaya \u00e7\u0131km\u0131\u015ft\u0131. Hakk\u0131ndaki iddiay\u0131 kabul etmeyen dad\u0131 Meryem ise \u201cBu olay ya\u015fand\u0131\u011f\u0131nda ben 16 ya\u015f\u0131ndayd\u0131m. Adli T\u0131p Raporu\u2019yla kan\u0131tland\u0131. Olay tamamen kazayla ger\u00e7ekle\u015fti. Annem yapmad\u0131\u201d ifadelerini kulland\u0131. 16 ya\u015f\u0131ndayken 8 ya\u015f\u0131ndaki bir \u00e7ocu\u011fu \u00f6-ld\u00fcr-erek hapse giren Meryem\u2019in ci-na-yeti i\u015fledi\u011finde Serkan adl\u0131 bir erkek oldu\u011fu hapisten \u00e7\u0131kt\u0131ktan sonra da cinsiyet de\u011fi\u015ftirerek ismini Meryem yapt\u0131\u011f\u0131 \u00f6\u011frenildi. Meryem\u2019in c\u0131ns\u0131yet de\u011fi\u015ftirmesinde organ\u0131n\u0131n de\u011fi\u015fmedi\u011fi iddias\u0131 ise daha fazla ses getirdi. Hakk\u0131nda yeni iddialar ile g\u00fcndem olmaya devam ediyor<\/p>\n<p>Dad\u0131 Meryem\u2019in yeni g\u00f6r\u00fcnt\u00fcleri de herkesi \u015fa\u015f\u0131rtt\u0131. kaynak dahanekadar.net<\/p>\n"},"alt_text":"","media_type":"image","mime_type":"image\/jpeg","media_details":{"width":768,"height":201,"file":"2024\/04\/1-15-768x201-29.jpg","sizes":{"medium":{"file":"1-15-768x201-29-300x79.jpg","width":300,"height":79,"mime_type":"image\/jpeg","source_url":"https:\/\/kilosorunum.com\/habercim\/wp-content\/uploads\/2024\/04\/1-15-768x201-29-300x79.jpg"},"thumbnail":{"file":"1-15-768x201-29-150x150.jpg","width":150,"height":150,"mime_type":"image\/jpeg","source_url":"https:\/\/kilosorunum.com\/habercim\/wp-content\/uploads\/2024\/04\/1-15-768x201-29-150x150.jpg"},"kucukResim":{"file":"1-15-768x201-29-80x50.jpg","width":80,"height":50,"mime_type":"image\/jpeg","source_url":"https:\/\/kilosorunum.com\/habercim\/wp-content\/uploads\/2024\/04\/1-15-768x201-29-80x50.jpg"},"sliderResim":{"file":"1-15-768x201-29-670x201.jpg","width":670,"height":201,"mime_type":"image\/jpeg","source_url":"https:\/\/kilosorunum.com\/habercim\/wp-content\/uploads\/2024\/04\/1-15-768x201-29-670x201.jpg"},"resim1":{"file":"1-15-768x201-29-184x140.jpg","width":184,"height":140,"mime_type":"image\/jpeg","source_url":"https:\/\/kilosorunum.com\/habercim\/wp-content\/uploads\/2024\/04\/1-15-768x201-29-184x140.jpg"},"resim2":{"file":"1-15-768x201-29-216x103.jpg","width":216,"height":103,"mime_type":"image\/jpeg","source_url":"https:\/\/kilosorunum.com\/habercim\/wp-content\/uploads\/2024\/04\/1-15-768x201-29-216x103.jpg"},"resim3":{"file":"1-15-768x201-29-145x70.jpg","width":145,"height":70,"mime_type":"image\/jpeg","source_url":"https:\/\/kilosorunum.com\/habercim\/wp-content\/uploads\/2024\/04\/1-15-768x201-29-145x70.jpg"},"sagSlider":{"file":"1-15-768x201-29-300x150.jpg","width":300,"height":150,"mime_type":"image\/jpeg","source_url":"https:\/\/kilosorunum.com\/habercim\/wp-content\/uploads\/2024\/04\/1-15-768x201-29-300x150.jpg"},"yeniSlider":{"file":"1-15-768x201-29-500x201.jpg","width":500,"height":201,"mime_type":"image\/jpeg","source_url":"https:\/\/kilosorunum.com\/habercim\/wp-content\/uploads\/2024\/04\/1-15-768x201-29-500x201.jpg"},"full":{"file":"1-15-768x201-29.jpg","width":768,"height":201,"mime_type":"image\/jpeg","source_url":"https:\/\/kilosorunum.com\/habercim\/wp-content\/uploads\/2024\/04\/1-15-768x201-29.jpg"}},"image_meta":{"aperture":"0","credit":"","camera":"","caption":"","created_timestamp":"0","copyright":"","focal_length":"0","iso":"0","shutter_speed":"0","title":"","orientation":"0","keywords":[]}},"post":25367,"source_url":"https:\/\/kilosorunum.com\/habercim\/wp-content\/uploads\/2024\/04\/1-15-768x201-29.jpg","_links":{"self":[{"href":"https:\/\/kilosorunum.com\/habercim\/wp-json\/wp\/v2\/media\/25369"}],"collection":[{"href":"https:\/\/kilosorunum.com\/habercim\/wp-json\/wp\/v2\/media"}],"about":[{"href":"https:\/\/kilosorunum.com\/habercim\/wp-json\/wp\/v2\/types\/attachment"}],"author":[{"embeddable":true,"href":"https:\/\/kilosorunum.com\/habercim\/wp-json\/wp\/v2\/users\/2"}],"replies":[{"embeddable":true,"href":"https:\/\/kilosorunum.com\/habercim\/wp-json\/wp\/v2\/comments?post=25369"}]}}