{"id":26759,"date":"2024-07-13T00:05:47","date_gmt":"2024-07-12T21:05:47","guid":{"rendered":"https:\/\/kilosorunum.com\/habercim\/wp-content\/uploads\/2024\/07\/1-17.jpg"},"modified":"2024-07-13T00:07:54","modified_gmt":"2024-07-12T21:07:54","slug":"1-569","status":"inherit","type":"attachment","link":"https:\/\/kilosorunum.com\/habercim\/genel\/gece-vaktinde-2-ilde-birden\/attachment\/1-569\/","title":{"rendered":"Gece vaktinde 2 ilde birden"},"author":2,"comment_status":"open","ping_status":"closed","template":"","meta":[],"description":{"rendered":"<p class=\"attachment\"><a href='https:\/\/kilosorunum.com\/habercim\/wp-content\/uploads\/2024\/07\/1-17.jpg'><img width=\"300\" height=\"169\" src=\"https:\/\/kilosorunum.com\/habercim\/wp-content\/uploads\/2024\/07\/1-17-300x169.jpg\" class=\"attachment-medium size-medium\" alt=\"\" loading=\"lazy\" srcset=\"https:\/\/kilosorunum.com\/habercim\/wp-content\/uploads\/2024\/07\/1-17-300x169.jpg 300w, https:\/\/kilosorunum.com\/habercim\/wp-content\/uploads\/2024\/07\/1-17-1024x576.jpg 1024w, https:\/\/kilosorunum.com\/habercim\/wp-content\/uploads\/2024\/07\/1-17-768x432.jpg 768w, https:\/\/kilosorunum.com\/habercim\/wp-content\/uploads\/2024\/07\/1-17.jpg 1200w\" sizes=\"(max-width: 300px) 100vw, 300px\" \/><\/a><\/p>\n"},"caption":{"rendered":"<p>Van&#8217;\u0131n Tu\u015fba il\u00e7esinde 4,3 b\u00fcy\u00fckl\u00fc\u011f\u00fcnde deprem meydana geldi.<br \/>\nAfet ve Acil Durum Y\u00f6netimi Ba\u015fkanl\u0131\u011f\u0131&#8217;n\u0131n (AFAD) merkez \u00fcss\u00fc Tu\u015fba il\u00e7esindeki Van G\u00f6l\u00fc olarak saptad\u0131\u011f\u0131 deprem, saat 23.19&#8217;da meydana geldi.<\/p>\n<p>7 kilometre derinlikte meydana gelen depremde herhangi bir olumsuzluk ya\u015fanmad\u0131.<br \/>\nDo\u011fan Kalafat&#8217;\u0131n \u00f6l\u00fcm\u00fcnden \u00f6nce son uyar\u0131s\u0131 ortaya \u00e7\u0131kt\u0131: 7,2 b\u00fcy\u00fckl\u00fc\u011f\u00fcnde deprem, 7 \u015fehir etkilenecek<br \/>\nDeprem bilimci Do\u00e7. Dr. Do\u011fan Kalafat&#8217;\u0131n 65 ya\u015f\u0131nda hayat\u0131n\u0131 kaybetmesi sonras\u0131 deprem haritas\u0131yla ilgili uyar\u0131lar\u0131 yeniden g\u00fcndem oldu. Kalafat \u00f6zellikle Marmara ve \u0130stanbul \u00e7evresini \u00f6zellikle izlediklerini belirterek 7.2 b\u00fcy\u00fckl\u00fc\u011f\u00fcnde depreme dikkat \u00e7ekiyordu. Eski Bo\u011fazi\u00e7i \u00dcniversitesi Kandilli Rasathanesi ve Deprem Ara\u015ft\u0131rma Enstit\u00fcs\u00fc (KRDAE) B\u00f6lgesel Deprem-Tsunami \u0130zleme ve De\u011ferlendirme Merkezi M\u00fcd\u00fcr\u00fc Do\u00e7. Dr. Do\u011fan Kalafat 65 ya\u015f\u0131nda ya\u015fam\u0131n\u0131 yitirdi. Do\u00e7. Dr. Do\u011fan Kalafat, &#8220;Deprem Yerinin Belirlenmesi&#8221;, &#8220;Sismogram\u0131n Analizi ve Okunmas\u0131&#8221;, &#8220;Sismik A\u011f\u0131n Kurulmas\u0131 Sismik \u0130stasyonlar \u0130\u00e7in B\u00fcy\u00fckl\u00fck Denklemlerinin Hesaplanmas\u0131&#8221;, &#8220;\u0130ki Merkezli \u00c7\u00f6z\u00fcmler \u0130\u00e7in Yerel Kabuk Yap\u0131s\u0131n\u0131n Ara\u015ft\u0131r\u0131lmas\u0131&#8221;, &#8220;Deprem Katalo\u011fu \u00c7al\u0131\u015fmalar\u0131&#8221;, &#8220;Fay D\u00fczlemi \u00c7\u00f6z\u00fcm\u00fc\/Moment Tens\u00f6r \u0130nversiyon \u00c7al\u0131\u015fmalar\u0131&#8221;, &#8220;Makrosismik \u00c7al\u0131\u015fmalar&#8221;, &#8220;Jeolojik Saha G\u00f6zlemi&#8221; konular\u0131nda \u00e7al\u0131\u015fmalar ger\u00e7ekle\u015ftirdi.<br \/>\nDo\u011fan Kalafat&#8217;\u0131n \u00f6l\u00fcm\u00fc sonras\u0131 T\u00fcrkiye&#8217;nin deprem risk haritas\u0131yla ilgili yapt\u0131\u011f\u0131 uyar\u0131lar g\u00fcndem oldu. Kalafat, &#8220;Ger\u00e7ek zamanl\u0131 ve s\u00fcrekli olarak Marmara ve \u0130stanbul civar\u0131n\u0131 izliyoruz&#8221; diyen Kalafat, Marmara&#8217;da beklenen b\u00fcy\u00fck depreme dikkat \u00e7ekiyordu. Marmara B\u00f6lgesi&#8217;nde deprem etkinli\u011finin devam etti\u011fi yerleri a\u00e7\u0131klayan Kalafat \u015funlar\u0131 kaydetmi\u015fti: &#8220;Marmara b\u00f6lgesinde d\u00fczenli enerji bo\u015fal\u0131m\u0131 ve buna ba\u011fl\u0131 olarak deprem etkinli\u011fi devam etmekte.. \u00d6zellikle Silivri A\u00e7\u0131klar\u0131-Yenik\u00f6y-M\u00fcrefte-\u015eark\u00f6y a\u00e7\u0131klar\u0131, \u00c7\u0131narc\u0131k, Yalova a\u00e7\u0131klar\u0131, Erdek ve Gemlik k\u00f6rfezleri son bir y\u0131lda \u00f6nemli deprem aktivitesi g\u00f6steren alanlar.\u201d<br \/>\nHaberGlobal&#8217;in aktard\u0131\u011f\u0131na g\u00f6re, Kalafat a\u00e7\u0131klamalar\u0131n\u0131n devam\u0131nda \u015funlar\u0131 kaydetmi\u015fti:<\/p>\n<p>\u201cT\u00fcrkiye&#8217;de y\u0131lda ortalama 16 bin deprem kaydediliyor. Bu rakam Japonya&#8217;da 160 bin deprem. T\u00fcrkiye&#8217;de ortalama her iki, \u00fc\u00e7 y\u0131lda bir 6 b\u00fcy\u00fckl\u00fc\u011f\u00fcnde deprem ya\u015fan\u0131yor. Marmara Denizi i\u00e7indeki kuzey fay kolunun tek par\u00e7adan olu\u015fmad\u0131\u011f\u0131 gibi, farkl\u0131 sismojenik \u00f6zellikler ta\u015f\u0131yan par\u00e7alardan meydana geliyor.<br \/>\n7.2&#8217;L\u0130K DEPREM UYARISI<\/p>\n<p>Marmara Denizi\u2019nde meydana gelecek b\u00fcy\u00fckl\u00fc\u011f\u00fc 7.2 olan bir depremin Marmara\u2019da k\u0131y\u0131s\u0131 bulunan 7 \u015fehir ve yerle\u015fim yerlerini etkileyece\u011fi, bu depremin istatistiksel olarak 2040 y\u0131l\u0131na kadar y\u00fczde 75 olas\u0131l\u0131kla, 2090 y\u0131l\u0131na kadar y\u00fczde 95 olas\u0131l\u0131kla meydana gelece\u011fini \u00f6ng\u00f6r\u00fcyoruz. Bu ise t\u00fcm Marmara B\u00f6lgesinin deprem riskinin azalt\u0131lmas\u0131na y\u00f6nelik olarak \u00e7al\u0131\u015fmalar\u0131n g\u00fcn ve g\u00fcn artt\u0131r\u0131larak s\u00fcrd\u00fcr\u00fclmesini, \u00f6zellikle depreme dayan\u0131ks\u0131z bina stokunun vakit kaybetmeden eritilmesi gerekti\u011fini zorunlu k\u0131l\u0131yor.<br \/>\nK\u00d6PR\u00dcLER VE BARAJLAR \u0130\u00c7\u0130N R\u0130SK VAR MI?<\/p>\n<p>Bo\u011faz K\u00f6pr\u00fclerinde depreme ba\u011fl\u0131 risk bulunmuyor. Barajlarda da s\u0131k\u0131nt\u0131l\u0131 bir durum \u015fuan i\u00e7in yok. \u0130stanbul&#8217;da riskli semtler yerine riskli yap\u0131lar olarak de\u011ferlendirme yapmak daha do\u011fru olur. Ayasofya, S\u00fcleymaniye, Sultanahmet, Topkap\u0131 Saray\u0131 gibi tarihi yap\u0131lar\u0131n depremde hasar g\u00f6rme riski bulunsa da y\u0131k\u0131lmalar\u0131 s\u00f6z konusu de\u011fil. Viyad\u00fckler, \u0130zmit Ge\u00e7i\u015f K\u00f6pr\u00fcs\u00fc, 3.K\u00f6pr\u00fc, Marmaray, Metrolar, yap\u0131m\u0131 d\u00fc\u015f\u00fcn\u00fclen Akkuyu N\u00fckleer Santrali ile stratejik yap\u0131lar depremde hasar g\u00f6rmeyecek \u015fekilde projelendirilmi\u015f yap\u0131lar. T\u00fcrkiye genelinde 247 noktada deprem alg\u0131lay\u0131c\u0131 istasyonlar\u0131m\u0131z var. Sismik a\u011f\u0131m\u0131z\u0131n deprem alg\u0131lama e\u015fi\u011fi son y\u0131llarda \u00f6nemli bir \u015fekilde d\u00fc\u015ft\u00fc. Yani deprem istasyonlar\u0131n\u0131 kurduk\u00e7a deprem alg\u0131lama hassasiyeti \u00f6nemli bir \u015fekilde olumlu y\u00f6nde geli\u015fti.&#8221;<\/p>\n<p>Kaynak : Odatv.com<\/p>\n"},"alt_text":"","media_type":"image","mime_type":"image\/jpeg","media_details":{"width":1200,"height":675,"file":"2024\/07\/1-17.jpg","sizes":{"medium":{"file":"1-17-300x169.jpg","width":300,"height":169,"mime_type":"image\/jpeg","source_url":"https:\/\/kilosorunum.com\/habercim\/wp-content\/uploads\/2024\/07\/1-17-300x169.jpg"},"large":{"file":"1-17-1024x576.jpg","width":1024,"height":576,"mime_type":"image\/jpeg","source_url":"https:\/\/kilosorunum.com\/habercim\/wp-content\/uploads\/2024\/07\/1-17-1024x576.jpg"},"thumbnail":{"file":"1-17-150x150.jpg","width":150,"height":150,"mime_type":"image\/jpeg","source_url":"https:\/\/kilosorunum.com\/habercim\/wp-content\/uploads\/2024\/07\/1-17-150x150.jpg"},"medium_large":{"file":"1-17-768x432.jpg","width":768,"height":432,"mime_type":"image\/jpeg","source_url":"https:\/\/kilosorunum.com\/habercim\/wp-content\/uploads\/2024\/07\/1-17-768x432.jpg"},"kucukResim":{"file":"1-17-80x50.jpg","width":80,"height":50,"mime_type":"image\/jpeg","source_url":"https:\/\/kilosorunum.com\/habercim\/wp-content\/uploads\/2024\/07\/1-17-80x50.jpg"},"sliderResim":{"file":"1-17-670x330.jpg","width":670,"height":330,"mime_type":"image\/jpeg","source_url":"https:\/\/kilosorunum.com\/habercim\/wp-content\/uploads\/2024\/07\/1-17-670x330.jpg"},"resim1":{"file":"1-17-184x140.jpg","width":184,"height":140,"mime_type":"image\/jpeg","source_url":"https:\/\/kilosorunum.com\/habercim\/wp-content\/uploads\/2024\/07\/1-17-184x140.jpg"},"resim2":{"file":"1-17-216x103.jpg","width":216,"height":103,"mime_type":"image\/jpeg","source_url":"https:\/\/kilosorunum.com\/habercim\/wp-content\/uploads\/2024\/07\/1-17-216x103.jpg"},"resim3":{"file":"1-17-145x70.jpg","width":145,"height":70,"mime_type":"image\/jpeg","source_url":"https:\/\/kilosorunum.com\/habercim\/wp-content\/uploads\/2024\/07\/1-17-145x70.jpg"},"sagSlider":{"file":"1-17-300x150.jpg","width":300,"height":150,"mime_type":"image\/jpeg","source_url":"https:\/\/kilosorunum.com\/habercim\/wp-content\/uploads\/2024\/07\/1-17-300x150.jpg"},"yeniSlider":{"file":"1-17-500x290.jpg","width":500,"height":290,"mime_type":"image\/jpeg","source_url":"https:\/\/kilosorunum.com\/habercim\/wp-content\/uploads\/2024\/07\/1-17-500x290.jpg"},"full":{"file":"1-17.jpg","width":1200,"height":675,"mime_type":"image\/jpeg","source_url":"https:\/\/kilosorunum.com\/habercim\/wp-content\/uploads\/2024\/07\/1-17.jpg"}},"image_meta":{"aperture":"0","credit":"","camera":"","caption":"","created_timestamp":"0","copyright":"","focal_length":"0","iso":"0","shutter_speed":"0","title":"","orientation":"0","keywords":[]}},"post":26757,"source_url":"https:\/\/kilosorunum.com\/habercim\/wp-content\/uploads\/2024\/07\/1-17.jpg","_links":{"self":[{"href":"https:\/\/kilosorunum.com\/habercim\/wp-json\/wp\/v2\/media\/26759"}],"collection":[{"href":"https:\/\/kilosorunum.com\/habercim\/wp-json\/wp\/v2\/media"}],"about":[{"href":"https:\/\/kilosorunum.com\/habercim\/wp-json\/wp\/v2\/types\/attachment"}],"author":[{"embeddable":true,"href":"https:\/\/kilosorunum.com\/habercim\/wp-json\/wp\/v2\/users\/2"}],"replies":[{"embeddable":true,"href":"https:\/\/kilosorunum.com\/habercim\/wp-json\/wp\/v2\/comments?post=26759"}]}}