{"id":27541,"date":"2024-08-01T22:02:01","date_gmt":"2024-08-01T19:02:01","guid":{"rendered":"https:\/\/kilosorunum.com\/habercim\/wp-content\/uploads\/2024\/08\/1-15-768x201-12.jpg"},"modified":"2024-08-01T22:03:05","modified_gmt":"2024-08-01T19:03:05","slug":"1-15-768x201-247","status":"inherit","type":"attachment","link":"https:\/\/kilosorunum.com\/habercim\/foto-galeri\/yenilenen-tablo-yayimlandi\/attachment\/1-15-768x201-247\/","title":{"rendered":"Yenilenen tablo yay\u0131mland\u0131"},"author":2,"comment_status":"open","ping_status":"closed","template":"","meta":[],"description":{"rendered":"<p class=\"attachment\"><a href='https:\/\/kilosorunum.com\/habercim\/wp-content\/uploads\/2024\/08\/1-15-768x201-12.jpg'><img width=\"300\" height=\"79\" src=\"https:\/\/kilosorunum.com\/habercim\/wp-content\/uploads\/2024\/08\/1-15-768x201-12-300x79.jpg\" class=\"attachment-medium size-medium\" alt=\"\" loading=\"lazy\" srcset=\"https:\/\/kilosorunum.com\/habercim\/wp-content\/uploads\/2024\/08\/1-15-768x201-12-300x79.jpg 300w, https:\/\/kilosorunum.com\/habercim\/wp-content\/uploads\/2024\/08\/1-15-768x201-12.jpg 768w\" sizes=\"(max-width: 300px) 100vw, 300px\" \/><\/a><\/p>\n"},"caption":{"rendered":"<p>Aile ve Sosyal Hizmetler Bakan\u0131 Mahinur \u00d6zdemir G\u00f6kta\u015f, sosyal yard\u0131m \u00f6demelerinde \u00f6nemli d\u00fczenlemelerin yap\u0131ld\u0131\u011f\u0131n\u0131 a\u00e7\u0131klad\u0131. Temmuz ay\u0131 itibar\u0131yla ge\u00e7erli olacak yeni d\u00fczenlemelerle birlikte ya\u015fl\u0131 ayl\u0131\u011f\u0131 ve engelli yard\u0131mlar\u0131 yeniden belirlendi. Bakan G\u00f6kta\u015f&#8217;\u0131n a\u00e7\u0131klamas\u0131na g\u00f6re, ya\u015fl\u0131 ayl\u0131\u011f\u0131 3 bin 504 liradan 4 bin 181 liraya y\u00fckseltildi. Y\u00fczde 40-69 aras\u0131 engelli oran\u0131na sahip vatanda\u015flar\u0131n ayl\u0131\u011f\u0131 ise 2 bin 797 liradan 3 bin 338 liraya \u00e7\u0131kar\u0131ld\u0131. Y\u00fczde 70 ve \u00fczeri engelli raporu bulunanlar\u0131n ayl\u0131k yard\u0131m\u0131 da 4 bin 196 liradan 5 bin 7 liraya \u00e7\u0131kar\u0131ld\u0131. Emekli ve memur maa\u015f\u0131 alan milyonlarca vatanda\u015f, zaml\u0131 maa\u015flar\u0131n\u0131 alman\u0131n mutlulu\u011funu ya\u015f\u0131yor. Temmuz 2024 itibariyle g\u00fcncellenen maa\u015flar, emekliler aras\u0131nda b\u00fcy\u00fck bir memnuniyet yaratm\u0131\u015ft\u0131. Ancak refah pay\u0131 konusu ile ilgiliki belirsizlikler devam ederken, emekliler Ocak Ay\u0131 2024 maa\u015f zamm\u0131 \u00f6n g\u00f6r\u00fclerini yapmaya ba\u015flad\u0131lar. T\u00fcrkiye Cumhuriyeti Merkez Bankas\u0131&#8217;ndan gelen enflasyon \u00f6n g\u00f6r\u00fcleri, emekli maa\u015f zamm\u0131n\u0131n m\u00fchim bir g\u00f6stergesi olarak de\u011ferlendiriliyor. Y\u0131l sonu enflasyon beklentisi %42.95&#8217;e revize edildi. Bu durumda, emeklilere Ocak ay\u0131nda ne kadar zam uygulanaca\u011f\u0131 merak konusu. Refah payi konusu ile ilgili ise \u015fimdilik resmi bir a\u00e7\u0131klama yap\u0131lmam\u0131\u015f olsa da, birtak\u0131m sosyal emniyet eksperleri \u00f6n\u00fcm\u00fczdeki zamanlarda Cumhurba\u015fkan\u0131 Erdo\u011fan&#8217;\u0131n yeni zam oranlar\u0131n\u0131 a\u00e7\u0131klayabilece\u011fini iddia ediyorlar. Emekliler, ge\u00e7im sorunu ya\u015fad\u0131klar\u0131n\u0131 s\u00f6yleyerek refah payi taleplerini dile getiriyorlar. Son olarak, en d\u00fc\u015f\u00fck emekli maa\u015f\u0131 10.000 TL&#8217;den 12.500 TL&#8217;ye y\u00fckseltilmi\u015fti ve \u015fimdi k\u00f6k maa\u015flara refah payi beklentisi artm\u0131\u015f durumda. Ocak Ay\u0131 2025 amac\u0131yla ise emekli maa\u015f zamm\u0131 tablosu \u015fekillenmeye ba\u015flad\u0131. T\u00fcrkiye Cumhuriyeti Merkez Bankas\u0131&#8217;n\u0131n pazar kat\u0131l\u0131mc\u0131 anketi sonu\u00e7lar\u0131na g\u00f6re, y\u0131lsonu enflasyonunun %42.95 olmas\u0131 durumunda, emeklilere senenin ikinci %50 sinde %14.60 enflasyon zamm\u0131 verilece\u011fi \u00f6n g\u00f6r\u00fc ediliyor. Kesin oranlar ise 3 Ocak Ay\u0131 2025 tarihinde T\u00fcrkiye \u0130statistik Kurumu do\u011frulusunda a\u00e7\u0131klanacak enflasyon rakamlar\u0131yla netlik kazanacak. Evde Bak\u0131m Yard\u0131m\u0131 tutar\u0131 da 7 bin 608 liradan 9 bin 77 liraya y\u00fckseltildi. Koruyucu ailelere yap\u0131lan \u00f6demelerin ayl\u0131k ortalama tutar\u0131 ise 8 bin 515 liradan 10 bin 159 liraya \u00e7\u0131kar\u0131ld\u0131. Sosyo Ekonomik Destek hizmetinde \u00e7ocuk ba\u015f\u0131na ekonomik destek tutar\u0131 ortalama 5 bin 330 liradan 6 bin 360 liraya y\u00fckseltildi. A\u011f\u0131r silikozis ayl\u0131\u011f\u0131 da 7 bin 698 liradan 9 bin 185 liraya y\u00fckseltildi\u011fi belirtildi. Bu g\u00fcncellemeler, temmuz ay\u0131 \u00f6demelerinden itibaren a\u011fustos d\u00f6neminde yans\u0131t\u0131lacak. Bakan G\u00f6kta\u015f ayr\u0131ca, T\u00fcrkiye&#8217;nin gen\u00e7 ve dinamik n\u00fcfusa sahip oldu\u011funu ancak do\u011furganl\u0131k oran\u0131ndaki d\u00fc\u015f\u00fc\u015f\u00fcn ileri y\u0131llarda \u00fclke i\u00e7in ciddi bir risk te\u015fkil etti\u011fini vurgulayarak, konuyla ilgili detayl\u0131 \u00e7al\u0131\u015fmalar yap\u0131ld\u0131\u011f\u0131n\u0131 belirtti. Aile ve N\u00fcfus Politikalar\u0131 Daire Ba\u015fkanl\u0131\u011f\u0131&#8217;n\u0131n bu konuda yurt i\u00e7i ve yurt d\u0131\u015f\u0131 modelleri inceledi\u011fi ve do\u011furganl\u0131k oranlar\u0131ndaki d\u00fc\u015f\u00fc\u015f\u00fcn nedenlerini ara\u015ft\u0131rd\u0131\u011f\u0131 da ifade edildi.<\/p>\n<p>Kaynak : haberzamani.com<\/p>\n"},"alt_text":"","media_type":"image","mime_type":"image\/jpeg","media_details":{"width":768,"height":201,"file":"2024\/08\/1-15-768x201-12.jpg","sizes":{"medium":{"file":"1-15-768x201-12-300x79.jpg","width":300,"height":79,"mime_type":"image\/jpeg","source_url":"https:\/\/kilosorunum.com\/habercim\/wp-content\/uploads\/2024\/08\/1-15-768x201-12-300x79.jpg"},"thumbnail":{"file":"1-15-768x201-12-150x150.jpg","width":150,"height":150,"mime_type":"image\/jpeg","source_url":"https:\/\/kilosorunum.com\/habercim\/wp-content\/uploads\/2024\/08\/1-15-768x201-12-150x150.jpg"},"kucukResim":{"file":"1-15-768x201-12-80x50.jpg","width":80,"height":50,"mime_type":"image\/jpeg","source_url":"https:\/\/kilosorunum.com\/habercim\/wp-content\/uploads\/2024\/08\/1-15-768x201-12-80x50.jpg"},"sliderResim":{"file":"1-15-768x201-12-670x201.jpg","width":670,"height":201,"mime_type":"image\/jpeg","source_url":"https:\/\/kilosorunum.com\/habercim\/wp-content\/uploads\/2024\/08\/1-15-768x201-12-670x201.jpg"},"resim1":{"file":"1-15-768x201-12-184x140.jpg","width":184,"height":140,"mime_type":"image\/jpeg","source_url":"https:\/\/kilosorunum.com\/habercim\/wp-content\/uploads\/2024\/08\/1-15-768x201-12-184x140.jpg"},"resim2":{"file":"1-15-768x201-12-216x103.jpg","width":216,"height":103,"mime_type":"image\/jpeg","source_url":"https:\/\/kilosorunum.com\/habercim\/wp-content\/uploads\/2024\/08\/1-15-768x201-12-216x103.jpg"},"resim3":{"file":"1-15-768x201-12-145x70.jpg","width":145,"height":70,"mime_type":"image\/jpeg","source_url":"https:\/\/kilosorunum.com\/habercim\/wp-content\/uploads\/2024\/08\/1-15-768x201-12-145x70.jpg"},"sagSlider":{"file":"1-15-768x201-12-300x150.jpg","width":300,"height":150,"mime_type":"image\/jpeg","source_url":"https:\/\/kilosorunum.com\/habercim\/wp-content\/uploads\/2024\/08\/1-15-768x201-12-300x150.jpg"},"yeniSlider":{"file":"1-15-768x201-12-500x201.jpg","width":500,"height":201,"mime_type":"image\/jpeg","source_url":"https:\/\/kilosorunum.com\/habercim\/wp-content\/uploads\/2024\/08\/1-15-768x201-12-500x201.jpg"},"full":{"file":"1-15-768x201-12.jpg","width":768,"height":201,"mime_type":"image\/jpeg","source_url":"https:\/\/kilosorunum.com\/habercim\/wp-content\/uploads\/2024\/08\/1-15-768x201-12.jpg"}},"image_meta":{"aperture":"0","credit":"","camera":"","caption":"","created_timestamp":"0","copyright":"","focal_length":"0","iso":"0","shutter_speed":"0","title":"","orientation":"0","keywords":[]}},"post":27539,"source_url":"https:\/\/kilosorunum.com\/habercim\/wp-content\/uploads\/2024\/08\/1-15-768x201-12.jpg","_links":{"self":[{"href":"https:\/\/kilosorunum.com\/habercim\/wp-json\/wp\/v2\/media\/27541"}],"collection":[{"href":"https:\/\/kilosorunum.com\/habercim\/wp-json\/wp\/v2\/media"}],"about":[{"href":"https:\/\/kilosorunum.com\/habercim\/wp-json\/wp\/v2\/types\/attachment"}],"author":[{"embeddable":true,"href":"https:\/\/kilosorunum.com\/habercim\/wp-json\/wp\/v2\/users\/2"}],"replies":[{"embeddable":true,"href":"https:\/\/kilosorunum.com\/habercim\/wp-json\/wp\/v2\/comments?post=27541"}]}}