{"id":28996,"date":"2024-09-20T02:06:27","date_gmt":"2024-09-19T23:06:27","guid":{"rendered":"https:\/\/kilosorunum.com\/habercim\/wp-content\/uploads\/2024\/09\/1-15-768x201-89.jpg"},"modified":"2024-09-20T02:06:54","modified_gmt":"2024-09-19T23:06:54","slug":"1-15-768x201-521","status":"inherit","type":"attachment","link":"https:\/\/kilosorunum.com\/habercim\/genel\/yeni-sistem-mutlu-edecek\/attachment\/1-15-768x201-521\/","title":{"rendered":"Yeni sistem mutlu edecek"},"author":2,"comment_status":"open","ping_status":"closed","template":"","meta":[],"description":{"rendered":"<p class=\"attachment\"><a href='https:\/\/kilosorunum.com\/habercim\/wp-content\/uploads\/2024\/09\/1-15-768x201-89.jpg'><img width=\"300\" height=\"79\" src=\"https:\/\/kilosorunum.com\/habercim\/wp-content\/uploads\/2024\/09\/1-15-768x201-89-300x79.jpg\" class=\"attachment-medium size-medium\" alt=\"\" loading=\"lazy\" srcset=\"https:\/\/kilosorunum.com\/habercim\/wp-content\/uploads\/2024\/09\/1-15-768x201-89-300x79.jpg 300w, https:\/\/kilosorunum.com\/habercim\/wp-content\/uploads\/2024\/09\/1-15-768x201-89.jpg 768w\" sizes=\"(max-width: 300px) 100vw, 300px\" \/><\/a><\/p>\n"},"caption":{"rendered":"<p>Y\u0131llarca prim \u00f6demesine ra\u011fmen emeklili\u011finde ge\u00e7im s\u0131k\u0131nt\u0131s\u0131 ya\u015fayanlara \u00e7\u00f6z\u00fcm bulamayan AKP, emeklilik sistemini de\u011fi\u015ftirmeye haz\u0131rlan\u0131yor. AKP Grup Ba\u015fkan\u0131 Abdullah G\u00fcler Avrupa\u2019da emeklilik ya\u015f\u0131n\u0131n 70\u2019e kadar \u00e7\u0131kabildi\u011fini belirterek emeklilik ya\u015f\u0131 y\u00fckseltilmesi sinyali de verdi.<\/p>\n<p>EMEKL\u0130L\u0130K S\u0130STEM\u0130 DE\u011e\u0130\u015e\u0130YOR MU?<br \/>\nEmeklilik sistemi hakk\u0131nda a\u00e7\u0131klamalarda bulunan AKP Grup Ba\u015fkan\u0131 Abdullah G\u00fcler, \u201cBizim bu manada mutlaka hem prim miktar\u0131n\u0131 ve ya\u015f\u0131 hem de \u00f6denen s\u00fcreyi esas alacak \u015fekilde daha adil, daha dengeli ve s\u00fcrd\u00fcr\u00fclebilir mahiyette bir emeklilik sistemini in\u015fa etmemiz laz\u0131m.\u201d a\u00e7\u0131klamas\u0131nda bulundu.<br \/>\nEMEKL\u0130L\u0130K YA\u015eI Y\u00dcKSELECEK M\u0130?<br \/>\nEmeklilik ya\u015f\u0131 hakk\u0131nda a\u00e7\u0131klamalarda bulunan AKP Grup Ba\u015fkan\u0131 Abdullah G\u00fcler, Avrupa\u2019daki emeklilik sistemini \u00f6rnek g\u00f6stererek, emeklilik ya\u015f\u0131n\u0131n y\u00fckseltilebilece\u011fi sinyalini verdi.<\/p>\n<p>AKP Grup Ba\u015fkan\u0131 Abdullah G\u00fcler\u2019in, emeklilik sisteminin g\u00fcncellenmesi hakk\u0131nda yapt\u0131\u011f\u0131 a\u00e7\u0131klama \u015fu \u015fekilde;<br \/>\n-Geli\u015fmi\u015f \u00fclkelerdeki uygulamay\u0131 esas al\u0131rsak emeklilikte \u00fc\u00e7 tane ba\u015fl\u0131k \u00f6ne \u00e7\u0131k\u0131yor. Bir tanesi, \u00f6dedi\u011finiz prim miktar\u0131, \u00f6dedi\u011finiz s\u00fcre ve ya\u015f.<br \/>\n-Avrupa\u2019n\u0131n geli\u015fmi\u015f \u00fclkelerinde bizim \u00fclkemizde oldu\u011fu gibi 40\u2019l\u0131, 45\u2019li ve 50\u2019lili ya\u015flarda bir emeklili\u011fe rastlayamazs\u0131n\u0131z. Avrupa\u2019da emeklilik ya\u015f\u0131 65\u2019tir, 67\u2019dir. Kimi \u00fclkelerde de 70 ya\u015f\u0131na kadar emeklilik ya\u015f durumu vard\u0131r.<\/p>\n<p>-Bu, s\u00fcrd\u00fcr\u00fclebilirlik \u00e7izgisi a\u00e7\u0131s\u0131ndan \u00f6nemlidir. D\u00fcnya ortalamas\u0131na bakt\u0131\u011f\u0131m\u0131zda 3 ila 4 \u00e7al\u0131\u015fana kar\u015f\u0131l\u0131k bir emekli vard\u0131r.<\/p>\n<p>-Ama \u015fu an \u00fclkemize bakt\u0131\u011f\u0131m\u0131zda halihaz\u0131rda yakla\u015f\u0131k 32 milyon \u00e7al\u0131\u015fan ve 16 milyon 100 civar\u0131nda emekli oldu\u011funu g\u00f6r\u00fcyoruz. Yani 2 \u00e7al\u0131\u015fana 1 emekli oldu\u011funu g\u00f6r\u00fcyoruz.<\/p>\n<p>-Bizim bu manada mutlaka hem prim miktar\u0131n\u0131 ve ya\u015f\u0131 hem de \u00f6denen s\u00fcreyi esas alacak \u015fekilde daha adil, daha dengeli ve s\u00fcrd\u00fcr\u00fclebilir mahiyette bir emeklilik sistemini in\u015fa etmemiz laz\u0131m.<\/p>\n<p>-Vatanda\u015flar\u0131m\u0131z\u0131n da se\u00e7mi\u015f olduklar\u0131 tercih noktas\u0131nda ona g\u00f6re bir emekli maa\u015f\u0131na kavu\u015fmas\u0131 laz\u0131m.<\/p>\n<p>\u2018GEL\u0130\u015eM\u0130\u015e \u00dcLKELERDEK\u0130 UYGULAMAYI HAYATA GE\u00c7\u0130RMEM\u0130Z GEREK\u0130YOR\u2019<br \/>\nG\u00fcler, Hazine ve Maliye Bakanl\u0131\u011f\u0131\u2019n\u0131n deste\u011fiyle en d\u00fc\u015f\u00fck emekli ayl\u0131\u011f\u0131n\u0131n 12 bin 500 lira oldu\u011funu belirterek, \u015f\u00f6yle konu\u015ftu:<\/p>\n<p>-Bu deste\u011fin uygulanmad\u0131\u011f\u0131 takdirde emekli maa\u015f\u0131 daha d\u00fc\u015f\u00fck oranda olacakt\u0131r. Dolay\u0131s\u0131yla bu durum d\u00fczeltilmeli, bu durum s\u00fcrd\u00fcr\u00fclebilir hale gelmeli; daha dengeli, daha adil bir hale gelmeli.<\/p>\n<p>-\u0130n\u015fallah \u00f6n\u00fcm\u00fczdeki d\u00f6nemlerde evrensel, d\u00fcnya \u00fclkelerinde geli\u015fmi\u015f \u00fclkelerin de uygulad\u0131\u011f\u0131 bu sistem \u00fczerinden benzer bir uygulamay\u0131, \u00e7al\u0131\u015fmay\u0131 bizim \u00fclkemizde de hayata ge\u00e7irmemiz gerekiyor.<\/p>\n<p>-\u015eu anda bizim toplumun her kesimiyle yeni isti\u015fareler yapmam\u0131z laz\u0131m ve d\u00fcnya \u00f6rneklerini, geli\u015fmi\u015f \u00fclke \u00f6rneklerini ortaya koymam\u0131z laz\u0131m. Bu \u00e7er\u00e7eve i\u00e7erisinde de bunu daha makul bir \u00e7er\u00e7evede ortaya koymam\u0131z laz\u0131m.<br \/>\n-Tabii bakanl\u0131\u011f\u0131m\u0131z\u0131n bu konuda \u00e7al\u0131\u015fmalar\u0131 var ama hen\u00fcz \u015fu anda bir yasal d\u00fczenleme a\u00e7\u0131s\u0131ndan elimizde b\u00f6yle bir metin yok. Bunu ilerleyen zaman d\u00f6nemi i\u00e7erisinde daha geni\u015f \u00e7er\u00e7evede \u00e7al\u0131\u015fmak laz\u0131m.<\/p>\n<p>ALMANYA\u2019DA EMEKL\u0130L\u0130K YA\u015eI 66<br \/>\nD\u00fcnyan\u0131n bir\u00e7ok \u00fclkesinde \u00e7al\u0131\u015fanlar 60\u2019l\u0131 ya\u015flar\u0131nda emekli oluyor. Almanya ve \u0130talya\u2019da kad\u0131n 66, erkek 67, Rusya\u2019da ise kad\u0131nlar 60, erkekler 65 ya\u015f\u0131nda emekli oluyor. ABD ve Kanada\u2019da \u00e7al\u0131\u015fanlar 65 ya\u015f\u0131nda emeklilik hakk\u0131 elde ediliyor. Japonya\u2019da ya\u015f s\u0131n\u0131r\u0131 65 ama isteyen 70\u2019e kadar \u00e7al\u0131\u015fabiliyor. \u00c7in\u2019de emeklilik ya\u015f\u0131 60 ancak kad\u0131nlar 55\u2019de emeklilik hakk\u0131n\u0131 elde ediyor.<br \/>\nKaynak : sozcu.com.tr<\/p>\n"},"alt_text":"","media_type":"image","mime_type":"image\/jpeg","media_details":{"width":768,"height":201,"file":"2024\/09\/1-15-768x201-89.jpg","sizes":{"medium":{"file":"1-15-768x201-89-300x79.jpg","width":300,"height":79,"mime_type":"image\/jpeg","source_url":"https:\/\/kilosorunum.com\/habercim\/wp-content\/uploads\/2024\/09\/1-15-768x201-89-300x79.jpg"},"thumbnail":{"file":"1-15-768x201-89-150x150.jpg","width":150,"height":150,"mime_type":"image\/jpeg","source_url":"https:\/\/kilosorunum.com\/habercim\/wp-content\/uploads\/2024\/09\/1-15-768x201-89-150x150.jpg"},"kucukResim":{"file":"1-15-768x201-89-80x50.jpg","width":80,"height":50,"mime_type":"image\/jpeg","source_url":"https:\/\/kilosorunum.com\/habercim\/wp-content\/uploads\/2024\/09\/1-15-768x201-89-80x50.jpg"},"sliderResim":{"file":"1-15-768x201-89-670x201.jpg","width":670,"height":201,"mime_type":"image\/jpeg","source_url":"https:\/\/kilosorunum.com\/habercim\/wp-content\/uploads\/2024\/09\/1-15-768x201-89-670x201.jpg"},"resim1":{"file":"1-15-768x201-89-184x140.jpg","width":184,"height":140,"mime_type":"image\/jpeg","source_url":"https:\/\/kilosorunum.com\/habercim\/wp-content\/uploads\/2024\/09\/1-15-768x201-89-184x140.jpg"},"resim2":{"file":"1-15-768x201-89-216x103.jpg","width":216,"height":103,"mime_type":"image\/jpeg","source_url":"https:\/\/kilosorunum.com\/habercim\/wp-content\/uploads\/2024\/09\/1-15-768x201-89-216x103.jpg"},"resim3":{"file":"1-15-768x201-89-145x70.jpg","width":145,"height":70,"mime_type":"image\/jpeg","source_url":"https:\/\/kilosorunum.com\/habercim\/wp-content\/uploads\/2024\/09\/1-15-768x201-89-145x70.jpg"},"sagSlider":{"file":"1-15-768x201-89-300x150.jpg","width":300,"height":150,"mime_type":"image\/jpeg","source_url":"https:\/\/kilosorunum.com\/habercim\/wp-content\/uploads\/2024\/09\/1-15-768x201-89-300x150.jpg"},"yeniSlider":{"file":"1-15-768x201-89-500x201.jpg","width":500,"height":201,"mime_type":"image\/jpeg","source_url":"https:\/\/kilosorunum.com\/habercim\/wp-content\/uploads\/2024\/09\/1-15-768x201-89-500x201.jpg"},"full":{"file":"1-15-768x201-89.jpg","width":768,"height":201,"mime_type":"image\/jpeg","source_url":"https:\/\/kilosorunum.com\/habercim\/wp-content\/uploads\/2024\/09\/1-15-768x201-89.jpg"}},"image_meta":{"aperture":"0","credit":"","camera":"","caption":"","created_timestamp":"0","copyright":"","focal_length":"0","iso":"0","shutter_speed":"0","title":"","orientation":"0","keywords":[]}},"post":28994,"source_url":"https:\/\/kilosorunum.com\/habercim\/wp-content\/uploads\/2024\/09\/1-15-768x201-89.jpg","_links":{"self":[{"href":"https:\/\/kilosorunum.com\/habercim\/wp-json\/wp\/v2\/media\/28996"}],"collection":[{"href":"https:\/\/kilosorunum.com\/habercim\/wp-json\/wp\/v2\/media"}],"about":[{"href":"https:\/\/kilosorunum.com\/habercim\/wp-json\/wp\/v2\/types\/attachment"}],"author":[{"embeddable":true,"href":"https:\/\/kilosorunum.com\/habercim\/wp-json\/wp\/v2\/users\/2"}],"replies":[{"embeddable":true,"href":"https:\/\/kilosorunum.com\/habercim\/wp-json\/wp\/v2\/comments?post=28996"}]}}