{"id":33560,"date":"2025-03-22T23:52:10","date_gmt":"2025-03-22T20:52:10","guid":{"rendered":"https:\/\/kilosorunum.com\/habercim\/wp-content\/uploads\/2025\/03\/1-15-768x201-49.jpg"},"modified":"2025-03-22T23:53:45","modified_gmt":"2025-03-22T20:53:45","slug":"1-15-768x201-1017","status":"inherit","type":"attachment","link":"https:\/\/kilosorunum.com\/habercim\/genel\/izmirde-yasananlar-ile-ilgili\/attachment\/1-15-768x201-1017\/","title":{"rendered":"\u0130zmir&#8217;de ya\u015fananlar ile ilgili"},"author":2,"comment_status":"open","ping_status":"closed","template":"","meta":[],"description":{"rendered":"<p class=\"attachment\"><a href='https:\/\/kilosorunum.com\/habercim\/wp-content\/uploads\/2025\/03\/1-15-768x201-49.jpg'><img width=\"300\" height=\"79\" src=\"https:\/\/kilosorunum.com\/habercim\/wp-content\/uploads\/2025\/03\/1-15-768x201-49-300x79.jpg\" class=\"attachment-medium size-medium\" alt=\"\" loading=\"lazy\" srcset=\"https:\/\/kilosorunum.com\/habercim\/wp-content\/uploads\/2025\/03\/1-15-768x201-49-300x79.jpg 300w, https:\/\/kilosorunum.com\/habercim\/wp-content\/uploads\/2025\/03\/1-15-768x201-49.jpg 768w\" sizes=\"(max-width: 300px) 100vw, 300px\" \/><\/a><\/p>\n"},"caption":{"rendered":"<p>\u0130zmir\u2019in Buca il\u00e7esinde, minib\u00fcsle otomobilin \u00e7arp\u0131\u015ft\u0131\u011f\u0131 kazada 2 ki\u015fi \u00f6ld\u00fc, 2 ki\u015fi yaraland\u0131. Polis, kazaya ili\u015fkin soru\u015fturma ba\u015flatt\u0131. Kaza, saat 04.00 s\u0131ralar\u0131nda, \u0130\u015f\u00e7ievleri Mahallesi 361 Sokak ile Fevzi \u00c7akmak Caddesi\u2019nin kesi\u015fiminde meydana geldi. S\u00fcr\u00fcc\u00fcs\u00fc hen\u00fcz \u00f6\u011frenilemeyen 35 AOE 404 plakal\u0131 otomobil 361 Sokak&#8217;tan \u00e7\u0131kt\u0131\u011f\u0131 s\u0131rada Fevzi \u00c7akmak Caddesi&#8217;nden gelen 35 BS\u0130 475 plakal\u0131 minib\u00fcs ile \u00e7arp\u0131\u015ft\u0131. Kazada ters d\u00f6nen otomobilde arkada\u015f olduklar\u0131 \u00f6\u011frenilen 3 ki\u015fi ile minib\u00fcs s\u00fcr\u00fcc\u00fcs\u00fc yaraland\u0131. \u0130hbar \u00fczerine kaza yerine sa\u011fl\u0131k ve polis ekipleri sevk edildi. Yaral\u0131lar, ambulanslarla Buca Seyfi Demirsoy E\u011fitim ve Ara\u015ft\u0131rma Hastanesi&#8217;ne kald\u0131r\u0131ld\u0131. Tedaviye al\u0131nan yaral\u0131lardan \u0130smail Altay (40) ve Altan Y\u0131ld\u0131r\u0131m (37), doktorlar\u0131n t\u00fcm \u00e7abas\u0131na kar\u015f\u0131n kurtar\u0131lamad\u0131. 2 yaral\u0131n\u0131n ise tedavisinin s\u00fcrd\u00fc\u011f\u00fc bildirildi. Polis, kazaya ili\u015fkin soru\u015fturma ba\u015flatt\u0131.<\/p>\n<p>Kaynak : milliyet.com.tr<\/p>\n"},"alt_text":"","media_type":"image","mime_type":"image\/jpeg","media_details":{"width":768,"height":201,"file":"2025\/03\/1-15-768x201-49.jpg","sizes":{"medium":{"file":"1-15-768x201-49-300x79.jpg","width":300,"height":79,"mime_type":"image\/jpeg","source_url":"https:\/\/kilosorunum.com\/habercim\/wp-content\/uploads\/2025\/03\/1-15-768x201-49-300x79.jpg"},"thumbnail":{"file":"1-15-768x201-49-150x150.jpg","width":150,"height":150,"mime_type":"image\/jpeg","source_url":"https:\/\/kilosorunum.com\/habercim\/wp-content\/uploads\/2025\/03\/1-15-768x201-49-150x150.jpg"},"kucukResim":{"file":"1-15-768x201-49-80x50.jpg","width":80,"height":50,"mime_type":"image\/jpeg","source_url":"https:\/\/kilosorunum.com\/habercim\/wp-content\/uploads\/2025\/03\/1-15-768x201-49-80x50.jpg"},"sliderResim":{"file":"1-15-768x201-49-670x201.jpg","width":670,"height":201,"mime_type":"image\/jpeg","source_url":"https:\/\/kilosorunum.com\/habercim\/wp-content\/uploads\/2025\/03\/1-15-768x201-49-670x201.jpg"},"resim1":{"file":"1-15-768x201-49-184x140.jpg","width":184,"height":140,"mime_type":"image\/jpeg","source_url":"https:\/\/kilosorunum.com\/habercim\/wp-content\/uploads\/2025\/03\/1-15-768x201-49-184x140.jpg"},"resim2":{"file":"1-15-768x201-49-216x103.jpg","width":216,"height":103,"mime_type":"image\/jpeg","source_url":"https:\/\/kilosorunum.com\/habercim\/wp-content\/uploads\/2025\/03\/1-15-768x201-49-216x103.jpg"},"resim3":{"file":"1-15-768x201-49-145x70.jpg","width":145,"height":70,"mime_type":"image\/jpeg","source_url":"https:\/\/kilosorunum.com\/habercim\/wp-content\/uploads\/2025\/03\/1-15-768x201-49-145x70.jpg"},"sagSlider":{"file":"1-15-768x201-49-300x150.jpg","width":300,"height":150,"mime_type":"image\/jpeg","source_url":"https:\/\/kilosorunum.com\/habercim\/wp-content\/uploads\/2025\/03\/1-15-768x201-49-300x150.jpg"},"yeniSlider":{"file":"1-15-768x201-49-500x201.jpg","width":500,"height":201,"mime_type":"image\/jpeg","source_url":"https:\/\/kilosorunum.com\/habercim\/wp-content\/uploads\/2025\/03\/1-15-768x201-49-500x201.jpg"},"full":{"file":"1-15-768x201-49.jpg","width":768,"height":201,"mime_type":"image\/jpeg","source_url":"https:\/\/kilosorunum.com\/habercim\/wp-content\/uploads\/2025\/03\/1-15-768x201-49.jpg"}},"image_meta":{"aperture":"0","credit":"","camera":"","caption":"","created_timestamp":"0","copyright":"","focal_length":"0","iso":"0","shutter_speed":"0","title":"","orientation":"0","keywords":[]}},"post":33558,"source_url":"https:\/\/kilosorunum.com\/habercim\/wp-content\/uploads\/2025\/03\/1-15-768x201-49.jpg","_links":{"self":[{"href":"https:\/\/kilosorunum.com\/habercim\/wp-json\/wp\/v2\/media\/33560"}],"collection":[{"href":"https:\/\/kilosorunum.com\/habercim\/wp-json\/wp\/v2\/media"}],"about":[{"href":"https:\/\/kilosorunum.com\/habercim\/wp-json\/wp\/v2\/types\/attachment"}],"author":[{"embeddable":true,"href":"https:\/\/kilosorunum.com\/habercim\/wp-json\/wp\/v2\/users\/2"}],"replies":[{"embeddable":true,"href":"https:\/\/kilosorunum.com\/habercim\/wp-json\/wp\/v2\/comments?post=33560"}]}}