{"id":33575,"date":"2025-03-23T12:39:08","date_gmt":"2025-03-23T09:39:08","guid":{"rendered":"https:\/\/kilosorunum.com\/habercim\/wp-content\/uploads\/2025\/03\/1-213.jpg"},"modified":"2025-03-23T12:39:33","modified_gmt":"2025-03-23T09:39:33","slug":"1-2367","status":"inherit","type":"attachment","link":"https:\/\/kilosorunum.com\/habercim\/genel\/il-ilk-uyarida-bulundu\/attachment\/1-2367\/","title":{"rendered":"\u0130l ilk uyar\u0131da bulundu"},"author":2,"comment_status":"open","ping_status":"closed","template":"","meta":[],"description":{"rendered":"<p class=\"attachment\"><a href='https:\/\/kilosorunum.com\/habercim\/wp-content\/uploads\/2025\/03\/1-213.jpg'><img width=\"300\" height=\"169\" src=\"https:\/\/kilosorunum.com\/habercim\/wp-content\/uploads\/2025\/03\/1-213-300x169.jpg\" class=\"attachment-medium size-medium\" alt=\"\" loading=\"lazy\" srcset=\"https:\/\/kilosorunum.com\/habercim\/wp-content\/uploads\/2025\/03\/1-213-300x169.jpg 300w, https:\/\/kilosorunum.com\/habercim\/wp-content\/uploads\/2025\/03\/1-213-1024x576.jpg 1024w, https:\/\/kilosorunum.com\/habercim\/wp-content\/uploads\/2025\/03\/1-213-768x432.jpg 768w, https:\/\/kilosorunum.com\/habercim\/wp-content\/uploads\/2025\/03\/1-213.jpg 1200w\" sizes=\"(max-width: 300px) 100vw, 300px\" \/><\/a><\/p>\n"},"caption":{"rendered":"<p>Meteoroloji Genel M\u00fcd\u00fcrl\u00fc\u011f\u00fc (MGM) taraf\u0131ndan yap\u0131lan son de\u011ferlendirmelere g\u00f6re; yurdun kuzey ve bat\u0131 kesimlerinin par\u00e7al\u0131 ve \u00e7ok bulutlu, Edirne, \u00c7anakkale, Bal\u0131kesir, \u0130zmir, Manisa, U\u015fak, Rize, Artvin ve Ardahan \u00e7evrelerinin ya\u011f\u0131\u015fl\u0131, di\u011fer yerlerin az bulutlu ge\u00e7ece\u011fi \u00f6ng\u00f6r\u00fcl\u00fcyor. Ya\u011f\u0131\u015flar\u0131n k\u0131y\u0131larda ya\u011fmur ve sa\u011fanak, i\u00e7 kesimlerde karla kar\u0131\u015f\u0131k ya\u011fmur ve kar \u015feklinde olmas\u0131 bekleniyor. Sabah ve gece saatlerinde i\u00e7 ve do\u011fu kesimlerde buzlanma ve don ile birlikte pus ve yer yer sis bekleniyor. Do\u011fu Karadeniz\u2019in i\u00e7 kesimleri ile Do\u011fu Anadolu\u2019nun y\u00fcksek kar \u00f6rt\u00fcs\u00fcne sahip e\u011fimli yama\u00e7lar\u0131nda \u00e7\u0131\u011f tehlikesi bulundu\u011fu aktar\u0131ld\u0131.<br \/>\nSabah ve gece saatlerinde i\u00e7 ve do\u011fu kesimlerde buzlanma ve don olay\u0131, Do\u011fu Karadeniz ve Do\u011fu Anadolu\u2019nun y\u00fcksek kar \u00f6rt\u00fcs\u00fcne sahip e\u011fimli yama\u00e7lar\u0131nda \u00e7\u0131\u011f tehlikesi bulundu\u011fundan heyelan, ula\u015f\u0131mda aksamalar ve kar erimesine ba\u011fl\u0131 olumsuzluklara kar\u015f\u0131 ilgililer ile yurtta\u015flar\u0131n dikkatli ve tedbirli olmalar\u0131 gerekti\u011fi belirtildi. Yap\u0131lan son de\u011ferlendirmelere g\u00f6re; \u0130\u00e7 Anadolu\u2019nun do\u011fusu, Karadeniz\u2019in i\u00e7 kesimleri ve Do\u011fu Anadolu\u2019da orta ve yer yer kuvvetli zirai don, \u0130\u00e7 Ege, \u0130\u00e7 Anadolu\u2019nun bat\u0131s\u0131 ve Akdeniz\u2019in i\u00e7 kesimlerinde hafif yer yer orta kuvvette zirai don, Pazar g\u00fcn\u00fc gece saatlerinde \u0130\u00e7 Anadolu\u2019nun do\u011fusu, Do\u011fu Anadolu ve Do\u011fu Karadeniz\u2019in i\u00e7 kesimlerinde zirai don hadisesi bekleniyor. Tar\u0131msal faaliyetlerle u\u011fra\u015fan yurtta\u015flar\u0131n Meteoroloji Genel M\u00fcd\u00fcrl\u00fc\u011f\u00fc taraf\u0131ndan il ve il\u00e7eler i\u00e7in haz\u0131rlanan s\u0131cakl\u0131k tahminleri dikkatle takip etmeleri ve zirai don tehlikesine kar\u015f\u0131 tedbirli olmalar\u0131 y\u00f6n\u00fcnde uyar\u0131da bulunuldu.<\/p>\n<p>Kaynak : cumhuriyet.com.tr<\/p>\n"},"alt_text":"","media_type":"image","mime_type":"image\/jpeg","media_details":{"width":1200,"height":675,"file":"2025\/03\/1-213.jpg","sizes":{"medium":{"file":"1-213-300x169.jpg","width":300,"height":169,"mime_type":"image\/jpeg","source_url":"https:\/\/kilosorunum.com\/habercim\/wp-content\/uploads\/2025\/03\/1-213-300x169.jpg"},"large":{"file":"1-213-1024x576.jpg","width":1024,"height":576,"mime_type":"image\/jpeg","source_url":"https:\/\/kilosorunum.com\/habercim\/wp-content\/uploads\/2025\/03\/1-213-1024x576.jpg"},"thumbnail":{"file":"1-213-150x150.jpg","width":150,"height":150,"mime_type":"image\/jpeg","source_url":"https:\/\/kilosorunum.com\/habercim\/wp-content\/uploads\/2025\/03\/1-213-150x150.jpg"},"medium_large":{"file":"1-213-768x432.jpg","width":768,"height":432,"mime_type":"image\/jpeg","source_url":"https:\/\/kilosorunum.com\/habercim\/wp-content\/uploads\/2025\/03\/1-213-768x432.jpg"},"kucukResim":{"file":"1-213-80x50.jpg","width":80,"height":50,"mime_type":"image\/jpeg","source_url":"https:\/\/kilosorunum.com\/habercim\/wp-content\/uploads\/2025\/03\/1-213-80x50.jpg"},"sliderResim":{"file":"1-213-670x330.jpg","width":670,"height":330,"mime_type":"image\/jpeg","source_url":"https:\/\/kilosorunum.com\/habercim\/wp-content\/uploads\/2025\/03\/1-213-670x330.jpg"},"resim1":{"file":"1-213-184x140.jpg","width":184,"height":140,"mime_type":"image\/jpeg","source_url":"https:\/\/kilosorunum.com\/habercim\/wp-content\/uploads\/2025\/03\/1-213-184x140.jpg"},"resim2":{"file":"1-213-216x103.jpg","width":216,"height":103,"mime_type":"image\/jpeg","source_url":"https:\/\/kilosorunum.com\/habercim\/wp-content\/uploads\/2025\/03\/1-213-216x103.jpg"},"resim3":{"file":"1-213-145x70.jpg","width":145,"height":70,"mime_type":"image\/jpeg","source_url":"https:\/\/kilosorunum.com\/habercim\/wp-content\/uploads\/2025\/03\/1-213-145x70.jpg"},"sagSlider":{"file":"1-213-300x150.jpg","width":300,"height":150,"mime_type":"image\/jpeg","source_url":"https:\/\/kilosorunum.com\/habercim\/wp-content\/uploads\/2025\/03\/1-213-300x150.jpg"},"yeniSlider":{"file":"1-213-500x290.jpg","width":500,"height":290,"mime_type":"image\/jpeg","source_url":"https:\/\/kilosorunum.com\/habercim\/wp-content\/uploads\/2025\/03\/1-213-500x290.jpg"},"full":{"file":"1-213.jpg","width":1200,"height":675,"mime_type":"image\/jpeg","source_url":"https:\/\/kilosorunum.com\/habercim\/wp-content\/uploads\/2025\/03\/1-213.jpg"}},"image_meta":{"aperture":"0","credit":"","camera":"","caption":"","created_timestamp":"0","copyright":"","focal_length":"0","iso":"0","shutter_speed":"0","title":"","orientation":"0","keywords":[]}},"post":33573,"source_url":"https:\/\/kilosorunum.com\/habercim\/wp-content\/uploads\/2025\/03\/1-213.jpg","_links":{"self":[{"href":"https:\/\/kilosorunum.com\/habercim\/wp-json\/wp\/v2\/media\/33575"}],"collection":[{"href":"https:\/\/kilosorunum.com\/habercim\/wp-json\/wp\/v2\/media"}],"about":[{"href":"https:\/\/kilosorunum.com\/habercim\/wp-json\/wp\/v2\/types\/attachment"}],"author":[{"embeddable":true,"href":"https:\/\/kilosorunum.com\/habercim\/wp-json\/wp\/v2\/users\/2"}],"replies":[{"embeddable":true,"href":"https:\/\/kilosorunum.com\/habercim\/wp-json\/wp\/v2\/comments?post=33575"}]}}