{"id":33716,"date":"2025-03-27T15:40:54","date_gmt":"2025-03-27T12:40:54","guid":{"rendered":"https:\/\/kilosorunum.com\/habercim\/wp-content\/uploads\/2025\/03\/1-247.jpg"},"modified":"2025-03-27T15:41:23","modified_gmt":"2025-03-27T12:41:23","slug":"1-2401","status":"inherit","type":"attachment","link":"https:\/\/kilosorunum.com\/habercim\/genel\/devlet-bahceli\/attachment\/1-2401\/","title":{"rendered":"Devlet Bah\u00e7eli"},"author":2,"comment_status":"open","ping_status":"closed","template":"","meta":[],"description":{"rendered":"<p class=\"attachment\"><a href='https:\/\/kilosorunum.com\/habercim\/wp-content\/uploads\/2025\/03\/1-247.jpg'><img width=\"300\" height=\"169\" src=\"https:\/\/kilosorunum.com\/habercim\/wp-content\/uploads\/2025\/03\/1-247-300x169.jpg\" class=\"attachment-medium size-medium\" alt=\"\" loading=\"lazy\" srcset=\"https:\/\/kilosorunum.com\/habercim\/wp-content\/uploads\/2025\/03\/1-247-300x169.jpg 300w, https:\/\/kilosorunum.com\/habercim\/wp-content\/uploads\/2025\/03\/1-247-1024x576.jpg 1024w, https:\/\/kilosorunum.com\/habercim\/wp-content\/uploads\/2025\/03\/1-247-768x432.jpg 768w, https:\/\/kilosorunum.com\/habercim\/wp-content\/uploads\/2025\/03\/1-247.jpg 1200w\" sizes=\"(max-width: 300px) 100vw, 300px\" \/><\/a><\/p>\n"},"caption":{"rendered":"<p>Yeni \u0130mral\u0131 s\u00fcrecinin mimar\u0131 MHP Lideri Devlet Bah\u00e7eli, 4 \u015eubat tarihinde rahats\u0131zl\u0131\u011f\u0131 nedeni ile hastaneye yat\u0131r\u0131lm\u0131\u015f ve 6 \u015eubat\u2019ta kalp kapak\u00e7\u0131\u011f\u0131 de\u011fi\u015fimi ameliyat\u0131 olmu\u015ftu. Bah\u00e7eli\u2019nin 10 g\u00fcn sonra 14 \u015eubat tarihinde taburcu edildi\u011fi duyurulmu\u015ftu. 4 \u015eubat tarihinden bu yana bas\u0131na hi\u00e7bir g\u00f6r\u00fcnt\u00fc vermeyen Bah\u00e7eli son grup toplant\u0131s\u0131n\u0131 da 28 Ocak tarihinde yapm\u0131\u015ft\u0131. Gazeteci Bahad\u0131r \u00d6zg\u00fcr, sunucu Didem Arslan Y\u0131lmaz\u2019\u0131n da Bah\u00e7eli ile g\u00f6r\u00fc\u015ft\u00fc\u011f\u00fcn\u00fc a\u00e7\u0131klam\u0131\u015ft\u0131. tv100 Ana Haber Sunucusu K\u00fcbra Par, canl\u0131 yay\u0131nda Bah\u00e7eli\u2019nin yard\u0131mc\u0131s\u0131 \u0130smail \u00d6zdemir\u2019den ald\u0131\u011f\u0131 son bilgiyi payla\u015ft\u0131: \u201cMHP Genel Ba\u015fkan Yard\u0131mc\u0131s\u0131 \u0130smail \u00d6zdemir\u2019den ald\u0131\u011f\u0131m\u0131z yeni bir bilgiye g\u00f6re \u2018Bayram sonras\u0131 genel ba\u015fkan\u0131m\u0131z in\u015fallah mesaisine ba\u015flayacakt\u0131r.\u201d<br \/>\nShow TV\u2019nin sevilen g\u00fcnd\u00fcz ku\u015fa\u011f\u0131 program\u0131 Didem Arslan Y\u0131lmaz\u2019la Vazge\u00e7me\u2019de bu defa bamba\u015fka bir konuyla g\u00fcndeme oturdu. Didem Arslan\u2019\u0131n 2020\u2019den beri sundu\u011fu program\u0131n bug\u00fcn yay\u0131nlanan b\u00f6l\u00fcm\u00fcnde Arslan, canl\u0131 yay\u0131nda dikkat \u00e7eken bir a\u00e7\u0131klamada bulundu. A\u00e7\u0131klaman\u0131n ana konusu ise sa\u011fl\u0131k durumu uzun s\u00fcredir merak edilen MHP lideri Devlet Bah\u00e7eli!<br \/>\nProgramda Devlet Bah\u00e7eli\u2019yle telefonda g\u00f6r\u00fc\u015ft\u00fc\u011f\u00fcn\u00fc a\u00e7\u0131klayan Arslan, MHP liderinin sesinin gayet iyi geldi\u011fini belirtti. Y\u0131lmaz, \u2018Sa\u011fl\u0131\u011f\u0131 \u00e7ok iyiydi sesi gayet iyi geliyordu. Kadir Gecesi\u2019ni kutlad\u0131\u2019 dedi. Y\u0131lmaz ayr\u0131ca, Bah\u00e7eli\u2019nin program\u0131n\u0131 izledi\u011fini ve \u00e7ok be\u011fendi\u011fini s\u00f6yledi\u011fini de belirtti.<\/p>\n"},"alt_text":"","media_type":"image","mime_type":"image\/jpeg","media_details":{"width":1200,"height":675,"file":"2025\/03\/1-247.jpg","sizes":{"medium":{"file":"1-247-300x169.jpg","width":300,"height":169,"mime_type":"image\/jpeg","source_url":"https:\/\/kilosorunum.com\/habercim\/wp-content\/uploads\/2025\/03\/1-247-300x169.jpg"},"large":{"file":"1-247-1024x576.jpg","width":1024,"height":576,"mime_type":"image\/jpeg","source_url":"https:\/\/kilosorunum.com\/habercim\/wp-content\/uploads\/2025\/03\/1-247-1024x576.jpg"},"thumbnail":{"file":"1-247-150x150.jpg","width":150,"height":150,"mime_type":"image\/jpeg","source_url":"https:\/\/kilosorunum.com\/habercim\/wp-content\/uploads\/2025\/03\/1-247-150x150.jpg"},"medium_large":{"file":"1-247-768x432.jpg","width":768,"height":432,"mime_type":"image\/jpeg","source_url":"https:\/\/kilosorunum.com\/habercim\/wp-content\/uploads\/2025\/03\/1-247-768x432.jpg"},"kucukResim":{"file":"1-247-80x50.jpg","width":80,"height":50,"mime_type":"image\/jpeg","source_url":"https:\/\/kilosorunum.com\/habercim\/wp-content\/uploads\/2025\/03\/1-247-80x50.jpg"},"sliderResim":{"file":"1-247-670x330.jpg","width":670,"height":330,"mime_type":"image\/jpeg","source_url":"https:\/\/kilosorunum.com\/habercim\/wp-content\/uploads\/2025\/03\/1-247-670x330.jpg"},"resim1":{"file":"1-247-184x140.jpg","width":184,"height":140,"mime_type":"image\/jpeg","source_url":"https:\/\/kilosorunum.com\/habercim\/wp-content\/uploads\/2025\/03\/1-247-184x140.jpg"},"resim2":{"file":"1-247-216x103.jpg","width":216,"height":103,"mime_type":"image\/jpeg","source_url":"https:\/\/kilosorunum.com\/habercim\/wp-content\/uploads\/2025\/03\/1-247-216x103.jpg"},"resim3":{"file":"1-247-145x70.jpg","width":145,"height":70,"mime_type":"image\/jpeg","source_url":"https:\/\/kilosorunum.com\/habercim\/wp-content\/uploads\/2025\/03\/1-247-145x70.jpg"},"sagSlider":{"file":"1-247-300x150.jpg","width":300,"height":150,"mime_type":"image\/jpeg","source_url":"https:\/\/kilosorunum.com\/habercim\/wp-content\/uploads\/2025\/03\/1-247-300x150.jpg"},"yeniSlider":{"file":"1-247-500x290.jpg","width":500,"height":290,"mime_type":"image\/jpeg","source_url":"https:\/\/kilosorunum.com\/habercim\/wp-content\/uploads\/2025\/03\/1-247-500x290.jpg"},"full":{"file":"1-247.jpg","width":1200,"height":675,"mime_type":"image\/jpeg","source_url":"https:\/\/kilosorunum.com\/habercim\/wp-content\/uploads\/2025\/03\/1-247.jpg"}},"image_meta":{"aperture":"0","credit":"","camera":"","caption":"","created_timestamp":"0","copyright":"","focal_length":"0","iso":"0","shutter_speed":"0","title":"","orientation":"0","keywords":[]}},"post":33714,"source_url":"https:\/\/kilosorunum.com\/habercim\/wp-content\/uploads\/2025\/03\/1-247.jpg","_links":{"self":[{"href":"https:\/\/kilosorunum.com\/habercim\/wp-json\/wp\/v2\/media\/33716"}],"collection":[{"href":"https:\/\/kilosorunum.com\/habercim\/wp-json\/wp\/v2\/media"}],"about":[{"href":"https:\/\/kilosorunum.com\/habercim\/wp-json\/wp\/v2\/types\/attachment"}],"author":[{"embeddable":true,"href":"https:\/\/kilosorunum.com\/habercim\/wp-json\/wp\/v2\/users\/2"}],"replies":[{"embeddable":true,"href":"https:\/\/kilosorunum.com\/habercim\/wp-json\/wp\/v2\/comments?post=33716"}]}}