{"id":34085,"date":"2025-04-12T18:37:04","date_gmt":"2025-04-12T15:37:04","guid":{"rendered":"https:\/\/kilosorunum.com\/habercim\/wp-content\/uploads\/2025\/04\/1-58.jpg"},"modified":"2025-04-12T18:37:35","modified_gmt":"2025-04-12T15:37:35","slug":"1-2504","status":"inherit","type":"attachment","link":"https:\/\/kilosorunum.com\/habercim\/genel\/havalar-ne-zaman-isinacak\/attachment\/1-2504\/","title":{"rendered":"Havalar ne zaman \u0131s\u0131nacak"},"author":2,"comment_status":"open","ping_status":"closed","template":"","meta":[],"description":{"rendered":"<p class=\"attachment\"><a href='https:\/\/kilosorunum.com\/habercim\/wp-content\/uploads\/2025\/04\/1-58.jpg'><img width=\"300\" height=\"169\" src=\"https:\/\/kilosorunum.com\/habercim\/wp-content\/uploads\/2025\/04\/1-58-300x169.jpg\" class=\"attachment-medium size-medium\" alt=\"\" loading=\"lazy\" srcset=\"https:\/\/kilosorunum.com\/habercim\/wp-content\/uploads\/2025\/04\/1-58-300x169.jpg 300w, https:\/\/kilosorunum.com\/habercim\/wp-content\/uploads\/2025\/04\/1-58-1024x576.jpg 1024w, https:\/\/kilosorunum.com\/habercim\/wp-content\/uploads\/2025\/04\/1-58-768x432.jpg 768w, https:\/\/kilosorunum.com\/habercim\/wp-content\/uploads\/2025\/04\/1-58.jpg 1200w\" sizes=\"(max-width: 300px) 100vw, 300px\" \/><\/a><\/p>\n"},"caption":{"rendered":"<p>Meteoroloji Genel M\u00fcd\u00fcrl\u00fc\u011f\u00fc taraf\u0131ndan yap\u0131lan tahminlere g\u00f6re: \u00dclkemiz genelinin par\u00e7al\u0131 ve \u00e7ok bulutlu, Marmara, Ege, Bat\u0131 Akdeniz ve Hatay \u00e7evreleri, \u0130\u00e7 Anadolu, (Giresun ve G\u00fcm\u00fc\u015fhane hari\u00e7) Karadeniz ile Do\u011fu ve G\u00fcneydo\u011fu Anadolu\u2019nun do\u011fusunun ya\u011f\u0131\u015fl\u0131 ge\u00e7ece\u011fi tahmin ediliyor. K\u0131y\u0131 kesimler ile G\u00fcneydo\u011fu Anadolu\u2019da ya\u011fmur ve sa\u011fanak, i\u00e7 ve y\u00fcksek kesimlerde karla kar\u0131\u015f\u0131k ya\u011fmur ve kar \u015feklinde g\u00f6r\u00fclmesi beklenen ya\u011f\u0131\u015flar\u0131n, Bolu, Bart\u0131n ve Karab\u00fck \u00e7evreleri ile Kastamonu k\u0131y\u0131lar\u0131nda kuvvetli olaca\u011f\u0131 tahmin ediliyor. Sabah ve gece saatlerinde i\u00e7 ve do\u011fu kesimlerde buzlanma ve don olay\u0131 bekleniyor. Do\u011fu Karadeniz\u2019in i\u00e7 kesimlerinin y\u00fcksekleri ile Do\u011fu Anadolu\u2019nun y\u00fcksek ve e\u011fimli alanlar\u0131nda \u00e7\u0131\u011f tehlikesi bulunmaktad\u0131r. Ya\u011f\u0131\u015flar\u0131n, Bolu, Bart\u0131n ve Karab\u00fck \u00e7evreleri ile Kastamonu k\u0131y\u0131lar\u0131nda yer yer kuvvetli olmas\u0131 beklendi\u011finden ya\u015fanabilecek olumsuzluklara kar\u015f\u0131 dikkatli ve tedbirli olunmas\u0131 gerekmektedir. Yurdumuzu etkileyecek so\u011fuk ve ya\u011f\u0131\u015fl\u0131 havayla birlikte i\u00e7 ve kuzey kesimlerde zirai don hadisesi bekleniyor. Bu gece \u0130\u00e7 Anadolu, Karadeniz\u2019in i\u00e7 kesimleri ve Do\u011fu Anadolu\u2019nun kuzey ve bat\u0131 kesimlerinde zirai don hadisesi beklendi\u011finden tar\u0131msal faaliyetlerle u\u011fra\u015fan vatanda\u015flar\u0131m\u0131z\u0131n Meteoroloji Genel M\u00fcd\u00fcrl\u00fc\u011f\u00fc taraf\u0131ndan il ve il\u00e7eler i\u00e7in haz\u0131rlanan s\u0131cakl\u0131k tahminlerini dikkatle takip etmeleri ve zirai don tehlikesine kar\u015f\u0131 tedbirli olmalar\u0131 \u00f6nem arz etmektedir. Yar\u0131n ve \u00f6n\u00fcm\u00fczdeki \u00fc\u00e7 g\u00fcnl\u00fck s\u00fcre\u00e7te \u00fclke geneli par\u00e7al\u0131, yer yer \u00e7ok bulutlu, Karadeniz, \u0130\u00e7 Anadolu, Do\u011fu Anadolu, G\u00fcneydo\u011fu Anadolu ile Orta ve Do\u011fu Akdeniz ya\u011f\u0131\u015fl\u0131 ge\u00e7ecek. Ya\u011f\u0131\u015flar\u0131n k\u0131y\u0131 kesimlerde ya\u011fmur ve sa\u011fanak, i\u00e7 kesimlerde karla kar\u0131\u015f\u0131k ya\u011fmur ve kar \u015feklinde olmas\u0131 bekleniyor. \u00d6n\u00fcm\u00fczdeki hafta ortas\u0131na kadar s\u0131cakl\u0131klar\u0131 Ankara\u2019da 16, \u0130stanbul\u2019da 19, \u0130zmir\u2019de 21, Antalya\u2019da 25, Adana\u2019da 25, Diyarbak\u0131r\u2019da 16, Samsun\u2019da 14 dereceye kadar y\u00fckselecek.<\/p>\n<p>Kaynak : hurriyet.com.tr<\/p>\n"},"alt_text":"","media_type":"image","mime_type":"image\/jpeg","media_details":{"width":1200,"height":675,"file":"2025\/04\/1-58.jpg","sizes":{"medium":{"file":"1-58-300x169.jpg","width":300,"height":169,"mime_type":"image\/jpeg","source_url":"https:\/\/kilosorunum.com\/habercim\/wp-content\/uploads\/2025\/04\/1-58-300x169.jpg"},"large":{"file":"1-58-1024x576.jpg","width":1024,"height":576,"mime_type":"image\/jpeg","source_url":"https:\/\/kilosorunum.com\/habercim\/wp-content\/uploads\/2025\/04\/1-58-1024x576.jpg"},"thumbnail":{"file":"1-58-150x150.jpg","width":150,"height":150,"mime_type":"image\/jpeg","source_url":"https:\/\/kilosorunum.com\/habercim\/wp-content\/uploads\/2025\/04\/1-58-150x150.jpg"},"medium_large":{"file":"1-58-768x432.jpg","width":768,"height":432,"mime_type":"image\/jpeg","source_url":"https:\/\/kilosorunum.com\/habercim\/wp-content\/uploads\/2025\/04\/1-58-768x432.jpg"},"kucukResim":{"file":"1-58-80x50.jpg","width":80,"height":50,"mime_type":"image\/jpeg","source_url":"https:\/\/kilosorunum.com\/habercim\/wp-content\/uploads\/2025\/04\/1-58-80x50.jpg"},"sliderResim":{"file":"1-58-670x330.jpg","width":670,"height":330,"mime_type":"image\/jpeg","source_url":"https:\/\/kilosorunum.com\/habercim\/wp-content\/uploads\/2025\/04\/1-58-670x330.jpg"},"resim1":{"file":"1-58-184x140.jpg","width":184,"height":140,"mime_type":"image\/jpeg","source_url":"https:\/\/kilosorunum.com\/habercim\/wp-content\/uploads\/2025\/04\/1-58-184x140.jpg"},"resim2":{"file":"1-58-216x103.jpg","width":216,"height":103,"mime_type":"image\/jpeg","source_url":"https:\/\/kilosorunum.com\/habercim\/wp-content\/uploads\/2025\/04\/1-58-216x103.jpg"},"resim3":{"file":"1-58-145x70.jpg","width":145,"height":70,"mime_type":"image\/jpeg","source_url":"https:\/\/kilosorunum.com\/habercim\/wp-content\/uploads\/2025\/04\/1-58-145x70.jpg"},"sagSlider":{"file":"1-58-300x150.jpg","width":300,"height":150,"mime_type":"image\/jpeg","source_url":"https:\/\/kilosorunum.com\/habercim\/wp-content\/uploads\/2025\/04\/1-58-300x150.jpg"},"yeniSlider":{"file":"1-58-500x290.jpg","width":500,"height":290,"mime_type":"image\/jpeg","source_url":"https:\/\/kilosorunum.com\/habercim\/wp-content\/uploads\/2025\/04\/1-58-500x290.jpg"},"full":{"file":"1-58.jpg","width":1200,"height":675,"mime_type":"image\/jpeg","source_url":"https:\/\/kilosorunum.com\/habercim\/wp-content\/uploads\/2025\/04\/1-58.jpg"}},"image_meta":{"aperture":"0","credit":"","camera":"","caption":"","created_timestamp":"0","copyright":"","focal_length":"0","iso":"0","shutter_speed":"0","title":"","orientation":"0","keywords":[]}},"post":34083,"source_url":"https:\/\/kilosorunum.com\/habercim\/wp-content\/uploads\/2025\/04\/1-58.jpg","_links":{"self":[{"href":"https:\/\/kilosorunum.com\/habercim\/wp-json\/wp\/v2\/media\/34085"}],"collection":[{"href":"https:\/\/kilosorunum.com\/habercim\/wp-json\/wp\/v2\/media"}],"about":[{"href":"https:\/\/kilosorunum.com\/habercim\/wp-json\/wp\/v2\/types\/attachment"}],"author":[{"embeddable":true,"href":"https:\/\/kilosorunum.com\/habercim\/wp-json\/wp\/v2\/users\/2"}],"replies":[{"embeddable":true,"href":"https:\/\/kilosorunum.com\/habercim\/wp-json\/wp\/v2\/comments?post=34085"}]}}