{"id":38712,"date":"2025-09-24T21:21:36","date_gmt":"2025-09-24T18:21:36","guid":{"rendered":"https:\/\/kilosorunum.com\/habercim\/wp-content\/uploads\/2025\/09\/1-230.jpg"},"modified":"2025-09-24T21:22:16","modified_gmt":"2025-09-24T18:22:16","slug":"1-4125","status":"inherit","type":"attachment","link":"https:\/\/kilosorunum.com\/habercim\/foto-galeri\/24-saatlik\/attachment\/1-4125\/","title":{"rendered":"24 Saatlik"},"author":2,"comment_status":"open","ping_status":"closed","template":"","meta":[],"description":{"rendered":"<p class=\"attachment\"><a href='https:\/\/kilosorunum.com\/habercim\/wp-content\/uploads\/2025\/09\/1-230.jpg'><img width=\"300\" height=\"169\" src=\"https:\/\/kilosorunum.com\/habercim\/wp-content\/uploads\/2025\/09\/1-230-300x169.jpg\" class=\"attachment-medium size-medium\" alt=\"\" loading=\"lazy\" srcset=\"https:\/\/kilosorunum.com\/habercim\/wp-content\/uploads\/2025\/09\/1-230-300x169.jpg 300w, https:\/\/kilosorunum.com\/habercim\/wp-content\/uploads\/2025\/09\/1-230-1024x576.jpg 1024w, https:\/\/kilosorunum.com\/habercim\/wp-content\/uploads\/2025\/09\/1-230-768x432.jpg 768w, https:\/\/kilosorunum.com\/habercim\/wp-content\/uploads\/2025\/09\/1-230.jpg 1200w\" sizes=\"(max-width: 300px) 100vw, 300px\" \/><\/a><\/p>\n"},"caption":{"rendered":"<p>\u0130ZM\u0130R\u2019DE SULAR NE ZAMAN, SAAT KA\u00c7TA GELECEK?<\/p>\n<p>BORNOVA \u2013 DO\u011eANLAR, MEVLANA: 24.09.2025 saat 10:35 ile 12:35 aras\u0131nda yakla\u015f\u0131k 2 saat su kesintisi olacakt\u0131r.<\/p>\n<p>\u00c7E\u015eME \u2013 MUSALLA: 24.09.2025 saat 11:29 ile 16:00 aras\u0131nda yakla\u015f\u0131k 5 saat su kesintisi olacakt\u0131r.<\/p>\n<p>FO\u00c7A \u2013 FEVZ\u0130 \u00c7AKMAK, MUSTAFA KEMAL ATAT\u00dcRK: 24.09.2025 saat 11:02 ile 13:02 aras\u0131nda yakla\u015f\u0131k 2 saat su kesintisi olacakt\u0131r.<\/p>\n<p>KARABA\u011eLAR \u2013 DO\u011eANAY, KAZIM KARABEK\u0130R, REFET BELE, RE\u0130S, TAHS\u0130N YAZICI, VATAN: 24.09.2025 saat 11:47 ile 13:47 aras\u0131nda yakla\u015f\u0131k 2 saat su kesintisi olacakt\u0131r.<\/p>\n<p>KINIK \u2013 D\u00dcNDARLI, YAYAKENT: 24.09.2025 saat 11:03 ile 13:10 aras\u0131nda yakla\u015f\u0131k 2 saat su kesintisi olacakt\u0131r.<\/p>\n<p>SEFER\u0130H\u0130SAR \u2013 SI\u011eACIK: 24.09.2025 saat 11:05 ile 13:30 aras\u0131nda yakla\u015f\u0131k 2 saat su kesintisi olacakt\u0131r.<\/p>\n<p>T\u0130RE \u2013 AK\u00c7A\u015eEH\u0130R: 24.09.2025 saat 11:30 ile 13:31 aras\u0131nda yakla\u015f\u0131k 2 saat su kesintisi olacakt\u0131r.<\/p>\n<p>PLANLI SU KES\u0130NT\u0130LER\u0130N\u0130N TAR\u0130H\u0130 UZATILDI<\/p>\n<p>\u0130zmir\u2019de kurakl\u0131k ve azalan su kaynaklar\u0131 nedeniyle 6 A\u011fustos\u2019tan beri su t\u00fcketiminin yo\u011fun oldu\u011fu b\u00f6lgelerde, saat 23.00 ile 05.00 aras\u0131nda planl\u0131 ve d\u00f6n\u00fc\u015f\u00fcml\u00fc uygulanan su kesintileri, 30 Eyl\u00fcl\u2019e kadar uzat\u0131ld\u0131.<\/p>\n<p>Kesintiler Kar\u015f\u0131yaka, \u00c7i\u011fli, Bayrakl\u0131, Menemen, Gaziemir, Bornova, Buca, Karaba\u011flar, Bal\u00e7ova, Konak, Narl\u0131dere ve G\u00fczelbah\u00e7e olmak \u00fczere 12 il\u00e7ede 2 g\u00fcnde 1 olarak uygulanmaya devam edecek.<br \/>\n\u0130zmir Su ve Kanalizasyon Genel M\u00fcd\u00fcrl\u00fc\u011f\u00fc (\u0130ZSU) taraf\u0131ndan a\u00e7\u0131klanan yeni planlamaya g\u00f6re; birinci b\u00f6lge olan Kar\u015f\u0131yaka, \u00c7i\u011fli, Bayrakl\u0131, Menemen, Bornova, Gaziemir ve Menderes il\u00e7esinde belirlenen mahallelerde 19, 21, 23, 25, 27, 29 Eyl\u00fcl\u2019de, ikinci b\u00f6lge olan Karaba\u011flar, Konak, Bornova, Bal\u00e7ova, Narl\u0131dere, G\u00fczelbah\u00e7e, Buca ve Gaziemir il\u00e7esinde belirlenen mahallelerde 20, 22, 24, 26, 28, 30 Eyl\u00fcl\u2019de saat 23.00 ile 05.00 aras\u0131nda planl\u0131 ve d\u00f6n\u00fc\u015f\u00fcml\u00fc su kesintileri uygulanacak.<\/p>\n<p>Kaynak : hurriyet.com.tr<\/p>\n"},"alt_text":"","media_type":"image","mime_type":"image\/jpeg","media_details":{"width":1200,"height":675,"file":"2025\/09\/1-230.jpg","sizes":{"medium":{"file":"1-230-300x169.jpg","width":300,"height":169,"mime_type":"image\/jpeg","source_url":"https:\/\/kilosorunum.com\/habercim\/wp-content\/uploads\/2025\/09\/1-230-300x169.jpg"},"large":{"file":"1-230-1024x576.jpg","width":1024,"height":576,"mime_type":"image\/jpeg","source_url":"https:\/\/kilosorunum.com\/habercim\/wp-content\/uploads\/2025\/09\/1-230-1024x576.jpg"},"thumbnail":{"file":"1-230-150x150.jpg","width":150,"height":150,"mime_type":"image\/jpeg","source_url":"https:\/\/kilosorunum.com\/habercim\/wp-content\/uploads\/2025\/09\/1-230-150x150.jpg"},"medium_large":{"file":"1-230-768x432.jpg","width":768,"height":432,"mime_type":"image\/jpeg","source_url":"https:\/\/kilosorunum.com\/habercim\/wp-content\/uploads\/2025\/09\/1-230-768x432.jpg"},"kucukResim":{"file":"1-230-80x50.jpg","width":80,"height":50,"mime_type":"image\/jpeg","source_url":"https:\/\/kilosorunum.com\/habercim\/wp-content\/uploads\/2025\/09\/1-230-80x50.jpg"},"sliderResim":{"file":"1-230-670x330.jpg","width":670,"height":330,"mime_type":"image\/jpeg","source_url":"https:\/\/kilosorunum.com\/habercim\/wp-content\/uploads\/2025\/09\/1-230-670x330.jpg"},"resim1":{"file":"1-230-184x140.jpg","width":184,"height":140,"mime_type":"image\/jpeg","source_url":"https:\/\/kilosorunum.com\/habercim\/wp-content\/uploads\/2025\/09\/1-230-184x140.jpg"},"resim2":{"file":"1-230-216x103.jpg","width":216,"height":103,"mime_type":"image\/jpeg","source_url":"https:\/\/kilosorunum.com\/habercim\/wp-content\/uploads\/2025\/09\/1-230-216x103.jpg"},"resim3":{"file":"1-230-145x70.jpg","width":145,"height":70,"mime_type":"image\/jpeg","source_url":"https:\/\/kilosorunum.com\/habercim\/wp-content\/uploads\/2025\/09\/1-230-145x70.jpg"},"sagSlider":{"file":"1-230-300x150.jpg","width":300,"height":150,"mime_type":"image\/jpeg","source_url":"https:\/\/kilosorunum.com\/habercim\/wp-content\/uploads\/2025\/09\/1-230-300x150.jpg"},"yeniSlider":{"file":"1-230-500x290.jpg","width":500,"height":290,"mime_type":"image\/jpeg","source_url":"https:\/\/kilosorunum.com\/habercim\/wp-content\/uploads\/2025\/09\/1-230-500x290.jpg"},"full":{"file":"1-230.jpg","width":1200,"height":675,"mime_type":"image\/jpeg","source_url":"https:\/\/kilosorunum.com\/habercim\/wp-content\/uploads\/2025\/09\/1-230.jpg"}},"image_meta":{"aperture":"0","credit":"","camera":"","caption":"","created_timestamp":"0","copyright":"","focal_length":"0","iso":"0","shutter_speed":"0","title":"","orientation":"0","keywords":[]}},"post":38710,"source_url":"https:\/\/kilosorunum.com\/habercim\/wp-content\/uploads\/2025\/09\/1-230.jpg","_links":{"self":[{"href":"https:\/\/kilosorunum.com\/habercim\/wp-json\/wp\/v2\/media\/38712"}],"collection":[{"href":"https:\/\/kilosorunum.com\/habercim\/wp-json\/wp\/v2\/media"}],"about":[{"href":"https:\/\/kilosorunum.com\/habercim\/wp-json\/wp\/v2\/types\/attachment"}],"author":[{"embeddable":true,"href":"https:\/\/kilosorunum.com\/habercim\/wp-json\/wp\/v2\/users\/2"}],"replies":[{"embeddable":true,"href":"https:\/\/kilosorunum.com\/habercim\/wp-json\/wp\/v2\/comments?post=38712"}]}}