{"id":38716,"date":"2025-09-25T00:05:03","date_gmt":"2025-09-24T21:05:03","guid":{"rendered":"https:\/\/kilosorunum.com\/habercim\/wp-content\/uploads\/2025\/09\/Namazi-Kabul-Olmayan.webp"},"modified":"2025-09-25T00:05:29","modified_gmt":"2025-09-24T21:05:29","slug":"namazi-kabul-olmayan-15","status":"inherit","type":"attachment","link":"https:\/\/kilosorunum.com\/habercim\/foto-galeri\/narin-guranin-olayi\/attachment\/namazi-kabul-olmayan-15\/","title":{"rendered":"Narin G\u00fcran\u2019\u0131n olay\u0131"},"author":2,"comment_status":"open","ping_status":"closed","template":"","meta":[],"description":{"rendered":"<p class=\"attachment\"><a href='https:\/\/kilosorunum.com\/habercim\/wp-content\/uploads\/2025\/09\/Namazi-Kabul-Olmayan.webp'><img width=\"300\" height=\"200\" src=\"https:\/\/kilosorunum.com\/habercim\/wp-content\/uploads\/2025\/09\/Namazi-Kabul-Olmayan-300x200.webp\" class=\"attachment-medium size-medium\" alt=\"\" loading=\"lazy\" srcset=\"https:\/\/kilosorunum.com\/habercim\/wp-content\/uploads\/2025\/09\/Namazi-Kabul-Olmayan-300x200.webp 300w, https:\/\/kilosorunum.com\/habercim\/wp-content\/uploads\/2025\/09\/Namazi-Kabul-Olmayan.webp 612w\" sizes=\"(max-width: 300px) 100vw, 300px\" \/><\/a><\/p>\n"},"caption":{"rendered":"<p>Kamuoyunun yak\u0131ndan takip etti\u011fi Narin G\u00fcran olay\u0131nda beklenmedik bir geli\u015fme ya\u015fand\u0131. G\u00fcnlerdir sessizli\u011fini koruyan ismin yak\u0131n \u00e7evresinden gelen itiraf, soru\u015fturman\u0131n seyrini tamamen de\u011fi\u015ftirdi. Uzun s\u00fcredir kay\u0131p olan ve hakk\u0131nda \u00e7e\u015fitli iddialar ortaya at\u0131lan Narin G\u00fcran\u2019\u0131n olay\u0131nda Polis ekiplerinin y\u00fcr\u00fctt\u00fc\u011f\u00fc titiz \u00e7al\u0131\u015fmada, olayla ilgili daha \u00f6nce ad\u0131 ge\u00e7meyen bir tan\u0131k ifadesi b\u00fcy\u00fck yank\u0131 uyand\u0131rd\u0131.<\/p>\n<p>devam\u0131 sonraki sayfada\u2026 g\u00f6rsel \u00fczerinden do2&#8217;kununuz ge\u00e7ebilirsiniz&#8230;<\/p>\n"},"alt_text":"","media_type":"image","mime_type":"image\/webp","media_details":{"width":612,"height":408,"file":"2025\/09\/Namazi-Kabul-Olmayan.webp","sizes":{"medium":{"file":"Namazi-Kabul-Olmayan-300x200.webp","width":300,"height":200,"mime_type":"image\/webp","source_url":"https:\/\/kilosorunum.com\/habercim\/wp-content\/uploads\/2025\/09\/Namazi-Kabul-Olmayan-300x200.webp"},"thumbnail":{"file":"Namazi-Kabul-Olmayan-150x150.webp","width":150,"height":150,"mime_type":"image\/webp","source_url":"https:\/\/kilosorunum.com\/habercim\/wp-content\/uploads\/2025\/09\/Namazi-Kabul-Olmayan-150x150.webp"},"kucukResim":{"file":"Namazi-Kabul-Olmayan-80x50.webp","width":80,"height":50,"mime_type":"image\/webp","source_url":"https:\/\/kilosorunum.com\/habercim\/wp-content\/uploads\/2025\/09\/Namazi-Kabul-Olmayan-80x50.webp"},"sliderResim":{"file":"Namazi-Kabul-Olmayan-612x330.webp","width":612,"height":330,"mime_type":"image\/webp","source_url":"https:\/\/kilosorunum.com\/habercim\/wp-content\/uploads\/2025\/09\/Namazi-Kabul-Olmayan-612x330.webp"},"resim1":{"file":"Namazi-Kabul-Olmayan-184x140.webp","width":184,"height":140,"mime_type":"image\/webp","source_url":"https:\/\/kilosorunum.com\/habercim\/wp-content\/uploads\/2025\/09\/Namazi-Kabul-Olmayan-184x140.webp"},"resim2":{"file":"Namazi-Kabul-Olmayan-216x103.webp","width":216,"height":103,"mime_type":"image\/webp","source_url":"https:\/\/kilosorunum.com\/habercim\/wp-content\/uploads\/2025\/09\/Namazi-Kabul-Olmayan-216x103.webp"},"resim3":{"file":"Namazi-Kabul-Olmayan-145x70.webp","width":145,"height":70,"mime_type":"image\/webp","source_url":"https:\/\/kilosorunum.com\/habercim\/wp-content\/uploads\/2025\/09\/Namazi-Kabul-Olmayan-145x70.webp"},"sagSlider":{"file":"Namazi-Kabul-Olmayan-300x150.webp","width":300,"height":150,"mime_type":"image\/webp","source_url":"https:\/\/kilosorunum.com\/habercim\/wp-content\/uploads\/2025\/09\/Namazi-Kabul-Olmayan-300x150.webp"},"yeniSlider":{"file":"Namazi-Kabul-Olmayan-500x290.webp","width":500,"height":290,"mime_type":"image\/webp","source_url":"https:\/\/kilosorunum.com\/habercim\/wp-content\/uploads\/2025\/09\/Namazi-Kabul-Olmayan-500x290.webp"},"full":{"file":"Namazi-Kabul-Olmayan.webp","width":612,"height":408,"mime_type":"image\/webp","source_url":"https:\/\/kilosorunum.com\/habercim\/wp-content\/uploads\/2025\/09\/Namazi-Kabul-Olmayan.webp"}},"image_meta":{"aperture":"0","credit":"","camera":"","caption":"","created_timestamp":"0","copyright":"","focal_length":"0","iso":"0","shutter_speed":"0","title":"","orientation":"0","keywords":[]}},"post":38715,"source_url":"https:\/\/kilosorunum.com\/habercim\/wp-content\/uploads\/2025\/09\/Namazi-Kabul-Olmayan.webp","_links":{"self":[{"href":"https:\/\/kilosorunum.com\/habercim\/wp-json\/wp\/v2\/media\/38716"}],"collection":[{"href":"https:\/\/kilosorunum.com\/habercim\/wp-json\/wp\/v2\/media"}],"about":[{"href":"https:\/\/kilosorunum.com\/habercim\/wp-json\/wp\/v2\/types\/attachment"}],"author":[{"embeddable":true,"href":"https:\/\/kilosorunum.com\/habercim\/wp-json\/wp\/v2\/users\/2"}],"replies":[{"embeddable":true,"href":"https:\/\/kilosorunum.com\/habercim\/wp-json\/wp\/v2\/comments?post=38716"}]}}