{"id":38717,"date":"2025-09-25T00:05:06","date_gmt":"2025-09-24T21:05:06","guid":{"rendered":"https:\/\/kilosorunum.com\/habercim\/wp-content\/uploads\/2025\/09\/1-232.jpg"},"modified":"2025-09-25T00:05:43","modified_gmt":"2025-09-24T21:05:43","slug":"1-4127","status":"inherit","type":"attachment","link":"https:\/\/kilosorunum.com\/habercim\/foto-galeri\/narin-guranin-olayi\/attachment\/1-4127\/","title":{"rendered":"Narin G\u00fcran\u2019\u0131n olay\u0131"},"author":2,"comment_status":"open","ping_status":"closed","template":"","meta":[],"description":{"rendered":"<p class=\"attachment\"><a href='https:\/\/kilosorunum.com\/habercim\/wp-content\/uploads\/2025\/09\/1-232.jpg'><img width=\"300\" height=\"169\" src=\"https:\/\/kilosorunum.com\/habercim\/wp-content\/uploads\/2025\/09\/1-232-300x169.jpg\" class=\"attachment-medium size-medium\" alt=\"\" loading=\"lazy\" srcset=\"https:\/\/kilosorunum.com\/habercim\/wp-content\/uploads\/2025\/09\/1-232-300x169.jpg 300w, https:\/\/kilosorunum.com\/habercim\/wp-content\/uploads\/2025\/09\/1-232-1024x576.jpg 1024w, https:\/\/kilosorunum.com\/habercim\/wp-content\/uploads\/2025\/09\/1-232-768x432.jpg 768w, https:\/\/kilosorunum.com\/habercim\/wp-content\/uploads\/2025\/09\/1-232.jpg 1200w\" sizes=\"(max-width: 300px) 100vw, 300px\" \/><\/a><\/p>\n"},"caption":{"rendered":"<p>Baba Arif G\u00fcran medyan\u0131n ailesini \u015feytanla\u015ft\u0131rd\u0131\u011f\u0131n\u0131 iddia ediyor.<\/p>\n<p>\u201cHerkes bu davay\u0131 kulland\u0131, bizi g\u00fcnah ke\u00e7isi ilan ettiler, \u00e7ocu\u011fumuzun cenazesine bile gelmemize izin vermediler\u201d diyor.<\/p>\n<p>Soru\u015fturma a\u015famas\u0131nda kollu\u011fun ihmalinin y\u00fcksek oldu\u011funu iddia eden baba G\u00fcran, onlarca akrabas\u0131n\u0131n cinayete i\u015ftirak su\u00e7lamas\u0131yla ceza ald\u0131\u011f\u0131n\u0131 hat\u0131rlat\u0131yor:<\/p>\n<p>\u201cE\u011fer bu kadar ki\u015fi bu i\u015fi yapm\u0131\u015fsa, aralar\u0131nda hi\u00e7 mi ak\u0131ll\u0131 yoktu, Narin\u2019i g\u00f6t\u00fcr\u00fcp kendileri saklas\u0131n, neden g\u00f6t\u00fcr\u00fcp bir kom\u015fuya versin, cinayete neden \u015fahit etsinler? Sizce bu akla, mant\u0131\u011fa s\u0131\u011far m\u0131?\u201d<\/p>\n<p>Bahtiyar\u2019\u0131n avukat\u0131 Ery\u0131lmaz ise bu iddialar\u0131n jandarma, Cumhuriyet savc\u0131l\u0131\u011f\u0131 ve mahkemeyi zan alt\u0131nda b\u0131rakt\u0131\u011f\u0131n\u0131 ve \u201cispatlanamaz oldu\u011funu\u201d savunuyor.<\/p>\n<p>Ery\u0131lmaz, \u201dDevletin Nevzat\u2019\u0131 korumak i\u00e7in bir nedeni yok, aileye de bir garezleri yok\u201d diyor. Narin ile ilgili ayr\u0131 bir davada \u00fc\u00e7\u00fc tutuklu olmak \u00fczere bir\u00e7o\u011fu G\u00fcran ailesinden 15 ki\u015fi bir y\u0131ldan \u00fc\u00e7 y\u0131l be\u015f aya kadar ceza ald\u0131lar.<\/p>\n<p>\u00dc\u00e7\u00fc su\u00e7a s\u00fcr\u00fcklenen \u00e7ocuk olmak \u00fczere, bir\u00e7o\u011fu Narin\u2019in yak\u0131n akrabas\u0131 olan san\u0131klar\u0131n, su\u00e7luyu kay\u0131rma, fail ya da failleri koruma, kolluk birimlerinin dikkatini farkl\u0131 y\u00f6nlere \u00e7ekme su\u00e7u i\u015fledikleri, su\u00e7tan kurtulmaya y\u00f6nelik savunma yapt\u0131klar\u0131 \u00f6ne s\u00fcr\u00fcld\u00fc.<\/p>\n<p>Dava istinaf a\u015famas\u0131nda.<\/p>\n<p>Kaynak : bbc.com<\/p>\n"},"alt_text":"","media_type":"image","mime_type":"image\/jpeg","media_details":{"width":1200,"height":675,"file":"2025\/09\/1-232.jpg","sizes":{"medium":{"file":"1-232-300x169.jpg","width":300,"height":169,"mime_type":"image\/jpeg","source_url":"https:\/\/kilosorunum.com\/habercim\/wp-content\/uploads\/2025\/09\/1-232-300x169.jpg"},"large":{"file":"1-232-1024x576.jpg","width":1024,"height":576,"mime_type":"image\/jpeg","source_url":"https:\/\/kilosorunum.com\/habercim\/wp-content\/uploads\/2025\/09\/1-232-1024x576.jpg"},"thumbnail":{"file":"1-232-150x150.jpg","width":150,"height":150,"mime_type":"image\/jpeg","source_url":"https:\/\/kilosorunum.com\/habercim\/wp-content\/uploads\/2025\/09\/1-232-150x150.jpg"},"medium_large":{"file":"1-232-768x432.jpg","width":768,"height":432,"mime_type":"image\/jpeg","source_url":"https:\/\/kilosorunum.com\/habercim\/wp-content\/uploads\/2025\/09\/1-232-768x432.jpg"},"kucukResim":{"file":"1-232-80x50.jpg","width":80,"height":50,"mime_type":"image\/jpeg","source_url":"https:\/\/kilosorunum.com\/habercim\/wp-content\/uploads\/2025\/09\/1-232-80x50.jpg"},"sliderResim":{"file":"1-232-670x330.jpg","width":670,"height":330,"mime_type":"image\/jpeg","source_url":"https:\/\/kilosorunum.com\/habercim\/wp-content\/uploads\/2025\/09\/1-232-670x330.jpg"},"resim1":{"file":"1-232-184x140.jpg","width":184,"height":140,"mime_type":"image\/jpeg","source_url":"https:\/\/kilosorunum.com\/habercim\/wp-content\/uploads\/2025\/09\/1-232-184x140.jpg"},"resim2":{"file":"1-232-216x103.jpg","width":216,"height":103,"mime_type":"image\/jpeg","source_url":"https:\/\/kilosorunum.com\/habercim\/wp-content\/uploads\/2025\/09\/1-232-216x103.jpg"},"resim3":{"file":"1-232-145x70.jpg","width":145,"height":70,"mime_type":"image\/jpeg","source_url":"https:\/\/kilosorunum.com\/habercim\/wp-content\/uploads\/2025\/09\/1-232-145x70.jpg"},"sagSlider":{"file":"1-232-300x150.jpg","width":300,"height":150,"mime_type":"image\/jpeg","source_url":"https:\/\/kilosorunum.com\/habercim\/wp-content\/uploads\/2025\/09\/1-232-300x150.jpg"},"yeniSlider":{"file":"1-232-500x290.jpg","width":500,"height":290,"mime_type":"image\/jpeg","source_url":"https:\/\/kilosorunum.com\/habercim\/wp-content\/uploads\/2025\/09\/1-232-500x290.jpg"},"full":{"file":"1-232.jpg","width":1200,"height":675,"mime_type":"image\/jpeg","source_url":"https:\/\/kilosorunum.com\/habercim\/wp-content\/uploads\/2025\/09\/1-232.jpg"}},"image_meta":{"aperture":"0","credit":"","camera":"","caption":"","created_timestamp":"0","copyright":"","focal_length":"0","iso":"0","shutter_speed":"0","title":"","orientation":"0","keywords":[]}},"post":38715,"source_url":"https:\/\/kilosorunum.com\/habercim\/wp-content\/uploads\/2025\/09\/1-232.jpg","_links":{"self":[{"href":"https:\/\/kilosorunum.com\/habercim\/wp-json\/wp\/v2\/media\/38717"}],"collection":[{"href":"https:\/\/kilosorunum.com\/habercim\/wp-json\/wp\/v2\/media"}],"about":[{"href":"https:\/\/kilosorunum.com\/habercim\/wp-json\/wp\/v2\/types\/attachment"}],"author":[{"embeddable":true,"href":"https:\/\/kilosorunum.com\/habercim\/wp-json\/wp\/v2\/users\/2"}],"replies":[{"embeddable":true,"href":"https:\/\/kilosorunum.com\/habercim\/wp-json\/wp\/v2\/comments?post=38717"}]}}