{"id":38742,"date":"2025-09-25T11:19:54","date_gmt":"2025-09-25T08:19:54","guid":{"rendered":"https:\/\/kilosorunum.com\/habercim\/wp-content\/uploads\/2025\/09\/1-242.jpg"},"modified":"2025-09-25T11:20:38","modified_gmt":"2025-09-25T08:20:38","slug":"1-4137","status":"inherit","type":"attachment","link":"https:\/\/kilosorunum.com\/habercim\/foto-galeri\/ali-erbasin\/attachment\/1-4137\/","title":{"rendered":"Ali Erba\u015f\u2019\u0131n"},"author":2,"comment_status":"open","ping_status":"closed","template":"","meta":[],"description":{"rendered":"<p class=\"attachment\"><a href='https:\/\/kilosorunum.com\/habercim\/wp-content\/uploads\/2025\/09\/1-242.jpg'><img width=\"300\" height=\"169\" src=\"https:\/\/kilosorunum.com\/habercim\/wp-content\/uploads\/2025\/09\/1-242-300x169.jpg\" class=\"attachment-medium size-medium\" alt=\"\" loading=\"lazy\" srcset=\"https:\/\/kilosorunum.com\/habercim\/wp-content\/uploads\/2025\/09\/1-242-300x169.jpg 300w, https:\/\/kilosorunum.com\/habercim\/wp-content\/uploads\/2025\/09\/1-242-1024x576.jpg 1024w, https:\/\/kilosorunum.com\/habercim\/wp-content\/uploads\/2025\/09\/1-242-768x432.jpg 768w, https:\/\/kilosorunum.com\/habercim\/wp-content\/uploads\/2025\/09\/1-242.jpg 1200w\" sizes=\"(max-width: 300px) 100vw, 300px\" \/><\/a><\/p>\n"},"caption":{"rendered":"<p>Diyanet \u0130\u015fleri Ba\u015fkanl\u0131\u011f\u0131\u2019nda \u00f6nemli bir g\u00f6rev de\u011fi\u015fikli\u011fi ya\u015fand\u0131. 2017 y\u0131l\u0131ndan bu yana ba\u015fkanl\u0131k g\u00f6revini y\u00fcr\u00fcten Ali Erba\u015f\u2019\u0131n g\u00f6revi sona erdi. Cumhurba\u015fkanl\u0131\u011f\u0131 karar\u0131yla yerine Prof. Dr. Safi Arpagu\u015f atand\u0131. \u0130ki d\u00f6nem boyunca Diyanet\u2019in ba\u015f\u0131nda bulunan Erba\u015f\u2019\u0131n g\u00f6revden ayr\u0131lmas\u0131yla birlikte kamuoyunda merak edilen en \u00f6nemli konulardan biri de emeklilik haklar\u0131 oldu. \u201cS\u00fcper Emekliler\u201d Stat\u00fcs\u00fcnde Ali Erba\u015f, g\u00f6rev s\u00fcresini tamamlamas\u0131yla birlikte \u201cs\u00fcper emekliler\u201d kategorisine dahil edildi. Bu stat\u00fc, \u00fcst d\u00fczey kamu g\u00f6revlileri ve belirli makam sahiplerine tan\u0131nan \u00f6zel haklar\u0131 i\u00e7eriyor. Buna g\u00f6re Erba\u015f\u2019\u0131n emekli maa\u015f\u0131n\u0131n 101 bin TL olaca\u011f\u0131, ayr\u0131ca emeklilik ikramiyesi olarak 2,3 ile 2,7 milyon TL aras\u0131nda bir \u00f6deme yap\u0131laca\u011f\u0131 belirtiliyor. \u0130kramiye ve Maa\u015f Tart\u0131\u015fmalar\u0131 Erba\u015f\u2019\u0131n alaca\u011f\u0131 maa\u015f ve ikramiye, kamuoyunda tart\u0131\u015fma yaratmas\u0131 beklenen bir konu. Zira Diyanet \u0130\u015fleri Ba\u015fkanl\u0131\u011f\u0131, son y\u0131llarda hem b\u00fct\u00e7esi hem de kamu harcamalar\u0131yla s\u0131k s\u0131k g\u00fcndeme gelmi\u015fti. Emekli maa\u015f\u0131n\u0131n 100 bin TL\u2019yi a\u015fmas\u0131 ve milyonlarca liral\u0131k ikramiye hakk\u0131, \u00f6zellikle ekonomik kriz ve y\u00fcksek enflasyon ko\u015fullar\u0131nda dikkat \u00e7ekici bir geli\u015fme olarak de\u011ferlendiriliyor. G\u00f6revde Ge\u00e7irdi\u011fi D\u00f6nem Ali Erba\u015f, ba\u015fkanl\u0131\u011f\u0131 s\u00fcresince hem dini hem de toplumsal meselelerde yapt\u0131\u011f\u0131 a\u00e7\u0131klamalarla s\u0131k s\u0131k g\u00fcndeme geldi. Diyanet\u2019in geni\u015fleyen b\u00fct\u00e7esi, yurt i\u00e7i ve yurt d\u0131\u015f\u0131ndaki faaliyetleri ile e\u011fitim ve fetva tart\u0131\u015fmalar\u0131, Erba\u015f d\u00f6neminin en \u00e7ok konu\u015fulan ba\u015fl\u0131klar\u0131 oldu. G\u00f6rev s\u00fcresinin bitimiyle birlikte, kamuoyunda bu d\u00f6nemin bilan\u00e7osu da yeniden de\u011ferlendirilmeye ba\u015fland\u0131. Yeni D\u00f6nem Ba\u015fl\u0131yor Cumhurba\u015fkan\u0131 karar\u0131yla g\u00f6reve getirilen Safi Arpagu\u015f, \u00f6n\u00fcm\u00fczdeki d\u00f6nemde Diyanet \u0130\u015fleri Ba\u015fkanl\u0131\u011f\u0131\u2019n\u0131n yeni y\u00f6nelimlerini belirleyecek. Erba\u015f\u2019\u0131n ard\u0131ndan at\u0131lacak ad\u0131mlar, kurumun b\u00fct\u00e7esinden toplumsal rol\u00fcne kadar pek \u00e7ok ba\u015fl\u0131kta merakla takip edilecek.<\/p>\n<p>Kaynak : haberzamani.com<\/p>\n"},"alt_text":"","media_type":"image","mime_type":"image\/jpeg","media_details":{"width":1200,"height":675,"file":"2025\/09\/1-242.jpg","sizes":{"medium":{"file":"1-242-300x169.jpg","width":300,"height":169,"mime_type":"image\/jpeg","source_url":"https:\/\/kilosorunum.com\/habercim\/wp-content\/uploads\/2025\/09\/1-242-300x169.jpg"},"large":{"file":"1-242-1024x576.jpg","width":1024,"height":576,"mime_type":"image\/jpeg","source_url":"https:\/\/kilosorunum.com\/habercim\/wp-content\/uploads\/2025\/09\/1-242-1024x576.jpg"},"thumbnail":{"file":"1-242-150x150.jpg","width":150,"height":150,"mime_type":"image\/jpeg","source_url":"https:\/\/kilosorunum.com\/habercim\/wp-content\/uploads\/2025\/09\/1-242-150x150.jpg"},"medium_large":{"file":"1-242-768x432.jpg","width":768,"height":432,"mime_type":"image\/jpeg","source_url":"https:\/\/kilosorunum.com\/habercim\/wp-content\/uploads\/2025\/09\/1-242-768x432.jpg"},"kucukResim":{"file":"1-242-80x50.jpg","width":80,"height":50,"mime_type":"image\/jpeg","source_url":"https:\/\/kilosorunum.com\/habercim\/wp-content\/uploads\/2025\/09\/1-242-80x50.jpg"},"sliderResim":{"file":"1-242-670x330.jpg","width":670,"height":330,"mime_type":"image\/jpeg","source_url":"https:\/\/kilosorunum.com\/habercim\/wp-content\/uploads\/2025\/09\/1-242-670x330.jpg"},"resim1":{"file":"1-242-184x140.jpg","width":184,"height":140,"mime_type":"image\/jpeg","source_url":"https:\/\/kilosorunum.com\/habercim\/wp-content\/uploads\/2025\/09\/1-242-184x140.jpg"},"resim2":{"file":"1-242-216x103.jpg","width":216,"height":103,"mime_type":"image\/jpeg","source_url":"https:\/\/kilosorunum.com\/habercim\/wp-content\/uploads\/2025\/09\/1-242-216x103.jpg"},"resim3":{"file":"1-242-145x70.jpg","width":145,"height":70,"mime_type":"image\/jpeg","source_url":"https:\/\/kilosorunum.com\/habercim\/wp-content\/uploads\/2025\/09\/1-242-145x70.jpg"},"sagSlider":{"file":"1-242-300x150.jpg","width":300,"height":150,"mime_type":"image\/jpeg","source_url":"https:\/\/kilosorunum.com\/habercim\/wp-content\/uploads\/2025\/09\/1-242-300x150.jpg"},"yeniSlider":{"file":"1-242-500x290.jpg","width":500,"height":290,"mime_type":"image\/jpeg","source_url":"https:\/\/kilosorunum.com\/habercim\/wp-content\/uploads\/2025\/09\/1-242-500x290.jpg"},"full":{"file":"1-242.jpg","width":1200,"height":675,"mime_type":"image\/jpeg","source_url":"https:\/\/kilosorunum.com\/habercim\/wp-content\/uploads\/2025\/09\/1-242.jpg"}},"image_meta":{"aperture":"0","credit":"","camera":"","caption":"","created_timestamp":"0","copyright":"","focal_length":"0","iso":"0","shutter_speed":"0","title":"","orientation":"0","keywords":[]}},"post":38740,"source_url":"https:\/\/kilosorunum.com\/habercim\/wp-content\/uploads\/2025\/09\/1-242.jpg","_links":{"self":[{"href":"https:\/\/kilosorunum.com\/habercim\/wp-json\/wp\/v2\/media\/38742"}],"collection":[{"href":"https:\/\/kilosorunum.com\/habercim\/wp-json\/wp\/v2\/media"}],"about":[{"href":"https:\/\/kilosorunum.com\/habercim\/wp-json\/wp\/v2\/types\/attachment"}],"author":[{"embeddable":true,"href":"https:\/\/kilosorunum.com\/habercim\/wp-json\/wp\/v2\/users\/2"}],"replies":[{"embeddable":true,"href":"https:\/\/kilosorunum.com\/habercim\/wp-json\/wp\/v2\/comments?post=38742"}]}}