{"id":38782,"date":"2025-09-27T12:30:53","date_gmt":"2025-09-27T09:30:53","guid":{"rendered":"https:\/\/kilosorunum.com\/habercim\/wp-content\/uploads\/2025\/09\/1-258.jpg"},"modified":"2025-09-27T12:31:34","modified_gmt":"2025-09-27T09:31:34","slug":"1-4153","status":"inherit","type":"attachment","link":"https:\/\/kilosorunum.com\/habercim\/foto-galeri\/canli-yayinda-acikladilar\/attachment\/1-4153\/","title":{"rendered":"Canl\u0131 yay\u0131nda a\u00e7\u0131klad\u0131lar"},"author":2,"comment_status":"open","ping_status":"closed","template":"","meta":[],"description":{"rendered":"<p class=\"attachment\"><a href='https:\/\/kilosorunum.com\/habercim\/wp-content\/uploads\/2025\/09\/1-258.jpg'><img width=\"300\" height=\"169\" src=\"https:\/\/kilosorunum.com\/habercim\/wp-content\/uploads\/2025\/09\/1-258-300x169.jpg\" class=\"attachment-medium size-medium\" alt=\"\" loading=\"lazy\" srcset=\"https:\/\/kilosorunum.com\/habercim\/wp-content\/uploads\/2025\/09\/1-258-300x169.jpg 300w, https:\/\/kilosorunum.com\/habercim\/wp-content\/uploads\/2025\/09\/1-258-1024x576.jpg 1024w, https:\/\/kilosorunum.com\/habercim\/wp-content\/uploads\/2025\/09\/1-258-768x432.jpg 768w, https:\/\/kilosorunum.com\/habercim\/wp-content\/uploads\/2025\/09\/1-258.jpg 1200w\" sizes=\"(max-width: 300px) 100vw, 300px\" \/><\/a><\/p>\n"},"caption":{"rendered":"<p>SGK Uzman\u0131 \u00d6zg\u00fcr Erdursun, temmuz ay\u0131nda yap\u0131lmas\u0131 beklenen emekli maa\u015f\u0131 zamm\u0131na ili\u015fkin kulis bilgisini canl\u0131 yay\u0131nda a\u00e7\u0131klad\u0131. Enflasyondaki art\u0131\u015f\u0131n emeklilerin ya\u015fam\u0131n\u0131 zorla\u015ft\u0131rd\u0131\u011f\u0131n\u0131 belirten Erdursun, emeklilerin maa\u015flar\u0131n\u0131n son 5 ayda y\u00fczde 18,72 oran\u0131nda eridi\u011fini s\u00f6yledi. K\u00f6k Ayl\u0131k Sorunu G\u00fcndemde Erdursun, \u00f6zellikle k\u00f6k ayl\u0131\u011f\u0131 10 bin TL\u2019nin alt\u0131nda olan emeklilerin zamdan s\u0131n\u0131rl\u0131 faydalanabilece\u011fini ifade etti. Bu durumda maa\u015flar\u0131n yaln\u0131zca 10 bin TL seviyesine \u00e7ekilece\u011fini, k\u00f6k ayl\u0131klara do\u011frudan bir art\u0131\u015f yap\u0131lmayaca\u011f\u0131n\u0131 belirtti. H\u00fck\u00fcmetin Politikalar\u0131 Ele\u015ftirildi Ekonomide fiyat istikrar\u0131 sa\u011flamak amac\u0131yla izlenen s\u0131k\u0131 politikalara de\u011finen Erdursun, bu durumun emekliler ve memurlar \u00fczerinde olumsuz etkilere yol a\u00e7t\u0131\u011f\u0131n\u0131 dile getirdi. A\u00e7\u0131klamalar, emekliler aras\u0131nda b\u00fcy\u00fck endi\u015fe yaratt\u0131.<\/p>\n<p>Kaynak : haberzamani.com<\/p>\n"},"alt_text":"","media_type":"image","mime_type":"image\/jpeg","media_details":{"width":1200,"height":675,"file":"2025\/09\/1-258.jpg","sizes":{"medium":{"file":"1-258-300x169.jpg","width":300,"height":169,"mime_type":"image\/jpeg","source_url":"https:\/\/kilosorunum.com\/habercim\/wp-content\/uploads\/2025\/09\/1-258-300x169.jpg"},"large":{"file":"1-258-1024x576.jpg","width":1024,"height":576,"mime_type":"image\/jpeg","source_url":"https:\/\/kilosorunum.com\/habercim\/wp-content\/uploads\/2025\/09\/1-258-1024x576.jpg"},"thumbnail":{"file":"1-258-150x150.jpg","width":150,"height":150,"mime_type":"image\/jpeg","source_url":"https:\/\/kilosorunum.com\/habercim\/wp-content\/uploads\/2025\/09\/1-258-150x150.jpg"},"medium_large":{"file":"1-258-768x432.jpg","width":768,"height":432,"mime_type":"image\/jpeg","source_url":"https:\/\/kilosorunum.com\/habercim\/wp-content\/uploads\/2025\/09\/1-258-768x432.jpg"},"kucukResim":{"file":"1-258-80x50.jpg","width":80,"height":50,"mime_type":"image\/jpeg","source_url":"https:\/\/kilosorunum.com\/habercim\/wp-content\/uploads\/2025\/09\/1-258-80x50.jpg"},"sliderResim":{"file":"1-258-670x330.jpg","width":670,"height":330,"mime_type":"image\/jpeg","source_url":"https:\/\/kilosorunum.com\/habercim\/wp-content\/uploads\/2025\/09\/1-258-670x330.jpg"},"resim1":{"file":"1-258-184x140.jpg","width":184,"height":140,"mime_type":"image\/jpeg","source_url":"https:\/\/kilosorunum.com\/habercim\/wp-content\/uploads\/2025\/09\/1-258-184x140.jpg"},"resim2":{"file":"1-258-216x103.jpg","width":216,"height":103,"mime_type":"image\/jpeg","source_url":"https:\/\/kilosorunum.com\/habercim\/wp-content\/uploads\/2025\/09\/1-258-216x103.jpg"},"resim3":{"file":"1-258-145x70.jpg","width":145,"height":70,"mime_type":"image\/jpeg","source_url":"https:\/\/kilosorunum.com\/habercim\/wp-content\/uploads\/2025\/09\/1-258-145x70.jpg"},"sagSlider":{"file":"1-258-300x150.jpg","width":300,"height":150,"mime_type":"image\/jpeg","source_url":"https:\/\/kilosorunum.com\/habercim\/wp-content\/uploads\/2025\/09\/1-258-300x150.jpg"},"yeniSlider":{"file":"1-258-500x290.jpg","width":500,"height":290,"mime_type":"image\/jpeg","source_url":"https:\/\/kilosorunum.com\/habercim\/wp-content\/uploads\/2025\/09\/1-258-500x290.jpg"},"full":{"file":"1-258.jpg","width":1200,"height":675,"mime_type":"image\/jpeg","source_url":"https:\/\/kilosorunum.com\/habercim\/wp-content\/uploads\/2025\/09\/1-258.jpg"}},"image_meta":{"aperture":"0","credit":"","camera":"","caption":"","created_timestamp":"0","copyright":"","focal_length":"0","iso":"0","shutter_speed":"0","title":"","orientation":"0","keywords":[]}},"post":38780,"source_url":"https:\/\/kilosorunum.com\/habercim\/wp-content\/uploads\/2025\/09\/1-258.jpg","_links":{"self":[{"href":"https:\/\/kilosorunum.com\/habercim\/wp-json\/wp\/v2\/media\/38782"}],"collection":[{"href":"https:\/\/kilosorunum.com\/habercim\/wp-json\/wp\/v2\/media"}],"about":[{"href":"https:\/\/kilosorunum.com\/habercim\/wp-json\/wp\/v2\/types\/attachment"}],"author":[{"embeddable":true,"href":"https:\/\/kilosorunum.com\/habercim\/wp-json\/wp\/v2\/users\/2"}],"replies":[{"embeddable":true,"href":"https:\/\/kilosorunum.com\/habercim\/wp-json\/wp\/v2\/comments?post=38782"}]}}