{"id":38814,"date":"2025-09-28T14:06:56","date_gmt":"2025-09-28T11:06:56","guid":{"rendered":"https:\/\/kilosorunum.com\/habercim\/wp-content\/uploads\/2025\/09\/1-269.jpg"},"modified":"2025-09-28T14:07:38","modified_gmt":"2025-09-28T11:07:38","slug":"1-4164","status":"inherit","type":"attachment","link":"https:\/\/kilosorunum.com\/habercim\/foto-galeri\/ekipler-olay-yerinden-bildiriyor\/attachment\/1-4164\/","title":{"rendered":"Ekipler olay yerinden bildiriyor"},"author":2,"comment_status":"open","ping_status":"closed","template":"","meta":[],"description":{"rendered":"<p class=\"attachment\"><a href='https:\/\/kilosorunum.com\/habercim\/wp-content\/uploads\/2025\/09\/1-269.jpg'><img width=\"300\" height=\"169\" src=\"https:\/\/kilosorunum.com\/habercim\/wp-content\/uploads\/2025\/09\/1-269-300x169.jpg\" class=\"attachment-medium size-medium\" alt=\"\" loading=\"lazy\" srcset=\"https:\/\/kilosorunum.com\/habercim\/wp-content\/uploads\/2025\/09\/1-269-300x169.jpg 300w, https:\/\/kilosorunum.com\/habercim\/wp-content\/uploads\/2025\/09\/1-269-1024x576.jpg 1024w, https:\/\/kilosorunum.com\/habercim\/wp-content\/uploads\/2025\/09\/1-269-768x432.jpg 768w, https:\/\/kilosorunum.com\/habercim\/wp-content\/uploads\/2025\/09\/1-269.jpg 1200w\" sizes=\"(max-width: 300px) 100vw, 300px\" \/><\/a><\/p>\n"},"caption":{"rendered":"<p>K\u00fctahya\u2019n\u0131n Simav il\u00e7esinde 5,4 b\u00fcy\u00fckl\u00fc\u011f\u00fcnde deprem meydana geldi. Deprem, \u00e7evre illerden de hissedildi.<br \/>\nAfet ve Acil Durum Y\u00f6netimi Ba\u015fkanl\u0131\u011f\u0131n\u0131n (AFAD) internet sitesinde yer alan bilgiye g\u00f6re, merkez \u00fcss\u00fc K\u00fctahya\u2019n\u0131n Simav il\u00e7esi olan 5,4 b\u00fcy\u00fckl\u00fc\u011f\u00fcnde deprem meydana geldi.<\/p>\n<p>Saat 12.59\u2019daki deprem, 8,46 kilometre derinde kaydedildi.<\/p>\n<p>AFAD\u2019\u0131n NSosyal hesab\u0131ndan Simav\u2019da meydana gelen 5,4 b\u00fcy\u00fckl\u00fc\u011f\u00fcndeki depreme ili\u015fkin yap\u0131lan a\u00e7\u0131klamada, \u015funlar kaydedildi:<\/p>\n<p>\u201cK\u00fctahya ilimizin Simav il\u00e7esinde saat 12.59\u2019da meydana gelen ve U\u015fak, Bal\u0131kesir, Bursa, Bilecik illerimizde de hissedilen 5,4 b\u00fcy\u00fckl\u00fc\u011f\u00fcndeki deprem sonras\u0131, an itibar\u0131yla olumsuz bir durum bulunmamaktad\u0131r. Saha tarama \u00e7al\u0131\u015fmalar\u0131 devam etmektedir. Etkilenen vatanda\u015flar\u0131m\u0131za ge\u00e7mi\u015f olsun dileklerimizi sunar\u0131z.\u201d<\/p>\n<p>Yerlikaya: Ekipler saha taramalar\u0131na ba\u015flad\u0131<br \/>\n\u0130\u00e7i\u015fleri Bakan\u0131 Ali Yerlikaya da sosyal medya hesab\u0131ndan yapt\u0131\u011f\u0131 a\u00e7\u0131klamada, \u201cK\u00fctahya Simav\u2019da 5,4 b\u00fcy\u00fckl\u00fc\u011f\u00fcnde bir deprem meydan gelmi\u015ftir. \u00c7evre illerden de hissedilen depremle ilgili olarak, AFAD ve ilgili kurumlar\u0131m\u0131z\u0131n t\u00fcm ekipleri saha taramalar\u0131na ba\u015flam\u0131\u015ft\u0131r. Depremden etkilenen vatanda\u015flar\u0131m\u0131za ge\u00e7mi\u015f olsun dileklerimi sunuyorum. Allah \u00fclkemizi ve milletimizi afetlerden korusun.\u201d dedi.<\/p>\n<p>\u201cBize intikal eden herhangi bir olumsuzluk yok\u201d<br \/>\nVali Musa I\u015f\u0131n, TRT Haber canl\u0131 yay\u0131n\u0131na telefonla ba\u011flanarak depreme ili\u015fkin son durumu de\u011ferlendirdi.<\/p>\n<p>Depremin \u00fczerinden k\u0131sa bir s\u00fcre ge\u00e7ti\u011fini ve ekiplerin saha tarama \u00e7al\u0131\u015fmalar\u0131na ba\u015flad\u0131\u011f\u0131n\u0131 belirten I\u015f\u0131n, \u201c\u015eu ana kadar saha ara\u015ft\u0131rmalar\u0131m\u0131zda bize herhangi bir olumsuzluk intikal etmedi. Ara\u015ft\u0131rmalar\u0131m\u0131z devam ediyor. Jandarmam\u0131z ve muhtarlar\u0131m\u0131zla irtibat halindeyiz.\u201d dedi.<\/p>\n<p>Erkenden bir \u015fey s\u00f6ylemenin do\u011fru olmad\u0131\u011f\u0131n\u0131 s\u00f6yleyen Vali I\u015f\u0131n, \u015funlar\u0131 kaydetti:<\/p>\n<p>\u201cHen\u00fcz erkenden bir \u015fey s\u00f6ylemek do\u011fru de\u011fil ama \u015fu ana kadar bize intikal eden herhangi bir olumsuzluk yok. 5,4 b\u00fcy\u00fckl\u00fc\u011f\u00fc, \u00f6zellikle k\u0131rsal b\u00f6lgeler, k\u00f6y baz\u0131nda de\u011ferlendirildi\u011finde b\u00fcy\u00fck say\u0131labilecek bir rakam. \u0130n\u015fallah herhangi bir hasar\u0131m\u0131z, can ve mal kayb\u0131m\u0131z olmaz diye \u00fcmit ediyoruz. Ekiplerimizin ara\u015ft\u0131rmalar\u0131 s\u00fcr\u00fcyor.\u201d<\/p>\n<p>Vali I\u015f\u0131n, daha \u00f6nce b\u00f6lgede ya\u015fanan en b\u00fcy\u00fck sars\u0131nt\u0131n\u0131n 4,6 b\u00fcy\u00fckl\u00fc\u011f\u00fcnde oldu\u011funu hat\u0131rlatarak, Simav\u2019da ge\u00e7mi\u015f y\u0131llarda da 5,9 b\u00fcy\u00fckl\u00fc\u011f\u00fcnde bir deprem ya\u015fand\u0131\u011f\u0131n\u0131 ancak o depremde can kayb\u0131 olmad\u0131\u011f\u0131n\u0131 belirtti.<\/p>\n<p>Kaynak : trthaber.com<\/p>\n"},"alt_text":"","media_type":"image","mime_type":"image\/jpeg","media_details":{"width":1200,"height":675,"file":"2025\/09\/1-269.jpg","sizes":{"medium":{"file":"1-269-300x169.jpg","width":300,"height":169,"mime_type":"image\/jpeg","source_url":"https:\/\/kilosorunum.com\/habercim\/wp-content\/uploads\/2025\/09\/1-269-300x169.jpg"},"large":{"file":"1-269-1024x576.jpg","width":1024,"height":576,"mime_type":"image\/jpeg","source_url":"https:\/\/kilosorunum.com\/habercim\/wp-content\/uploads\/2025\/09\/1-269-1024x576.jpg"},"thumbnail":{"file":"1-269-150x150.jpg","width":150,"height":150,"mime_type":"image\/jpeg","source_url":"https:\/\/kilosorunum.com\/habercim\/wp-content\/uploads\/2025\/09\/1-269-150x150.jpg"},"medium_large":{"file":"1-269-768x432.jpg","width":768,"height":432,"mime_type":"image\/jpeg","source_url":"https:\/\/kilosorunum.com\/habercim\/wp-content\/uploads\/2025\/09\/1-269-768x432.jpg"},"kucukResim":{"file":"1-269-80x50.jpg","width":80,"height":50,"mime_type":"image\/jpeg","source_url":"https:\/\/kilosorunum.com\/habercim\/wp-content\/uploads\/2025\/09\/1-269-80x50.jpg"},"sliderResim":{"file":"1-269-670x330.jpg","width":670,"height":330,"mime_type":"image\/jpeg","source_url":"https:\/\/kilosorunum.com\/habercim\/wp-content\/uploads\/2025\/09\/1-269-670x330.jpg"},"resim1":{"file":"1-269-184x140.jpg","width":184,"height":140,"mime_type":"image\/jpeg","source_url":"https:\/\/kilosorunum.com\/habercim\/wp-content\/uploads\/2025\/09\/1-269-184x140.jpg"},"resim2":{"file":"1-269-216x103.jpg","width":216,"height":103,"mime_type":"image\/jpeg","source_url":"https:\/\/kilosorunum.com\/habercim\/wp-content\/uploads\/2025\/09\/1-269-216x103.jpg"},"resim3":{"file":"1-269-145x70.jpg","width":145,"height":70,"mime_type":"image\/jpeg","source_url":"https:\/\/kilosorunum.com\/habercim\/wp-content\/uploads\/2025\/09\/1-269-145x70.jpg"},"sagSlider":{"file":"1-269-300x150.jpg","width":300,"height":150,"mime_type":"image\/jpeg","source_url":"https:\/\/kilosorunum.com\/habercim\/wp-content\/uploads\/2025\/09\/1-269-300x150.jpg"},"yeniSlider":{"file":"1-269-500x290.jpg","width":500,"height":290,"mime_type":"image\/jpeg","source_url":"https:\/\/kilosorunum.com\/habercim\/wp-content\/uploads\/2025\/09\/1-269-500x290.jpg"},"full":{"file":"1-269.jpg","width":1200,"height":675,"mime_type":"image\/jpeg","source_url":"https:\/\/kilosorunum.com\/habercim\/wp-content\/uploads\/2025\/09\/1-269.jpg"}},"image_meta":{"aperture":"0","credit":"","camera":"","caption":"","created_timestamp":"0","copyright":"","focal_length":"0","iso":"0","shutter_speed":"0","title":"","orientation":"0","keywords":[]}},"post":38812,"source_url":"https:\/\/kilosorunum.com\/habercim\/wp-content\/uploads\/2025\/09\/1-269.jpg","_links":{"self":[{"href":"https:\/\/kilosorunum.com\/habercim\/wp-json\/wp\/v2\/media\/38814"}],"collection":[{"href":"https:\/\/kilosorunum.com\/habercim\/wp-json\/wp\/v2\/media"}],"about":[{"href":"https:\/\/kilosorunum.com\/habercim\/wp-json\/wp\/v2\/types\/attachment"}],"author":[{"embeddable":true,"href":"https:\/\/kilosorunum.com\/habercim\/wp-json\/wp\/v2\/users\/2"}],"replies":[{"embeddable":true,"href":"https:\/\/kilosorunum.com\/habercim\/wp-json\/wp\/v2\/comments?post=38814"}]}}