{"id":38920,"date":"2025-10-03T16:10:34","date_gmt":"2025-10-03T13:10:34","guid":{"rendered":"https:\/\/kilosorunum.com\/habercim\/wp-content\/uploads\/2025\/10\/images-7-3.jpg"},"modified":"2025-10-03T16:11:01","modified_gmt":"2025-10-03T13:11:01","slug":"images-7-3-10","status":"inherit","type":"attachment","link":"https:\/\/kilosorunum.com\/habercim\/foto-galeri\/sosyal-guvenlik-uzmani-duyurusu\/attachment\/images-7-3-10\/","title":{"rendered":"Sosyal G\u00fcvenlik Uzman\u0131 Duyurusu"},"author":2,"comment_status":"open","ping_status":"closed","template":"","meta":[],"description":{"rendered":"<p class=\"attachment\"><a href='https:\/\/kilosorunum.com\/habercim\/wp-content\/uploads\/2025\/10\/images-7-3.jpg'><img width=\"300\" height=\"168\" src=\"https:\/\/kilosorunum.com\/habercim\/wp-content\/uploads\/2025\/10\/images-7-3.jpg\" class=\"attachment-medium size-medium\" alt=\"\" loading=\"lazy\" \/><\/a><\/p>\n"},"caption":{"rendered":"<p>Memur olarak \u00e7al\u0131\u015fan ve memur emeklisi olan ki\u015filerin alaca\u011f\u0131 zam oran\u0131n\u0131n belli olmas\u0131 i\u00e7in son 4 ayl\u0131k enflasyon verisi bekleniyor. Peki memur ve memur emeklisi ne kadar zam alacak? Mevcut emeklilerinin maa\u015f hesaplamalar\u0131 SGK Kanunlar\u0131na g\u00f6re de\u011fil, Emekli Sand\u0131\u011f\u0131 Kanununa g\u00f6re yap\u0131ld\u0131\u011f\u0131n\u0131 belirten Sosyal G\u00fcvenlik Uzman\u0131 \u0130sa Karaka\u015f, memur ve emeklisinin zamm\u0131n\u0131n ne kadar olaca\u011f\u0131 hakk\u0131nda merak edilenleri a\u00e7\u0131klad\u0131.<\/p>\n<p>devam\u0131 sonraki sayfada\u2026 g\u00f6rsel \u00fczerinden do2&#8217;kununuz ge\u00e7ebilirsiniz&#8230;<\/p>\n"},"alt_text":"","media_type":"image","mime_type":"image\/jpeg","media_details":{"width":300,"height":168,"file":"2025\/10\/images-7-3.jpg","sizes":{"thumbnail":{"file":"images-7-3-150x150.jpg","width":150,"height":150,"mime_type":"image\/jpeg","source_url":"https:\/\/kilosorunum.com\/habercim\/wp-content\/uploads\/2025\/10\/images-7-3-150x150.jpg"},"kucukResim":{"file":"images-7-3-80x50.jpg","width":80,"height":50,"mime_type":"image\/jpeg","source_url":"https:\/\/kilosorunum.com\/habercim\/wp-content\/uploads\/2025\/10\/images-7-3-80x50.jpg"},"resim1":{"file":"images-7-3-184x140.jpg","width":184,"height":140,"mime_type":"image\/jpeg","source_url":"https:\/\/kilosorunum.com\/habercim\/wp-content\/uploads\/2025\/10\/images-7-3-184x140.jpg"},"resim2":{"file":"images-7-3-216x103.jpg","width":216,"height":103,"mime_type":"image\/jpeg","source_url":"https:\/\/kilosorunum.com\/habercim\/wp-content\/uploads\/2025\/10\/images-7-3-216x103.jpg"},"resim3":{"file":"images-7-3-145x70.jpg","width":145,"height":70,"mime_type":"image\/jpeg","source_url":"https:\/\/kilosorunum.com\/habercim\/wp-content\/uploads\/2025\/10\/images-7-3-145x70.jpg"},"sagSlider":{"file":"images-7-3-300x150.jpg","width":300,"height":150,"mime_type":"image\/jpeg","source_url":"https:\/\/kilosorunum.com\/habercim\/wp-content\/uploads\/2025\/10\/images-7-3-300x150.jpg"},"full":{"file":"images-7-3.jpg","width":300,"height":168,"mime_type":"image\/jpeg","source_url":"https:\/\/kilosorunum.com\/habercim\/wp-content\/uploads\/2025\/10\/images-7-3.jpg"}},"image_meta":{"aperture":"0","credit":"","camera":"","caption":"","created_timestamp":"0","copyright":"","focal_length":"0","iso":"0","shutter_speed":"0","title":"","orientation":"0","keywords":[]}},"post":38919,"source_url":"https:\/\/kilosorunum.com\/habercim\/wp-content\/uploads\/2025\/10\/images-7-3.jpg","_links":{"self":[{"href":"https:\/\/kilosorunum.com\/habercim\/wp-json\/wp\/v2\/media\/38920"}],"collection":[{"href":"https:\/\/kilosorunum.com\/habercim\/wp-json\/wp\/v2\/media"}],"about":[{"href":"https:\/\/kilosorunum.com\/habercim\/wp-json\/wp\/v2\/types\/attachment"}],"author":[{"embeddable":true,"href":"https:\/\/kilosorunum.com\/habercim\/wp-json\/wp\/v2\/users\/2"}],"replies":[{"embeddable":true,"href":"https:\/\/kilosorunum.com\/habercim\/wp-json\/wp\/v2\/comments?post=38920"}]}}