{"id":38921,"date":"2025-10-03T16:10:37","date_gmt":"2025-10-03T13:10:37","guid":{"rendered":"https:\/\/kilosorunum.com\/habercim\/wp-content\/uploads\/2025\/10\/1-20.jpg"},"modified":"2025-10-03T16:11:19","modified_gmt":"2025-10-03T13:11:19","slug":"1-4206","status":"inherit","type":"attachment","link":"https:\/\/kilosorunum.com\/habercim\/foto-galeri\/sosyal-guvenlik-uzmani-duyurusu\/attachment\/1-4206\/","title":{"rendered":"Sosyal G\u00fcvenlik Uzman\u0131 Duyurusu"},"author":2,"comment_status":"open","ping_status":"closed","template":"","meta":[],"description":{"rendered":"<p class=\"attachment\"><a href='https:\/\/kilosorunum.com\/habercim\/wp-content\/uploads\/2025\/10\/1-20.jpg'><img width=\"300\" height=\"169\" src=\"https:\/\/kilosorunum.com\/habercim\/wp-content\/uploads\/2025\/10\/1-20-300x169.jpg\" class=\"attachment-medium size-medium\" alt=\"\" loading=\"lazy\" srcset=\"https:\/\/kilosorunum.com\/habercim\/wp-content\/uploads\/2025\/10\/1-20-300x169.jpg 300w, https:\/\/kilosorunum.com\/habercim\/wp-content\/uploads\/2025\/10\/1-20-1024x576.jpg 1024w, https:\/\/kilosorunum.com\/habercim\/wp-content\/uploads\/2025\/10\/1-20-768x432.jpg 768w, https:\/\/kilosorunum.com\/habercim\/wp-content\/uploads\/2025\/10\/1-20.jpg 1200w\" sizes=\"(max-width: 300px) 100vw, 300px\" \/><\/a><\/p>\n"},"caption":{"rendered":"<p>2008\/Ekim ay\u0131 ba\u015f\u0131ndan itibaren memur olanlar\u0131n maa\u015f hesaplamalar\u0131 ise SGK (5510 s.) Kanuna g\u00f6re yap\u0131ld\u0131\u011f\u0131n\u0131 belirten Karaka\u015f, bu kanuna g\u00f6re emekli olanlar\u0131n emekli olmalar\u0131 i\u00e7in gereken en az hizmet s\u00fcresi 25 y\u0131l oldu\u011fundan bu s\u00fcre 2033 y\u0131l\u0131nda dolaca\u011f\u0131n\u0131 ifade etti. Mevcut emeklilik sisteminden emekli olanlar i\u00e7in bilgi veren Karaka\u015f, \u201cson temmuz ay\u0131nda memur ve memur emeklisi maa\u015flar\u0131na %15,57 oran\u0131nda g\u00fcncelleme yap\u0131lm\u0131\u015ft\u0131. Yap\u0131lan g\u00fcncelleme yine T\u00dc\u0130K\u2019in a\u00e7\u0131klad\u0131\u011f\u0131 enflasyonun alt\u0131nda ger\u00e7ekle\u015fmi\u015fti. 2026\/Ocak ay\u0131nda SSK-Ba\u011f-Kur ve Sand\u0131k sigortal\u0131lar\u0131na yap\u0131lacak g\u00fcncellemeler yine sadece 6 ayl\u0131k enflasyon verisine g\u00f6re belirlenecektir. Memur emeklileri ise g\u00f6bekten ba\u011fl\u0131 olduklar\u0131 aynen memurlar gibi toplu s\u00f6zle\u015fme + enflasyon fark\u0131na g\u00f6re g\u00fcncellenecek ve buna g\u00f6re yeni maa\u015flar\u0131n\u0131 alacakt\u0131r\u201d dedi. T\u00dcFE\u2019deki (2003=100) de\u011fi\u015fim 2025 y\u0131l\u0131 a\u011fustos ay\u0131nda bir \u00f6nceki aya g\u00f6re %2,04 art\u0131\u015f, bir \u00f6nceki y\u0131l\u0131n aral\u0131k ay\u0131na g\u00f6re %21,50 art\u0131\u015f, bir \u00f6nceki y\u0131l\u0131n ayn\u0131 ay\u0131na g\u00f6re %32,95 art\u0131\u015f ve 12 yl\u0131k ortalamalara g\u00f6re %39,62 art\u0131\u015f olarak ger\u00e7ekle\u015fti\u011fini hat\u0131rlatan Karaka\u015f, Temmuz+A\u011fustos aylar\u0131 itibar\u0131yla 2 ayl\u0131k k\u00fcm\u00fclatif enflasyon fark\u0131 \u015fimdiden % 4,14 olarak ger\u00e7ekle\u015fti\u011fini belirtti. SON 4 AYLIK VER\u0130 BEKLEN\u0130YOR \u201cTemmuz-Aral\u0131k 2025 enflasyon fark\u0131 %5\u2019i a\u015f\u0131yorsa bu fark memur maa\u015f\u0131n\u0131n g\u00fcncellemesinde ilave edilecektir. Dolay\u0131s\u0131yla toplu s\u00f6zle\u015fmede \u00f6ng\u00f6r\u00fclen %5\u2019lik oran a\u015f\u0131lmad\u0131\u011f\u0131ndan memur ve emeklisinin hen\u00fcz enflasyon fark\u0131 bulunmamaktad\u0131r. Ancak en son akdedilen toplu s\u00f6zle\u015fmeden do\u011fan %11\u2019lik g\u00fcncelleme + seyyanen 1000 TL taban ayl\u0131k ilavesi kesinle\u015fti\u201d diyen Karaka\u015f, memur ve emeklisinin maa\u015f g\u00fcncellemesi i\u00e7in geriye sadece 4 ayl\u0131k enflasyon verisi kald\u0131\u011f\u0131n vurgulad\u0131. Y\u0131l sonu enflasyon rakamlar\u0131n\u0131n belirtilen rakam seviyelerinde ger\u00e7ekle\u015fmesi h\u00e2linde refah pay\u0131 verilmese dahi her hal\u00fck\u00e2rda SSK, Ba\u011f-Kur, Banka ve Oda Sand\u0131k emeklilerinin 2026 Ocak ay\u0131nda en az %10 en fazla %11 civar\u0131nda bir g\u00fcncelleme alacaklar\u0131n\u0131 tahmin eden Karaka\u015f, \u201cMemur ve emeklisinin maa\u015flar\u0131na %11\u2019lik toplu s\u00f6zle\u015fme alaca\u011f\u0131yla birlikte en az %16 ve azami %18 oran\u0131nda bir g\u00fcncelleme yap\u0131lmas\u0131n\u0131 beklemekteyim. Yap\u0131lan bu g\u00fcncellemeye ayr\u0131ca 1000 TL\u2019lik seyyanen taban ayl\u0131k art\u0131\u015f\u0131 da ilave edilecektir. 1000 TL\u2019lik seyyanen taban ayl\u0131k art\u0131\u015f\u0131n\u0131n memurlardan farkl\u0131 olarak memur emeklilerine katk\u0131s\u0131n\u0131n daha fazla olaca\u011f\u0131n\u0131n da alt\u0131n\u0131 \u00e7izmek istiyorum\u201d dedi. SEYYANEN ZAM MEMUR EMEKL\u0130S\u0130NE GELECEK M\u0130? Memura verilen seyyanen zam memur emeklisine 2026\/Ocak ay\u0131nda verilecek mi? sorusuna da cevap veren Karaka\u015f, ald\u0131\u011f\u0131 kulis bilgilerinde bu konuda bir \u00e7al\u0131\u015fma olmad\u0131\u011f\u0131n\u0131 belirtti.<\/p>\n<p>Kaynak : haberzamani.com<\/p>\n"},"alt_text":"","media_type":"image","mime_type":"image\/jpeg","media_details":{"width":1200,"height":675,"file":"2025\/10\/1-20.jpg","sizes":{"medium":{"file":"1-20-300x169.jpg","width":300,"height":169,"mime_type":"image\/jpeg","source_url":"https:\/\/kilosorunum.com\/habercim\/wp-content\/uploads\/2025\/10\/1-20-300x169.jpg"},"large":{"file":"1-20-1024x576.jpg","width":1024,"height":576,"mime_type":"image\/jpeg","source_url":"https:\/\/kilosorunum.com\/habercim\/wp-content\/uploads\/2025\/10\/1-20-1024x576.jpg"},"thumbnail":{"file":"1-20-150x150.jpg","width":150,"height":150,"mime_type":"image\/jpeg","source_url":"https:\/\/kilosorunum.com\/habercim\/wp-content\/uploads\/2025\/10\/1-20-150x150.jpg"},"medium_large":{"file":"1-20-768x432.jpg","width":768,"height":432,"mime_type":"image\/jpeg","source_url":"https:\/\/kilosorunum.com\/habercim\/wp-content\/uploads\/2025\/10\/1-20-768x432.jpg"},"kucukResim":{"file":"1-20-80x50.jpg","width":80,"height":50,"mime_type":"image\/jpeg","source_url":"https:\/\/kilosorunum.com\/habercim\/wp-content\/uploads\/2025\/10\/1-20-80x50.jpg"},"sliderResim":{"file":"1-20-670x330.jpg","width":670,"height":330,"mime_type":"image\/jpeg","source_url":"https:\/\/kilosorunum.com\/habercim\/wp-content\/uploads\/2025\/10\/1-20-670x330.jpg"},"resim1":{"file":"1-20-184x140.jpg","width":184,"height":140,"mime_type":"image\/jpeg","source_url":"https:\/\/kilosorunum.com\/habercim\/wp-content\/uploads\/2025\/10\/1-20-184x140.jpg"},"resim2":{"file":"1-20-216x103.jpg","width":216,"height":103,"mime_type":"image\/jpeg","source_url":"https:\/\/kilosorunum.com\/habercim\/wp-content\/uploads\/2025\/10\/1-20-216x103.jpg"},"resim3":{"file":"1-20-145x70.jpg","width":145,"height":70,"mime_type":"image\/jpeg","source_url":"https:\/\/kilosorunum.com\/habercim\/wp-content\/uploads\/2025\/10\/1-20-145x70.jpg"},"sagSlider":{"file":"1-20-300x150.jpg","width":300,"height":150,"mime_type":"image\/jpeg","source_url":"https:\/\/kilosorunum.com\/habercim\/wp-content\/uploads\/2025\/10\/1-20-300x150.jpg"},"yeniSlider":{"file":"1-20-500x290.jpg","width":500,"height":290,"mime_type":"image\/jpeg","source_url":"https:\/\/kilosorunum.com\/habercim\/wp-content\/uploads\/2025\/10\/1-20-500x290.jpg"},"full":{"file":"1-20.jpg","width":1200,"height":675,"mime_type":"image\/jpeg","source_url":"https:\/\/kilosorunum.com\/habercim\/wp-content\/uploads\/2025\/10\/1-20.jpg"}},"image_meta":{"aperture":"0","credit":"","camera":"","caption":"","created_timestamp":"0","copyright":"","focal_length":"0","iso":"0","shutter_speed":"0","title":"","orientation":"0","keywords":[]}},"post":38919,"source_url":"https:\/\/kilosorunum.com\/habercim\/wp-content\/uploads\/2025\/10\/1-20.jpg","_links":{"self":[{"href":"https:\/\/kilosorunum.com\/habercim\/wp-json\/wp\/v2\/media\/38921"}],"collection":[{"href":"https:\/\/kilosorunum.com\/habercim\/wp-json\/wp\/v2\/media"}],"about":[{"href":"https:\/\/kilosorunum.com\/habercim\/wp-json\/wp\/v2\/types\/attachment"}],"author":[{"embeddable":true,"href":"https:\/\/kilosorunum.com\/habercim\/wp-json\/wp\/v2\/users\/2"}],"replies":[{"embeddable":true,"href":"https:\/\/kilosorunum.com\/habercim\/wp-json\/wp\/v2\/comments?post=38921"}]}}