{"id":38932,"date":"2025-10-03T23:41:57","date_gmt":"2025-10-03T20:41:57","guid":{"rendered":"https:\/\/kilosorunum.com\/habercim\/wp-content\/uploads\/2025\/10\/1-24.jpg"},"modified":"2025-10-03T23:42:35","modified_gmt":"2025-10-03T20:42:35","slug":"1-4210","status":"inherit","type":"attachment","link":"https:\/\/kilosorunum.com\/habercim\/foto-galeri\/narin-guran-davasinda-2\/attachment\/1-4210\/","title":{"rendered":"Narin G\u00fcran davas\u0131nda"},"author":2,"comment_status":"open","ping_status":"closed","template":"","meta":[],"description":{"rendered":"<p class=\"attachment\"><a href='https:\/\/kilosorunum.com\/habercim\/wp-content\/uploads\/2025\/10\/1-24.jpg'><img width=\"300\" height=\"169\" src=\"https:\/\/kilosorunum.com\/habercim\/wp-content\/uploads\/2025\/10\/1-24-300x169.jpg\" class=\"attachment-medium size-medium\" alt=\"\" loading=\"lazy\" srcset=\"https:\/\/kilosorunum.com\/habercim\/wp-content\/uploads\/2025\/10\/1-24-300x169.jpg 300w, https:\/\/kilosorunum.com\/habercim\/wp-content\/uploads\/2025\/10\/1-24-1024x576.jpg 1024w, https:\/\/kilosorunum.com\/habercim\/wp-content\/uploads\/2025\/10\/1-24-768x432.jpg 768w, https:\/\/kilosorunum.com\/habercim\/wp-content\/uploads\/2025\/10\/1-24.jpg 1200w\" sizes=\"(max-width: 300px) 100vw, 300px\" \/><\/a><\/p>\n"},"caption":{"rendered":"<p>Diyarbak\u0131r\u2019da 8 ya\u015f\u0131ndaki Narin G\u00fcran\u2019\u0131n \u00f6ld\u00fcr\u00fclmesine ili\u015fkin haklar\u0131nda dava a\u00e7\u0131lan 6\u2019s\u0131 tutuklu 12 san\u0131k ile su\u00e7a s\u00fcr\u00fcklenen 3 \u00e7ocu\u011fun yarg\u0131land\u0131\u011f\u0131 davada yeni bir geli\u015fme ya\u015fand\u0131. Diyarbak\u0131r B\u00f6lge Adliye Mahkemesi 7.Ceza Dairesi, \u201csu\u00e7luyu kay\u0131rma\u201d su\u00e7undan tutuklu yarg\u0131lanan 3 ki\u015finin tahliyesine karar verdi. Peki bu tahliyeler neden ya\u015fand\u0131! Diyarbak\u0131r 2. \u00c7ocuk Mahkemesinin, kendilerindeki dosyan\u0131n, Diyarbak\u0131r 17. Asliye Ceza Mahkemesi\u2019nde 6\u2019s\u0131 tutuklu 12 san\u0131k hakk\u0131nda a\u00e7\u0131lan davayla birle\u015ftirilmesi y\u00f6n\u00fcndeki talebi kabul edilmi\u015fti. ANNE, A\u011eABEY VE AMCAYA A\u011eIR M\u00dcEBBET VER\u0130LM\u0130\u015eT\u0130 Diyarbak\u0131r Cumhuriyet Ba\u015fsavc\u0131l\u0131\u011f\u0131nca anne Y\u00fcksel, a\u011fabey Enes ve amca Salim G\u00fcran ile Nevzat Bahtiyar hakk\u0131nda y\u00fcr\u00fct\u00fclen soru\u015fturma tamamlanm\u0131\u015f, 4 san\u0131k hakk\u0131nda \u201ci\u015ftirak halinde \u00e7ocu\u011fa kar\u015f\u0131 kasten \u00f6ld\u00fcrme\u201d su\u00e7undan a\u011f\u0131rla\u015ft\u0131r\u0131lm\u0131\u015f m\u00fcebbet hapis istemiyle haz\u0131rlanan iddianame, Diyarbak\u0131r 8. A\u011f\u0131r Ceza Mahkemesince 23 Ekim 2024\u2019te kabul edilmi\u015fti. Birsen, Fuat ve Ma\u015fallah G\u00fcran\u2019\u0131n tahliyelerine karar verdi. Birsen, Fuat ve Ma\u015fallah G\u00fcran hakk\u0131nda 3 y\u0131l 6 ay hapis cezas\u0131 verilmi\u015fti. San\u0131klar\u0131n yarg\u0131lanmas\u0131na 7 Kas\u0131m 2024\u2019te ba\u015flanm\u0131\u015f, mahkeme heyeti 28 Aral\u0131k 2024\u2019teki duru\u015fmada, tutuklu san\u0131klar Y\u00fcksel, Enes ve Salim G\u00fcran\u2019\u0131n \u201ci\u015ftirak halinde \u00e7ocu\u011fa kar\u015f\u0131 kasten \u00f6ld\u00fcrme\u201d su\u00e7undan a\u011f\u0131rla\u015ft\u0131r\u0131lm\u0131\u015f m\u00fcebbet, Narin\u2019in cans\u0131z bedenini E\u011fertutmaz Deresi\u2019ne saklad\u0131\u011f\u0131n\u0131 itiraf eden Nevzat Bahtiyar\u2019\u0131n da \u201csu\u00e7 delillerini yok etme, gizleme veya de\u011fi\u015ftirme\u201d su\u00e7undan 4 y\u0131l 6 ay hapisle cezaland\u0131r\u0131lmalar\u0131na ve tutukluluk hallerinin devam\u0131na karar vermi\u015fti. Diyarbak\u0131r B\u00f6lge Adliye Mahkemesi 1. Ceza Dairesi, Narin G\u00fcran cinayeti davas\u0131nda ilk derece mahkemesinin san\u0131klar anne Y\u00fcksel, a\u011fabey Enes ve amca Salim G\u00fcran ile Nevzat Bahtiyar\u2019a verilen hapis cezalar\u0131n\u0131 hukuka uygun bulmu\u015ftu.<\/p>\n<p>Kaynak : haberzamani.com<\/p>\n"},"alt_text":"","media_type":"image","mime_type":"image\/jpeg","media_details":{"width":1200,"height":675,"file":"2025\/10\/1-24.jpg","sizes":{"medium":{"file":"1-24-300x169.jpg","width":300,"height":169,"mime_type":"image\/jpeg","source_url":"https:\/\/kilosorunum.com\/habercim\/wp-content\/uploads\/2025\/10\/1-24-300x169.jpg"},"large":{"file":"1-24-1024x576.jpg","width":1024,"height":576,"mime_type":"image\/jpeg","source_url":"https:\/\/kilosorunum.com\/habercim\/wp-content\/uploads\/2025\/10\/1-24-1024x576.jpg"},"thumbnail":{"file":"1-24-150x150.jpg","width":150,"height":150,"mime_type":"image\/jpeg","source_url":"https:\/\/kilosorunum.com\/habercim\/wp-content\/uploads\/2025\/10\/1-24-150x150.jpg"},"medium_large":{"file":"1-24-768x432.jpg","width":768,"height":432,"mime_type":"image\/jpeg","source_url":"https:\/\/kilosorunum.com\/habercim\/wp-content\/uploads\/2025\/10\/1-24-768x432.jpg"},"kucukResim":{"file":"1-24-80x50.jpg","width":80,"height":50,"mime_type":"image\/jpeg","source_url":"https:\/\/kilosorunum.com\/habercim\/wp-content\/uploads\/2025\/10\/1-24-80x50.jpg"},"sliderResim":{"file":"1-24-670x330.jpg","width":670,"height":330,"mime_type":"image\/jpeg","source_url":"https:\/\/kilosorunum.com\/habercim\/wp-content\/uploads\/2025\/10\/1-24-670x330.jpg"},"resim1":{"file":"1-24-184x140.jpg","width":184,"height":140,"mime_type":"image\/jpeg","source_url":"https:\/\/kilosorunum.com\/habercim\/wp-content\/uploads\/2025\/10\/1-24-184x140.jpg"},"resim2":{"file":"1-24-216x103.jpg","width":216,"height":103,"mime_type":"image\/jpeg","source_url":"https:\/\/kilosorunum.com\/habercim\/wp-content\/uploads\/2025\/10\/1-24-216x103.jpg"},"resim3":{"file":"1-24-145x70.jpg","width":145,"height":70,"mime_type":"image\/jpeg","source_url":"https:\/\/kilosorunum.com\/habercim\/wp-content\/uploads\/2025\/10\/1-24-145x70.jpg"},"sagSlider":{"file":"1-24-300x150.jpg","width":300,"height":150,"mime_type":"image\/jpeg","source_url":"https:\/\/kilosorunum.com\/habercim\/wp-content\/uploads\/2025\/10\/1-24-300x150.jpg"},"yeniSlider":{"file":"1-24-500x290.jpg","width":500,"height":290,"mime_type":"image\/jpeg","source_url":"https:\/\/kilosorunum.com\/habercim\/wp-content\/uploads\/2025\/10\/1-24-500x290.jpg"},"full":{"file":"1-24.jpg","width":1200,"height":675,"mime_type":"image\/jpeg","source_url":"https:\/\/kilosorunum.com\/habercim\/wp-content\/uploads\/2025\/10\/1-24.jpg"}},"image_meta":{"aperture":"0","credit":"","camera":"","caption":"","created_timestamp":"0","copyright":"","focal_length":"0","iso":"0","shutter_speed":"0","title":"","orientation":"0","keywords":[]}},"post":38930,"source_url":"https:\/\/kilosorunum.com\/habercim\/wp-content\/uploads\/2025\/10\/1-24.jpg","_links":{"self":[{"href":"https:\/\/kilosorunum.com\/habercim\/wp-json\/wp\/v2\/media\/38932"}],"collection":[{"href":"https:\/\/kilosorunum.com\/habercim\/wp-json\/wp\/v2\/media"}],"about":[{"href":"https:\/\/kilosorunum.com\/habercim\/wp-json\/wp\/v2\/types\/attachment"}],"author":[{"embeddable":true,"href":"https:\/\/kilosorunum.com\/habercim\/wp-json\/wp\/v2\/users\/2"}],"replies":[{"embeddable":true,"href":"https:\/\/kilosorunum.com\/habercim\/wp-json\/wp\/v2\/comments?post=38932"}]}}