{"id":38968,"date":"2025-10-04T23:45:05","date_gmt":"2025-10-04T20:45:05","guid":{"rendered":"https:\/\/kilosorunum.com\/habercim\/wp-content\/uploads\/2025\/10\/1-39.jpg"},"modified":"2025-10-04T23:46:00","modified_gmt":"2025-10-04T20:46:00","slug":"1-4225","status":"inherit","type":"attachment","link":"https:\/\/kilosorunum.com\/habercim\/foto-galeri\/kira-sorununa-devlet-cozumu-geliyor\/attachment\/1-4225\/","title":{"rendered":"Kira sorununa devlet \u00e7\u00f6z\u00fcm\u00fc geliyor"},"author":2,"comment_status":"open","ping_status":"closed","template":"","meta":[],"description":{"rendered":"<p class=\"attachment\"><a href='https:\/\/kilosorunum.com\/habercim\/wp-content\/uploads\/2025\/10\/1-39.jpg'><img width=\"300\" height=\"169\" src=\"https:\/\/kilosorunum.com\/habercim\/wp-content\/uploads\/2025\/10\/1-39-300x169.jpg\" class=\"attachment-medium size-medium\" alt=\"\" loading=\"lazy\" srcset=\"https:\/\/kilosorunum.com\/habercim\/wp-content\/uploads\/2025\/10\/1-39-300x169.jpg 300w, https:\/\/kilosorunum.com\/habercim\/wp-content\/uploads\/2025\/10\/1-39-1024x576.jpg 1024w, https:\/\/kilosorunum.com\/habercim\/wp-content\/uploads\/2025\/10\/1-39-768x432.jpg 768w, https:\/\/kilosorunum.com\/habercim\/wp-content\/uploads\/2025\/10\/1-39.jpg 1200w\" sizes=\"(max-width: 300px) 100vw, 300px\" \/><\/a><\/p>\n"},"caption":{"rendered":"<p>Cumhurba\u015fkan\u0131 Recep Tayyip Erdo\u011fan\u2019\u0131n ba\u015fkanl\u0131\u011f\u0131nda \u00f6nceki g\u00fcn ger\u00e7ekle\u015ftirilen AK Parti Geni\u015fletilmi\u015f \u0130l Ba\u015fkanlar\u0131 Toplant\u0131s\u0131\u2019nda, \u00c7evre, \u015eehircilik ve \u0130klim De\u011fi\u015fikli\u011fi Bakan\u0131 Murat Kurum, hafta ba\u015f\u0131nda duyurulan devlet destekli kiral\u0131k konut projesine ili\u015fkin k\u0131sa bir sunum yapt\u0131.<br \/>\nProjenin detaylar\u0131n\u0131n 24 Ekim\u2019de Cumhurba\u015fkan\u0131 Erdo\u011fan taraf\u0131ndan a\u00e7\u0131klanaca\u011f\u0131n\u0131 kaydeden Kurum, 15 bin konutun devlet taraf\u0131ndan yar\u0131 fiyat\u0131na kiraya verilece\u011fini s\u00f6yledi. Devletten ev kiralayan vatanda\u015flar\u0131n kiralad\u0131klar\u0131 evlerde en fazla 3 y\u0131l kalabilece\u011fi \u00f6\u011frenildi. \u2018Kiral\u0131k Sosyal Konut Projesi\u2019nde hak sahipleri kurayla belirlenecek. Kurada kirac\u0131 olmaya hak kazanan vatanda\u015flar s\u00f6zle\u015fme imzalayacak. Bu s\u00fcre\u00e7te d\u00fczenli kira \u00f6demelerinin yap\u0131l\u0131p yap\u0131lmad\u0131\u011f\u0131 ve evlerin durumu d\u00fczenli olarak denetlenecek. Kontratta belirlenen s\u00fcrecin dolmas\u0131n\u0131n ard\u0131ndan evler, gerekli bak\u0131mlar yap\u0131ld\u0131ktan sonra tekrar kriterlere uygun olan ve kurayla belirlenen hak sahiplerine kiralanabilecek. Bu arada CHP\u2019den istifa ederek AK Parti\u2019ye ge\u00e7en Ayd\u0131n B\u00fcy\u00fck\u015fehir Belediye Ba\u015fkan\u0131 \u00d6zlem \u00c7er\u00e7io\u011flu, ilk kez il ba\u015fkanlar\u0131 toplant\u0131s\u0131na kat\u0131ld\u0131. Toplant\u0131da s\u00f6z alan \u00c7er\u00e7io\u011flu\u2019nun, \u201cAyd\u0131n\u2019\u0131 T\u00fcrkiye Y\u00fczy\u0131l\u0131\u2019n\u0131n parlayan y\u0131ld\u0131z\u0131 yapaca\u011f\u0131z\u201d dedi\u011fi \u00f6\u011frenildi. \u00c7er\u00e7io\u011flu\u2019nun bu y\u0131lki hasat edilen incirlerin \u00fcreticinin elinde kald\u0131\u011f\u0131n\u0131 aktarmas\u0131 \u00fczerine Erdo\u011fan, TAR\u0130\u015e ve Toprak Mahsulleri Ofisi\u2019ne incirleri alma talimat\u0131 verdi\u011fi aktar\u0131ld\u0131.<\/p>\n<p>KAYNAK: H\u00dcRR\u0130YET\/Ebru Karatosun ve cnnturk.com<\/p>\n"},"alt_text":"","media_type":"image","mime_type":"image\/jpeg","media_details":{"width":1200,"height":675,"file":"2025\/10\/1-39.jpg","sizes":{"medium":{"file":"1-39-300x169.jpg","width":300,"height":169,"mime_type":"image\/jpeg","source_url":"https:\/\/kilosorunum.com\/habercim\/wp-content\/uploads\/2025\/10\/1-39-300x169.jpg"},"large":{"file":"1-39-1024x576.jpg","width":1024,"height":576,"mime_type":"image\/jpeg","source_url":"https:\/\/kilosorunum.com\/habercim\/wp-content\/uploads\/2025\/10\/1-39-1024x576.jpg"},"thumbnail":{"file":"1-39-150x150.jpg","width":150,"height":150,"mime_type":"image\/jpeg","source_url":"https:\/\/kilosorunum.com\/habercim\/wp-content\/uploads\/2025\/10\/1-39-150x150.jpg"},"medium_large":{"file":"1-39-768x432.jpg","width":768,"height":432,"mime_type":"image\/jpeg","source_url":"https:\/\/kilosorunum.com\/habercim\/wp-content\/uploads\/2025\/10\/1-39-768x432.jpg"},"kucukResim":{"file":"1-39-80x50.jpg","width":80,"height":50,"mime_type":"image\/jpeg","source_url":"https:\/\/kilosorunum.com\/habercim\/wp-content\/uploads\/2025\/10\/1-39-80x50.jpg"},"sliderResim":{"file":"1-39-670x330.jpg","width":670,"height":330,"mime_type":"image\/jpeg","source_url":"https:\/\/kilosorunum.com\/habercim\/wp-content\/uploads\/2025\/10\/1-39-670x330.jpg"},"resim1":{"file":"1-39-184x140.jpg","width":184,"height":140,"mime_type":"image\/jpeg","source_url":"https:\/\/kilosorunum.com\/habercim\/wp-content\/uploads\/2025\/10\/1-39-184x140.jpg"},"resim2":{"file":"1-39-216x103.jpg","width":216,"height":103,"mime_type":"image\/jpeg","source_url":"https:\/\/kilosorunum.com\/habercim\/wp-content\/uploads\/2025\/10\/1-39-216x103.jpg"},"resim3":{"file":"1-39-145x70.jpg","width":145,"height":70,"mime_type":"image\/jpeg","source_url":"https:\/\/kilosorunum.com\/habercim\/wp-content\/uploads\/2025\/10\/1-39-145x70.jpg"},"sagSlider":{"file":"1-39-300x150.jpg","width":300,"height":150,"mime_type":"image\/jpeg","source_url":"https:\/\/kilosorunum.com\/habercim\/wp-content\/uploads\/2025\/10\/1-39-300x150.jpg"},"yeniSlider":{"file":"1-39-500x290.jpg","width":500,"height":290,"mime_type":"image\/jpeg","source_url":"https:\/\/kilosorunum.com\/habercim\/wp-content\/uploads\/2025\/10\/1-39-500x290.jpg"},"full":{"file":"1-39.jpg","width":1200,"height":675,"mime_type":"image\/jpeg","source_url":"https:\/\/kilosorunum.com\/habercim\/wp-content\/uploads\/2025\/10\/1-39.jpg"}},"image_meta":{"aperture":"0","credit":"","camera":"","caption":"","created_timestamp":"0","copyright":"","focal_length":"0","iso":"0","shutter_speed":"0","title":"","orientation":"0","keywords":[]}},"post":38966,"source_url":"https:\/\/kilosorunum.com\/habercim\/wp-content\/uploads\/2025\/10\/1-39.jpg","_links":{"self":[{"href":"https:\/\/kilosorunum.com\/habercim\/wp-json\/wp\/v2\/media\/38968"}],"collection":[{"href":"https:\/\/kilosorunum.com\/habercim\/wp-json\/wp\/v2\/media"}],"about":[{"href":"https:\/\/kilosorunum.com\/habercim\/wp-json\/wp\/v2\/types\/attachment"}],"author":[{"embeddable":true,"href":"https:\/\/kilosorunum.com\/habercim\/wp-json\/wp\/v2\/users\/2"}],"replies":[{"embeddable":true,"href":"https:\/\/kilosorunum.com\/habercim\/wp-json\/wp\/v2\/comments?post=38968"}]}}