{"id":39014,"date":"2025-10-06T20:41:03","date_gmt":"2025-10-06T17:41:03","guid":{"rendered":"https:\/\/kilosorunum.com\/habercim\/wp-content\/uploads\/2025\/10\/1-57.jpg"},"modified":"2025-10-06T20:41:45","modified_gmt":"2025-10-06T17:41:45","slug":"1-4243","status":"inherit","type":"attachment","link":"https:\/\/kilosorunum.com\/habercim\/foto-galeri\/prof-dr-sener-usumezsoy\/attachment\/1-4243\/","title":{"rendered":"Prof. Dr. \u015eener \u00dc\u015f\u00fcmezsoy"},"author":2,"comment_status":"open","ping_status":"closed","template":"","meta":[],"description":{"rendered":"<p class=\"attachment\"><a href='https:\/\/kilosorunum.com\/habercim\/wp-content\/uploads\/2025\/10\/1-57.jpg'><img width=\"300\" height=\"169\" src=\"https:\/\/kilosorunum.com\/habercim\/wp-content\/uploads\/2025\/10\/1-57-300x169.jpg\" class=\"attachment-medium size-medium\" alt=\"\" loading=\"lazy\" srcset=\"https:\/\/kilosorunum.com\/habercim\/wp-content\/uploads\/2025\/10\/1-57-300x169.jpg 300w, https:\/\/kilosorunum.com\/habercim\/wp-content\/uploads\/2025\/10\/1-57-1024x576.jpg 1024w, https:\/\/kilosorunum.com\/habercim\/wp-content\/uploads\/2025\/10\/1-57-768x432.jpg 768w, https:\/\/kilosorunum.com\/habercim\/wp-content\/uploads\/2025\/10\/1-57.jpg 1200w\" sizes=\"(max-width: 300px) 100vw, 300px\" \/><\/a><\/p>\n"},"caption":{"rendered":"<p>Tekirda\u011f Sars\u0131nt\u0131s\u0131 Sonras\u0131 \u0130stanbul\u2019da Panik ve Uzmanlar\u0131n G\u00f6r\u00fc\u015fleri<br \/>\nTekirda\u011f\u2019da meydana gelen \u015fiddetli yer sars\u0131nt\u0131s\u0131n\u0131n ard\u0131ndan \u0130stanbul\u2019da \u00e7ok say\u0131da vatanda\u015f b\u00fcy\u00fck bir korku ve panik ya\u015fad\u0131. Geni\u015f bir alandan hissedilen bu deprem sonras\u0131nda, deprem uzmanlar\u0131 hemen canl\u0131 yay\u0131nlara ba\u011flanarak de\u011ferlendirmelerde bulundu. Uzmanlara y\u00f6neltilen en kritik soru, bu olay\u0131n uzun s\u00fcredir beklenen B\u00fcy\u00fck \u0130stanbul Depremi\u2019nin bir habercisi olup olmad\u0131\u011f\u0131yd\u0131.<\/p>\n<p>Son d\u00f6nemdeki isabetli tahminleriyle \u00f6ne \u00e7\u0131kan deprem bilimci Prof. Dr. \u015eener \u00dc\u015f\u00fcmezsoy ise bu sars\u0131nt\u0131y\u0131 23 Nisan\u2019da \u00f6ng\u00f6rd\u00fc\u011f\u00fcn\u00fc dile getirdi. \u0130\u015fte sars\u0131nt\u0131ya ili\u015fkin derlenmi\u015f uzman yorumlar\u0131:<\/p>\n<p>Prof. Dr. \u015e\u00fckr\u00fc Ersoy: \u201cArt\u00e7\u0131lar\u0131 Takip Etmek Gerekiyor\u201d<br \/>\nProf. Dr. \u015e\u00fckr\u00fc Ersoy, A Haber canl\u0131 yay\u0131n\u0131nda \u00f6nemli a\u00e7\u0131klamalarda bulundu:<\/p>\n<p>\u201c\u015eu an izleme halindeyiz. Bu depremin devam\u0131nda art\u00e7\u0131 sars\u0131nt\u0131lar olacak m\u0131, olmayacak m\u0131? Bunu g\u00f6zlemleyece\u011fiz. Art\u00e7\u0131lar\u0131n ya\u015fanmas\u0131, b\u00f6lgedeki aktif hareketlili\u011fin bir g\u00f6stergesidir. Bu art\u00e7\u0131lar, bekledi\u011fimiz b\u00fcy\u00fck depremin fay hatt\u0131n\u0131n canl\u0131 oldu\u011funu g\u00f6stermesi a\u00e7\u0131s\u0131ndan m\u00fchimdir. Bu b\u00fcy\u00fckl\u00fckteki bir depremde ciddi bir hasar beklemiyoruz. \u0130stanbul\u2019un her noktas\u0131ndan hissedilmi\u015f olsa da y\u0131k\u0131c\u0131 nitelikte de\u011fildir. Bunun ard\u0131ndan 4, 3 ve 2 b\u00fcy\u00fckl\u00fc\u011f\u00fcnde sars\u0131nt\u0131lar meydana gelebilir. Bu beklenen bir durumdur.\u201d<\/p>\n<p>Kuzey Anadolu Fay\u0131\u2019nda bir rahatlamaya yol a\u00e7ar m\u0131? sorusuna ise Ersoy net bir cevap verdi:<\/p>\n<p>\u201cHay\u0131r. B\u00f6yle bir niteli\u011fi yoktur. Gelecekte ger\u00e7ekle\u015febilecek b\u00fcy\u00fck depremin birikmi\u015f enerjisini alabilecek bir sars\u0131nt\u0131 de\u011fildir. Marmara\u2019da beklenen b\u00fcy\u00fck depremin enerjisini bu t\u00fcr bir depremin alaca\u011f\u0131n\u0131 s\u00f6ylemek do\u011fru olmaz.\u201d<\/p>\n<p>Prof. Dr. \u015eener \u00dc\u015f\u00fcmezsoy: \u201cDefalarca Uyarm\u0131\u015ft\u0131m\u2026\u201d<\/p>\n<p>Habert\u00fcrk canl\u0131 yay\u0131n\u0131nda dikkat \u00e7ekici a\u00e7\u0131klamalarda bulunan Prof. Dr. \u015eener \u00dc\u015f\u00fcmezsoy\u2019un ifadeleri ise \u015fu \u015fekildeydi:<\/p>\n<p>\u201cDeprem, Silivri \u00e7ukurunun bat\u0131 kenar\u0131nda meydana geldi. Kumburgaz\u2019da 6.2 b\u00fcy\u00fckl\u00fc\u011f\u00fcndeki sars\u0131nt\u0131 zaten o fay\u0131 k\u0131rm\u0131\u015ft\u0131. Bu olay da, daha \u00f6nce bahsetti\u011fim gibi, Silivri \u00e7ukuru i\u00e7erisinde k\u0131r\u0131lmam\u0131\u015f olan fay hatt\u0131nda ger\u00e7ekle\u015fti. Tekrar belirtmek isterim; 23 Nisan\u2019da Silivri ile B\u00fcy\u00fck\u00e7ekmece aras\u0131ndaki fay k\u0131r\u0131lm\u0131\u015ft\u0131. Bu son sars\u0131nt\u0131 ise Silivri \u00e7ukuru i\u00e7erisinde daha bat\u0131ya uzanan bir fayda oldu; bunu netle\u015ftirmek gerekir. Daha \u00f6nce Silivri \u00e7ukurunda bir deprem daha bekledi\u011fimi s\u00f6yledi\u011fim noktada ger\u00e7ekle\u015fti. 23 Nisan\u2019da ya\u015fanan\u0131n ard\u0131ndan, Kumburgaz \u00e7ukurundan sonra Silivri \u00e7ukurunda bekledi\u011fimiz bu sars\u0131nt\u0131n\u0131n olaca\u011f\u0131n\u0131 ben her yerde y\u00fcksek sesle (bar bar) dile getirmi\u015ftim.\u201d<\/p>\n<p>Uzmanlar\u0131n bu de\u011ferlendirmeleri, kamuoyunun hem merak\u0131n\u0131 gidermeye hem de Marmara Denizi\u2019ndeki fay hatlar\u0131n\u0131n hareketlili\u011fine dair fark\u0131ndal\u0131\u011f\u0131 art\u0131rmaya devam ediyor.<\/p>\n<p>Kaynak : replikler.org<\/p>\n"},"alt_text":"","media_type":"image","mime_type":"image\/jpeg","media_details":{"width":1200,"height":675,"file":"2025\/10\/1-57.jpg","sizes":{"medium":{"file":"1-57-300x169.jpg","width":300,"height":169,"mime_type":"image\/jpeg","source_url":"https:\/\/kilosorunum.com\/habercim\/wp-content\/uploads\/2025\/10\/1-57-300x169.jpg"},"large":{"file":"1-57-1024x576.jpg","width":1024,"height":576,"mime_type":"image\/jpeg","source_url":"https:\/\/kilosorunum.com\/habercim\/wp-content\/uploads\/2025\/10\/1-57-1024x576.jpg"},"thumbnail":{"file":"1-57-150x150.jpg","width":150,"height":150,"mime_type":"image\/jpeg","source_url":"https:\/\/kilosorunum.com\/habercim\/wp-content\/uploads\/2025\/10\/1-57-150x150.jpg"},"medium_large":{"file":"1-57-768x432.jpg","width":768,"height":432,"mime_type":"image\/jpeg","source_url":"https:\/\/kilosorunum.com\/habercim\/wp-content\/uploads\/2025\/10\/1-57-768x432.jpg"},"kucukResim":{"file":"1-57-80x50.jpg","width":80,"height":50,"mime_type":"image\/jpeg","source_url":"https:\/\/kilosorunum.com\/habercim\/wp-content\/uploads\/2025\/10\/1-57-80x50.jpg"},"sliderResim":{"file":"1-57-670x330.jpg","width":670,"height":330,"mime_type":"image\/jpeg","source_url":"https:\/\/kilosorunum.com\/habercim\/wp-content\/uploads\/2025\/10\/1-57-670x330.jpg"},"resim1":{"file":"1-57-184x140.jpg","width":184,"height":140,"mime_type":"image\/jpeg","source_url":"https:\/\/kilosorunum.com\/habercim\/wp-content\/uploads\/2025\/10\/1-57-184x140.jpg"},"resim2":{"file":"1-57-216x103.jpg","width":216,"height":103,"mime_type":"image\/jpeg","source_url":"https:\/\/kilosorunum.com\/habercim\/wp-content\/uploads\/2025\/10\/1-57-216x103.jpg"},"resim3":{"file":"1-57-145x70.jpg","width":145,"height":70,"mime_type":"image\/jpeg","source_url":"https:\/\/kilosorunum.com\/habercim\/wp-content\/uploads\/2025\/10\/1-57-145x70.jpg"},"sagSlider":{"file":"1-57-300x150.jpg","width":300,"height":150,"mime_type":"image\/jpeg","source_url":"https:\/\/kilosorunum.com\/habercim\/wp-content\/uploads\/2025\/10\/1-57-300x150.jpg"},"yeniSlider":{"file":"1-57-500x290.jpg","width":500,"height":290,"mime_type":"image\/jpeg","source_url":"https:\/\/kilosorunum.com\/habercim\/wp-content\/uploads\/2025\/10\/1-57-500x290.jpg"},"full":{"file":"1-57.jpg","width":1200,"height":675,"mime_type":"image\/jpeg","source_url":"https:\/\/kilosorunum.com\/habercim\/wp-content\/uploads\/2025\/10\/1-57.jpg"}},"image_meta":{"aperture":"0","credit":"","camera":"","caption":"","created_timestamp":"0","copyright":"","focal_length":"0","iso":"0","shutter_speed":"0","title":"","orientation":"0","keywords":[]}},"post":39012,"source_url":"https:\/\/kilosorunum.com\/habercim\/wp-content\/uploads\/2025\/10\/1-57.jpg","_links":{"self":[{"href":"https:\/\/kilosorunum.com\/habercim\/wp-json\/wp\/v2\/media\/39014"}],"collection":[{"href":"https:\/\/kilosorunum.com\/habercim\/wp-json\/wp\/v2\/media"}],"about":[{"href":"https:\/\/kilosorunum.com\/habercim\/wp-json\/wp\/v2\/types\/attachment"}],"author":[{"embeddable":true,"href":"https:\/\/kilosorunum.com\/habercim\/wp-json\/wp\/v2\/users\/2"}],"replies":[{"embeddable":true,"href":"https:\/\/kilosorunum.com\/habercim\/wp-json\/wp\/v2\/comments?post=39014"}]}}