{"id":39091,"date":"2025-10-09T00:13:13","date_gmt":"2025-10-08T21:13:13","guid":{"rendered":"https:\/\/kilosorunum.com\/habercim\/wp-content\/uploads\/2025\/10\/1-85.jpg"},"modified":"2025-10-09T00:13:53","modified_gmt":"2025-10-08T21:13:53","slug":"1-4271","status":"inherit","type":"attachment","link":"https:\/\/kilosorunum.com\/habercim\/foto-galeri\/meteorolojiden-7-il\/attachment\/1-4271\/","title":{"rendered":"Meteoroloji\u2019den 7 il"},"author":2,"comment_status":"open","ping_status":"closed","template":"","meta":[],"description":{"rendered":"<p class=\"attachment\"><a href='https:\/\/kilosorunum.com\/habercim\/wp-content\/uploads\/2025\/10\/1-85.jpg'><img width=\"300\" height=\"169\" src=\"https:\/\/kilosorunum.com\/habercim\/wp-content\/uploads\/2025\/10\/1-85-300x169.jpg\" class=\"attachment-medium size-medium\" alt=\"\" loading=\"lazy\" srcset=\"https:\/\/kilosorunum.com\/habercim\/wp-content\/uploads\/2025\/10\/1-85-300x169.jpg 300w, https:\/\/kilosorunum.com\/habercim\/wp-content\/uploads\/2025\/10\/1-85-1024x576.jpg 1024w, https:\/\/kilosorunum.com\/habercim\/wp-content\/uploads\/2025\/10\/1-85-768x432.jpg 768w, https:\/\/kilosorunum.com\/habercim\/wp-content\/uploads\/2025\/10\/1-85.jpg 1200w\" sizes=\"(max-width: 300px) 100vw, 300px\" \/><\/a><\/p>\n"},"caption":{"rendered":"<p>Meteoroloji Genel M\u00fcd\u00fcrl\u00fc\u011f\u00fc taraf\u0131ndan yap\u0131lan tahminlere g\u00f6re, \u00fclkemiz genelinin par\u00e7al\u0131 ve \u00e7ok bulutlu, Marmara, Ege, Akdeniz, \u0130\u00e7 Anadolu, Karadeniz, Do\u011fu ve G\u00fcneydo\u011fu Anadolu\u2019nun bat\u0131s\u0131n\u0131n sa\u011fanak ve yer yer g\u00f6k g\u00fcr\u00fclt\u00fcl\u00fc sa\u011fanak ya\u011f\u0131\u015fl\u0131 ge\u00e7ece\u011fi tahmin ediliyor. Ya\u011f\u0131\u015flar\u0131n, Do\u011fu Akdeniz\u2019in i\u00e7 kesimleri, Do\u011fu Karadeniz k\u0131y\u0131lar\u0131, Zonguldak, Bart\u0131n, Ordu ve Erzincan \u00e7evreleri ile Antalya, Kayseri ve Sivas\u2019\u0131n do\u011fu il\u00e7elerinde yerel kuvvetli olmas\u0131 bekleniyor.<\/p>\n<p>MARMARA<br \/>\n\u00c7ok bulutlu, b\u00f6lge genelinin aral\u0131kl\u0131 sa\u011fanak ve yer yer g\u00f6k g\u00fcr\u00fclt\u00fcl\u00fc sa\u011fanak ya\u011f\u0131\u015fl\u0131 ge\u00e7ece\u011fi tahmin ediliyor.<\/p>\n<p>BURSA 12\u00b0C, 18\u00b0C<br \/>\n\u00c7ok bulutlu ve aral\u0131kl\u0131 sa\u011fanak ya\u011f\u0131\u015fl\u0131<\/p>\n<p>\u00c7ANAKKALE 12\u00b0C, 19\u00b0C<br \/>\n\u00c7ok bulutlu, ak\u015fam saatlerinde sa\u011fanak ya\u011f\u0131\u015fl\u0131<\/p>\n<p>\u0130STANBUL 13\u00b0C, 19\u00b0C<br \/>\n\u00c7ok bulutlu, yar\u0131n (Per\u015fembe) sabah saatlerinden itibaren aral\u0131kl\u0131 sa\u011fanak ya\u011f\u0131\u015fl\u0131<\/p>\n<p>KIRKLAREL\u0130 10\u00b0C, 19\u00b0C<br \/>\n\u00c7ok bulutlu, gece ve yar\u0131n (Per\u015fembe) sabah saatlerinde sa\u011fanak ya\u011f\u0131\u015fl\u0131<\/p>\n<p>EGE<br \/>\nPar\u00e7al\u0131 ve \u00e7ok bulutlu, bu ak\u015fam ve gece saatlerinde sa\u011fanak ve yer yer g\u00f6k g\u00fcr\u00fclt\u00fcl\u00fc sa\u011fanak ya\u011f\u0131\u015fl\u0131 ge\u00e7ece\u011fi tahmin ediliyor.<\/p>\n<p>A.KARAH\u0130SAR 5\u00b0C, 15\u00b0C<br \/>\n\u00c7ok bulutlu ve ak\u015fam saatlerinde sa\u011fanak ya\u011f\u0131\u015fl\u0131<\/p>\n<p>DEN\u0130ZL\u0130 10\u00b0C, 19\u00b0C<br \/>\n\u00c7ok bulutlu ve ak\u015fam saatlerinde hafif sa\u011fanak ya\u011f\u0131\u015fl\u0131<\/p>\n<p>\u0130ZM\u0130R 12\u00b0C, 22\u00b0C<br \/>\nPar\u00e7al\u0131 ve \u00e7ok bulutlu, ak\u015fam ve gece saatlerinde sa\u011fanak ve yer yer g\u00f6k g\u00fcr\u00fclt\u00fcl\u00fc sa\u011fanak ya\u011f\u0131\u015fl\u0131<\/p>\n<p>MU\u011eLA 6\u00b0C, 19\u00b0C<br \/>\nPar\u00e7al\u0131 ve \u00e7ok bulutlu, ak\u015fam ve gece saatlerinde sa\u011fanak ve yer yer g\u00f6k g\u00fcr\u00fclt\u00fcl\u00fc sa\u011fanak ya\u011f\u0131\u015fl\u0131<\/p>\n<p>AKDEN\u0130Z<br \/>\nPar\u00e7al\u0131 ve \u00e7ok bulutlu, b\u00f6lge genelinin aral\u0131kl\u0131 sa\u011fanak ve g\u00f6k g\u00fcr\u00fclt\u00fcl\u00fc sa\u011fanak ya\u011f\u0131\u015fl\u0131 ge\u00e7ece\u011fi tahmin ediliyor. Ya\u011f\u0131\u015flar\u0131n, Do\u011fu Akdeniz\u2019in i\u00e7 kesimleri ile Antalya\u2019n\u0131n do\u011fu il\u00e7elerinde yerel kuvvetli olmas\u0131 bekleniyor.<\/p>\n<p>ADANA 16\u00b0C, 23\u00b0C<br \/>\n\u00c7ok bulutlu, aral\u0131kl\u0131 sa\u011fanak ve g\u00f6k g\u00fcr\u00fclt\u00fcl\u00fc sa\u011fanak ya\u011f\u0131\u015fl\u0131 ge\u00e7ece\u011fi tahmin ediliyor. Ya\u011f\u0131\u015flar\u0131n, yer yer kuvvetli olmas\u0131 bekleniyor.<\/p>\n<p>ANTALYA 16\u00b0C, 24\u00b0C<br \/>\n\u00c7ok bulutlu, aral\u0131kl\u0131 sa\u011fanak ve g\u00f6k g\u00fcr\u00fclt\u00fcl\u00fc sa\u011fanak ya\u011f\u0131\u015fl\u0131 ge\u00e7ece\u011fi tahmin ediliyor. Ya\u011f\u0131\u015flar\u0131n, do\u011fu il\u00e7elerinde kuvvetli olmas\u0131 bekleniyor.<\/p>\n<p>HATAY 17\u00b0C, 23\u00b0C<br \/>\n\u00c7ok bulutlu, aral\u0131kl\u0131 sa\u011fanak ve g\u00f6k g\u00fcr\u00fclt\u00fcl\u00fc sa\u011fanak ya\u011f\u0131\u015fl\u0131<\/p>\n<p>ISPARTA 8\u00b0C, 17\u00b0C<br \/>\n\u00c7ok bulutlu ve aral\u0131kl\u0131 sa\u011fanak ya\u011f\u0131\u015fl\u0131<\/p>\n<p>\u0130\u00c7 ANADOLU<br \/>\nPar\u00e7al\u0131 ve \u00e7ok bulutlu, b\u00f6lge genelinin aral\u0131kl\u0131 sa\u011fanak ve yer yer g\u00f6k g\u00fcr\u00fclt\u00fcl\u00fc sa\u011fanak ya\u011f\u0131\u015fl\u0131 ge\u00e7ece\u011fi tahmin ediliyor. Ya\u011f\u0131\u015flar\u0131n, yar\u0131n (Pazartesi) \u00f6\u011fle saatlerinden sonra Kayseri ve Sivas\u2019\u0131n do\u011fu il\u00e7elerinde kuvvetli olmas\u0131 bekleniyor.<\/p>\n<p>ANKARA 9\u00b0C, 16\u00b0C<br \/>\n\u00c7ok bulutlu, bu ak\u015fam ve yar\u0131n (Per\u015fembe) sabah saatlerinde aral\u0131kl\u0131 sa\u011fanak ya\u011f\u0131\u015fl\u0131<\/p>\n<p>ESK\u0130\u015eEH\u0130R 7\u00b0C, 15\u00b0C<br \/>\n\u00c7ok bulutlu, bu ak\u015fam saatlerinde aral\u0131kl\u0131 sa\u011fanak ya\u011f\u0131\u015fl\u0131<\/p>\n<p>KONYA 8\u00b0C, 19\u00b0C<br \/>\n\u00c7ok bulutlu ve aral\u0131kl\u0131 sa\u011fanak ya\u011f\u0131\u015fl\u0131<\/p>\n<p>YOZGAT 8\u00b0C, 14\u00b0C<br \/>\n\u00c7ok bulutlu, aral\u0131kl\u0131 sa\u011fanak ve yer yer g\u00f6k g\u00fcr\u00fclt\u00fcl\u00fc sa\u011fanak ya\u011f\u0131\u015fl\u0131<\/p>\n<p>BATI KARADEN\u0130Z<br \/>\n\u00c7ok bulutlu, b\u00f6lge genelinin aral\u0131kl\u0131 sa\u011fanak ve yer yer g\u00f6k g\u00fcr\u00fclt\u00fcl\u00fc sa\u011fanak ya\u011f\u0131\u015fl\u0131 ge\u00e7ece\u011fi tahmin ediliyor. Ya\u011f\u0131\u015flar\u0131n, bu ak\u015fam ve yar\u0131n (Per\u015fembe) \u00f6\u011fle saatlerinden sonra Zonguldak ve Bart\u0131n \u00e7evrelerinde kuvvetli olmas\u0131 bekleniyor. R\u00fczg\u00e2r\u0131n, k\u0131y\u0131 kesimlerinde g\u00fcneybat\u0131dan kuvvetli (40-60 km\/saat) esmesi bekleniyor.<\/p>\n<p>BOLU 9\u00b0C, 15\u00b0C<br \/>\n\u00c7ok bulutlu ve aral\u0131kl\u0131 sa\u011fanak ya\u011f\u0131\u015fl\u0131<\/p>\n<p>D\u00dcZCE 12\u00b0C, 19\u00b0C<br \/>\n\u00c7ok bulutlu, aral\u0131kl\u0131 sa\u011fanak ve g\u00f6k g\u00fcr\u00fclt\u00fcl\u00fc sa\u011fanak ya\u011f\u0131\u015fl\u0131<\/p>\n<p>S\u0130NOP 15\u00b0C, 23\u00b0C<br \/>\n\u00c7ok bulutlu, aral\u0131kl\u0131 sa\u011fanak ve g\u00f6k g\u00fcr\u00fclt\u00fcl\u00fc sa\u011fanak ya\u011f\u0131\u015fl\u0131<\/p>\n<p>ZONGULDAK 13\u00b0C, 18\u00b0C<br \/>\n\u00c7ok bulutlu, aral\u0131kl\u0131 sa\u011fanak ve g\u00f6k g\u00fcr\u00fclt\u00fcl\u00fc sa\u011fanak ya\u011f\u0131\u015fl\u0131 ge\u00e7ece\u011fi tahmin ediliyor. Ya\u011f\u0131\u015flar\u0131n, bu ak\u015fam ve yar\u0131n (Per\u015fembe) \u00f6\u011fle saatlerinden sonra yerel kuvvetli olmas\u0131 bekleniyor.<\/p>\n<p>ORTA ve DO\u011eU KARADEN\u0130Z<br \/>\nPar\u00e7al\u0131 ve \u00e7ok bulutlu, bu ak\u015fam ve gece saatlerinde Orta Karadeniz ile zamanla b\u00f6lge genelinin aral\u0131kl\u0131 sa\u011fanak ve yer yer g\u00f6k g\u00fcr\u00fclt\u00fcl\u00fc sa\u011fanak ya\u011f\u0131\u015fl\u0131 ge\u00e7ece\u011fi tahmin ediliyor. Ya\u011f\u0131\u015flar\u0131n, yar\u0131n (Per\u015fembe) \u00f6\u011fle saatlerinden sonra Do\u011fu Karadeniz k\u0131y\u0131lar\u0131 ile Ordu \u00e7evrelerinde kuvvetli olmas\u0131 bekleniyor. R\u00fczg\u00e2r\u0131n; b\u00f6lgenin i\u00e7 kesimlerinde g\u00fcneyli y\u00f6nlerden kuvvetli (40-60 km\/saat) esmesi bekleniyor.<\/p>\n<p>AMASYA 15\u00b0C, 26\u00b0C<br \/>\n\u00c7ok bulutlu, aral\u0131kl\u0131 sa\u011fanak ve g\u00f6k g\u00fcr\u00fclt\u00fcl\u00fc sa\u011fanak ya\u011f\u0131\u015fl\u0131<\/p>\n<p>R\u0130ZE 17\u00b0C, 22\u00b0C<br \/>\nPar\u00e7al\u0131 ve \u00e7ok bulutlu, yar\u0131n (Per\u015fembe) \u00f6\u011fle saatlerinden sonra sa\u011fanak ve yer yer g\u00f6k g\u00fcr\u00fclt\u00fcl\u00fc sa\u011fanak ya\u011f\u0131\u015fl\u0131 ge\u00e7ece\u011fi tahmin ediliyor. Ya\u011f\u0131\u015flar\u0131n, kuvvetli olmas\u0131 bekleniyor.<\/p>\n<p>SAMSUN 16\u00b0C, 20\u00b0C<br \/>\n\u00c7ok bulutlu, aral\u0131kl\u0131 sa\u011fanak ve g\u00f6k g\u00fcr\u00fclt\u00fcl\u00fc sa\u011fanak ya\u011f\u0131\u015fl\u0131<\/p>\n<p>TRABZON 17\u00b0C, 21\u00b0C<br \/>\nPar\u00e7al\u0131 ve \u00e7ok bulutlu, yar\u0131n (Per\u015fembe) \u00f6\u011fle saatlerinden sonra sa\u011fanak ve yer yer g\u00f6k g\u00fcr\u00fclt\u00fcl\u00fc sa\u011fanak ya\u011f\u0131\u015fl\u0131 ge\u00e7ece\u011fi tahmin ediliyor. Ya\u011f\u0131\u015flar\u0131n, kuvvetli olmas\u0131 bekleniyor.<\/p>\n<p>DO\u011eU ANADOLU<br \/>\nPar\u00e7al\u0131 ve zamanla \u00e7ok bulutlu, yar\u0131n (Per\u015fembe) sabah saatlerinden itibaren b\u00f6lgenin bat\u0131s\u0131n\u0131n aral\u0131kl\u0131 sa\u011fanak ve yer yer g\u00f6k g\u00fcr\u00fclt\u00fcl\u00fc sa\u011fanak ya\u011f\u0131\u015fl\u0131 ge\u00e7ece\u011fi tahmin ediliyor. Ya\u011f\u0131\u015flar\u0131n, Erzincan \u00e7evrelerinde kuvvetli olmas\u0131 bekleniyor. R\u00fczg\u00e2r\u0131n; g\u00fcneyli y\u00f6nlerden kuvvetli (40-60 km\/saat) esmesi bekleniyor.<\/p>\n<p>ERZURUM 5\u00b0C, 21\u00b0C<br \/>\nPar\u00e7al\u0131 ve zamanla \u00e7ok bulutlu<\/p>\n<p>KARS 5\u00b0C, 21\u00b0C<br \/>\nPar\u00e7al\u0131 ve zamanla \u00e7ok bulutlu<\/p>\n<p>MALATYA 11\u00b0C, 22\u00b0C<br \/>\nPar\u00e7al\u0131 ve \u00e7ok bulutlu, yar\u0131n (Per\u015fembe) sabah saatlerinden itibaren sa\u011fanak ve yer yer g\u00f6k g\u00fcr\u00fclt\u00fcl\u00fc sa\u011fanak ya\u011f\u0131\u015fl\u0131 ge\u00e7ece\u011fi tahmin ediliyor.<\/p>\n<p>VAN 8\u00b0C, 22\u00b0C<br \/>\nPar\u00e7al\u0131 ve zamanla \u00e7ok bulutlu<\/p>\n<p>G\u00dcNEYDO\u011eU ANADOLU<br \/>\nPar\u00e7al\u0131 ve zamanla \u00e7ok bulutlu, yar\u0131n (Per\u015fembe) sabah saatlerinden itibaren b\u00f6lgenin bat\u0131s\u0131n\u0131n aral\u0131kl\u0131 sa\u011fanak ve yer yer g\u00f6k g\u00fcr\u00fclt\u00fcl\u00fc sa\u011fanak ya\u011f\u0131\u015fl\u0131 ge\u00e7ece\u011fi tahmin ediliyor.<\/p>\n<p>D\u0130YARBAKIR 13\u00b0C, 27\u00b0C<br \/>\nPar\u00e7al\u0131 ve zamanla \u00e7ok bulutlu<\/p>\n<p>GAZ\u0130ANTEP 14\u00b0C, 22\u00b0C<br \/>\nPar\u00e7al\u0131 ve \u00e7ok bulutlu, yar\u0131n (Per\u015fembe) sabah saatlerinden itibaren sa\u011fanak ve yer yer g\u00f6k g\u00fcr\u00fclt\u00fcl\u00fc sa\u011fanak ya\u011f\u0131\u015fl\u0131 ge\u00e7ece\u011fi tahmin ediliyor.<\/p>\n<p>MARD\u0130N 19\u00b0C, 23\u00b0C<br \/>\nPar\u00e7al\u0131 ve zamanla \u00e7ok bulutlu<\/p>\n<p>S\u0130\u0130RT 19\u00b0C, 28\u00b0C<br \/>\nPar\u00e7al\u0131 ve zamanla \u00e7ok bulutlu<\/p>\n<p>Kaynak : hurriyet.com.tr<\/p>\n"},"alt_text":"","media_type":"image","mime_type":"image\/jpeg","media_details":{"width":1200,"height":675,"file":"2025\/10\/1-85.jpg","sizes":{"medium":{"file":"1-85-300x169.jpg","width":300,"height":169,"mime_type":"image\/jpeg","source_url":"https:\/\/kilosorunum.com\/habercim\/wp-content\/uploads\/2025\/10\/1-85-300x169.jpg"},"large":{"file":"1-85-1024x576.jpg","width":1024,"height":576,"mime_type":"image\/jpeg","source_url":"https:\/\/kilosorunum.com\/habercim\/wp-content\/uploads\/2025\/10\/1-85-1024x576.jpg"},"thumbnail":{"file":"1-85-150x150.jpg","width":150,"height":150,"mime_type":"image\/jpeg","source_url":"https:\/\/kilosorunum.com\/habercim\/wp-content\/uploads\/2025\/10\/1-85-150x150.jpg"},"medium_large":{"file":"1-85-768x432.jpg","width":768,"height":432,"mime_type":"image\/jpeg","source_url":"https:\/\/kilosorunum.com\/habercim\/wp-content\/uploads\/2025\/10\/1-85-768x432.jpg"},"kucukResim":{"file":"1-85-80x50.jpg","width":80,"height":50,"mime_type":"image\/jpeg","source_url":"https:\/\/kilosorunum.com\/habercim\/wp-content\/uploads\/2025\/10\/1-85-80x50.jpg"},"sliderResim":{"file":"1-85-670x330.jpg","width":670,"height":330,"mime_type":"image\/jpeg","source_url":"https:\/\/kilosorunum.com\/habercim\/wp-content\/uploads\/2025\/10\/1-85-670x330.jpg"},"resim1":{"file":"1-85-184x140.jpg","width":184,"height":140,"mime_type":"image\/jpeg","source_url":"https:\/\/kilosorunum.com\/habercim\/wp-content\/uploads\/2025\/10\/1-85-184x140.jpg"},"resim2":{"file":"1-85-216x103.jpg","width":216,"height":103,"mime_type":"image\/jpeg","source_url":"https:\/\/kilosorunum.com\/habercim\/wp-content\/uploads\/2025\/10\/1-85-216x103.jpg"},"resim3":{"file":"1-85-145x70.jpg","width":145,"height":70,"mime_type":"image\/jpeg","source_url":"https:\/\/kilosorunum.com\/habercim\/wp-content\/uploads\/2025\/10\/1-85-145x70.jpg"},"sagSlider":{"file":"1-85-300x150.jpg","width":300,"height":150,"mime_type":"image\/jpeg","source_url":"https:\/\/kilosorunum.com\/habercim\/wp-content\/uploads\/2025\/10\/1-85-300x150.jpg"},"yeniSlider":{"file":"1-85-500x290.jpg","width":500,"height":290,"mime_type":"image\/jpeg","source_url":"https:\/\/kilosorunum.com\/habercim\/wp-content\/uploads\/2025\/10\/1-85-500x290.jpg"},"full":{"file":"1-85.jpg","width":1200,"height":675,"mime_type":"image\/jpeg","source_url":"https:\/\/kilosorunum.com\/habercim\/wp-content\/uploads\/2025\/10\/1-85.jpg"}},"image_meta":{"aperture":"0","credit":"","camera":"","caption":"","created_timestamp":"0","copyright":"","focal_length":"0","iso":"0","shutter_speed":"0","title":"","orientation":"0","keywords":[]}},"post":39089,"source_url":"https:\/\/kilosorunum.com\/habercim\/wp-content\/uploads\/2025\/10\/1-85.jpg","_links":{"self":[{"href":"https:\/\/kilosorunum.com\/habercim\/wp-json\/wp\/v2\/media\/39091"}],"collection":[{"href":"https:\/\/kilosorunum.com\/habercim\/wp-json\/wp\/v2\/media"}],"about":[{"href":"https:\/\/kilosorunum.com\/habercim\/wp-json\/wp\/v2\/types\/attachment"}],"author":[{"embeddable":true,"href":"https:\/\/kilosorunum.com\/habercim\/wp-json\/wp\/v2\/users\/2"}],"replies":[{"embeddable":true,"href":"https:\/\/kilosorunum.com\/habercim\/wp-json\/wp\/v2\/comments?post=39091"}]}}