{"id":39106,"date":"2025-10-09T23:11:29","date_gmt":"2025-10-09T20:11:29","guid":{"rendered":"https:\/\/kilosorunum.com\/habercim\/wp-content\/uploads\/2025\/10\/1-91.jpg"},"modified":"2025-10-09T23:12:07","modified_gmt":"2025-10-09T20:12:07","slug":"1-4277","status":"inherit","type":"attachment","link":"https:\/\/kilosorunum.com\/habercim\/foto-galeri\/meteoroloji-uzmani\/attachment\/1-4277\/","title":{"rendered":"Meteoroloji uzman\u0131"},"author":2,"comment_status":"open","ping_status":"closed","template":"","meta":[],"description":{"rendered":"<p class=\"attachment\"><a href='https:\/\/kilosorunum.com\/habercim\/wp-content\/uploads\/2025\/10\/1-91.jpg'><img width=\"300\" height=\"169\" src=\"https:\/\/kilosorunum.com\/habercim\/wp-content\/uploads\/2025\/10\/1-91-300x169.jpg\" class=\"attachment-medium size-medium\" alt=\"\" loading=\"lazy\" srcset=\"https:\/\/kilosorunum.com\/habercim\/wp-content\/uploads\/2025\/10\/1-91-300x169.jpg 300w, https:\/\/kilosorunum.com\/habercim\/wp-content\/uploads\/2025\/10\/1-91-1024x576.jpg 1024w, https:\/\/kilosorunum.com\/habercim\/wp-content\/uploads\/2025\/10\/1-91-768x432.jpg 768w, https:\/\/kilosorunum.com\/habercim\/wp-content\/uploads\/2025\/10\/1-91.jpg 1200w\" sizes=\"(max-width: 300px) 100vw, 300px\" \/><\/a><\/p>\n"},"caption":{"rendered":"<p>T\u00fcrkiye, yeni bir so\u011fuk hava dalgas\u0131n\u0131n etkisi alt\u0131na giriyor. Meteoroloji, s\u0131cakl\u0131klar\u0131n h\u0131zla d\u00fc\u015fece\u011fini ve hafta sonuna kadar karla kar\u0131\u015f\u0131k ya\u011fmur ile yo\u011fun ya\u011f\u0131\u015flar\u0131n etkili olaca\u011f\u0131n\u0131 duyurdu. Uzmanlardan \u201csel ve kar\u201d uyar\u0131s\u0131 geldi.<br \/>\nMeteoroloji Genel M\u00fcd\u00fcrl\u00fc\u011f\u00fc, yurt genelinde s\u0131cakl\u0131klar\u0131n 3 ila 6 derece d\u00fc\u015fece\u011fini a\u00e7\u0131klad\u0131. Mevsim normallerinin alt\u0131na inen hava, hafta sonuna kadar etkisini s\u00fcrd\u00fcrecek. Zonguldak, Bart\u0131n ve D\u00fczce\u2019nin kuzey il\u00e7elerinde kuvvetli sa\u011fanak bekleniyor. Yetkililer, bu b\u00f6lgelerde sel ve su bask\u0131nlar\u0131na kar\u015f\u0131 uyar\u0131da bulundu. Meteoroloji, pazar g\u00fcn\u00fc ya\u011f\u0131\u015flar\u0131n \u015fiddetini art\u0131raca\u011f\u0131n\u0131 belirtti. Zonguldak, Bart\u0131n ve Sinop\u2019un kuzey kesimleri \u201cy\u00fcksek riskli b\u00f6lge\u201d olarak a\u00e7\u0131kland\u0131. Cuma g\u00fcn\u00fc \u0130stanbul\u2019un kuzey il\u00e7elerinde \u015fiddetli ya\u011f\u0131\u015f bekleniyor. \u00d6zellikle Sar\u0131yer, Beykoz ve Arnavutk\u00f6y \u00e7evresinde su bask\u0131nlar\u0131na kar\u015f\u0131 dikkatli olunmas\u0131 istendi.<br \/>\nCumartesi g\u00fcn\u00fc Karadeniz\u2019den gelen ya\u011f\u0131\u015f dalgas\u0131, \u0130\u00e7 Anadolu\u2019nun kuzeyine kadar ilerleyecek. Ankara ve \u00e7evresinde de aral\u0131kl\u0131 sa\u011fanaklar g\u00f6r\u00fclecek. Meteoroloji uzman\u0131 Orhan \u015een, hafta sonu kar ya\u011f\u0131\u015f\u0131 beklenen b\u00f6lgeleri a\u00e7\u0131klad\u0131: \u201cIlgaz, Erciyes, Paland\u00f6ken ve Erzurum-Erzincan \u00e7evrelerinde kar g\u00f6r\u00fclebilir.\u201d Cumartesi ak\u015fam\u0131 ve pazar g\u00fcn\u00fc y\u00fcksek kesimlerde kar ya\u011f\u0131\u015f\u0131 etkili olacak. Karadeniz\u2019in i\u00e7 kesimleriyle Do\u011fu Anadolu\u2019nun da\u011flar\u0131 beyaz \u00f6rt\u00fcyle kaplanabilir.<br \/>\nErzurum, Erzincan ve \u00e7evresinde s\u0131cakl\u0131klar 6-7 derece birden azal\u0131yor. Ancak uzmanlar, bu so\u011fuklar\u0131n \u201cge\u00e7ici\u201d oldu\u011funu belirtiyor. So\u011fuk hava dalgas\u0131 pazartesi g\u00fcn\u00fcnden itibaren etkisini kaybedecek. S\u0131cakl\u0131klar\u0131n yeniden mevsim normallerinin \u00fczerine \u00e7\u0131kmas\u0131 bekleniyor.<\/p>\n<p>Kaynak : gzt.com<\/p>\n"},"alt_text":"","media_type":"image","mime_type":"image\/jpeg","media_details":{"width":1200,"height":675,"file":"2025\/10\/1-91.jpg","sizes":{"medium":{"file":"1-91-300x169.jpg","width":300,"height":169,"mime_type":"image\/jpeg","source_url":"https:\/\/kilosorunum.com\/habercim\/wp-content\/uploads\/2025\/10\/1-91-300x169.jpg"},"large":{"file":"1-91-1024x576.jpg","width":1024,"height":576,"mime_type":"image\/jpeg","source_url":"https:\/\/kilosorunum.com\/habercim\/wp-content\/uploads\/2025\/10\/1-91-1024x576.jpg"},"thumbnail":{"file":"1-91-150x150.jpg","width":150,"height":150,"mime_type":"image\/jpeg","source_url":"https:\/\/kilosorunum.com\/habercim\/wp-content\/uploads\/2025\/10\/1-91-150x150.jpg"},"medium_large":{"file":"1-91-768x432.jpg","width":768,"height":432,"mime_type":"image\/jpeg","source_url":"https:\/\/kilosorunum.com\/habercim\/wp-content\/uploads\/2025\/10\/1-91-768x432.jpg"},"kucukResim":{"file":"1-91-80x50.jpg","width":80,"height":50,"mime_type":"image\/jpeg","source_url":"https:\/\/kilosorunum.com\/habercim\/wp-content\/uploads\/2025\/10\/1-91-80x50.jpg"},"sliderResim":{"file":"1-91-670x330.jpg","width":670,"height":330,"mime_type":"image\/jpeg","source_url":"https:\/\/kilosorunum.com\/habercim\/wp-content\/uploads\/2025\/10\/1-91-670x330.jpg"},"resim1":{"file":"1-91-184x140.jpg","width":184,"height":140,"mime_type":"image\/jpeg","source_url":"https:\/\/kilosorunum.com\/habercim\/wp-content\/uploads\/2025\/10\/1-91-184x140.jpg"},"resim2":{"file":"1-91-216x103.jpg","width":216,"height":103,"mime_type":"image\/jpeg","source_url":"https:\/\/kilosorunum.com\/habercim\/wp-content\/uploads\/2025\/10\/1-91-216x103.jpg"},"resim3":{"file":"1-91-145x70.jpg","width":145,"height":70,"mime_type":"image\/jpeg","source_url":"https:\/\/kilosorunum.com\/habercim\/wp-content\/uploads\/2025\/10\/1-91-145x70.jpg"},"sagSlider":{"file":"1-91-300x150.jpg","width":300,"height":150,"mime_type":"image\/jpeg","source_url":"https:\/\/kilosorunum.com\/habercim\/wp-content\/uploads\/2025\/10\/1-91-300x150.jpg"},"yeniSlider":{"file":"1-91-500x290.jpg","width":500,"height":290,"mime_type":"image\/jpeg","source_url":"https:\/\/kilosorunum.com\/habercim\/wp-content\/uploads\/2025\/10\/1-91-500x290.jpg"},"full":{"file":"1-91.jpg","width":1200,"height":675,"mime_type":"image\/jpeg","source_url":"https:\/\/kilosorunum.com\/habercim\/wp-content\/uploads\/2025\/10\/1-91.jpg"}},"image_meta":{"aperture":"0","credit":"","camera":"","caption":"","created_timestamp":"0","copyright":"","focal_length":"0","iso":"0","shutter_speed":"0","title":"","orientation":"0","keywords":[]}},"post":39104,"source_url":"https:\/\/kilosorunum.com\/habercim\/wp-content\/uploads\/2025\/10\/1-91.jpg","_links":{"self":[{"href":"https:\/\/kilosorunum.com\/habercim\/wp-json\/wp\/v2\/media\/39106"}],"collection":[{"href":"https:\/\/kilosorunum.com\/habercim\/wp-json\/wp\/v2\/media"}],"about":[{"href":"https:\/\/kilosorunum.com\/habercim\/wp-json\/wp\/v2\/types\/attachment"}],"author":[{"embeddable":true,"href":"https:\/\/kilosorunum.com\/habercim\/wp-json\/wp\/v2\/users\/2"}],"replies":[{"embeddable":true,"href":"https:\/\/kilosorunum.com\/habercim\/wp-json\/wp\/v2\/comments?post=39106"}]}}