{"id":39240,"date":"2025-10-13T23:42:25","date_gmt":"2025-10-13T20:42:25","guid":{"rendered":"https:\/\/kilosorunum.com\/habercim\/wp-content\/uploads\/2025\/10\/1-142.jpg"},"modified":"2025-10-13T23:43:02","modified_gmt":"2025-10-13T20:43:02","slug":"1-4328","status":"inherit","type":"attachment","link":"https:\/\/kilosorunum.com\/habercim\/foto-galeri\/saganak-kar-ve-firtina-geliyor\/attachment\/1-4328\/","title":{"rendered":"Sa\u011fanak, kar ve f\u0131rt\u0131na geliyor"},"author":2,"comment_status":"open","ping_status":"closed","template":"","meta":[],"description":{"rendered":"<p class=\"attachment\"><a href='https:\/\/kilosorunum.com\/habercim\/wp-content\/uploads\/2025\/10\/1-142.jpg'><img width=\"300\" height=\"169\" src=\"https:\/\/kilosorunum.com\/habercim\/wp-content\/uploads\/2025\/10\/1-142-300x169.jpg\" class=\"attachment-medium size-medium\" alt=\"\" loading=\"lazy\" srcset=\"https:\/\/kilosorunum.com\/habercim\/wp-content\/uploads\/2025\/10\/1-142-300x169.jpg 300w, https:\/\/kilosorunum.com\/habercim\/wp-content\/uploads\/2025\/10\/1-142-1024x576.jpg 1024w, https:\/\/kilosorunum.com\/habercim\/wp-content\/uploads\/2025\/10\/1-142-768x432.jpg 768w, https:\/\/kilosorunum.com\/habercim\/wp-content\/uploads\/2025\/10\/1-142.jpg 1200w\" sizes=\"(max-width: 300px) 100vw, 300px\" \/><\/a><\/p>\n"},"caption":{"rendered":"<p>Meteoroloji Genel M\u00fcd\u00fcrl\u00fc\u011f\u00fc\u2019n\u00fcn (MGM) son de\u011ferlendirmelerine g\u00f6re, T\u00fcrkiye\u2019nin kuzey ve do\u011fu b\u00f6lgeleri par\u00e7al\u0131 ve \u00e7ok bulutlu olacak. Bat\u0131 Karadeniz k\u0131y\u0131lar\u0131, Do\u011fu Anadolu\u2019nun do\u011fusu, Rize, Artvin, Batman \u00e7evresi, Siirt\u2019in kuzeyi ve Trabzon\u2019un i\u00e7 kesimlerinde ya\u011f\u0131\u015f bekleniyor.<br \/>\nDo\u011fu Karadeniz\u2019in i\u00e7 kesimlerinin y\u00fcksekleri ile Do\u011fu Anadolu\u2019nun do\u011fusunun y\u00fcksek kesimlerinde ya\u011f\u0131\u015flar\u0131n karla kar\u0131\u015f\u0131k ya\u011fmur ve yer yer kar \u015feklinde olaca\u011f\u0131 tahmin ediliyor. Ya\u011f\u0131\u015flar\u0131n, Do\u011fu Anadolu\u2019nun kuzeydo\u011fusu, Artvin, Mu\u015f, Bitlis ve Rize\u2019nin i\u00e7 kesimlerinde yerel olarak kuvvetli olmas\u0131 \u00f6ng\u00f6r\u00fcl\u00fcyor.<\/p>\n<p>Hava s\u0131cakl\u0131klar\u0131n\u0131n mevsim normallerinin alt\u0131nda seyredece\u011fi tahmin ediliyor. R\u00fczg\u00e2r, genellikle kuzey ve kuzeybat\u0131 y\u00f6nlerden, do\u011fu b\u00f6lgelerde ise g\u00fcney ve g\u00fcneybat\u0131 y\u00f6nlerden hafif, zaman zaman orta kuvvette esecek. Do\u011fu Anadolu\u2019nun g\u00fcneydo\u011fusunda r\u00fczg\u00e2r\u0131n g\u00fcneyli y\u00f6nlerden kuvvetli (40-60 km\/saat) esmesi bekleniyor.<br \/>\nKUVVETL\u0130 YA\u011eI\u015e VE R\u00dcZGAR UYARISI<\/p>\n<p>Do\u011fu Anadolu\u2019nun kuzeydo\u011fusu, Artvin, Mu\u015f, Bitlis ve Rize\u2019nin i\u00e7 kesimlerinde beklenen kuvvetli ya\u011f\u0131\u015flar nedeniyle ula\u015f\u0131mda aksamalar, sel, su bask\u0131n\u0131 ve heyelan gibi olumsuzluklara kar\u015f\u0131 dikkatli olunmal\u0131.<br \/>\nDo\u011fu Anadolu\u2019nun g\u00fcneydo\u011fusunda kuvvetli r\u00fczg\u00e2r (40-60 km\/saat) nedeniyle ya\u015fanabilecek olumsuzluklara kar\u015f\u0131 da tedbirli olunmas\u0131 gerekiyor.<br \/>\n\u0130\u015eTE SARI KODLA UYARILAN \u0130LLER<br \/>\nA\u011fr\u0131, Artvin, Bing\u00f6l, Bitlis, Elaz\u0131\u011f, Erzurum, Kars, Kayseri, K\u0131r\u015fehir, Mu\u015f, Ni\u011fde, Rize, Sivas, Trabzon, Van, Yozgat.<br \/>\n\u00c7ar\u015famba, 15 Ekim 2025: Hava s\u0131cakl\u0131klar\u0131 13\u00b0C ile 28\u00b0C aras\u0131nda de\u011fi\u015fecek. Akdeniz ve Ege\u2019de 28\u00b0C\u2019ye ula\u015fan s\u0131cakl\u0131klar dikkat \u00e7ekerken, i\u00e7 kesimlerde 13\u00b0C civar\u0131 so\u011fuk hava hakim. G\u00fcne\u015fli b\u00f6lgelerin yan\u0131 s\u0131ra bulutlu alanlar da g\u00f6r\u00fclecek, ya\u011f\u0131\u015f riski d\u00fc\u015f\u00fck.<\/p>\n<p>Kaynak : cnnturk.com<\/p>\n"},"alt_text":"","media_type":"image","mime_type":"image\/jpeg","media_details":{"width":1200,"height":675,"file":"2025\/10\/1-142.jpg","sizes":{"medium":{"file":"1-142-300x169.jpg","width":300,"height":169,"mime_type":"image\/jpeg","source_url":"https:\/\/kilosorunum.com\/habercim\/wp-content\/uploads\/2025\/10\/1-142-300x169.jpg"},"large":{"file":"1-142-1024x576.jpg","width":1024,"height":576,"mime_type":"image\/jpeg","source_url":"https:\/\/kilosorunum.com\/habercim\/wp-content\/uploads\/2025\/10\/1-142-1024x576.jpg"},"thumbnail":{"file":"1-142-150x150.jpg","width":150,"height":150,"mime_type":"image\/jpeg","source_url":"https:\/\/kilosorunum.com\/habercim\/wp-content\/uploads\/2025\/10\/1-142-150x150.jpg"},"medium_large":{"file":"1-142-768x432.jpg","width":768,"height":432,"mime_type":"image\/jpeg","source_url":"https:\/\/kilosorunum.com\/habercim\/wp-content\/uploads\/2025\/10\/1-142-768x432.jpg"},"kucukResim":{"file":"1-142-80x50.jpg","width":80,"height":50,"mime_type":"image\/jpeg","source_url":"https:\/\/kilosorunum.com\/habercim\/wp-content\/uploads\/2025\/10\/1-142-80x50.jpg"},"sliderResim":{"file":"1-142-670x330.jpg","width":670,"height":330,"mime_type":"image\/jpeg","source_url":"https:\/\/kilosorunum.com\/habercim\/wp-content\/uploads\/2025\/10\/1-142-670x330.jpg"},"resim1":{"file":"1-142-184x140.jpg","width":184,"height":140,"mime_type":"image\/jpeg","source_url":"https:\/\/kilosorunum.com\/habercim\/wp-content\/uploads\/2025\/10\/1-142-184x140.jpg"},"resim2":{"file":"1-142-216x103.jpg","width":216,"height":103,"mime_type":"image\/jpeg","source_url":"https:\/\/kilosorunum.com\/habercim\/wp-content\/uploads\/2025\/10\/1-142-216x103.jpg"},"resim3":{"file":"1-142-145x70.jpg","width":145,"height":70,"mime_type":"image\/jpeg","source_url":"https:\/\/kilosorunum.com\/habercim\/wp-content\/uploads\/2025\/10\/1-142-145x70.jpg"},"sagSlider":{"file":"1-142-300x150.jpg","width":300,"height":150,"mime_type":"image\/jpeg","source_url":"https:\/\/kilosorunum.com\/habercim\/wp-content\/uploads\/2025\/10\/1-142-300x150.jpg"},"yeniSlider":{"file":"1-142-500x290.jpg","width":500,"height":290,"mime_type":"image\/jpeg","source_url":"https:\/\/kilosorunum.com\/habercim\/wp-content\/uploads\/2025\/10\/1-142-500x290.jpg"},"full":{"file":"1-142.jpg","width":1200,"height":675,"mime_type":"image\/jpeg","source_url":"https:\/\/kilosorunum.com\/habercim\/wp-content\/uploads\/2025\/10\/1-142.jpg"}},"image_meta":{"aperture":"0","credit":"","camera":"","caption":"","created_timestamp":"0","copyright":"","focal_length":"0","iso":"0","shutter_speed":"0","title":"","orientation":"0","keywords":[]}},"post":39238,"source_url":"https:\/\/kilosorunum.com\/habercim\/wp-content\/uploads\/2025\/10\/1-142.jpg","_links":{"self":[{"href":"https:\/\/kilosorunum.com\/habercim\/wp-json\/wp\/v2\/media\/39240"}],"collection":[{"href":"https:\/\/kilosorunum.com\/habercim\/wp-json\/wp\/v2\/media"}],"about":[{"href":"https:\/\/kilosorunum.com\/habercim\/wp-json\/wp\/v2\/types\/attachment"}],"author":[{"embeddable":true,"href":"https:\/\/kilosorunum.com\/habercim\/wp-json\/wp\/v2\/users\/2"}],"replies":[{"embeddable":true,"href":"https:\/\/kilosorunum.com\/habercim\/wp-json\/wp\/v2\/comments?post=39240"}]}}