{"id":39272,"date":"2025-10-15T01:42:19","date_gmt":"2025-10-14T22:42:19","guid":{"rendered":"https:\/\/kilosorunum.com\/habercim\/wp-content\/uploads\/2025\/10\/1-152.jpg"},"modified":"2025-10-15T01:43:02","modified_gmt":"2025-10-14T22:43:02","slug":"1-4338","status":"inherit","type":"attachment","link":"https:\/\/kilosorunum.com\/habercim\/foto-galeri\/egertutmaz-deresinde\/attachment\/1-4338\/","title":{"rendered":"E\u011fertutmaz Deresi\u2019nde"},"author":2,"comment_status":"open","ping_status":"closed","template":"","meta":[],"description":{"rendered":"<p class=\"attachment\"><a href='https:\/\/kilosorunum.com\/habercim\/wp-content\/uploads\/2025\/10\/1-152.jpg'><img width=\"300\" height=\"169\" src=\"https:\/\/kilosorunum.com\/habercim\/wp-content\/uploads\/2025\/10\/1-152-300x169.jpg\" class=\"attachment-medium size-medium\" alt=\"\" loading=\"lazy\" srcset=\"https:\/\/kilosorunum.com\/habercim\/wp-content\/uploads\/2025\/10\/1-152-300x169.jpg 300w, https:\/\/kilosorunum.com\/habercim\/wp-content\/uploads\/2025\/10\/1-152-1024x576.jpg 1024w, https:\/\/kilosorunum.com\/habercim\/wp-content\/uploads\/2025\/10\/1-152-768x432.jpg 768w, https:\/\/kilosorunum.com\/habercim\/wp-content\/uploads\/2025\/10\/1-152.jpg 1200w\" sizes=\"(max-width: 300px) 100vw, 300px\" \/><\/a><\/p>\n"},"caption":{"rendered":"<p>Diyarbak\u0131r\u2019da \u00f6ld\u00fcr\u00fclen 8 ya\u015f\u0131ndaki Narin G\u00fcran cinayetinde ta\u015flar yerinden oynad\u0131. Aylarca \u201cgizli dosya\u201d olarak y\u00fcr\u00fct\u00fclen soru\u015fturma, san\u0131k Nevzat Bahtiyar\u2019\u0131n avukatlar\u0131ndan Ali Ery\u0131lmaz\u2019\u0131n yapt\u0131\u011f\u0131 iddia edilen a\u00e7\u0131klamayla bamba\u015fka bir boyuta ta\u015f\u0131nd\u0131.<br \/>\nGizli olarak y\u00fcr\u00fct\u00fclen soru\u015fturmada Dirili\u015f Postas\u0131\u2019nda yer alan habere g\u00f6re san\u0131k Nevzat Bahtiyar\u2019\u0131n avukatlar\u0131ndan Ali Ery\u0131lmaz\u2019\u0131n a\u011flayarak yapt\u0131\u011f\u0131 a\u00e7\u0131klamayla bamba\u015fka bir boyuta ta\u015f\u0131nd\u0131.<\/p>\n<p>Avukat Ery\u0131lmaz, ifadesinde \u015fu s\u00f6zleri kulland\u0131: \u201cBu bir hukuk de\u011fil, vicdan meselesi. Dosyada bug\u00fcne kadar gizlenen her \u015fey a\u00e7\u0131\u011fa \u00e7\u0131kacak. Narin\u2019in ailesinin ac\u0131s\u0131 bizim de ac\u0131m\u0131zd\u0131r. Ger\u00e7e\u011fi daha fazla saklayamazd\u0131m.\u201d<br \/>\nSosyal medyada yank\u0131 uyand\u0131ran a\u00e7\u0131klama sonras\u0131 Ery\u0131lmaz\u2019\u0131n s\u00f6zleri \u201citiraf\u201d olarak de\u011ferlendirildi. Avukat, \u201cKay\u0131tlar ve deliller ortada, katilin kim oldu\u011fu a\u00e7\u0131k\u201d diyerek, Bahtiyar\u2019\u0131n su\u00e7unu bildi\u011fini ima etti. San\u0131k Nevzat Bahtiyar\u2019\u0131n bug\u00fcne kadar savunmas\u0131nda \u201ccesedi yok ettim\u201d \u015feklindeki ifadeler kulland\u0131\u011f\u0131 biliniyordu. Avukat\u0131n itiraf\u0131 sonras\u0131 dosya yeniden a\u00e7\u0131ld\u0131, savc\u0131l\u0131\u011f\u0131n olay yerinde yeni bir ke\u015fif haz\u0131rl\u0131\u011f\u0131nda oldu\u011fu \u00f6\u011frenildi. Olayla ilgili adli s\u00fcre\u00e7 s\u00fcrerken, kamuoyu k\u00fc\u00e7\u00fck Narin i\u00e7in adalet \u00e7a\u011fr\u0131lar\u0131n\u0131 s\u00fcrd\u00fcr\u00fcyor.<\/p>\n<p>Kaynak : Odatv.com<\/p>\n"},"alt_text":"","media_type":"image","mime_type":"image\/jpeg","media_details":{"width":1200,"height":675,"file":"2025\/10\/1-152.jpg","sizes":{"medium":{"file":"1-152-300x169.jpg","width":300,"height":169,"mime_type":"image\/jpeg","source_url":"https:\/\/kilosorunum.com\/habercim\/wp-content\/uploads\/2025\/10\/1-152-300x169.jpg"},"large":{"file":"1-152-1024x576.jpg","width":1024,"height":576,"mime_type":"image\/jpeg","source_url":"https:\/\/kilosorunum.com\/habercim\/wp-content\/uploads\/2025\/10\/1-152-1024x576.jpg"},"thumbnail":{"file":"1-152-150x150.jpg","width":150,"height":150,"mime_type":"image\/jpeg","source_url":"https:\/\/kilosorunum.com\/habercim\/wp-content\/uploads\/2025\/10\/1-152-150x150.jpg"},"medium_large":{"file":"1-152-768x432.jpg","width":768,"height":432,"mime_type":"image\/jpeg","source_url":"https:\/\/kilosorunum.com\/habercim\/wp-content\/uploads\/2025\/10\/1-152-768x432.jpg"},"kucukResim":{"file":"1-152-80x50.jpg","width":80,"height":50,"mime_type":"image\/jpeg","source_url":"https:\/\/kilosorunum.com\/habercim\/wp-content\/uploads\/2025\/10\/1-152-80x50.jpg"},"sliderResim":{"file":"1-152-670x330.jpg","width":670,"height":330,"mime_type":"image\/jpeg","source_url":"https:\/\/kilosorunum.com\/habercim\/wp-content\/uploads\/2025\/10\/1-152-670x330.jpg"},"resim1":{"file":"1-152-184x140.jpg","width":184,"height":140,"mime_type":"image\/jpeg","source_url":"https:\/\/kilosorunum.com\/habercim\/wp-content\/uploads\/2025\/10\/1-152-184x140.jpg"},"resim2":{"file":"1-152-216x103.jpg","width":216,"height":103,"mime_type":"image\/jpeg","source_url":"https:\/\/kilosorunum.com\/habercim\/wp-content\/uploads\/2025\/10\/1-152-216x103.jpg"},"resim3":{"file":"1-152-145x70.jpg","width":145,"height":70,"mime_type":"image\/jpeg","source_url":"https:\/\/kilosorunum.com\/habercim\/wp-content\/uploads\/2025\/10\/1-152-145x70.jpg"},"sagSlider":{"file":"1-152-300x150.jpg","width":300,"height":150,"mime_type":"image\/jpeg","source_url":"https:\/\/kilosorunum.com\/habercim\/wp-content\/uploads\/2025\/10\/1-152-300x150.jpg"},"yeniSlider":{"file":"1-152-500x290.jpg","width":500,"height":290,"mime_type":"image\/jpeg","source_url":"https:\/\/kilosorunum.com\/habercim\/wp-content\/uploads\/2025\/10\/1-152-500x290.jpg"},"full":{"file":"1-152.jpg","width":1200,"height":675,"mime_type":"image\/jpeg","source_url":"https:\/\/kilosorunum.com\/habercim\/wp-content\/uploads\/2025\/10\/1-152.jpg"}},"image_meta":{"aperture":"0","credit":"","camera":"","caption":"","created_timestamp":"0","copyright":"","focal_length":"0","iso":"0","shutter_speed":"0","title":"","orientation":"0","keywords":[]}},"post":39270,"source_url":"https:\/\/kilosorunum.com\/habercim\/wp-content\/uploads\/2025\/10\/1-152.jpg","_links":{"self":[{"href":"https:\/\/kilosorunum.com\/habercim\/wp-json\/wp\/v2\/media\/39272"}],"collection":[{"href":"https:\/\/kilosorunum.com\/habercim\/wp-json\/wp\/v2\/media"}],"about":[{"href":"https:\/\/kilosorunum.com\/habercim\/wp-json\/wp\/v2\/types\/attachment"}],"author":[{"embeddable":true,"href":"https:\/\/kilosorunum.com\/habercim\/wp-json\/wp\/v2\/users\/2"}],"replies":[{"embeddable":true,"href":"https:\/\/kilosorunum.com\/habercim\/wp-json\/wp\/v2\/comments?post=39272"}]}}