{"id":39282,"date":"2025-10-15T16:32:56","date_gmt":"2025-10-15T13:32:56","guid":{"rendered":"https:\/\/kilosorunum.com\/habercim\/wp-content\/uploads\/2025\/10\/1-156.jpg"},"modified":"2025-10-15T16:33:47","modified_gmt":"2025-10-15T13:33:47","slug":"1-4342","status":"inherit","type":"attachment","link":"https:\/\/kilosorunum.com\/habercim\/foto-galeri\/500-bin-sosyal-konut\/attachment\/1-4342\/","title":{"rendered":"500 Bin Sosyal Konut"},"author":2,"comment_status":"open","ping_status":"closed","template":"","meta":[],"description":{"rendered":"<p class=\"attachment\"><a href='https:\/\/kilosorunum.com\/habercim\/wp-content\/uploads\/2025\/10\/1-156.jpg'><img width=\"300\" height=\"169\" src=\"https:\/\/kilosorunum.com\/habercim\/wp-content\/uploads\/2025\/10\/1-156-300x169.jpg\" class=\"attachment-medium size-medium\" alt=\"\" loading=\"lazy\" srcset=\"https:\/\/kilosorunum.com\/habercim\/wp-content\/uploads\/2025\/10\/1-156-300x169.jpg 300w, https:\/\/kilosorunum.com\/habercim\/wp-content\/uploads\/2025\/10\/1-156-1024x576.jpg 1024w, https:\/\/kilosorunum.com\/habercim\/wp-content\/uploads\/2025\/10\/1-156-768x432.jpg 768w, https:\/\/kilosorunum.com\/habercim\/wp-content\/uploads\/2025\/10\/1-156.jpg 1200w\" sizes=\"(max-width: 300px) 100vw, 300px\" \/><\/a><\/p>\n"},"caption":{"rendered":"<p>Projenin Detaylar\u0131: Kimler Faydalanacak, Nas\u0131l \u0130\u015fleyecek? Erdo\u011fan\u2019\u0131n vizyonunda, sosyal konutlar sadece bir bar\u0131nma \u00e7\u00f6z\u00fcm\u00fc de\u011fil, adil bir toplum yap\u0131s\u0131n\u0131n temel ta\u015f\u0131 olarak konumlan\u0131yor. Proje kapsam\u0131nda: Hedef Kitle: Dar gelirli aileler \u00f6n planda tutulurken, \u00f6zel kontenjanlar ayr\u0131lacak gruplar dikkat \u00e7ekiyor. \u015eehit yak\u0131nlar\u0131 ve gaziler, emekliler, \u00fc\u00e7 \u00e7ocuklu aileler ile engelli vatanda\u015flar i\u00e7in \u00f6ncelikli haklar tan\u0131nacak. Bu sayede, en dezavantajl\u0131 kesimler korunarak sosyal denge g\u00fc\u00e7lendirilecek. Uygulama Modeli: Devlet eliyle y\u00fcr\u00fct\u00fclecek proje, kira piyasas\u0131ndaki spek\u00fclasyonu ortadan kald\u0131rmay\u0131 hedefliyor. Konutlar tamamland\u0131ktan sonra, piyasa fiyatlar\u0131n\u0131n \u00e7ok alt\u0131nda, uygun \u015fartlarla kirac\u0131larla bulu\u015fturulacak. Erdo\u011fan\u2019\u0131n ifadesiyle, \u201cKira planlamas\u0131n\u0131 devlet yapacak. Vatanda\u015f gelsin kendisi kiraya versin ve y\u00fcksek kiralarla s\u00f6m\u00fcrs\u00fcn, bunlara f\u0131rsat vermeyece\u011fiz.\u201d Kapsam ve Zamanlama: T\u00fcm T\u00fcrkiye\u2019yi kapsayan giri\u015fim, 81 ilde e\u015f zamanl\u0131 olarak hayata ge\u00e7irilecek. Spesifik bir takvim a\u00e7\u0131klanmasa da, Erdo\u011fan\u2019\u0131n \u201chayata ge\u00e7iriyoruz\u201d vurgusu, s\u00fcrecin h\u0131zla ba\u015flayaca\u011f\u0131n\u0131 i\u015faret ediyor. Bu, deprem felaketi, kurakl\u0131k ve k\u00fcresel ekonomik dalgalanmalara ra\u011fmen h\u00fck\u00fcmetin kararl\u0131l\u0131\u011f\u0131n\u0131 yans\u0131t\u0131yor. Bu proje, Erdo\u011fan\u2019\u0131n 24 y\u0131ll\u0131k iktidar yolculu\u011funda sosyal politikalar\u0131n en iddial\u0131 ad\u0131mlar\u0131ndan biri olarak tarihe ge\u00e7ecek gibi g\u00f6r\u00fcn\u00fcyor. Konut sekt\u00f6r\u00fc, y\u0131llard\u0131r arz-talep dengesizli\u011finden muzdaripken, devletin do\u011frudan m\u00fcdahalesi piyasay\u0131 dengeleyebilir. Uzmanlar, bu t\u00fcr giri\u015fimlerin uzun vadede kira enflasyonunu frenleyerek genel fiyat istikrar\u0131na katk\u0131 sa\u011flayaca\u011f\u0131n\u0131 \u00f6ng\u00f6r\u00fcyor. Erdo\u011fan\u2019\u0131n Konu\u015fmas\u0131ndan \u00c7arp\u0131c\u0131 Mesajlar: Ekonomi, Bar\u0131\u015f ve Gelecek Vizyonu Konu\u015fma, konut m\u00fcjdesinin \u00f6tesinde, T\u00fcrkiye\u2019nin i\u00e7 ve d\u0131\u015f politikalar\u0131na dair kapsaml\u0131 bir panorama sundu. Cumhurba\u015fkan\u0131, k\u00fcresel ekonomik zorluklara ra\u011fmen T\u00fcrkiye\u2019nin \u00e7at\u0131\u015fmalardan uzak durarak b\u00fcy\u00fcme odakl\u0131 bir yol izledi\u011fini vurgulad\u0131. \u201cKoronavir\u00fcs salg\u0131n\u0131n\u0131n etkileri devam ediyor, enflasyon pek \u00e7ok \u00fclkede h\u00e2l\u00e2 endi\u015fe kayna\u011f\u0131\u201d diyen Erdo\u011fan, 2023 se\u00e7imleri sonras\u0131 devreye giren ekonomi program\u0131n\u0131n meyvelerini verdi\u011fini belirtti.<br \/>\nHedef, tek haneli enflasyona ula\u015fmak \u2013 ve sosyal konutlar bu yolda \u00f6nemli bir kald\u0131ra\u00e7 olacak. D\u0131\u015f politikada ise Gazze\u2019ye dair duygusal bir ton h\u00e2kimdi. Ate\u015fkesin sa\u011flanmas\u0131n\u0131 \u201canlaml\u0131 bir ad\u0131m\u201d olarak nitelendiren Erdo\u011fan, \u201cGazze\u2019nin aya\u011fa kald\u0131r\u0131lmas\u0131 y\u0131llar alacak. \u0130n\u015fa ve ihya s\u00fcreci var\u201d dedi. Filistin i\u00e7in 1967 s\u0131n\u0131rlar\u0131 temelinde Do\u011fu Kud\u00fcs\u2019\u00fc ba\u015fkent yapacak bir devlet kurulmas\u0131n\u0131 savunan lider, T\u00fcrkiye\u2019nin bu bar\u0131\u015f s\u00fcrecinde kilit rol oynayaca\u011f\u0131n\u0131 ekledi. \u201cArzumuz, kal\u0131c\u0131 ve adil bir bar\u0131\u015f\u201d s\u00f6zleri, uluslararas\u0131 arenada T\u00fcrkiye\u2019nin insani duru\u015funu bir kez daha teyit etti. Muhalefete y\u00f6nelik ele\u015ftiriler de konu\u015fman\u0131n bir par\u00e7as\u0131yd\u0131. Erdo\u011fan, CHP\u2019nin boykot \u00e7a\u011fr\u0131lar\u0131n\u0131 \u201cmilli markalar\u0131 haraca ba\u011flama giri\u015fimi\u201d olarak yorumlad\u0131 ve \u201cSiyasi kimli\u011fini kaybetmi\u015f bir parti\u201d ifadesini kulland\u0131. Br\u00fcksel mitingini \u201c\u00fclkeyi \u015fikayet etmek\u201d olarak tan\u0131mlayan Cumhurba\u015fkan\u0131, T\u00fcrkiye\u2019nin isti\u015fareye dayal\u0131, millet odakl\u0131 y\u00f6netimine vurgu yapt\u0131. Neden Bu Proje Bir D\u00f6n\u00fcm Noktas\u0131? T\u00fcrkiye, 6 \u015eubat depremi gibi felaketlerin yaralar\u0131n\u0131 sararken, zirai don ve kurakl\u0131k gibi iklim kaynakl\u0131 zorluklarla bo\u011fu\u015fuyor. Buna ra\u011fmen, Erdo\u011fan h\u00fck\u00fcmeti ekonomik hedeflerden sapm\u0131yor. Sosyal konut projesi, sadece bar\u0131nma de\u011fil, aile yap\u0131s\u0131n\u0131 koruma, n\u00fcfus politikalar\u0131n\u0131 destekleme ve enflasyonu dizginleme a\u00e7\u0131s\u0131ndan \u00e7ok katmanl\u0131 bir etki yaratacak. Dar gelirli bir ailenin ayl\u0131k kira y\u00fck\u00fcn\u00fc hafifletmek, o ailenin e\u011fitim ve sa\u011fl\u0131k harcamalar\u0131na nefes ald\u0131rmak anlam\u0131na geliyor. Uzun vadede, bu t\u00fcr devlet destekli giri\u015fimler, gen\u00e7 n\u00fcfusun yerle\u015fik hayata ge\u00e7i\u015fini kolayla\u015ft\u0131rarak demografik dengeyi de g\u00fc\u00e7lendirebilir. Sonu\u00e7 olarak, Cumhurba\u015fkan\u0131 Erdo\u011fan\u2019\u0131n m\u00fcjdesi, \u201cucuz kiralama s\u00fcrecini biz ba\u015flataca\u011f\u0131z\u201d vaadiyle somutla\u015f\u0131yor. Bu, T\u00fcrkiye\u2019nin sosyal devlet anlay\u0131\u015f\u0131n\u0131n en parlak \u00f6rneklerinden biri olmaya aday. Vatanda\u015flar, detayl\u0131 ba\u015fvuru s\u00fcre\u00e7lerini ve proje g\u00fcncellemelerini resmi kanallardan takip etmeli. Gelecek aylarda, 500 bin konutun temellerinin at\u0131lmas\u0131yla birlikte, milyonlarca aile i\u00e7in yeni bir sayfa a\u00e7\u0131lacak. T\u00fcrkiye, zorluklara ra\u011fmen umudu in\u015fa etmeye devam ediyor!<\/p>\n<p>Kaynak : haberzamani.com<\/p>\n"},"alt_text":"","media_type":"image","mime_type":"image\/jpeg","media_details":{"width":1200,"height":675,"file":"2025\/10\/1-156.jpg","sizes":{"medium":{"file":"1-156-300x169.jpg","width":300,"height":169,"mime_type":"image\/jpeg","source_url":"https:\/\/kilosorunum.com\/habercim\/wp-content\/uploads\/2025\/10\/1-156-300x169.jpg"},"large":{"file":"1-156-1024x576.jpg","width":1024,"height":576,"mime_type":"image\/jpeg","source_url":"https:\/\/kilosorunum.com\/habercim\/wp-content\/uploads\/2025\/10\/1-156-1024x576.jpg"},"thumbnail":{"file":"1-156-150x150.jpg","width":150,"height":150,"mime_type":"image\/jpeg","source_url":"https:\/\/kilosorunum.com\/habercim\/wp-content\/uploads\/2025\/10\/1-156-150x150.jpg"},"medium_large":{"file":"1-156-768x432.jpg","width":768,"height":432,"mime_type":"image\/jpeg","source_url":"https:\/\/kilosorunum.com\/habercim\/wp-content\/uploads\/2025\/10\/1-156-768x432.jpg"},"kucukResim":{"file":"1-156-80x50.jpg","width":80,"height":50,"mime_type":"image\/jpeg","source_url":"https:\/\/kilosorunum.com\/habercim\/wp-content\/uploads\/2025\/10\/1-156-80x50.jpg"},"sliderResim":{"file":"1-156-670x330.jpg","width":670,"height":330,"mime_type":"image\/jpeg","source_url":"https:\/\/kilosorunum.com\/habercim\/wp-content\/uploads\/2025\/10\/1-156-670x330.jpg"},"resim1":{"file":"1-156-184x140.jpg","width":184,"height":140,"mime_type":"image\/jpeg","source_url":"https:\/\/kilosorunum.com\/habercim\/wp-content\/uploads\/2025\/10\/1-156-184x140.jpg"},"resim2":{"file":"1-156-216x103.jpg","width":216,"height":103,"mime_type":"image\/jpeg","source_url":"https:\/\/kilosorunum.com\/habercim\/wp-content\/uploads\/2025\/10\/1-156-216x103.jpg"},"resim3":{"file":"1-156-145x70.jpg","width":145,"height":70,"mime_type":"image\/jpeg","source_url":"https:\/\/kilosorunum.com\/habercim\/wp-content\/uploads\/2025\/10\/1-156-145x70.jpg"},"sagSlider":{"file":"1-156-300x150.jpg","width":300,"height":150,"mime_type":"image\/jpeg","source_url":"https:\/\/kilosorunum.com\/habercim\/wp-content\/uploads\/2025\/10\/1-156-300x150.jpg"},"yeniSlider":{"file":"1-156-500x290.jpg","width":500,"height":290,"mime_type":"image\/jpeg","source_url":"https:\/\/kilosorunum.com\/habercim\/wp-content\/uploads\/2025\/10\/1-156-500x290.jpg"},"full":{"file":"1-156.jpg","width":1200,"height":675,"mime_type":"image\/jpeg","source_url":"https:\/\/kilosorunum.com\/habercim\/wp-content\/uploads\/2025\/10\/1-156.jpg"}},"image_meta":{"aperture":"0","credit":"","camera":"","caption":"","created_timestamp":"0","copyright":"","focal_length":"0","iso":"0","shutter_speed":"0","title":"","orientation":"0","keywords":[]}},"post":39280,"source_url":"https:\/\/kilosorunum.com\/habercim\/wp-content\/uploads\/2025\/10\/1-156.jpg","_links":{"self":[{"href":"https:\/\/kilosorunum.com\/habercim\/wp-json\/wp\/v2\/media\/39282"}],"collection":[{"href":"https:\/\/kilosorunum.com\/habercim\/wp-json\/wp\/v2\/media"}],"about":[{"href":"https:\/\/kilosorunum.com\/habercim\/wp-json\/wp\/v2\/types\/attachment"}],"author":[{"embeddable":true,"href":"https:\/\/kilosorunum.com\/habercim\/wp-json\/wp\/v2\/users\/2"}],"replies":[{"embeddable":true,"href":"https:\/\/kilosorunum.com\/habercim\/wp-json\/wp\/v2\/comments?post=39282"}]}}