{"id":39333,"date":"2025-10-16T23:09:12","date_gmt":"2025-10-16T20:09:12","guid":{"rendered":"https:\/\/kilosorunum.com\/habercim\/wp-content\/uploads\/2025\/10\/1-175.jpg"},"modified":"2025-10-16T23:09:52","modified_gmt":"2025-10-16T20:09:52","slug":"1-4361","status":"inherit","type":"attachment","link":"https:\/\/kilosorunum.com\/habercim\/foto-galeri\/ekranlarin-sevilen-yuzlerinden\/attachment\/1-4361\/","title":{"rendered":"Ekranlar\u0131n sevilen y\u00fczlerinden"},"author":2,"comment_status":"open","ping_status":"closed","template":"","meta":[],"description":{"rendered":"<p class=\"attachment\"><a href='https:\/\/kilosorunum.com\/habercim\/wp-content\/uploads\/2025\/10\/1-175.jpg'><img width=\"300\" height=\"169\" src=\"https:\/\/kilosorunum.com\/habercim\/wp-content\/uploads\/2025\/10\/1-175-300x169.jpg\" class=\"attachment-medium size-medium\" alt=\"\" loading=\"lazy\" srcset=\"https:\/\/kilosorunum.com\/habercim\/wp-content\/uploads\/2025\/10\/1-175-300x169.jpg 300w, https:\/\/kilosorunum.com\/habercim\/wp-content\/uploads\/2025\/10\/1-175-1024x576.jpg 1024w, https:\/\/kilosorunum.com\/habercim\/wp-content\/uploads\/2025\/10\/1-175-768x432.jpg 768w, https:\/\/kilosorunum.com\/habercim\/wp-content\/uploads\/2025\/10\/1-175.jpg 1200w\" sizes=\"(max-width: 300px) 100vw, 300px\" \/><\/a><\/p>\n"},"caption":{"rendered":"<p>Kanal D\u2019de yay\u0131nland\u0131\u011f\u0131 d\u00f6nem reyting rekorlar\u0131 k\u0131ran Yabanc\u0131 Damat dizisinde hayat verdi\u011fi \u2018Memik Dede\u2019 karakteriyle haf\u0131zlara kaz\u0131nan mimar, oyuncu ve m\u00fczisyen Arif Erkin G\u00fczelbeyo\u011flu\u2019ndan ac\u0131 haber geldi. Usta isim 90 ya\u015f\u0131nda hayat\u0131n\u0131 kaybetti. K\u00fclt\u00fcr ve Turizm Bakanl\u0131\u011f\u0131, X hesab\u0131ndan sanat\u00e7\u0131n\u0131n vefat\u0131na dair, \u201cT\u00fcrk tiyatrosu, sinemas\u0131 ve m\u00fczi\u011fine de\u011ferli katk\u0131lar sunan usta sanat\u00e7\u0131m\u0131z Arif Erkin G\u00fczelbeyo\u011flu\u2019nun vefat\u0131n\u0131 b\u00fcy\u00fck bir \u00fcz\u00fcnt\u00fcyle \u00f6\u011frendik. Sanat yolculu\u011funda sahneye, beyaz perdeye ve ekranlara kazand\u0131rd\u0131\u011f\u0131 unutulmaz eserleri ve karakterleriyle haf\u0131zalarda ya\u015fayacak, gelecek ku\u015faklara ilham olmaya devam edecektir. Merhuma Allah\u2019tan rahmet, ailesine, sevenlerine ve sanat camiam\u0131za ba\u015fsa\u011fl\u0131\u011f\u0131 diliyoruz.\u201d payla\u015f\u0131m\u0131nda bulundu. SON G\u00d6R\u00dcNT\u00dcLER\u0130 G\u00fczelbeyo\u011flu, 11 Eyl\u00fcl 2025 g\u00fcn\u00fc 90. ya\u015f\u0131n\u0131 sevdikleriyle birlikte kutlam\u0131\u015ft\u0131. Mutlu anlar\u0131 sosyal medyadan takip\u00e7ileriyle payla\u015fm\u0131\u015flard\u0131. Gaziantep B\u00fcy\u00fck\u015fehir Belediyesi de \u201cB\u00fcy\u00fck bir de\u011ferimizi kaybettik. Gaziantepli hem\u015ferimiz, \u00f6zellikle \u2018Memik Dede\u2019 karakteriyle haf\u0131zalar\u0131m\u0131zda yer eden, T\u00fcrk mimar, oyuncu ve m\u00fczisyen Arif Erkin G\u00fczelbeyo\u011flu\u2019nu kaybettik. Arif Erkin G\u00fczelbeyo\u011flu\u2019na Allah\u2019tan rahmet, ailesine ve sevenlerine sab\u0131r ve ba\u015fsa\u011fl\u0131\u011f\u0131 diliyoruz.\u201d a\u00e7\u0131klamas\u0131n\u0131 yapt\u0131. CENAZE T\u00d6REN\u0130 B\u0130LG\u0130LER\u0130 BELL\u0130 OLDU Arif Erkin G\u00fczelbeyo\u011flu\u2019nun 18 Ekim Cumartesi g\u00fcn\u00fc Zincirlikuyu Mezarl\u0131\u011f\u0131 Camii\u2019nden \u00f6\u011flen k\u0131l\u0131nacak cenaze namaz\u0131 sonras\u0131 Zincirlikuyu Mezarl\u0131\u011f\u0131\u2019na defnedilece\u011fi a\u00e7\u0131kland\u0131. AR\u0130F ERK\u0130N G\u00dcZELBEYO\u011eLU K\u0130MD\u0130R? Arif Erkin G\u00fczelbeyo\u011flu, 1935 y\u0131l\u0131nda Gaziantep\u2019te d\u00fcnyaya geldi. G\u00fczelbeyzade adl\u0131 bir T\u00fcrkmen boyundan gelen soyad\u0131 G\u00fczelbeyo\u011flu olarak T\u00fcrk\u00e7ele\u015ftirildi. YABANCI DAMAT \u0130LE \u00dcNE KAVU\u015eTU Liseyi de Gaziantep\u2019te okuyan sanat\u00e7\u0131, \u00fcniversite e\u011fitimi i\u00e7in \u0130stanbul\u2019a geldi. \u0130stanbul B\u00fcy\u00fck\u015fehir Belediyesi \u0130mar M\u00fcd\u00fcrl\u00fc\u011f\u00fc\u2019nde 30 y\u0131l mimar olarak \u00e7al\u0131\u015fan G\u00fczelbeyo\u011flu, en son Be\u015fikta\u015f Belediyesinde \u0130mar M\u00fcd\u00fcr\u00fc ve Teknik Ba\u015fkan Yard\u0131mc\u0131l\u0131\u011f\u0131 g\u00f6revi yapt\u0131 ve ard\u0131ndan emekli oldu. \u0130stanbul Teknik \u00dcniversitesi\u2019nde mimarl\u0131k e\u011fitimi alan sanat\u00e7\u0131, \u00fcniversite \u00f6\u011frencili\u011fi s\u0131ras\u0131nda \u0130stanbul Radyosu\u2019nda da korist ve solist olarak \u00e7al\u0131\u015ft\u0131. Askerlikten sonra G\u00fclriz Sururi-Engin Cezzar tiyatrosunda profesyonel tiyatrocu olan Arif Erkin G\u00fczelbeyo\u011flu\u2019nun ilk oynad\u0131\u011f\u0131 oyun Refik Erduran\u2019\u0131n \u201cDirekleraras\u0131\u201d adl\u0131 m\u00fczikali oldu. G\u00fczelbeyo\u011flu, Haldun Taner\u2019in \u201cZilli Zarife\u201d ve \u201cVatan Kurtaran \u015eaban\u201d adl\u0131 oyunlar\u0131n\u0131n m\u00fcziklerini, sonra da kurucular\u0131 aras\u0131nda oldu\u011fu Dostlar Tiyatrosunun ilk be\u015f y\u0131l boyunca t\u00fcm oyunlar\u0131n\u0131n m\u00fcziklerini yapt\u0131. Hi\u00e7bir m\u00fczik ve tiyatro okulunda okumasa da sanat\u00e7\u0131n\u0131n hayat\u0131 m\u00fczik ve tiyatro yapmakla ge\u00e7ti. \u201cUmut\u201d, \u201cKarakolda Ayna Var\u201d, \u201cGramafon Avrat\u201d ve \u201cBir Milyara \u00c7ocuk\u201d adl\u0131 yap\u0131m\u0131n yan\u0131 s\u0131ra \u201cBizimkiler\u201d dizisinin m\u00fcziklerine imza atan G\u00fczelbeyo\u011flu, Adana Alt\u0131n Koza Film Festivali\u2019nde ve Antalya Alt\u0131n Portakal Festivali\u2019nde yapt\u0131\u011f\u0131 m\u00fcziklerle \u00f6d\u00fcle de\u011fer g\u00f6r\u00fcld\u00fc. Sanat\u00e7\u0131, \u201cKe\u015fanl\u0131 Ali Destan\u0131\u201d filmi ile ba\u015flad\u0131\u011f\u0131 oyunculuk hayat\u0131nda \u201c\u0130kinci Bahar\u201d dizisi ile \u00fcn kazand\u0131. \u201cYabanc\u0131 Damat\u201d dizisinde de canland\u0131rd\u0131\u011f\u0131 \u201cMemik Dede\u201d karakteriyle haf\u0131zalarda yer edindi. G\u00fczelbeyo\u011flu, 2007 yap\u0131m\u0131 \u201cBeyaz Melek\u201d adl\u0131 sinema filminde de \u201cMala Ahmet\u201d karakterini, \u201cMuhte\u015fem Y\u00fczy\u0131l\u201d dizisinde \u201cPiri Mehmet Pa\u015fa\u201d adl\u0131 divan \u00fcyesini, \u201cHayat Devam Ediyor\u201d dizisinde \u201c\u0130brahim\u201d karakterini, son olarak \u201cCan\u0131m Ailem\u201d dizisinde de \u201cCabbar A\u011fa\u201d rol\u00fcn\u00fc \u00fcstlendi. Sanat\u00e7\u0131, ayr\u0131ca m\u00fczi\u011fiyle sinemaya yapt\u0131\u011f\u0131 katk\u0131lardan \u00f6t\u00fcr\u00fc 2021 y\u0131l\u0131nda \u0130zmir Uluslararas\u0131 Film ve M\u00fczik Festivali\u2019nde \u201cOnur \u00d6d\u00fcl\u00fc\u201d ile \u00f6d\u00fcllendirildi.<\/p>\n<p>Kaynak : haberzamani.com<\/p>\n"},"alt_text":"","media_type":"image","mime_type":"image\/jpeg","media_details":{"width":1200,"height":675,"file":"2025\/10\/1-175.jpg","sizes":{"medium":{"file":"1-175-300x169.jpg","width":300,"height":169,"mime_type":"image\/jpeg","source_url":"https:\/\/kilosorunum.com\/habercim\/wp-content\/uploads\/2025\/10\/1-175-300x169.jpg"},"large":{"file":"1-175-1024x576.jpg","width":1024,"height":576,"mime_type":"image\/jpeg","source_url":"https:\/\/kilosorunum.com\/habercim\/wp-content\/uploads\/2025\/10\/1-175-1024x576.jpg"},"thumbnail":{"file":"1-175-150x150.jpg","width":150,"height":150,"mime_type":"image\/jpeg","source_url":"https:\/\/kilosorunum.com\/habercim\/wp-content\/uploads\/2025\/10\/1-175-150x150.jpg"},"medium_large":{"file":"1-175-768x432.jpg","width":768,"height":432,"mime_type":"image\/jpeg","source_url":"https:\/\/kilosorunum.com\/habercim\/wp-content\/uploads\/2025\/10\/1-175-768x432.jpg"},"kucukResim":{"file":"1-175-80x50.jpg","width":80,"height":50,"mime_type":"image\/jpeg","source_url":"https:\/\/kilosorunum.com\/habercim\/wp-content\/uploads\/2025\/10\/1-175-80x50.jpg"},"sliderResim":{"file":"1-175-670x330.jpg","width":670,"height":330,"mime_type":"image\/jpeg","source_url":"https:\/\/kilosorunum.com\/habercim\/wp-content\/uploads\/2025\/10\/1-175-670x330.jpg"},"resim1":{"file":"1-175-184x140.jpg","width":184,"height":140,"mime_type":"image\/jpeg","source_url":"https:\/\/kilosorunum.com\/habercim\/wp-content\/uploads\/2025\/10\/1-175-184x140.jpg"},"resim2":{"file":"1-175-216x103.jpg","width":216,"height":103,"mime_type":"image\/jpeg","source_url":"https:\/\/kilosorunum.com\/habercim\/wp-content\/uploads\/2025\/10\/1-175-216x103.jpg"},"resim3":{"file":"1-175-145x70.jpg","width":145,"height":70,"mime_type":"image\/jpeg","source_url":"https:\/\/kilosorunum.com\/habercim\/wp-content\/uploads\/2025\/10\/1-175-145x70.jpg"},"sagSlider":{"file":"1-175-300x150.jpg","width":300,"height":150,"mime_type":"image\/jpeg","source_url":"https:\/\/kilosorunum.com\/habercim\/wp-content\/uploads\/2025\/10\/1-175-300x150.jpg"},"yeniSlider":{"file":"1-175-500x290.jpg","width":500,"height":290,"mime_type":"image\/jpeg","source_url":"https:\/\/kilosorunum.com\/habercim\/wp-content\/uploads\/2025\/10\/1-175-500x290.jpg"},"full":{"file":"1-175.jpg","width":1200,"height":675,"mime_type":"image\/jpeg","source_url":"https:\/\/kilosorunum.com\/habercim\/wp-content\/uploads\/2025\/10\/1-175.jpg"}},"image_meta":{"aperture":"0","credit":"","camera":"","caption":"","created_timestamp":"0","copyright":"","focal_length":"0","iso":"0","shutter_speed":"0","title":"","orientation":"0","keywords":[]}},"post":39331,"source_url":"https:\/\/kilosorunum.com\/habercim\/wp-content\/uploads\/2025\/10\/1-175.jpg","_links":{"self":[{"href":"https:\/\/kilosorunum.com\/habercim\/wp-json\/wp\/v2\/media\/39333"}],"collection":[{"href":"https:\/\/kilosorunum.com\/habercim\/wp-json\/wp\/v2\/media"}],"about":[{"href":"https:\/\/kilosorunum.com\/habercim\/wp-json\/wp\/v2\/types\/attachment"}],"author":[{"embeddable":true,"href":"https:\/\/kilosorunum.com\/habercim\/wp-json\/wp\/v2\/users\/2"}],"replies":[{"embeddable":true,"href":"https:\/\/kilosorunum.com\/habercim\/wp-json\/wp\/v2\/comments?post=39333"}]}}