{"id":39452,"date":"2025-10-20T22:49:10","date_gmt":"2025-10-20T19:49:10","guid":{"rendered":"https:\/\/kilosorunum.com\/habercim\/wp-content\/uploads\/2025\/10\/1-220.jpg"},"modified":"2025-10-20T22:49:51","modified_gmt":"2025-10-20T19:49:51","slug":"1-4406","status":"inherit","type":"attachment","link":"https:\/\/kilosorunum.com\/habercim\/foto-galeri\/hava-durumu\/attachment\/1-4406\/","title":{"rendered":"HAVA DURUMU"},"author":2,"comment_status":"open","ping_status":"closed","template":"","meta":[],"description":{"rendered":"<p class=\"attachment\"><a href='https:\/\/kilosorunum.com\/habercim\/wp-content\/uploads\/2025\/10\/1-220.jpg'><img width=\"300\" height=\"169\" src=\"https:\/\/kilosorunum.com\/habercim\/wp-content\/uploads\/2025\/10\/1-220-300x169.jpg\" class=\"attachment-medium size-medium\" alt=\"\" loading=\"lazy\" srcset=\"https:\/\/kilosorunum.com\/habercim\/wp-content\/uploads\/2025\/10\/1-220-300x169.jpg 300w, https:\/\/kilosorunum.com\/habercim\/wp-content\/uploads\/2025\/10\/1-220-1024x576.jpg 1024w, https:\/\/kilosorunum.com\/habercim\/wp-content\/uploads\/2025\/10\/1-220-768x432.jpg 768w, https:\/\/kilosorunum.com\/habercim\/wp-content\/uploads\/2025\/10\/1-220.jpg 1200w\" sizes=\"(max-width: 300px) 100vw, 300px\" \/><\/a><\/p>\n"},"caption":{"rendered":"<p>Meteoroloji Genel M\u00fcd\u00fcrl\u00fc\u011f\u00fc taraf\u0131ndan yap\u0131lan tahminlere g\u00f6re, \u00fclkemiz genelinin par\u00e7al\u0131, yer yer \u00e7ok bulutlu, Ege, (Mersin hari\u00e7) Akdeniz, \u0130\u00e7 Anadolu\u2019nun g\u00fcneyi, Do\u011fu Karadeniz k\u0131y\u0131lar\u0131, Do\u011fu ve G\u00fcneydo\u011fu Anadolu\u2019nun do\u011fusu ile Gaziantep, Kilis \u00e7evrelerinin ya\u011f\u0131\u015fl\u0131 ge\u00e7ece\u011fi, ya\u011f\u0131\u015flar\u0131n g\u00fcney ve bat\u0131 kesimlerde yer yer g\u00f6k g\u00fcr\u00fclt\u00fcl\u00fc olmak \u00fczere sa\u011fanak, kuzeydo\u011fu kesimlerde ise ya\u011fmur, y\u00fckseklerinde karla kar\u0131\u015f\u0131k ya\u011fmur \u015feklinde g\u00f6r\u00fclece\u011fi tahmin ediliyor. G\u00fcney Ege k\u0131y\u0131lar\u0131 ile Siirt, Bitlis ve \u015e\u0131rnak \u00e7evrelerinde g\u00f6r\u00fclecek ya\u011f\u0131\u015flar\u0131n yerel kuvvetli olmas\u0131 bekleniyor. Gece ve sabah saatlerinde Bat\u0131 ve Orta Karadeniz\u2019in i\u00e7 kesimlerinde pus ve yer yer sis g\u00f6r\u00fclece\u011fi tahmin ediliyor. Do\u011fu Akdeniz i\u00e7in g\u00f6k g\u00fcr\u00fclt\u00fcl\u00fc sa\u011fanak uyar\u0131s\u0131nda bulunuldu.<br \/>\nMeteoroloji Genel M\u00fcd\u00fcrl\u00fc\u011f\u00fcnden yap\u0131lan a\u00e7\u0131klamaya g\u00f6re, bu gece ve sabah saatlerinde Osmaniye \u00e7evreleri, Hatay\u2019\u0131n k\u0131y\u0131 kesimleri ile Adana\u2019n\u0131n g\u00fcneydo\u011fu ve Kahramanmara\u015f\u2019\u0131n g\u00fcneybat\u0131 il\u00e7elerinde sa\u011fanak ve g\u00f6k g\u00fcr\u00fclt\u00fcl\u00fc sa\u011fanak bekleniyor. Vatanda\u015flar\u0131n sel, su bask\u0131n\u0131, y\u0131ld\u0131r\u0131m, kuvvetli r\u00fczgar ve ula\u015f\u0131mda aksamalar gibi olumsuzluklara kar\u015f\u0131 dikkatli ve tedbirli olmas\u0131 gerekiyor.<\/p>\n<p>Kaynak : hurriyet.com.tr<\/p>\n"},"alt_text":"","media_type":"image","mime_type":"image\/jpeg","media_details":{"width":1200,"height":675,"file":"2025\/10\/1-220.jpg","sizes":{"medium":{"file":"1-220-300x169.jpg","width":300,"height":169,"mime_type":"image\/jpeg","source_url":"https:\/\/kilosorunum.com\/habercim\/wp-content\/uploads\/2025\/10\/1-220-300x169.jpg"},"large":{"file":"1-220-1024x576.jpg","width":1024,"height":576,"mime_type":"image\/jpeg","source_url":"https:\/\/kilosorunum.com\/habercim\/wp-content\/uploads\/2025\/10\/1-220-1024x576.jpg"},"thumbnail":{"file":"1-220-150x150.jpg","width":150,"height":150,"mime_type":"image\/jpeg","source_url":"https:\/\/kilosorunum.com\/habercim\/wp-content\/uploads\/2025\/10\/1-220-150x150.jpg"},"medium_large":{"file":"1-220-768x432.jpg","width":768,"height":432,"mime_type":"image\/jpeg","source_url":"https:\/\/kilosorunum.com\/habercim\/wp-content\/uploads\/2025\/10\/1-220-768x432.jpg"},"kucukResim":{"file":"1-220-80x50.jpg","width":80,"height":50,"mime_type":"image\/jpeg","source_url":"https:\/\/kilosorunum.com\/habercim\/wp-content\/uploads\/2025\/10\/1-220-80x50.jpg"},"sliderResim":{"file":"1-220-670x330.jpg","width":670,"height":330,"mime_type":"image\/jpeg","source_url":"https:\/\/kilosorunum.com\/habercim\/wp-content\/uploads\/2025\/10\/1-220-670x330.jpg"},"resim1":{"file":"1-220-184x140.jpg","width":184,"height":140,"mime_type":"image\/jpeg","source_url":"https:\/\/kilosorunum.com\/habercim\/wp-content\/uploads\/2025\/10\/1-220-184x140.jpg"},"resim2":{"file":"1-220-216x103.jpg","width":216,"height":103,"mime_type":"image\/jpeg","source_url":"https:\/\/kilosorunum.com\/habercim\/wp-content\/uploads\/2025\/10\/1-220-216x103.jpg"},"resim3":{"file":"1-220-145x70.jpg","width":145,"height":70,"mime_type":"image\/jpeg","source_url":"https:\/\/kilosorunum.com\/habercim\/wp-content\/uploads\/2025\/10\/1-220-145x70.jpg"},"sagSlider":{"file":"1-220-300x150.jpg","width":300,"height":150,"mime_type":"image\/jpeg","source_url":"https:\/\/kilosorunum.com\/habercim\/wp-content\/uploads\/2025\/10\/1-220-300x150.jpg"},"yeniSlider":{"file":"1-220-500x290.jpg","width":500,"height":290,"mime_type":"image\/jpeg","source_url":"https:\/\/kilosorunum.com\/habercim\/wp-content\/uploads\/2025\/10\/1-220-500x290.jpg"},"full":{"file":"1-220.jpg","width":1200,"height":675,"mime_type":"image\/jpeg","source_url":"https:\/\/kilosorunum.com\/habercim\/wp-content\/uploads\/2025\/10\/1-220.jpg"}},"image_meta":{"aperture":"0","credit":"","camera":"","caption":"","created_timestamp":"0","copyright":"","focal_length":"0","iso":"0","shutter_speed":"0","title":"","orientation":"0","keywords":[]}},"post":39450,"source_url":"https:\/\/kilosorunum.com\/habercim\/wp-content\/uploads\/2025\/10\/1-220.jpg","_links":{"self":[{"href":"https:\/\/kilosorunum.com\/habercim\/wp-json\/wp\/v2\/media\/39452"}],"collection":[{"href":"https:\/\/kilosorunum.com\/habercim\/wp-json\/wp\/v2\/media"}],"about":[{"href":"https:\/\/kilosorunum.com\/habercim\/wp-json\/wp\/v2\/types\/attachment"}],"author":[{"embeddable":true,"href":"https:\/\/kilosorunum.com\/habercim\/wp-json\/wp\/v2\/users\/2"}],"replies":[{"embeddable":true,"href":"https:\/\/kilosorunum.com\/habercim\/wp-json\/wp\/v2\/comments?post=39452"}]}}