{"id":39512,"date":"2025-10-22T18:41:20","date_gmt":"2025-10-22T15:41:20","guid":{"rendered":"https:\/\/kilosorunum.com\/habercim\/wp-content\/uploads\/2025\/10\/1-244.jpg"},"modified":"2025-10-22T18:42:04","modified_gmt":"2025-10-22T15:42:04","slug":"1-4430","status":"inherit","type":"attachment","link":"https:\/\/kilosorunum.com\/habercim\/foto-galeri\/herkes-hazir-olmak-zorunda\/attachment\/1-4430\/","title":{"rendered":"Herkes haz\u0131r olmak zorunda"},"author":2,"comment_status":"open","ping_status":"closed","template":"","meta":[],"description":{"rendered":"<p class=\"attachment\"><a href='https:\/\/kilosorunum.com\/habercim\/wp-content\/uploads\/2025\/10\/1-244.jpg'><img width=\"300\" height=\"169\" src=\"https:\/\/kilosorunum.com\/habercim\/wp-content\/uploads\/2025\/10\/1-244-300x169.jpg\" class=\"attachment-medium size-medium\" alt=\"\" loading=\"lazy\" srcset=\"https:\/\/kilosorunum.com\/habercim\/wp-content\/uploads\/2025\/10\/1-244-300x169.jpg 300w, https:\/\/kilosorunum.com\/habercim\/wp-content\/uploads\/2025\/10\/1-244-1024x576.jpg 1024w, https:\/\/kilosorunum.com\/habercim\/wp-content\/uploads\/2025\/10\/1-244-768x432.jpg 768w, https:\/\/kilosorunum.com\/habercim\/wp-content\/uploads\/2025\/10\/1-244.jpg 1200w\" sizes=\"(max-width: 300px) 100vw, 300px\" \/><\/a><\/p>\n"},"caption":{"rendered":"<p>\u015eu g\u00fcnlerde ilerleyen sonbahar atmosferi yerini bir ge\u00e7i\u015f d\u00f6nemine b\u0131rak\u0131yor. Son iki g\u00fcnd\u00fcr hava \u00e2deta yaz\u0131 aratmazken, yar\u0131n itibar\u0131yla \u00f6zellikle g\u00fcnd\u00fcz s\u0131cakl\u0131klar\u0131n\u0131n y\u00fcksekli\u011fi sizi yan\u0131ltmas\u0131n: Meteoroloji Genel M\u00fcd\u00fcrl\u00fc\u011f\u00fc, bir\u00e7ok b\u00f6lgede sa\u011fanak ve g\u00f6k g\u00fcr\u00fclt\u00fcl\u00fc sa\u011fanak ya\u011f\u0131\u015flar bekledi\u011fini a\u00e7\u0131klad\u0131. Hangi b\u00f6lgelerde ya\u011f\u0131\u015f bekleniyor? Rapora g\u00f6re ya\u011f\u0131\u015flar \u015fu b\u00f6lgelere y\u00f6neliyor: Marmara B\u00f6lgesi\u2019nin g\u00fcney ve do\u011fusu ile Tekirda\u011f \u00e7evresi Ege B\u00f6lgesi Akdeniz B\u00f6lgesi (\u00f6zellikle Mersin hari\u00e7) \u0130\u00e7 Anadolu B\u00f6lgesi\u2019nun kuzey kesimleri Bat\u0131 Karadeniz ve Orta Karadeniz\u2019in i\u00e7 kesimleri Do\u011fu Anadolu B\u00f6lgesi (\u00f6zellikle Erzincan, Kars, Ardahan ve I\u011fd\u0131r hari\u00e7) G\u00fcneydo\u011fu Anadolu B\u00f6lgesi Ya\u011f\u0131\u015flar\u0131n \u00f6zellikle baz\u0131 b\u00f6lgelerde yerel olarak kuvvetli olabilece\u011fi uyar\u0131s\u0131 yap\u0131ld\u0131. \u0130l \u0130l Hava Durumu (\u00d6ne \u00c7\u0131kanlar) Marmara B\u00f6lgesi: Par\u00e7al\u0131 zamanla \u00e7ok bulutlu; b\u00f6lgenin g\u00fcney-do\u011fusu ile Tekirda\u011f \u00e7evrelerinde aral\u0131kl\u0131 sa\u011fanak ve g\u00f6k g\u00fcr\u00fclt\u00fcl\u00fc sa\u011fanak bekleniyor. \u00d6rne\u011fin: Bursa: 11 \u00b0C \u2013 24 \u00b0C, aral\u0131kl\u0131 sa\u011fanak. \u0130stanbul: 12 \u00b0C \u2013 20 \u00b0C, gece Anadolu Yakas\u0131\u2019nda aral\u0131kl\u0131 sa\u011fanak. Ege B\u00f6lgesi: \u00c7ok bulutlu, genelinde aral\u0131kl\u0131 sa\u011fanak ve g\u00f6k g\u00fcr\u00fclt\u00fcl\u00fc sa\u011fanak; \u00f6zellikle \u0130zmir, Manisa, Ayd\u0131n \u00e7evrelerinde yerel kuvvetli ya\u011f\u0131\u015f bekleniyor. Akdeniz B\u00f6lgesi: Par\u00e7al\u0131 ve \u00e7ok bulutlu; \u00f6\u011fle sonras\u0131 ve ak\u015fam saatlerinde aral\u0131kl\u0131 sa\u011fanak ve g\u00f6k g\u00fcr\u00fclt\u00fcl\u00fc sa\u011fanak. \u0130\u00e7 Anadolu B\u00f6lgesi: Sabah par\u00e7al\u0131 \u00e7ok bulutlu, \u00f6\u011fleden sonra b\u00f6lgenin kuzeyinde aral\u0131kl\u0131 sa\u011fanak ya\u011f\u0131\u015f bekleniyor. Bat\u0131 Karadeniz &#038; Orta-Do\u011fu Karadeniz: \u0130\u00e7 kesimlerde \u00f6\u011fle sonras\u0131 aral\u0131kl\u0131 sa\u011fanak; gece-sabah saatlerinde pus ve yer yer sis olas\u0131l\u0131\u011f\u0131 var. Do\u011fu Anadolu B\u00f6lgesi: Erzincan, Kars, Ardahan ve I\u011fd\u0131r hari\u00e7, b\u00f6lge genelinde aral\u0131kl\u0131 ya\u011fmur ve sa\u011fanak; Van, Bitlis, \u015e\u0131rnak \u00e7evrelerinde yerel kuvvetli olma ihtimali. G\u00fcneydo\u011fu Anadolu B\u00f6lgesi: Aral\u0131kl\u0131 sa\u011fanak ve g\u00f6k g\u00fcr\u00fclt\u00fcl\u00fc sa\u011fanak ya\u011f\u0131\u015flar bekleniyor; \u00f6zellikle Siirt \u00e7evresinde ak\u015fam-gece saatlerinde yerel kuvvetli olabilir. \u00d6rne\u011fin: Gaziantep: 11 \u00b0C \u2013 23 \u00b0C, sabah saatlerinden sonra sa\u011fanak ve g\u00f6k g\u00fcr\u00fclt\u00fcl\u00fc sa\u011fanak. Uyar\u0131lar ve Tedbirler Ya\u011f\u0131\u015flar\u0131n yerel olarak kuvvetli olabilece\u011fi belirtilmekte; bu nedenle su bask\u0131n\u0131, ani sel, g\u00f6r\u00fc\u015f\u00fcn d\u00fc\u015fmesi, trafik kazalar\u0131 gibi olumsuzluklara kar\u015f\u0131 dikkatli olunmas\u0131 \u00f6neriliyor. Meteoroloji yetkilileri, vatanda\u015flar\u0131 ya\u011f\u0131\u015f \u00f6ncesi ve s\u0131ras\u0131nda tedbirli olmaya \u00e7a\u011f\u0131rd\u0131: a\u00e7\u0131k alanlara ara\u00e7 b\u0131rak\u0131rken su birikintileri ve ak\u0131nt\u0131lara dikkat edilmeli; \u00f6zellikle y\u00fcksek e\u011fimli arazilerde ve dere yataklar\u0131nda risk artabilir. Ayr\u0131ca gece ve sabah saatlerinde \u201cpus\u201d ve \u201cyer yer sis\u201d uyar\u0131s\u0131 da yap\u0131lmakta; bu durum \u00f6zellikle Karadeniz\u2019in i\u00e7 kesimlerinde ge\u00e7erli. Gaziantep \u00d6zelinde Durum Siz Gaziantep\u2019teyseniz, yar\u0131n sabah saatlerinden itibaren b\u00f6lge i\u00e7in par\u00e7al\u0131 ve \u00e7ok bulutlu bir hava bekleniyor; sabah saatlerinden sonra sa\u011fanak ve g\u00f6k g\u00fcr\u00fclt\u00fcl\u00fc sa\u011fanak ya\u011f\u0131\u015f olas\u0131l\u0131\u011f\u0131 bulunmakta. (Yukar\u0131daki raporda: \u201c11 \u00b0C \u2013 23 \u00b0C, sabah saatlerinden sonra sa\u011fanak ve g\u00f6k g\u00fcr\u00fclt\u00fcl\u00fc sa\u011fanak ya\u011f\u0131\u015fl\u0131\u201d olarak belirtilmi\u015f.) Dolay\u0131s\u0131yla, planlar\u0131n\u0131z varsa ya\u011f\u0131\u015f ihtimalini g\u00f6z \u00f6n\u00fcnde bulundurman\u0131z faydal\u0131. Ne Yapmal\u0131? D\u0131\u015far\u0131 \u00e7\u0131karken yan\u0131n\u0131za hafif ya\u011fmurluk veya \u015femsiye alman\u0131z \u00f6nerilir. Ara\u00e7 kullananlar i\u00e7in: ya\u011f\u0131\u015f sonras\u0131 yol y\u00fczeyinin kaygan olabilece\u011fini, g\u00f6r\u00fc\u015f\u00fcn azalabilece\u011fini unutmay\u0131n. Y\u00fcksek kesimlerde veya dere kenarlar\u0131nda bulunanlar i\u00e7in: ya\u011f\u0131\u015f yo\u011funlu\u011fu artt\u0131\u011f\u0131nda su birikintisi ve ak\u0131nt\u0131 riski olabilir \u2014 bu alanlardan uzak durulmal\u0131. Sabah saatlerinde pus-sis riski olan b\u00f6lgelerde \u00f6zellikle ula\u015f\u0131mda dikkatli olunmal\u0131. Ak\u015fam saatlerinde s\u0131cakl\u0131k d\u00fc\u015febilir \u2014 ince bir mont ya da h\u0131rka bulundurman\u0131z rahat etmenizi sa\u011flar.<\/p>\n<p>Kaynak : haberzamani.com<\/p>\n"},"alt_text":"","media_type":"image","mime_type":"image\/jpeg","media_details":{"width":1200,"height":675,"file":"2025\/10\/1-244.jpg","sizes":{"medium":{"file":"1-244-300x169.jpg","width":300,"height":169,"mime_type":"image\/jpeg","source_url":"https:\/\/kilosorunum.com\/habercim\/wp-content\/uploads\/2025\/10\/1-244-300x169.jpg"},"large":{"file":"1-244-1024x576.jpg","width":1024,"height":576,"mime_type":"image\/jpeg","source_url":"https:\/\/kilosorunum.com\/habercim\/wp-content\/uploads\/2025\/10\/1-244-1024x576.jpg"},"thumbnail":{"file":"1-244-150x150.jpg","width":150,"height":150,"mime_type":"image\/jpeg","source_url":"https:\/\/kilosorunum.com\/habercim\/wp-content\/uploads\/2025\/10\/1-244-150x150.jpg"},"medium_large":{"file":"1-244-768x432.jpg","width":768,"height":432,"mime_type":"image\/jpeg","source_url":"https:\/\/kilosorunum.com\/habercim\/wp-content\/uploads\/2025\/10\/1-244-768x432.jpg"},"kucukResim":{"file":"1-244-80x50.jpg","width":80,"height":50,"mime_type":"image\/jpeg","source_url":"https:\/\/kilosorunum.com\/habercim\/wp-content\/uploads\/2025\/10\/1-244-80x50.jpg"},"sliderResim":{"file":"1-244-670x330.jpg","width":670,"height":330,"mime_type":"image\/jpeg","source_url":"https:\/\/kilosorunum.com\/habercim\/wp-content\/uploads\/2025\/10\/1-244-670x330.jpg"},"resim1":{"file":"1-244-184x140.jpg","width":184,"height":140,"mime_type":"image\/jpeg","source_url":"https:\/\/kilosorunum.com\/habercim\/wp-content\/uploads\/2025\/10\/1-244-184x140.jpg"},"resim2":{"file":"1-244-216x103.jpg","width":216,"height":103,"mime_type":"image\/jpeg","source_url":"https:\/\/kilosorunum.com\/habercim\/wp-content\/uploads\/2025\/10\/1-244-216x103.jpg"},"resim3":{"file":"1-244-145x70.jpg","width":145,"height":70,"mime_type":"image\/jpeg","source_url":"https:\/\/kilosorunum.com\/habercim\/wp-content\/uploads\/2025\/10\/1-244-145x70.jpg"},"sagSlider":{"file":"1-244-300x150.jpg","width":300,"height":150,"mime_type":"image\/jpeg","source_url":"https:\/\/kilosorunum.com\/habercim\/wp-content\/uploads\/2025\/10\/1-244-300x150.jpg"},"yeniSlider":{"file":"1-244-500x290.jpg","width":500,"height":290,"mime_type":"image\/jpeg","source_url":"https:\/\/kilosorunum.com\/habercim\/wp-content\/uploads\/2025\/10\/1-244-500x290.jpg"},"full":{"file":"1-244.jpg","width":1200,"height":675,"mime_type":"image\/jpeg","source_url":"https:\/\/kilosorunum.com\/habercim\/wp-content\/uploads\/2025\/10\/1-244.jpg"}},"image_meta":{"aperture":"0","credit":"","camera":"","caption":"","created_timestamp":"0","copyright":"","focal_length":"0","iso":"0","shutter_speed":"0","title":"","orientation":"0","keywords":[]}},"post":39510,"source_url":"https:\/\/kilosorunum.com\/habercim\/wp-content\/uploads\/2025\/10\/1-244.jpg","_links":{"self":[{"href":"https:\/\/kilosorunum.com\/habercim\/wp-json\/wp\/v2\/media\/39512"}],"collection":[{"href":"https:\/\/kilosorunum.com\/habercim\/wp-json\/wp\/v2\/media"}],"about":[{"href":"https:\/\/kilosorunum.com\/habercim\/wp-json\/wp\/v2\/types\/attachment"}],"author":[{"embeddable":true,"href":"https:\/\/kilosorunum.com\/habercim\/wp-json\/wp\/v2\/users\/2"}],"replies":[{"embeddable":true,"href":"https:\/\/kilosorunum.com\/habercim\/wp-json\/wp\/v2\/comments?post=39512"}]}}