{"id":39527,"date":"2025-10-22T23:51:00","date_gmt":"2025-10-22T20:51:00","guid":{"rendered":"https:\/\/kilosorunum.com\/habercim\/wp-content\/uploads\/2025\/10\/1-250.jpg"},"modified":"2025-10-22T23:52:04","modified_gmt":"2025-10-22T20:52:04","slug":"1-4436","status":"inherit","type":"attachment","link":"https:\/\/kilosorunum.com\/habercim\/foto-galeri\/chp-yeni-adayi\/attachment\/1-4436\/","title":{"rendered":"CHP YEN\u0130 ADAYI"},"author":2,"comment_status":"open","ping_status":"closed","template":"","meta":[],"description":{"rendered":"<p class=\"attachment\"><a href='https:\/\/kilosorunum.com\/habercim\/wp-content\/uploads\/2025\/10\/1-250.jpg'><img width=\"300\" height=\"169\" src=\"https:\/\/kilosorunum.com\/habercim\/wp-content\/uploads\/2025\/10\/1-250-300x169.jpg\" class=\"attachment-medium size-medium\" alt=\"\" loading=\"lazy\" srcset=\"https:\/\/kilosorunum.com\/habercim\/wp-content\/uploads\/2025\/10\/1-250-300x169.jpg 300w, https:\/\/kilosorunum.com\/habercim\/wp-content\/uploads\/2025\/10\/1-250-1024x576.jpg 1024w, https:\/\/kilosorunum.com\/habercim\/wp-content\/uploads\/2025\/10\/1-250-768x432.jpg 768w, https:\/\/kilosorunum.com\/habercim\/wp-content\/uploads\/2025\/10\/1-250.jpg 1200w\" sizes=\"(max-width: 300px) 100vw, 300px\" \/><\/a><\/p>\n"},"caption":{"rendered":"<p>CHP Genel Ba\u015fkan\u0131 \u00d6zg\u00fcr \u00d6zel, partisinin Manisa 39. Ola\u011fan \u0130l Kongresi\u2019nde konu\u015ftu. Ekrem \u0130mamo\u011flu\u2019nun aday g\u00f6sterilememesi durumunda aday\u0131n kim olaca\u011f\u0131 sorular\u0131na da yan\u0131t veren \u00d6zel, \u201cEkrem Ba\u015fkan\u2019\u0131n yerine bize cumhurba\u015fkan\u0131 aday\u0131 soruyorlar. Var, ben de\u011filim, sensin, bu salonda oturan herkes benim cumhurba\u015fkan\u0131 aday\u0131m. Sizin kadar da benim. Bir devir kapanacak, yeni bir devir a\u00e7\u0131lacak\u201d dedi.Ekrem \u0130mamo\u011flu\u2019nun aday g\u00f6sterilememesi durumunda aday\u0131n kim olaca\u011f\u0131 sorular\u0131na da yan\u0131t veren \u00d6zel, \u201cEkrem Ba\u015fkan\u2019\u0131n yerine bize cumhurba\u015fkan\u0131 aday\u0131 soruyorlar. Var, ben de\u011filim, sensin, bu salonda oturan herkes benim cumhurba\u015fkan\u0131 aday\u0131m. Sizin kadar da benim. Bir devir kapanacak, yeni bir devir a\u00e7\u0131lacak\u201d dedi. \u201cMAN\u0130SA\u2019YI VE T\u00dcRK\u0130YE\u2019Y\u0130 DE\u011e\u0130\u015eT\u0130RECE\u011e\u0130Z DED\u0130K\u201d CHP Genel Ba\u015fkan\u0131 \u00d6zel, k\u00fcrs\u00fcde yapt\u0131\u011f\u0131 konu\u015fmas\u0131nda \u015funlar\u0131 s\u00f6yledi: \u201cBu salondan Ferdi\u2019yi il ba\u015fkan\u0131 se\u00e7erek \u00e7\u0131kt\u0131k. Bir de bu salondan y\u0131llar\u0131n m\u00fccadelesini bir kenarda b\u0131rak\u0131p Manisa olarak tek yumruk olarak \u00e7\u0131kt\u0131. Dedik ki, \u2018Biz buradan sonra Manisa\u2019y\u0131 de\u011fi\u015ftirece\u011fiz ve T\u00fcrkiye\u2019yi de\u011fi\u015ftirece\u011fiz.\u2019<br \/>\nFerdi benim gen\u00e7 ya\u015flar\u0131m\u0131zdan beri birlikte hayal kurdu\u011fumuz, hayallerimizi birlikte ger\u00e7ekle\u015ftirdi\u011fimiz bir karde\u015fimiz. Hep beraber o il kongresinde Ferdi il ba\u015fkan\u0131 olduktan sonra, benim genel ba\u015fkan adayl\u0131\u011f\u0131m i\u00e7in hep birlikte yollara d\u00fc\u015ft\u00fck.Ve o s\u00fcre\u00e7te Manisa\u2019da kim varsa biraz \u00f6nce salona gelirkenki co\u015fkulu kar\u015f\u0131lama gibi bizi co\u015fku ile u\u011furlad\u0131lar, arkam\u0131zda durdular. T\u00fcrkiye\u2019nin d\u00f6rt bir yerinde, nefeslerinin yetti\u011fi yere benimle birlikte ko\u015fturdular. \u201cORADA 2500 K\u0130\u015e\u0130 \u0130LE MAN\u0130SA VARDI\u201d Kurultay salonuna girdi\u011fimizde, b\u00f6yle burada oldu\u011fu gibi Arena salonunda bir tur at\u0131yoruz. Bir miktar turlad\u0131ktan sonra kar\u015f\u0131na \u0130stanbul delegasyonu var, kalabal\u0131k, \u00d6zg\u00fcr Ba\u015fkan g\u00f6sterdi dedi ki, \u201cBa\u015fkan\u0131m i\u015fte \u0130stanbul orada\u201d dedi. Hakikaten \u0130stanbul, belki 800 ki\u015fi ile salonda b\u00fcy\u00fck bir destek veriyor. Sonra k\u00f6\u015feyi d\u00f6nd\u00fck. Orada 2500 ki\u015fi ile Manisa vard\u0131, siz vard\u0131n\u0131z. O s\u0131rada arkamdan Ferdi\u2019nin sesini duydum. \u00d6zg\u00fcr \u00c7elik ba\u015fkana dedi ki, \u201cAha bu da Manisa abi, nas\u0131l olmu\u015f?\u201d dedi. O g\u00fcn \u0130l Ba\u015fkan\u0131 olarak Ferdi Ba\u015fkan ile beraber bana sahip \u00e7\u0131kt\u0131n\u0131z ve o g\u00fcnden sonra hep birlikte daha b\u00fcy\u00fck hayallere inanmaya ba\u015flad\u0131k.\u201d \u2018CUMHURBA\u015eKANI ADAYLI\u011eI\u2019 A\u00c7IKLAMASI \u201cO g\u00fcn tut ki aday yapamad\u0131k. Partiden bir nefer adayla\u015facak ama m\u00fccadelede en ufak bir eksilme olmayacak ve hep beraber bu s\u00fcreci birlikte g\u00f6t\u00fcrece\u011fiz. \u015eimdi Ekrem Ba\u015fkan\u0131n yerine bize Cumhurba\u015fkan\u0131 aday\u0131 soruyorlar. Ben ge\u00e7mi\u015fte de bunu hep \u00f6yle d\u00fc\u015f\u00fcnd\u00fcm, s\u00f6yledim: \u2018Ekrem Ba\u015fkan\u0131n yerine Cumhurba\u015fkan\u0131 aday\u0131n\u0131z var m\u0131?\u2019 diyorum ki \u2018Var\u2019, \u2018Kim?\u2019 \u2018Vallahi ben de\u011fil, sensin.\u2019 Bu salonda oturan herkes benim cumhurba\u015fkan\u0131 aday\u0131m. Benim Cumhurba\u015fkan\u0131 adaylar\u0131m sizsiniz. Sizin kadar da benim. Sabahleyin yataktan, \u2018Eyvah ya bug\u00fcn de ba\u015f\u0131m\u0131za ne gelecek\u2019 diye de\u011fil. \u2018Hadi bakal\u0131m iktidara bir g\u00fcn daha yakla\u015ft\u0131k\u2019 diye kalkman\u0131n zaman\u0131d\u0131r.\u201d \u00d6zel, konu\u015fmalar\u0131n\u0131, \u201cBeni seven arkamdan gelsin. \u0130ktidara y\u00fcr\u00fcmeye, bir devri kapat\u0131p, bir devri a\u00e7maya haz\u0131r m\u0131y\u0131z? Bir devir kapanacak, bir devir a\u00e7\u0131lacak, beni seven, \u00fclkesini seven arkamdan gelsin. Demokratlar kazanacak, Cumhuriyet\u00e7iler kazanacak, Atat\u00fcrk\u2019\u00fc sevenler, bu \u00fclkeyi sevenler kazanacak!\u201d s\u00f6zleriyle noktalad\u0131.<\/p>\n<p>Kaynak : haberzamani.com<\/p>\n"},"alt_text":"","media_type":"image","mime_type":"image\/jpeg","media_details":{"width":1200,"height":675,"file":"2025\/10\/1-250.jpg","sizes":{"medium":{"file":"1-250-300x169.jpg","width":300,"height":169,"mime_type":"image\/jpeg","source_url":"https:\/\/kilosorunum.com\/habercim\/wp-content\/uploads\/2025\/10\/1-250-300x169.jpg"},"large":{"file":"1-250-1024x576.jpg","width":1024,"height":576,"mime_type":"image\/jpeg","source_url":"https:\/\/kilosorunum.com\/habercim\/wp-content\/uploads\/2025\/10\/1-250-1024x576.jpg"},"thumbnail":{"file":"1-250-150x150.jpg","width":150,"height":150,"mime_type":"image\/jpeg","source_url":"https:\/\/kilosorunum.com\/habercim\/wp-content\/uploads\/2025\/10\/1-250-150x150.jpg"},"medium_large":{"file":"1-250-768x432.jpg","width":768,"height":432,"mime_type":"image\/jpeg","source_url":"https:\/\/kilosorunum.com\/habercim\/wp-content\/uploads\/2025\/10\/1-250-768x432.jpg"},"kucukResim":{"file":"1-250-80x50.jpg","width":80,"height":50,"mime_type":"image\/jpeg","source_url":"https:\/\/kilosorunum.com\/habercim\/wp-content\/uploads\/2025\/10\/1-250-80x50.jpg"},"sliderResim":{"file":"1-250-670x330.jpg","width":670,"height":330,"mime_type":"image\/jpeg","source_url":"https:\/\/kilosorunum.com\/habercim\/wp-content\/uploads\/2025\/10\/1-250-670x330.jpg"},"resim1":{"file":"1-250-184x140.jpg","width":184,"height":140,"mime_type":"image\/jpeg","source_url":"https:\/\/kilosorunum.com\/habercim\/wp-content\/uploads\/2025\/10\/1-250-184x140.jpg"},"resim2":{"file":"1-250-216x103.jpg","width":216,"height":103,"mime_type":"image\/jpeg","source_url":"https:\/\/kilosorunum.com\/habercim\/wp-content\/uploads\/2025\/10\/1-250-216x103.jpg"},"resim3":{"file":"1-250-145x70.jpg","width":145,"height":70,"mime_type":"image\/jpeg","source_url":"https:\/\/kilosorunum.com\/habercim\/wp-content\/uploads\/2025\/10\/1-250-145x70.jpg"},"sagSlider":{"file":"1-250-300x150.jpg","width":300,"height":150,"mime_type":"image\/jpeg","source_url":"https:\/\/kilosorunum.com\/habercim\/wp-content\/uploads\/2025\/10\/1-250-300x150.jpg"},"yeniSlider":{"file":"1-250-500x290.jpg","width":500,"height":290,"mime_type":"image\/jpeg","source_url":"https:\/\/kilosorunum.com\/habercim\/wp-content\/uploads\/2025\/10\/1-250-500x290.jpg"},"full":{"file":"1-250.jpg","width":1200,"height":675,"mime_type":"image\/jpeg","source_url":"https:\/\/kilosorunum.com\/habercim\/wp-content\/uploads\/2025\/10\/1-250.jpg"}},"image_meta":{"aperture":"0","credit":"","camera":"","caption":"","created_timestamp":"0","copyright":"","focal_length":"0","iso":"0","shutter_speed":"0","title":"","orientation":"0","keywords":[]}},"post":39525,"source_url":"https:\/\/kilosorunum.com\/habercim\/wp-content\/uploads\/2025\/10\/1-250.jpg","_links":{"self":[{"href":"https:\/\/kilosorunum.com\/habercim\/wp-json\/wp\/v2\/media\/39527"}],"collection":[{"href":"https:\/\/kilosorunum.com\/habercim\/wp-json\/wp\/v2\/media"}],"about":[{"href":"https:\/\/kilosorunum.com\/habercim\/wp-json\/wp\/v2\/types\/attachment"}],"author":[{"embeddable":true,"href":"https:\/\/kilosorunum.com\/habercim\/wp-json\/wp\/v2\/users\/2"}],"replies":[{"embeddable":true,"href":"https:\/\/kilosorunum.com\/habercim\/wp-json\/wp\/v2\/comments?post=39527"}]}}