{"id":39552,"date":"2025-10-23T19:16:53","date_gmt":"2025-10-23T16:16:53","guid":{"rendered":"https:\/\/kilosorunum.com\/habercim\/wp-content\/uploads\/2025\/10\/1-260.jpg"},"modified":"2025-10-23T19:19:05","modified_gmt":"2025-10-23T16:19:05","slug":"1-4446","status":"inherit","type":"attachment","link":"https:\/\/kilosorunum.com\/habercim\/foto-galeri\/cubbeli-ahmet-dualari\/attachment\/1-4446\/","title":{"rendered":"C\u00fcbbeli Ahmet Dualar\u0131"},"author":2,"comment_status":"open","ping_status":"closed","template":"","meta":[],"description":{"rendered":"<p class=\"attachment\"><a href='https:\/\/kilosorunum.com\/habercim\/wp-content\/uploads\/2025\/10\/1-260.jpg'><img width=\"300\" height=\"169\" src=\"https:\/\/kilosorunum.com\/habercim\/wp-content\/uploads\/2025\/10\/1-260-300x169.jpg\" class=\"attachment-medium size-medium\" alt=\"\" loading=\"lazy\" srcset=\"https:\/\/kilosorunum.com\/habercim\/wp-content\/uploads\/2025\/10\/1-260-300x169.jpg 300w, https:\/\/kilosorunum.com\/habercim\/wp-content\/uploads\/2025\/10\/1-260-1024x576.jpg 1024w, https:\/\/kilosorunum.com\/habercim\/wp-content\/uploads\/2025\/10\/1-260-768x432.jpg 768w, https:\/\/kilosorunum.com\/habercim\/wp-content\/uploads\/2025\/10\/1-260.jpg 1200w\" sizes=\"(max-width: 300px) 100vw, 300px\" \/><\/a><\/p>\n"},"caption":{"rendered":"<p>Marmara Denizi\u2019nin Silivri a\u00e7\u0131klar\u0131nda meydana gelen 6.2\u2019lik deprem ba\u015fta \u0130stanbul olmak \u00fczere \u00e7evre illerde de pani\u011fe neden olmu\u015ftu. Farkl\u0131 g\u00f6r\u00fc\u015flerden jeologlar\u0131n tart\u0131\u015fma alan\u0131na d\u00f6nen 23 Nisan 2025 Depremi hakk\u0131nda C\u00fcbbeli Ahmet de konu\u015ftu. Depremin tahrip yaratmamas\u0131n\u0131 ise zaman\u0131nda yapt\u0131\u011f\u0131 \u2018Ara ara depremler yaparak gaz\u0131 yava\u015f yava\u015f \u00e7\u0131kart\u2019 \u015feklinde yapt\u0131\u011f\u0131 duayla ili\u015fki olabilece\u011fini anlatt\u0131. Depremi Ramazan ay\u0131nda r\u00fcyas\u0131nda g\u00f6rd\u00fc\u011f\u00fcn\u00fc s\u00f6yleyen C\u00fcbbeli Ahmet \u201cR\u00fcyamda g\u00f6rd\u00fcm, dua okudum, deniz kabard\u0131 biraz sonra s\u00f6nd\u00fc\u201d dedi. \u201cBiliyorsunuz 1 Mart gibi Ramazan\u2019\u0131n ba\u015f\u0131nda bir r\u00fcya g\u00f6rm\u00fc\u015ft\u00fcm depremle ilgili\u2026 Ve anlatm\u0131\u015ft\u0131m. Bir y\u0131k\u0131lma olmad\u0131\u011f\u0131n\u0131 ama \u00e7ok korkutuldu\u011fumuzu beyan edip 19 Mart\u2019ta hacet namaz\u0131 k\u0131lal\u0131m belalar\u0131n defi i\u00e7in demi\u015ftik sonra toplanm\u0131\u015ft\u0131k. Binlerce ki\u015fi k\u0131lm\u0131\u015ft\u0131k. Bu da ona bir delalet oldu bir y\u0131k\u0131m olmamas\u0131\u2026 Bu arada baz\u0131 deprem uzmanlar\u0131 kanallarda konu\u015ftular bug\u00fcn, bir tanesi beklenen \u0130stanbul depremi de bununla ge\u00e7mi\u015ftir, bu onu savm\u0131\u015ft\u0131r \u015feklinde ifade de bulundu. Mevlam bilir tabi. Bizim dualar\u0131m\u0131z\u0131 hat\u0131rl\u0131yorsan\u0131z, ya Rabbim y\u0131kma bizi mutlaka bir deprem yapacaksan, o zaman ara ara depremler yaparak gaz\u0131 yava\u015f yava\u015f \u00e7\u0131kartarak, ayn\u0131 b\u00f6yle tabirler kullanm\u0131\u015ft\u0131m hat\u0131rlaman\u0131z laz\u0131m, bir kerede 7,5-8 olaca\u011f\u0131na 4\u2019t\u00fcr, 5\u2019tir 6\u2019d\u0131r gaz\u0131 yava\u015f yava\u015f \u00e7\u0131kart\u0131p bizi y\u0131kma diye dualar yapt\u0131k. Benim dualar\u0131m\u0131n h\u00fckm\u00fcnden bahsetmiyorum, ger\u00e7i efendi hazretleri \u2018duan m\u00fcctencapt\u0131r demi\u015fti, m\u00fcjde vermi\u015fti ama ben onu cemaatin aminlerine ba\u011fl\u0131yorum.\u201d<br \/>\n\u201cDenizdeyim, tsunami olacak, bir deprem vurdu, bir daha pe\u015fine b\u00fcy\u00fck vuracak. O s\u0131rada ismi azam okuyorum. Seher vakti denizin \u00fcst\u00fcndeyim, Zeytinburnu taraflar\u0131n\u0131n kar\u015f\u0131s\u0131nda bir gemideyim. His geliyor b\u00fcy\u00fck bir deprem olacak. \u0130smi azam okurken i\u00e7imden diyorum acaba b\u00fcy\u00fck deprem durur mu sonra kendi kendime diyorum, sen neden itikad\u0131n sa\u011flam, ismi azam Allah\u2019\u0131n en b\u00fcy\u00fck ismi, her \u015feye kadir, durdurmaz olur mu? \u0130\u00e7imden bunlar\u0131 ge\u00e7iriyorum. Sonra bakt\u0131m deniz kabard\u0131 biraz, bug\u00fcn de ayn\u0131 bakt\u0131m ki haberlerde, deniz kabard\u0131 biraz sonra s\u00f6nd\u00fc. Ve b\u00f6ylece ge\u00e7ti diyorum.\u201d<\/p>\n<p>Kaynak : onedio.com<\/p>\n"},"alt_text":"","media_type":"image","mime_type":"image\/jpeg","media_details":{"width":1200,"height":675,"file":"2025\/10\/1-260.jpg","sizes":{"medium":{"file":"1-260-300x169.jpg","width":300,"height":169,"mime_type":"image\/jpeg","source_url":"https:\/\/kilosorunum.com\/habercim\/wp-content\/uploads\/2025\/10\/1-260-300x169.jpg"},"large":{"file":"1-260-1024x576.jpg","width":1024,"height":576,"mime_type":"image\/jpeg","source_url":"https:\/\/kilosorunum.com\/habercim\/wp-content\/uploads\/2025\/10\/1-260-1024x576.jpg"},"thumbnail":{"file":"1-260-150x150.jpg","width":150,"height":150,"mime_type":"image\/jpeg","source_url":"https:\/\/kilosorunum.com\/habercim\/wp-content\/uploads\/2025\/10\/1-260-150x150.jpg"},"medium_large":{"file":"1-260-768x432.jpg","width":768,"height":432,"mime_type":"image\/jpeg","source_url":"https:\/\/kilosorunum.com\/habercim\/wp-content\/uploads\/2025\/10\/1-260-768x432.jpg"},"kucukResim":{"file":"1-260-80x50.jpg","width":80,"height":50,"mime_type":"image\/jpeg","source_url":"https:\/\/kilosorunum.com\/habercim\/wp-content\/uploads\/2025\/10\/1-260-80x50.jpg"},"sliderResim":{"file":"1-260-670x330.jpg","width":670,"height":330,"mime_type":"image\/jpeg","source_url":"https:\/\/kilosorunum.com\/habercim\/wp-content\/uploads\/2025\/10\/1-260-670x330.jpg"},"resim1":{"file":"1-260-184x140.jpg","width":184,"height":140,"mime_type":"image\/jpeg","source_url":"https:\/\/kilosorunum.com\/habercim\/wp-content\/uploads\/2025\/10\/1-260-184x140.jpg"},"resim2":{"file":"1-260-216x103.jpg","width":216,"height":103,"mime_type":"image\/jpeg","source_url":"https:\/\/kilosorunum.com\/habercim\/wp-content\/uploads\/2025\/10\/1-260-216x103.jpg"},"resim3":{"file":"1-260-145x70.jpg","width":145,"height":70,"mime_type":"image\/jpeg","source_url":"https:\/\/kilosorunum.com\/habercim\/wp-content\/uploads\/2025\/10\/1-260-145x70.jpg"},"sagSlider":{"file":"1-260-300x150.jpg","width":300,"height":150,"mime_type":"image\/jpeg","source_url":"https:\/\/kilosorunum.com\/habercim\/wp-content\/uploads\/2025\/10\/1-260-300x150.jpg"},"yeniSlider":{"file":"1-260-500x290.jpg","width":500,"height":290,"mime_type":"image\/jpeg","source_url":"https:\/\/kilosorunum.com\/habercim\/wp-content\/uploads\/2025\/10\/1-260-500x290.jpg"},"full":{"file":"1-260.jpg","width":1200,"height":675,"mime_type":"image\/jpeg","source_url":"https:\/\/kilosorunum.com\/habercim\/wp-content\/uploads\/2025\/10\/1-260.jpg"}},"image_meta":{"aperture":"0","credit":"","camera":"","caption":"","created_timestamp":"0","copyright":"","focal_length":"0","iso":"0","shutter_speed":"0","title":"","orientation":"0","keywords":[]}},"post":39550,"source_url":"https:\/\/kilosorunum.com\/habercim\/wp-content\/uploads\/2025\/10\/1-260.jpg","_links":{"self":[{"href":"https:\/\/kilosorunum.com\/habercim\/wp-json\/wp\/v2\/media\/39552"}],"collection":[{"href":"https:\/\/kilosorunum.com\/habercim\/wp-json\/wp\/v2\/media"}],"about":[{"href":"https:\/\/kilosorunum.com\/habercim\/wp-json\/wp\/v2\/types\/attachment"}],"author":[{"embeddable":true,"href":"https:\/\/kilosorunum.com\/habercim\/wp-json\/wp\/v2\/users\/2"}],"replies":[{"embeddable":true,"href":"https:\/\/kilosorunum.com\/habercim\/wp-json\/wp\/v2\/comments?post=39552"}]}}