{"id":39609,"date":"2025-10-25T15:54:34","date_gmt":"2025-10-25T12:54:34","guid":{"rendered":"https:\/\/kilosorunum.com\/habercim\/wp-content\/uploads\/2025\/10\/1-280.jpg"},"modified":"2025-10-25T15:55:16","modified_gmt":"2025-10-25T12:55:16","slug":"1-4466","status":"inherit","type":"attachment","link":"https:\/\/kilosorunum.com\/habercim\/foto-galeri\/sosyal-guvenlik-kurumu\/attachment\/1-4466\/","title":{"rendered":"Sosyal G\u00fcvenlik Kurumu"},"author":2,"comment_status":"open","ping_status":"closed","template":"","meta":[],"description":{"rendered":"<p class=\"attachment\"><a href='https:\/\/kilosorunum.com\/habercim\/wp-content\/uploads\/2025\/10\/1-280.jpg'><img width=\"300\" height=\"169\" src=\"https:\/\/kilosorunum.com\/habercim\/wp-content\/uploads\/2025\/10\/1-280-300x169.jpg\" class=\"attachment-medium size-medium\" alt=\"\" loading=\"lazy\" srcset=\"https:\/\/kilosorunum.com\/habercim\/wp-content\/uploads\/2025\/10\/1-280-300x169.jpg 300w, https:\/\/kilosorunum.com\/habercim\/wp-content\/uploads\/2025\/10\/1-280-1024x576.jpg 1024w, https:\/\/kilosorunum.com\/habercim\/wp-content\/uploads\/2025\/10\/1-280-768x432.jpg 768w, https:\/\/kilosorunum.com\/habercim\/wp-content\/uploads\/2025\/10\/1-280.jpg 1200w\" sizes=\"(max-width: 300px) 100vw, 300px\" \/><\/a><\/p>\n"},"caption":{"rendered":"<p>T\u00fcrkiye\u2019de sa\u011fl\u0131k sistemi ve refah\u0131n artmas\u0131yla \u00f6l\u00fcm ya\u015f\u0131n\u0131n Avrupa Birli\u011fi (AB) d\u00fczeyine yakla\u015ft\u0131\u011f\u0131n\u0131 belirten Kaya, \u201cSGK\u2019ya \u00f6denen primlerin ortalama s\u00fcresi 20 y\u0131l.<br \/>\nAlmanya\u2019da bu s\u00fcre 45 y\u0131l. AB ortalamas\u0131 40 y\u0131l. Eskiden \u2018mezarda emeklilik\u2019 deniyordu \u00e7\u00fcnk\u00fc 50-55 ya\u015fta \u00f6l\u00fcyorduk. Bug\u00fcn 78 y\u0131l ortalamaya gelmi\u015fiz. EYT ile birlikte 2023 y\u0131l\u0131ndan beri emekli say\u0131m\u0131z 3 milyon artt\u0131. Benim \u015fu anda sistemi s\u00fcrd\u00fcrebilmem i\u00e7in istihdama adam girmesi laz\u0131m. Ama 10 y\u0131l i\u00e7erisinde 10 milyon insan istihdama girecek derken, n\u00fcfusumuz ya\u015flan\u0131yor ve emekli say\u0131m\u0131z daha h\u0131zl\u0131 art\u0131yor. Prim \u00f6deme y\u0131l say\u0131s\u0131 ortalama 20 y\u0131l, emekli olma ya\u015f\u0131 48. AB\u2019de emekli olma ya\u015f\u0131 65\u201d diye konu\u015ftu. Raci Kaya, T\u00fcrkiye\u2019de i\u015f\u00e7i \u00e7al\u0131\u015ft\u0131rman\u0131n i\u015fverene y\u00fck\u00fcn\u00fcn OECD \u00fclkelerine g\u00f6re daha fazla oldu\u011funu da belirterek, \u201c\u0130\u015fverene y\u00fck OECD \u00fclkelerinde y\u00fczde 22, bizde 22.75. Y\u00fczde 5 destekle bu y\u00fck\u00fc 17.5\u2019e d\u00fc\u015f\u00fcr\u00fcyoruz. Ama AB ve Amerika\u2019da bu y\u00fck destekle y\u00fczde 17\u201d dedi.<\/p>\n<p>Kaynak : yeniakit.com.tr<\/p>\n"},"alt_text":"","media_type":"image","mime_type":"image\/jpeg","media_details":{"width":1200,"height":675,"file":"2025\/10\/1-280.jpg","sizes":{"medium":{"file":"1-280-300x169.jpg","width":300,"height":169,"mime_type":"image\/jpeg","source_url":"https:\/\/kilosorunum.com\/habercim\/wp-content\/uploads\/2025\/10\/1-280-300x169.jpg"},"large":{"file":"1-280-1024x576.jpg","width":1024,"height":576,"mime_type":"image\/jpeg","source_url":"https:\/\/kilosorunum.com\/habercim\/wp-content\/uploads\/2025\/10\/1-280-1024x576.jpg"},"thumbnail":{"file":"1-280-150x150.jpg","width":150,"height":150,"mime_type":"image\/jpeg","source_url":"https:\/\/kilosorunum.com\/habercim\/wp-content\/uploads\/2025\/10\/1-280-150x150.jpg"},"medium_large":{"file":"1-280-768x432.jpg","width":768,"height":432,"mime_type":"image\/jpeg","source_url":"https:\/\/kilosorunum.com\/habercim\/wp-content\/uploads\/2025\/10\/1-280-768x432.jpg"},"kucukResim":{"file":"1-280-80x50.jpg","width":80,"height":50,"mime_type":"image\/jpeg","source_url":"https:\/\/kilosorunum.com\/habercim\/wp-content\/uploads\/2025\/10\/1-280-80x50.jpg"},"sliderResim":{"file":"1-280-670x330.jpg","width":670,"height":330,"mime_type":"image\/jpeg","source_url":"https:\/\/kilosorunum.com\/habercim\/wp-content\/uploads\/2025\/10\/1-280-670x330.jpg"},"resim1":{"file":"1-280-184x140.jpg","width":184,"height":140,"mime_type":"image\/jpeg","source_url":"https:\/\/kilosorunum.com\/habercim\/wp-content\/uploads\/2025\/10\/1-280-184x140.jpg"},"resim2":{"file":"1-280-216x103.jpg","width":216,"height":103,"mime_type":"image\/jpeg","source_url":"https:\/\/kilosorunum.com\/habercim\/wp-content\/uploads\/2025\/10\/1-280-216x103.jpg"},"resim3":{"file":"1-280-145x70.jpg","width":145,"height":70,"mime_type":"image\/jpeg","source_url":"https:\/\/kilosorunum.com\/habercim\/wp-content\/uploads\/2025\/10\/1-280-145x70.jpg"},"sagSlider":{"file":"1-280-300x150.jpg","width":300,"height":150,"mime_type":"image\/jpeg","source_url":"https:\/\/kilosorunum.com\/habercim\/wp-content\/uploads\/2025\/10\/1-280-300x150.jpg"},"yeniSlider":{"file":"1-280-500x290.jpg","width":500,"height":290,"mime_type":"image\/jpeg","source_url":"https:\/\/kilosorunum.com\/habercim\/wp-content\/uploads\/2025\/10\/1-280-500x290.jpg"},"full":{"file":"1-280.jpg","width":1200,"height":675,"mime_type":"image\/jpeg","source_url":"https:\/\/kilosorunum.com\/habercim\/wp-content\/uploads\/2025\/10\/1-280.jpg"}},"image_meta":{"aperture":"0","credit":"","camera":"","caption":"","created_timestamp":"0","copyright":"","focal_length":"0","iso":"0","shutter_speed":"0","title":"","orientation":"0","keywords":[]}},"post":39607,"source_url":"https:\/\/kilosorunum.com\/habercim\/wp-content\/uploads\/2025\/10\/1-280.jpg","_links":{"self":[{"href":"https:\/\/kilosorunum.com\/habercim\/wp-json\/wp\/v2\/media\/39609"}],"collection":[{"href":"https:\/\/kilosorunum.com\/habercim\/wp-json\/wp\/v2\/media"}],"about":[{"href":"https:\/\/kilosorunum.com\/habercim\/wp-json\/wp\/v2\/types\/attachment"}],"author":[{"embeddable":true,"href":"https:\/\/kilosorunum.com\/habercim\/wp-json\/wp\/v2\/users\/2"}],"replies":[{"embeddable":true,"href":"https:\/\/kilosorunum.com\/habercim\/wp-json\/wp\/v2\/comments?post=39609"}]}}