{"id":39644,"date":"2025-10-26T23:02:46","date_gmt":"2025-10-26T20:02:46","guid":{"rendered":"https:\/\/kilosorunum.com\/habercim\/wp-content\/uploads\/2025\/10\/1-15-768x201-14.jpg"},"modified":"2025-10-26T23:03:18","modified_gmt":"2025-10-26T20:03:18","slug":"1-15-768x201-1314","status":"inherit","type":"attachment","link":"https:\/\/kilosorunum.com\/habercim\/foto-galeri\/zelzele-oluyor\/attachment\/1-15-768x201-1314\/","title":{"rendered":"ZELZELE OLUYOR"},"author":2,"comment_status":"open","ping_status":"closed","template":"","meta":[],"description":{"rendered":"<p class=\"attachment\"><a href='https:\/\/kilosorunum.com\/habercim\/wp-content\/uploads\/2025\/10\/1-15-768x201-14.jpg'><img width=\"300\" height=\"79\" src=\"https:\/\/kilosorunum.com\/habercim\/wp-content\/uploads\/2025\/10\/1-15-768x201-14-300x79.jpg\" class=\"attachment-medium size-medium\" alt=\"\" loading=\"lazy\" srcset=\"https:\/\/kilosorunum.com\/habercim\/wp-content\/uploads\/2025\/10\/1-15-768x201-14-300x79.jpg 300w, https:\/\/kilosorunum.com\/habercim\/wp-content\/uploads\/2025\/10\/1-15-768x201-14.jpg 768w\" sizes=\"(max-width: 300px) 100vw, 300px\" \/><\/a><\/p>\n"},"caption":{"rendered":"<p>AFAD taraf\u0131ndan kaydedilen g\u00fcncel verilere g\u00f6re Diyarbak\u0131r\u2019da saat 14.49\u2019da merkez \u00fcss\u00fc Hani il\u00e7esi olan 4.0 b\u00fcy\u00fckl\u00fc\u011f\u00fcnde deprem meydana geldi. Deprem \u00e7evre illerden de hissedildi. AFAD ve Kandilli Rasathanesi taraf\u0131ndan payla\u015f\u0131lan g\u00fcncel verilere g\u00f6re saat 14.49\u2019da merkez \u00fcss\u00fc Diyarbak\u0131r\u2019\u0131n Hani il\u00e7esi olan 4.0 b\u00fcy\u00fckl\u00fc\u011f\u00fcnde deprem meydana geldi. Deprem AFAD verilerine g\u00f6re deprem 13.15 kilometre derinlikte meydana geldi. \u00d6te yandan deprem Elaz\u0131\u011f, Batman, Bing\u00f6l ve Mardin gibi \u00e7evre illerden de hissedildi.<\/p>\n<p>\u0130stanbul\u2019da ak\u015fam saatlerinde k\u0131sa s\u00fcreli pani\u011fe neden olan bir deprem meydana geldi. Merkez \u00fcss\u00fc Karadeniz\u2019in Arnavutk\u00f6y a\u00e7\u0131klar\u0131 olan 3.7 b\u00fcy\u00fckl\u00fc\u011f\u00fcndeki sars\u0131nt\u0131, \u00e7evre il\u00e7elerden de yo\u011fun bir \u015fekilde hissedildi. Deprem Uzman\u0131 Prof. Dr. S\u00fcleyman Pampal, merkez \u00fcss\u00fc Karadeniz olan depremin \u0130stanbul\u2019da da hissedilmesine ili\u015fkin \u00f6nemli a\u00e7\u0131klamalarda bulundu. \u0130stanbul\u2019da saat 19.44\u2019te merkez \u00fcss\u00fc Karadeniz Arnavutk\u00f6y a\u00e7\u0131klar\u0131 olan 3.7 b\u00fcy\u00fckl\u00fc\u011f\u00fcnde deprem meydana geldi. Deprem yerin 13.57 kilometre alt\u0131nda ger\u00e7ekle\u015fti. K\u0131sa s\u00fcreli sallant\u0131n\u0131n \u00e7evre il\u00e7elerden de hissedildi\u011fi \u00f6\u011frenildi. Kandilli Rasathanesi ise Karadeniz\u2019de meydana gelen depremin b\u00fcy\u00fckl\u00fc\u011f\u00fcn\u00fc 3.9 olarak a\u00e7\u0131klad\u0131.<\/p>\n"},"alt_text":"","media_type":"image","mime_type":"image\/jpeg","media_details":{"width":768,"height":201,"file":"2025\/10\/1-15-768x201-14.jpg","sizes":{"medium":{"file":"1-15-768x201-14-300x79.jpg","width":300,"height":79,"mime_type":"image\/jpeg","source_url":"https:\/\/kilosorunum.com\/habercim\/wp-content\/uploads\/2025\/10\/1-15-768x201-14-300x79.jpg"},"thumbnail":{"file":"1-15-768x201-14-150x150.jpg","width":150,"height":150,"mime_type":"image\/jpeg","source_url":"https:\/\/kilosorunum.com\/habercim\/wp-content\/uploads\/2025\/10\/1-15-768x201-14-150x150.jpg"},"kucukResim":{"file":"1-15-768x201-14-80x50.jpg","width":80,"height":50,"mime_type":"image\/jpeg","source_url":"https:\/\/kilosorunum.com\/habercim\/wp-content\/uploads\/2025\/10\/1-15-768x201-14-80x50.jpg"},"sliderResim":{"file":"1-15-768x201-14-670x201.jpg","width":670,"height":201,"mime_type":"image\/jpeg","source_url":"https:\/\/kilosorunum.com\/habercim\/wp-content\/uploads\/2025\/10\/1-15-768x201-14-670x201.jpg"},"resim1":{"file":"1-15-768x201-14-184x140.jpg","width":184,"height":140,"mime_type":"image\/jpeg","source_url":"https:\/\/kilosorunum.com\/habercim\/wp-content\/uploads\/2025\/10\/1-15-768x201-14-184x140.jpg"},"resim2":{"file":"1-15-768x201-14-216x103.jpg","width":216,"height":103,"mime_type":"image\/jpeg","source_url":"https:\/\/kilosorunum.com\/habercim\/wp-content\/uploads\/2025\/10\/1-15-768x201-14-216x103.jpg"},"resim3":{"file":"1-15-768x201-14-145x70.jpg","width":145,"height":70,"mime_type":"image\/jpeg","source_url":"https:\/\/kilosorunum.com\/habercim\/wp-content\/uploads\/2025\/10\/1-15-768x201-14-145x70.jpg"},"sagSlider":{"file":"1-15-768x201-14-300x150.jpg","width":300,"height":150,"mime_type":"image\/jpeg","source_url":"https:\/\/kilosorunum.com\/habercim\/wp-content\/uploads\/2025\/10\/1-15-768x201-14-300x150.jpg"},"yeniSlider":{"file":"1-15-768x201-14-500x201.jpg","width":500,"height":201,"mime_type":"image\/jpeg","source_url":"https:\/\/kilosorunum.com\/habercim\/wp-content\/uploads\/2025\/10\/1-15-768x201-14-500x201.jpg"},"full":{"file":"1-15-768x201-14.jpg","width":768,"height":201,"mime_type":"image\/jpeg","source_url":"https:\/\/kilosorunum.com\/habercim\/wp-content\/uploads\/2025\/10\/1-15-768x201-14.jpg"}},"image_meta":{"aperture":"0","credit":"","camera":"","caption":"","created_timestamp":"0","copyright":"","focal_length":"0","iso":"0","shutter_speed":"0","title":"","orientation":"0","keywords":[]}},"post":39642,"source_url":"https:\/\/kilosorunum.com\/habercim\/wp-content\/uploads\/2025\/10\/1-15-768x201-14.jpg","_links":{"self":[{"href":"https:\/\/kilosorunum.com\/habercim\/wp-json\/wp\/v2\/media\/39644"}],"collection":[{"href":"https:\/\/kilosorunum.com\/habercim\/wp-json\/wp\/v2\/media"}],"about":[{"href":"https:\/\/kilosorunum.com\/habercim\/wp-json\/wp\/v2\/types\/attachment"}],"author":[{"embeddable":true,"href":"https:\/\/kilosorunum.com\/habercim\/wp-json\/wp\/v2\/users\/2"}],"replies":[{"embeddable":true,"href":"https:\/\/kilosorunum.com\/habercim\/wp-json\/wp\/v2\/comments?post=39644"}]}}