{"id":39669,"date":"2025-10-27T20:38:04","date_gmt":"2025-10-27T17:38:04","guid":{"rendered":"https:\/\/kilosorunum.com\/habercim\/wp-content\/uploads\/2025\/10\/1-15-768x201-24.jpg"},"modified":"2025-10-27T20:39:02","modified_gmt":"2025-10-27T17:39:02","slug":"1-15-768x201-1324","status":"inherit","type":"attachment","link":"https:\/\/kilosorunum.com\/habercim\/foto-galeri\/o-iller\/attachment\/1-15-768x201-1324\/","title":{"rendered":"O iller"},"author":2,"comment_status":"open","ping_status":"closed","template":"","meta":[],"description":{"rendered":"<p class=\"attachment\"><a href='https:\/\/kilosorunum.com\/habercim\/wp-content\/uploads\/2025\/10\/1-15-768x201-24.jpg'><img width=\"300\" height=\"79\" src=\"https:\/\/kilosorunum.com\/habercim\/wp-content\/uploads\/2025\/10\/1-15-768x201-24-300x79.jpg\" class=\"attachment-medium size-medium\" alt=\"\" loading=\"lazy\" srcset=\"https:\/\/kilosorunum.com\/habercim\/wp-content\/uploads\/2025\/10\/1-15-768x201-24-300x79.jpg 300w, https:\/\/kilosorunum.com\/habercim\/wp-content\/uploads\/2025\/10\/1-15-768x201-24.jpg 768w\" sizes=\"(max-width: 300px) 100vw, 300px\" \/><\/a><\/p>\n"},"caption":{"rendered":"<p>Su kesintisi olacak illerimiz belli oldu! Herkes haz\u0131rl\u0131k ger\u00e7ekle\u015ftirmek zorundad\u0131r..ASK\u0130 su kesintisi program\u0131n\u0131 payla\u015ft\u0131: Ke\u00e7i\u00f6ren\u2019deki su kesintisi 15 saat s\u00fcrecek. Ankara Su ve Kanalizasyon \u0130daresi (ASK\u0130), bug\u00fcn \u015fehirin \u00e7o\u011fu b\u00f6lgesinde uygulanmakta olan su kesintilerine dair bilgilendirmede bulundu. Programa g\u00f6re, Ke\u00e7i\u00f6ren, Aya\u015f ve Yenimahalle il\u00e7elerine su verilemeyecek. Ankara\u2019da ASK\u0130 (Ankara Su ve Kanalizasyon \u0130daresi) do\u011frultusundan olu\u015fturulan son duyurulara g\u00f6re, G\u00f6lba\u015f\u0131 Yaylaba\u011f Mahallesi ile Polis Akademisi Yerle\u015fkesi\u2019nde 2025 Sal\u0131 g\u00fcn\u00fc saat 21:00 ile\u00c7ar\u015famba saat 09:00 aras\u0131nda sistemli su kesintisi uygulanacak. Etkilen b\u00f6lgelerde ya\u015fam s\u00fcrd\u00fcren vatanda\u015flar, bak\u0131m \u00e7al\u0131\u015fmalar\u0131 boyunca tedbir almaya \u00e7a\u011fr\u0131ld\u0131.T\u00fcrkiye\u2019nin bir\u00e7ok ilinde vatanda\u015flar\u0131 yak\u0131ndan ilgilendiren \u00f6nemli bir geli\u015fme ya\u015fan\u0131yor. Su ve Kanalizasyon \u0130dareleri (SK\u0130) taraf\u0131ndan yap\u0131lan a\u00e7\u0131klamalara g\u00f6re, baz\u0131 illerde planl\u0131 su kesintileri uygulanacak. Alt yap\u0131 \u00e7al\u0131\u015fmalar\u0131, bak\u0131m-onar\u0131m faaliyetleri ve kurakl\u0131k nedeniyle barajlardaki doluluk oranlar\u0131n\u0131n d\u00fc\u015fmesi, bu kesintilerin ana sebebi olarak g\u00f6steriliyor. Yetkililer, vatanda\u015flar\u0131n kesinti saatlerine dikkat etmeleri ve olas\u0131 ma\u011fduriyetlerin \u00f6n\u00fcne ge\u00e7mek i\u00e7in \u00f6nceden tedbir almalar\u0131 konusunda uyar\u0131yor. \u00d6zellikle s\u0131cak havalarda artan su t\u00fcketimi, \u015fehir \u015febekelerinde yo\u011funluk olu\u015ftururken, baz\u0131 b\u00f6lgelerde suyun k\u0131sa s\u00fcreli\u011fine verilemeyece\u011fi bildirildi.Su kesintisi \u00f6ncesi ihtiyac\u0131n\u0131z olacak suyu haz\u0131r bulundurman\u0131z \u00f6neriliyor. Depolama imk\u00e2n\u0131n\u0131z varsa, bir az miktar yedek su tutman\u0131z g\u00fcnl\u00fck ihtiya\u00e7lar a\u00e7\u0131s\u0131ndan fayda sa\u011flar. Planl\u0131 kesintilerde \u00e7al\u0131\u015fma takvimi ve saatlerin de\u011fi\u015febilece\u011fi belirtiliyor; resmi web siteleri ve duyurular takip edilmeli. \u00d6zellikle yaz aylar\u0131nda, baraj ve yer alt\u0131 su kaynaklar\u0131n\u0131n azalmas\u0131 nedeniyle kesintiler s\u0131kla\u015fabilir. B\u00f6yle bir durumda tasarruf \u00f6nlemleri \u00f6nem ta\u015f\u0131yor. <\/p>\n<p>Kaynak : siyahgazete.com<\/p>\n"},"alt_text":"","media_type":"image","mime_type":"image\/jpeg","media_details":{"width":768,"height":201,"file":"2025\/10\/1-15-768x201-24.jpg","sizes":{"medium":{"file":"1-15-768x201-24-300x79.jpg","width":300,"height":79,"mime_type":"image\/jpeg","source_url":"https:\/\/kilosorunum.com\/habercim\/wp-content\/uploads\/2025\/10\/1-15-768x201-24-300x79.jpg"},"thumbnail":{"file":"1-15-768x201-24-150x150.jpg","width":150,"height":150,"mime_type":"image\/jpeg","source_url":"https:\/\/kilosorunum.com\/habercim\/wp-content\/uploads\/2025\/10\/1-15-768x201-24-150x150.jpg"},"kucukResim":{"file":"1-15-768x201-24-80x50.jpg","width":80,"height":50,"mime_type":"image\/jpeg","source_url":"https:\/\/kilosorunum.com\/habercim\/wp-content\/uploads\/2025\/10\/1-15-768x201-24-80x50.jpg"},"sliderResim":{"file":"1-15-768x201-24-670x201.jpg","width":670,"height":201,"mime_type":"image\/jpeg","source_url":"https:\/\/kilosorunum.com\/habercim\/wp-content\/uploads\/2025\/10\/1-15-768x201-24-670x201.jpg"},"resim1":{"file":"1-15-768x201-24-184x140.jpg","width":184,"height":140,"mime_type":"image\/jpeg","source_url":"https:\/\/kilosorunum.com\/habercim\/wp-content\/uploads\/2025\/10\/1-15-768x201-24-184x140.jpg"},"resim2":{"file":"1-15-768x201-24-216x103.jpg","width":216,"height":103,"mime_type":"image\/jpeg","source_url":"https:\/\/kilosorunum.com\/habercim\/wp-content\/uploads\/2025\/10\/1-15-768x201-24-216x103.jpg"},"resim3":{"file":"1-15-768x201-24-145x70.jpg","width":145,"height":70,"mime_type":"image\/jpeg","source_url":"https:\/\/kilosorunum.com\/habercim\/wp-content\/uploads\/2025\/10\/1-15-768x201-24-145x70.jpg"},"sagSlider":{"file":"1-15-768x201-24-300x150.jpg","width":300,"height":150,"mime_type":"image\/jpeg","source_url":"https:\/\/kilosorunum.com\/habercim\/wp-content\/uploads\/2025\/10\/1-15-768x201-24-300x150.jpg"},"yeniSlider":{"file":"1-15-768x201-24-500x201.jpg","width":500,"height":201,"mime_type":"image\/jpeg","source_url":"https:\/\/kilosorunum.com\/habercim\/wp-content\/uploads\/2025\/10\/1-15-768x201-24-500x201.jpg"},"full":{"file":"1-15-768x201-24.jpg","width":768,"height":201,"mime_type":"image\/jpeg","source_url":"https:\/\/kilosorunum.com\/habercim\/wp-content\/uploads\/2025\/10\/1-15-768x201-24.jpg"}},"image_meta":{"aperture":"0","credit":"","camera":"","caption":"","created_timestamp":"0","copyright":"","focal_length":"0","iso":"0","shutter_speed":"0","title":"","orientation":"0","keywords":[]}},"post":39667,"source_url":"https:\/\/kilosorunum.com\/habercim\/wp-content\/uploads\/2025\/10\/1-15-768x201-24.jpg","_links":{"self":[{"href":"https:\/\/kilosorunum.com\/habercim\/wp-json\/wp\/v2\/media\/39669"}],"collection":[{"href":"https:\/\/kilosorunum.com\/habercim\/wp-json\/wp\/v2\/media"}],"about":[{"href":"https:\/\/kilosorunum.com\/habercim\/wp-json\/wp\/v2\/types\/attachment"}],"author":[{"embeddable":true,"href":"https:\/\/kilosorunum.com\/habercim\/wp-json\/wp\/v2\/users\/2"}],"replies":[{"embeddable":true,"href":"https:\/\/kilosorunum.com\/habercim\/wp-json\/wp\/v2\/comments?post=39669"}]}}