{"id":39691,"date":"2025-10-28T00:24:17","date_gmt":"2025-10-27T21:24:17","guid":{"rendered":"https:\/\/kilosorunum.com\/habercim\/wp-content\/uploads\/2025\/10\/2024-BABA-VANGA-2.jpg"},"modified":"2025-10-28T00:24:56","modified_gmt":"2025-10-27T21:24:56","slug":"2024-baba-vanga-89","status":"inherit","type":"attachment","link":"https:\/\/kilosorunum.com\/habercim\/foto-galeri\/yikilan-binalarin-sayisi\/attachment\/2024-baba-vanga-89\/","title":{"rendered":"Y\u0131k\u0131lan binalar\u0131n say\u0131s\u0131"},"author":2,"comment_status":"open","ping_status":"closed","template":"","meta":[],"description":{"rendered":"<p class=\"attachment\"><a href='https:\/\/kilosorunum.com\/habercim\/wp-content\/uploads\/2025\/10\/2024-BABA-VANGA-2.jpg'><img width=\"300\" height=\"169\" src=\"https:\/\/kilosorunum.com\/habercim\/wp-content\/uploads\/2025\/10\/2024-BABA-VANGA-2-300x169.jpg\" class=\"attachment-medium size-medium\" alt=\"\" loading=\"lazy\" srcset=\"https:\/\/kilosorunum.com\/habercim\/wp-content\/uploads\/2025\/10\/2024-BABA-VANGA-2-300x169.jpg 300w, https:\/\/kilosorunum.com\/habercim\/wp-content\/uploads\/2025\/10\/2024-BABA-VANGA-2.jpg 740w\" sizes=\"(max-width: 300px) 100vw, 300px\" \/><\/a><\/p>\n"},"caption":{"rendered":"<p>Bal\u0131kesir Valisi \u0130smail Ustao\u011flu, sosyal medya hesab\u0131ndan yapt\u0131\u011f\u0131 a\u00e7\u0131klamada, S\u0131nd\u0131rg\u0131\u2019da 6,1 b\u00fcy\u00fckl\u00fc\u011f\u00fcnde deprem meydana geldi\u011fini an\u0131msatt\u0131.AFAD ve ilgili kurumlar\u0131n t\u00fcm ekipleriyle saha taramalara ba\u015flad\u0131\u011f\u0131n\u0131 belirten Ustao\u011flu, \u201cDepremden etkilenen vatanda\u015flar\u0131m\u0131za ge\u00e7mi\u015f olsun dileklerimi sunuyorum. Allah \u00fclkemizi ve milletimizi afetlerden korusun.\u201d ifadesini kulland\u0131. S\u0131nd\u0131rg\u0131 Kaymakam\u0131 Do\u011fukan Koyuncu, AA muhabirine, il\u00e7edeki saha tarama faaliyetlerinin devam etti\u011fini dile getirerek, \u201c\u015eu an birka\u00e7 noktada y\u0131k\u0131m var. \u015eu ana kadar can kayb\u0131 tespit etmedik, tar\u0131yoruz. K\u00f6ylerden \u015fu an i\u00e7in olumsuz bir haber gelmedi. Sahadaki tarama faaliyetlerimiz devam ediyor.\u201d dedi. S\u0131nd\u0131rg\u0131\u2019n\u0131n K\u0131rsal G\u00f6lc\u00fck Mahallesi Muhtar\u0131 Emin Bardak ise mahallede ilk belirlemelere g\u00f6re \u015fu anda y\u0131k\u0131lan bir yerin bulunmad\u0131\u011f\u0131n\u0131 bildirdi. K\u0131z\u0131lg\u00fcr Mahallesi Muhtar\u0131 Fatih \u015eahan da deprem nedeniyle mahallelerinde bir sorunun ya\u015fanmad\u0131\u011f\u0131n\u0131 s\u00f6yledi. \u0130zmir Valisi S\u00fcleyman Elban, Afet ve Acil Durum Y\u00f6netimi Ba\u015fkanl\u0131\u011f\u0131n\u0131n (AFAD) merkez \u00fcss\u00fc Bal\u0131kesir\u2019in S\u0131nd\u0131rg\u0131 il\u00e7esi olan 6,1 b\u00fcy\u00fckl\u00fc\u011f\u00fcnde bir depremle ilgili, \u0130zmir\u2019de \u015fu ana kadar herhangi olumsuzluk tespit edilmedi\u011fini, b\u00f6lgede tarama \u00e7al\u0131\u015fmalar\u0131n\u0131n devam etti\u011fini bildirdi.Vali Elban sosyal medya hesab\u0131ndan yapt\u0131\u011f\u0131 payla\u015f\u0131mda, depremin \u0130zmir\u2019de de hissedildi\u011fini belirtti.Elban, \u015fu ifadelere yer verdi:\u201d\u015eu ana kadar herhangi bir olumsuzluk tespit edilmemi\u015f olup, b\u00f6lgede tarama \u00e7al\u0131\u015fmalar\u0131 aral\u0131ks\u0131z s\u00fcrmektedir. T\u00fcm ekiplerimiz teyakkuz halindedir.\u201dDepremden etkilenenlere ge\u00e7mi\u015f olsun dile\u011finde bulunan Elban, \u201cAllah, \u00fclkemizi ve milletimizi her t\u00fcrl\u00fc afetten muhafaza eylesin.\u201d ifadelerini kulland\u0131.Manisa Valili\u011fi ise sosyal medya hesab\u0131ndan yapt\u0131\u011f\u0131 payla\u015f\u0131mda, depremin Manisa\u2019da da hissedildi\u011fini bildirdi.Payla\u015f\u0131mda, \u201cDeprem sonras\u0131 Valili\u011fimiz Kriz Merkezi koordinasyonunda ekiplerimiz h\u0131zl\u0131ca saha tarama \u00e7al\u0131\u015fmalar\u0131na ba\u015flam\u0131\u015ft\u0131r. T\u00fcm vatanda\u015flar\u0131m\u0131za ge\u00e7mi\u015f olsun dileklerimizi iletiyoruz.\u201d ifadelerine yer verildi.<br \/>\nCumhurba\u015fkan\u0131 Erdo\u011fan yapt\u0131\u011f\u0131 a\u00e7\u0131klamada, \u2018Bal\u0131kesir\u2019in S\u0131nd\u0131rg\u0131 il\u00e7esinde meydana gelen ve \u00e7evre illerimizde de hissedilen depremden etkilenen vatanda\u015flar\u0131m\u0131za ge\u00e7mi\u015f olsun dileklerimi iletiyorum. AFAD\u2019\u0131m\u0131z ba\u015fta olmak \u00fczere ilgili birimlerimiz sahada inceleme ve kontrol \u00e7al\u0131\u015fmalar\u0131n\u0131 titizlikle s\u00fcrd\u00fcrmektedir. Biz de s\u00fcreci yak\u0131ndan takip etmekteyiz.\u2019 dedi.<\/p>\n<p>Kaynak : milliyet.com.tr<\/p>\n"},"alt_text":"","media_type":"image","mime_type":"image\/jpeg","media_details":{"width":740,"height":418,"file":"2025\/10\/2024-BABA-VANGA-2.jpg","sizes":{"medium":{"file":"2024-BABA-VANGA-2-300x169.jpg","width":300,"height":169,"mime_type":"image\/jpeg","source_url":"https:\/\/kilosorunum.com\/habercim\/wp-content\/uploads\/2025\/10\/2024-BABA-VANGA-2-300x169.jpg"},"thumbnail":{"file":"2024-BABA-VANGA-2-150x150.jpg","width":150,"height":150,"mime_type":"image\/jpeg","source_url":"https:\/\/kilosorunum.com\/habercim\/wp-content\/uploads\/2025\/10\/2024-BABA-VANGA-2-150x150.jpg"},"kucukResim":{"file":"2024-BABA-VANGA-2-80x50.jpg","width":80,"height":50,"mime_type":"image\/jpeg","source_url":"https:\/\/kilosorunum.com\/habercim\/wp-content\/uploads\/2025\/10\/2024-BABA-VANGA-2-80x50.jpg"},"sliderResim":{"file":"2024-BABA-VANGA-2-670x330.jpg","width":670,"height":330,"mime_type":"image\/jpeg","source_url":"https:\/\/kilosorunum.com\/habercim\/wp-content\/uploads\/2025\/10\/2024-BABA-VANGA-2-670x330.jpg"},"resim1":{"file":"2024-BABA-VANGA-2-184x140.jpg","width":184,"height":140,"mime_type":"image\/jpeg","source_url":"https:\/\/kilosorunum.com\/habercim\/wp-content\/uploads\/2025\/10\/2024-BABA-VANGA-2-184x140.jpg"},"resim2":{"file":"2024-BABA-VANGA-2-216x103.jpg","width":216,"height":103,"mime_type":"image\/jpeg","source_url":"https:\/\/kilosorunum.com\/habercim\/wp-content\/uploads\/2025\/10\/2024-BABA-VANGA-2-216x103.jpg"},"resim3":{"file":"2024-BABA-VANGA-2-145x70.jpg","width":145,"height":70,"mime_type":"image\/jpeg","source_url":"https:\/\/kilosorunum.com\/habercim\/wp-content\/uploads\/2025\/10\/2024-BABA-VANGA-2-145x70.jpg"},"sagSlider":{"file":"2024-BABA-VANGA-2-300x150.jpg","width":300,"height":150,"mime_type":"image\/jpeg","source_url":"https:\/\/kilosorunum.com\/habercim\/wp-content\/uploads\/2025\/10\/2024-BABA-VANGA-2-300x150.jpg"},"yeniSlider":{"file":"2024-BABA-VANGA-2-500x290.jpg","width":500,"height":290,"mime_type":"image\/jpeg","source_url":"https:\/\/kilosorunum.com\/habercim\/wp-content\/uploads\/2025\/10\/2024-BABA-VANGA-2-500x290.jpg"},"full":{"file":"2024-BABA-VANGA-2.jpg","width":740,"height":418,"mime_type":"image\/jpeg","source_url":"https:\/\/kilosorunum.com\/habercim\/wp-content\/uploads\/2025\/10\/2024-BABA-VANGA-2.jpg"}},"image_meta":{"aperture":"0","credit":"","camera":"","caption":"","created_timestamp":"0","copyright":"","focal_length":"0","iso":"0","shutter_speed":"0","title":"","orientation":"0","keywords":[]}},"post":39687,"source_url":"https:\/\/kilosorunum.com\/habercim\/wp-content\/uploads\/2025\/10\/2024-BABA-VANGA-2.jpg","_links":{"self":[{"href":"https:\/\/kilosorunum.com\/habercim\/wp-json\/wp\/v2\/media\/39691"}],"collection":[{"href":"https:\/\/kilosorunum.com\/habercim\/wp-json\/wp\/v2\/media"}],"about":[{"href":"https:\/\/kilosorunum.com\/habercim\/wp-json\/wp\/v2\/types\/attachment"}],"author":[{"embeddable":true,"href":"https:\/\/kilosorunum.com\/habercim\/wp-json\/wp\/v2\/users\/2"}],"replies":[{"embeddable":true,"href":"https:\/\/kilosorunum.com\/habercim\/wp-json\/wp\/v2\/comments?post=39691"}]}}