{"id":39696,"date":"2025-10-28T12:28:18","date_gmt":"2025-10-28T09:28:18","guid":{"rendered":"https:\/\/kilosorunum.com\/habercim\/wp-content\/uploads\/2025\/10\/1-292.jpg"},"modified":"2025-10-28T12:29:16","modified_gmt":"2025-10-28T09:29:16","slug":"1-4478","status":"inherit","type":"attachment","link":"https:\/\/kilosorunum.com\/habercim\/foto-galeri\/simdi-5-il-sallandi\/attachment\/1-4478\/","title":{"rendered":"\u015eimdi 5 il salland\u0131"},"author":2,"comment_status":"open","ping_status":"closed","template":"","meta":[],"description":{"rendered":"<p class=\"attachment\"><a href='https:\/\/kilosorunum.com\/habercim\/wp-content\/uploads\/2025\/10\/1-292.jpg'><img width=\"300\" height=\"169\" src=\"https:\/\/kilosorunum.com\/habercim\/wp-content\/uploads\/2025\/10\/1-292-300x169.jpg\" class=\"attachment-medium size-medium\" alt=\"\" loading=\"lazy\" srcset=\"https:\/\/kilosorunum.com\/habercim\/wp-content\/uploads\/2025\/10\/1-292-300x169.jpg 300w, https:\/\/kilosorunum.com\/habercim\/wp-content\/uploads\/2025\/10\/1-292-1024x576.jpg 1024w, https:\/\/kilosorunum.com\/habercim\/wp-content\/uploads\/2025\/10\/1-292-768x432.jpg 768w, https:\/\/kilosorunum.com\/habercim\/wp-content\/uploads\/2025\/10\/1-292.jpg 1200w\" sizes=\"(max-width: 300px) 100vw, 300px\" \/><\/a><\/p>\n"},"caption":{"rendered":"<p>Bal\u0131kesir\u2019de bir deprem daha! \u0130stanbul, Bursa ve \u0130zmir dahil bir \u00e7ok ilde hissedildi. \u0130stanbul, Bal\u0131kesir, Bursa, Eski\u015fehir ve \u0130zmir\u2019de hissedilen bir deprem meydana geldi. Bal\u0131kesir\u2019in S\u0131nd\u0131rg\u0131 il\u00e7esinde saat 10.54\u2019te 4,8 b\u00fcy\u00fckl\u00fc\u011f\u00fcnde deprem meydana geldi.<br \/>\nAfet ve Acil Durum Y\u00f6netimi Ba\u015fkanl\u0131\u011f\u0131 (AFAD), Bal\u0131kesir\u2019in S\u0131nd\u0131rg\u0131 il\u00e7esinde bir deprem daha meydana geldi\u011fini duyurdu. AFAD\u2019\u0131n yapm\u0131\u015f oldu\u011fu a\u00e7\u0131klamaya g\u00f6re 4.8 b\u00fcy\u00fckl\u00fc\u011f\u00fcnde deprem meydana geldi. Depremin 7 kilometre derinlikte meydana geldi\u011fi belirlendi. Deprem, \u0130zmir ve Bursa ba\u015fta olmak \u00fczere \u00e7evre illerden de hissedildi.<\/p>\n<p>Kaynak : hurriyet.com.tr<\/p>\n"},"alt_text":"","media_type":"image","mime_type":"image\/jpeg","media_details":{"width":1200,"height":675,"file":"2025\/10\/1-292.jpg","sizes":{"medium":{"file":"1-292-300x169.jpg","width":300,"height":169,"mime_type":"image\/jpeg","source_url":"https:\/\/kilosorunum.com\/habercim\/wp-content\/uploads\/2025\/10\/1-292-300x169.jpg"},"large":{"file":"1-292-1024x576.jpg","width":1024,"height":576,"mime_type":"image\/jpeg","source_url":"https:\/\/kilosorunum.com\/habercim\/wp-content\/uploads\/2025\/10\/1-292-1024x576.jpg"},"thumbnail":{"file":"1-292-150x150.jpg","width":150,"height":150,"mime_type":"image\/jpeg","source_url":"https:\/\/kilosorunum.com\/habercim\/wp-content\/uploads\/2025\/10\/1-292-150x150.jpg"},"medium_large":{"file":"1-292-768x432.jpg","width":768,"height":432,"mime_type":"image\/jpeg","source_url":"https:\/\/kilosorunum.com\/habercim\/wp-content\/uploads\/2025\/10\/1-292-768x432.jpg"},"kucukResim":{"file":"1-292-80x50.jpg","width":80,"height":50,"mime_type":"image\/jpeg","source_url":"https:\/\/kilosorunum.com\/habercim\/wp-content\/uploads\/2025\/10\/1-292-80x50.jpg"},"sliderResim":{"file":"1-292-670x330.jpg","width":670,"height":330,"mime_type":"image\/jpeg","source_url":"https:\/\/kilosorunum.com\/habercim\/wp-content\/uploads\/2025\/10\/1-292-670x330.jpg"},"resim1":{"file":"1-292-184x140.jpg","width":184,"height":140,"mime_type":"image\/jpeg","source_url":"https:\/\/kilosorunum.com\/habercim\/wp-content\/uploads\/2025\/10\/1-292-184x140.jpg"},"resim2":{"file":"1-292-216x103.jpg","width":216,"height":103,"mime_type":"image\/jpeg","source_url":"https:\/\/kilosorunum.com\/habercim\/wp-content\/uploads\/2025\/10\/1-292-216x103.jpg"},"resim3":{"file":"1-292-145x70.jpg","width":145,"height":70,"mime_type":"image\/jpeg","source_url":"https:\/\/kilosorunum.com\/habercim\/wp-content\/uploads\/2025\/10\/1-292-145x70.jpg"},"sagSlider":{"file":"1-292-300x150.jpg","width":300,"height":150,"mime_type":"image\/jpeg","source_url":"https:\/\/kilosorunum.com\/habercim\/wp-content\/uploads\/2025\/10\/1-292-300x150.jpg"},"yeniSlider":{"file":"1-292-500x290.jpg","width":500,"height":290,"mime_type":"image\/jpeg","source_url":"https:\/\/kilosorunum.com\/habercim\/wp-content\/uploads\/2025\/10\/1-292-500x290.jpg"},"full":{"file":"1-292.jpg","width":1200,"height":675,"mime_type":"image\/jpeg","source_url":"https:\/\/kilosorunum.com\/habercim\/wp-content\/uploads\/2025\/10\/1-292.jpg"}},"image_meta":{"aperture":"0","credit":"","camera":"","caption":"","created_timestamp":"0","copyright":"","focal_length":"0","iso":"0","shutter_speed":"0","title":"","orientation":"0","keywords":[]}},"post":39694,"source_url":"https:\/\/kilosorunum.com\/habercim\/wp-content\/uploads\/2025\/10\/1-292.jpg","_links":{"self":[{"href":"https:\/\/kilosorunum.com\/habercim\/wp-json\/wp\/v2\/media\/39696"}],"collection":[{"href":"https:\/\/kilosorunum.com\/habercim\/wp-json\/wp\/v2\/media"}],"about":[{"href":"https:\/\/kilosorunum.com\/habercim\/wp-json\/wp\/v2\/types\/attachment"}],"author":[{"embeddable":true,"href":"https:\/\/kilosorunum.com\/habercim\/wp-json\/wp\/v2\/users\/2"}],"replies":[{"embeddable":true,"href":"https:\/\/kilosorunum.com\/habercim\/wp-json\/wp\/v2\/comments?post=39696"}]}}